{"id":845,"date":"2015-07-03T02:39:48","date_gmt":"2015-07-03T02:39:48","guid":{"rendered":"http:\/\/arroyitoonline.com.ar\/?page_id=190"},"modified":"2026-04-06T12:37:29","modified_gmt":"2026-04-06T12:37:29","slug":"funebres","status":"publish","type":"page","link":"https:\/\/arroyitoonline.com.ar\/?page_id=845","title":{"rendered":"F\u00fanebres"},"content":{"rendered":"\r\n<h2><img loading=\"lazy\" decoding=\"async\" class=\"alignnone size-full wp-image-16592\" src=\"https:\/\/arroyitoonline.com.ar\/wp-content\/uploads\/2026\/01\/banner-funebres-1.jpg\" alt=\"\" width=\"1024\" height=\"264\" srcset=\"https:\/\/arroyitoonline.com.ar\/wp-content\/uploads\/2026\/01\/banner-funebres-1.jpg 1024w, https:\/\/arroyitoonline.com.ar\/wp-content\/uploads\/2026\/01\/banner-funebres-1-300x77.jpg 300w, https:\/\/arroyitoonline.com.ar\/wp-content\/uploads\/2026\/01\/banner-funebres-1-768x198.jpg 768w\" sizes=\"auto, (max-width: 1024px) 100vw, 1024px\" \/><\/h2>\r\n<h2>Avisos f\u00fanebres abril 2026<\/h2>\r\n\n<table id=\"tablepress-92\" class=\"tablepress tablepress-id-92\">\n<thead>\n<tr class=\"row-1\">\n\t<th class=\"column-1\">FECHA<\/th><th class=\"column-2\">NOMBRE Y APELLIDO<\/th><th class=\"column-3\">EDAD<\/th><th class=\"column-4\">CASA DE DUELO<\/th>\n<\/tr>\n<\/thead>\n<tbody class=\"row-striping row-hover\">\n<tr class=\"row-2\">\n\t<td class=\"column-1\">16 DE ABRIL DE 2026<\/td><td class=\"column-2\">CEFERINO V\u00cdCTOR CABRERA<\/td><td class=\"column-3\">54<\/td><td class=\"column-4\">OLGA SOL\u00cdS 1711, ARROYITO<\/td>\n<\/tr>\n<tr class=\"row-3\">\n\t<td class=\"column-1\">13 DE ABRIL DE 2026<\/td><td class=\"column-2\">LUC\u00cdA ANABEL OLOCCO<\/td><td class=\"column-3\">22<\/td><td class=\"column-4\">C\u00d3RDOBA 186, LA TORDILLA<\/td>\n<\/tr>\n<tr class=\"row-4\">\n\t<td class=\"column-1\">7 DE ABRIL DE 2026<\/td><td class=\"column-2\">MAR\u00cdA IRMA COLAZO DE OLA \"TITA\"<\/td><td class=\"column-3\">91<\/td><td class=\"column-4\">V\u00c9LEZ S\u00c1RSFIELD 662, ARROYITO<\/td>\n<\/tr>\n<tr class=\"row-5\">\n\t<td class=\"column-1\">7 DE ABRIL DE 2026<\/td><td class=\"column-2\">YOLANDA CONTE DE BIANCIOTTI \"TITA\"<\/td><td class=\"column-3\">82<\/td><td class=\"column-4\">FALUCHO 1584, ARROYITO<\/td>\n<\/tr>\n<tr class=\"row-6\">\n\t<td class=\"column-1\">6 DE ABRIL DE 2026<\/td><td class=\"column-2\">TEDY JUANA MAR\u00cdA PRINO DE HUBAIDE<\/td><td class=\"column-3\">80<\/td><td class=\"column-4\">ANTONIO BALLATORE 1983<\/td>\n<\/tr>\n<tr class=\"row-7\">\n\t<td class=\"column-1\">4 DE ABRIL DE 2026<\/td><td class=\"column-2\">DOMINGA ZOILA VARAS \"POCHA\" <\/td><td class=\"column-3\">81<\/td><td class=\"column-4\">AV. ILLIA 805, ARROYITO<\/td>\n<\/tr>\n<tr class=\"row-8\">\n\t<td class=\"column-1\">2 DE ABRIL DE 2026<\/td><td class=\"column-2\">TERESITA DE LAS MERCEDES MACHADO<\/td><td class=\"column-3\">76<\/td><td class=\"column-4\">V\u00c9LEZ S\u00c1RSFIELD 1470, ARROYITO<\/td>\n<\/tr>\n<\/tbody>\n<\/table>\n<!-- #tablepress-92 from cache -->\r\n<h2>Avisos f\u00fanebres marzo 2026<\/h2>\r\n\n<table id=\"tablepress-91\" class=\"tablepress tablepress-id-91\">\n<thead>\n<tr class=\"row-1\">\n\t<th class=\"column-1\">FECHA<\/th><th class=\"column-2\">NOMBRE Y APELLIDO<\/th><th class=\"column-3\">EDAD<\/th><th class=\"column-4\">CASA DE DUELO<\/th>\n<\/tr>\n<\/thead>\n<tbody class=\"row-striping row-hover\">\n<tr class=\"row-2\">\n\t<td class=\"column-1\">31 DE MARZO DE 2026<\/td><td class=\"column-2\">N\u00c9STOR C\u00c9SAR LUDUE\u00d1A<\/td><td class=\"column-3\">64<\/td><td class=\"column-4\">MARIO SEVESO 251, ARROYITO<\/td>\n<\/tr>\n<tr class=\"row-3\">\n\t<td class=\"column-1\">30 DE MARZO DE 2026<\/td><td class=\"column-2\">AMALIA JUANA RUATTA<\/td><td class=\"column-3\">92<\/td><td class=\"column-4\">AV. ILLIA 744, ARROYITO<\/td>\n<\/tr>\n<tr class=\"row-4\">\n\t<td class=\"column-1\">24 DE MARZO DE 2026<\/td><td class=\"column-2\">LUIS VICTORIO MANCINI<\/td><td class=\"column-3\">79<\/td><td class=\"column-4\">RAFAEL BIENCHI 564, ARROYITO<\/td>\n<\/tr>\n<tr class=\"row-5\">\n\t<td class=\"column-1\">20 DE MARZO DE 2026<\/td><td class=\"column-2\">OLGA DOMINGA RAVIOLO DE ANDRAWOS<\/td><td class=\"column-3\">91<\/td><td class=\"column-4\">RESIDENCIA DE ADULTOS MAYORES, ARROYITO<\/td>\n<\/tr>\n<tr class=\"row-6\">\n\t<td class=\"column-1\">17 DE MARZO DE 2026<\/td><td class=\"column-2\">ANTONIO ROMELIO PITURRO<\/td><td class=\"column-3\">91<\/td><td class=\"column-4\">CASEROS 211, ARROYITO<\/td>\n<\/tr>\n<tr class=\"row-7\">\n\t<td class=\"column-1\">14 DE MARZO DE 2026<\/td><td class=\"column-2\">KAREN ITAT\u00cd MAT\u00cdAS<\/td><td class=\"column-3\">35<\/td><td class=\"column-4\">TUCUM\u00c1N 246, LA TORDILLA<\/td>\n<\/tr>\n<tr class=\"row-8\">\n\t<td class=\"column-1\">13 DE MARZO DE 2026<\/td><td class=\"column-2\">DELFINA NAHIR VEL\u00c1ZQUEZ WALKER<\/td><td class=\"column-3\">14<\/td><td class=\"column-4\">ALEMANO BIANCHI 858, ARROYITO<\/td>\n<\/tr>\n<tr class=\"row-9\">\n\t<td class=\"column-1\">10 DE MARZO DE 2026<\/td><td class=\"column-2\">JOS\u00c9 AURELIANO MARCOS \"PEPE\"<\/td><td class=\"column-3\">75<\/td><td class=\"column-4\">AV. JOS\u00c9 VAUDAGNA - HOGAR DE ANCIANOS SAN JUAN XXIII, ARROYITO<\/td>\n<\/tr>\n<tr class=\"row-10\">\n\t<td class=\"column-1\">7 DE MARZO DE 2026<\/td><td class=\"column-2\">JUANA TOMASA MOLINA DE GIGENA<\/td><td class=\"column-3\">68<\/td><td class=\"column-4\">ALFONSINA STORNI 1068, ARROYITO<\/td>\n<\/tr>\n<tr class=\"row-11\">\n\t<td class=\"column-1\">6 DE MARZO DE 2026<\/td><td class=\"column-2\">TITO PEDRO MARETTO \"EL FLACO\"<\/td><td class=\"column-3\">88<\/td><td class=\"column-4\">CRISTOBAL COL\u00d3N 633, ARROYITO<\/td>\n<\/tr>\n<tr class=\"row-12\">\n\t<td class=\"column-1\">6 DE MARZO DE 2026<\/td><td class=\"column-2\">OSVALDO SILVIO ZORD\u00c1N<\/td><td class=\"column-3\">72<\/td><td class=\"column-4\">NICASIO Y\u00c1NEZ 1356, ARROYITO<\/td>\n<\/tr>\n<tr class=\"row-13\">\n\t<td class=\"column-1\">6 DE MARZO DE 2026<\/td><td class=\"column-2\">MANUELA DEL VALLE QUIROGA<\/td><td class=\"column-3\">80<\/td><td class=\"column-4\">AV. PER\u00d3N 962, ARROYITO<\/td>\n<\/tr>\n<tr class=\"row-14\">\n\t<td class=\"column-1\">3 DE MARZO DE 2026<\/td><td class=\"column-2\">UBALDINO C\u00c9SAR VARAS<\/td><td class=\"column-3\">58<\/td><td class=\"column-4\">12 DE OCTUBRE 495, EL FUERTECITO, ARROYITO<\/td>\n<\/tr>\n<tr class=\"row-15\">\n\t<td class=\"column-1\">2 DE MARZO DE 2026<\/td><td class=\"column-2\">CLIDE MAR\u00cdA CIOCCATTO<\/td><td class=\"column-3\">87<\/td><td class=\"column-4\">PJE. FRENCH Y BERUTTI 422, ARROYITO<\/td>\n<\/tr>\n<\/tbody>\n<\/table>\n<!-- #tablepress-91 from cache -->\r\n<h2>Avisos f\u00fanebres febrero 2026<\/h2>\r\n\n<table id=\"tablepress-90\" class=\"tablepress tablepress-id-90\">\n<thead>\n<tr class=\"row-1\">\n\t<th class=\"column-1\">FECHA<\/th><th class=\"column-2\">NOMBRE COMPLETO<\/th><th class=\"column-3\">EDAD<\/th><th class=\"column-4\">CASA DE DUELO<\/th>\n<\/tr>\n<\/thead>\n<tbody class=\"row-striping row-hover\">\n<tr class=\"row-2\">\n\t<td class=\"column-1\">28 DE FEBRERO, 2026<\/td><td class=\"column-2\">N\u00c9STOR OMAR LUDUE\u00d1A \"EL NEGRO\"<\/td><td class=\"column-3\">64<\/td><td class=\"column-4\">MARIO SEVESO 1365, ARROYITO<\/td>\n<\/tr>\n<tr class=\"row-3\">\n\t<td class=\"column-1\">28 DE FEBRERO, 2026<\/td><td class=\"column-2\">AM\u00c9RICO ANDR\u00c9S BALDISARRI<\/td><td class=\"column-3\">82<\/td><td class=\"column-4\">PABLO MARANZANA 205, ARROYITO<\/td>\n<\/tr>\n<tr class=\"row-4\">\n\t<td class=\"column-1\">25 DE FEBRERO, 2026<\/td><td class=\"column-2\">ALFONSO FORTUNATO D\u00cdAZ \"EL GRINGO\"<\/td><td class=\"column-3\">80<\/td><td class=\"column-4\">J. J. DE URQUIZA 918, ARROYITO<\/td>\n<\/tr>\n<tr class=\"row-5\">\n\t<td class=\"column-1\">23 DE FEBRERO, 2026<\/td><td class=\"column-2\">GRACIELA TERESA CARUGATTI<\/td><td class=\"column-3\">78<\/td><td class=\"column-4\">25 DE MAYO 1485, ARROYITO<\/td>\n<\/tr>\n<tr class=\"row-6\">\n\t<td class=\"column-1\">22 DE FEBRERO, 2026<\/td><td class=\"column-2\">NELLY CATALINA STOLA<\/td><td class=\"column-3\">95<\/td><td class=\"column-4\">AV. LIBERTADOR 1490, LA TORDILLA<\/td>\n<\/tr>\n<tr class=\"row-7\">\n\t<td class=\"column-1\">21 DE FEBRERO, 2026<\/td><td class=\"column-2\">ALBERTO J. MOLINERIS \"CHIMANGA\"<\/td><td class=\"column-3\">73<\/td><td class=\"column-4\">25 DE MAYO 844, ARROYITO<\/td>\n<\/tr>\n<tr class=\"row-8\">\n\t<td class=\"column-1\">21 DE FEBRERO, 2026<\/td><td class=\"column-2\">MIGUEL ARMANDO JU\u00c1REZ \"TARUGO\"<\/td><td class=\"column-3\">72<\/td><td class=\"column-4\">AV. LIBERTADOR S\/N, LA TORDILLA<\/td>\n<\/tr>\n<tr class=\"row-9\">\n\t<td class=\"column-1\">20 DE FEBRERO, 2026<\/td><td class=\"column-2\">NORMA LUC\u00cdA LUDUE\u00d1A <\/td><td class=\"column-3\">68<\/td><td class=\"column-4\">MARIO SEVESO 1652, ARROYITO<\/td>\n<\/tr>\n<tr class=\"row-10\">\n\t<td class=\"column-1\">19 DE FEBRERO, 2026<\/td><td class=\"column-2\">ISABEL CESILIA MORAZANO<\/td><td class=\"column-3\">74<\/td><td class=\"column-4\">V\u00c9LEZ SARSFIELD 1195, ARROYITO<\/td>\n<\/tr>\n<tr class=\"row-11\">\n\t<td class=\"column-1\">17 DE FEBRERO, 2026<\/td><td class=\"column-2\">JUAN M\u00c1XIMO BOERO<\/td><td class=\"column-3\">77<\/td><td class=\"column-4\">SARMIENTO 1555, ARROYITO<\/td>\n<\/tr>\n<tr class=\"row-12\">\n\t<td class=\"column-1\">17 DE FEBRERO, 2026<\/td><td class=\"column-2\">SILVIO NETALIS S\u00c1NCHEZ<\/td><td class=\"column-3\">93<\/td><td class=\"column-4\">VICENTE ORELLANO 1230, ARROYITO<\/td>\n<\/tr>\n<tr class=\"row-13\">\n\t<td class=\"column-1\">15 DE FEBRERO, 2026<\/td><td class=\"column-2\">DANIEL ANTONIO S\u00c1NCHEZ<\/td><td class=\"column-3\">56<\/td><td class=\"column-4\">IGNACIO URQU\u00cdA 1031, ARROYITO<\/td>\n<\/tr>\n<tr class=\"row-14\">\n\t<td class=\"column-1\">15 DE FEBRERO, 2026<\/td><td class=\"column-2\">HUGO BIANCIOTTO \"MOTO\"<\/td><td class=\"column-3\">77<\/td><td class=\"column-4\">BARTOLOM\u00c9 MITRE 711, ARROYITO<\/td>\n<\/tr>\n<tr class=\"row-15\">\n\t<td class=\"column-1\">13 DE FEBRERO, 2026<\/td><td class=\"column-2\">SERGIO NICOL\u00c1S MAT\u00cdAS \"NICO\"<\/td><td class=\"column-3\">34<\/td><td class=\"column-4\">8 DE SEPTIEMBRE 1119, LA TORDILLA<\/td>\n<\/tr>\n<tr class=\"row-16\">\n\t<td class=\"column-1\">11 DE FEBRERO, 2026<\/td><td class=\"column-2\">ANA FELISA BUSSO<\/td><td class=\"column-3\">77<\/td><td class=\"column-4\">AV. MARCIAL VAUDAGNA 544, ARROYITO<\/td>\n<\/tr>\n<tr class=\"row-17\">\n\t<td class=\"column-1\">9 DE FEBRERO, 2026<\/td><td class=\"column-2\">GRACIELA BEATRIZ SUELDO \"CHICHI\"<\/td><td class=\"column-3\">77<\/td><td class=\"column-4\">PE\u00d1ALOZA 1558, ARROYITO<\/td>\n<\/tr>\n<tr class=\"row-18\">\n\t<td class=\"column-1\">6 DE FEBRERO, 2026<\/td><td class=\"column-2\">VICENTE SERGIO GONZ\u00c1LEZ<\/td><td class=\"column-3\">77<\/td><td class=\"column-4\">JOS\u00c9 QUINTELA 1970, ARROYITO<\/td>\n<\/tr>\n<tr class=\"row-19\">\n\t<td class=\"column-1\">5 DE FEBRERO, 2026<\/td><td class=\"column-2\">MIRIAN MAGDALENA MONTENEGRO \"CUCA\"<\/td><td class=\"column-3\">82<\/td><td class=\"column-4\">ROQUE S\u00c1ENZ PE\u00d1A 741, ARROYITO<\/td>\n<\/tr>\n<\/tbody>\n<\/table>\n<!-- #tablepress-90 from cache -->\r\n<h2>Avisos f\u00fanebres enero 2026<\/h2>\r\n\n<table id=\"tablepress-89\" class=\"tablepress tablepress-id-89\">\n<thead>\n<tr class=\"row-1\">\n\t<th class=\"column-1\">FECHA<\/th><th class=\"column-2\">NOMBRE Y APELLIDO<\/th><th class=\"column-3\">EDAD<\/th><th class=\"column-4\">CASA DE DUELO<\/th>\n<\/tr>\n<\/thead>\n<tbody class=\"row-striping row-hover\">\n<tr class=\"row-2\">\n\t<td class=\"column-1\">29 DE ENERO, 2026<\/td><td class=\"column-2\">FABIO ADRI\u00c1N BERTELLO<\/td><td class=\"column-3\">56<\/td><td class=\"column-4\">DEAN FUNES 121, ARROYITO<\/td>\n<\/tr>\n<tr class=\"row-3\">\n\t<td class=\"column-1\">29 DE ENERO, 2026<\/td><td class=\"column-2\">NEMECIA JU\u00c1REZ VDA. DE BOSIO (CATA)<\/td><td class=\"column-3\">81<\/td><td class=\"column-4\">LEANDRO N. ALEM 401, ARROYITO<\/td>\n<\/tr>\n<tr class=\"row-4\">\n\t<td class=\"column-1\">29 DE ENERO, 2026<\/td><td class=\"column-2\">OSVALDO ALBERTO BROCHERO (KUKY)<\/td><td class=\"column-3\">63<\/td><td class=\"column-4\">PUERTO ARGENTINO 134, LA TORDILLA<\/td>\n<\/tr>\n<tr class=\"row-5\">\n\t<td class=\"column-1\">17 DE ENERO, 2026<\/td><td class=\"column-2\">RAQUEL DEL VALLE MEDR\u00c1N<\/td><td class=\"column-3\">84<\/td><td class=\"column-4\">J. J. DE URQUIZA 889, ARROYITO<\/td>\n<\/tr>\n<tr class=\"row-6\">\n\t<td class=\"column-1\">17 DE ENERO, 2026<\/td><td class=\"column-2\">MAR\u00cdA IN\u00c9S GARNERO DE PINTUCCI<\/td><td class=\"column-3\">91<\/td><td class=\"column-4\">25 DE MAYO 686, ARROYITO<\/td>\n<\/tr>\n<tr class=\"row-7\">\n\t<td class=\"column-1\">15 DE ENERO, 2026<\/td><td class=\"column-2\">RICARDO LUIS SILVA<\/td><td class=\"column-3\">68<\/td><td class=\"column-4\">VICENTE ORELLANO 821, ARROYITO<\/td>\n<\/tr>\n<tr class=\"row-8\">\n\t<td class=\"column-1\">15 DE ENERO, 2026<\/td><td class=\"column-2\">MARCELO ROBERTO GILBERT<\/td><td class=\"column-3\">55<\/td><td class=\"column-4\">V\u00c9LEZ SARSFIELD 1490, ARROYITO<\/td>\n<\/tr>\n<tr class=\"row-9\">\n\t<td class=\"column-1\">14 DE ENERO, 2026<\/td><td class=\"column-2\">MANUELA DEL VALLE FERREYRA <\/td><td class=\"column-3\">85<\/td><td class=\"column-4\">CORONEL \u00c1LVAREZ 1130, ARROYITO<\/td>\n<\/tr>\n<tr class=\"row-10\">\n\t<td class=\"column-1\">14 DE ENERO, 2026<\/td><td class=\"column-2\">MAR\u00cdA TERESA BIAVA DE SMITH<\/td><td class=\"column-3\">92<\/td><td class=\"column-4\">AV. MARCELINO BERNARDI 346, ARROYITO<\/td>\n<\/tr>\n<tr class=\"row-11\">\n\t<td class=\"column-1\">14 DE ENERO, 2026<\/td><td class=\"column-2\">MAR\u00cdA LUC\u00cdA ARDILES<\/td><td class=\"column-3\">76<\/td><td class=\"column-4\">JOS\u00c9 CARABAJAL 1275, ARROYITO<\/td>\n<\/tr>\n<tr class=\"row-12\">\n\t<td class=\"column-1\">10 DE ENERO, 2026<\/td><td class=\"column-2\">OFELIA URIARTE<\/td><td class=\"column-3\">78<\/td><td class=\"column-4\">CARLOS FAVARI 1064, ARROYITO<\/td>\n<\/tr>\n<tr class=\"row-13\">\n\t<td class=\"column-1\">9 DE ENERO, 2026<\/td><td class=\"column-2\">RAMONA DOMINGA RAM\u00cdREZ DE AGUIRRE<\/td><td class=\"column-3\">70<\/td><td class=\"column-4\">PUERTO ARGENTINO 208, LA TORDILLA<\/td>\n<\/tr>\n<tr class=\"row-14\">\n\t<td class=\"column-1\">8 DE ENERO, 2026<\/td><td class=\"column-2\">DAR\u00cdO RUB\u00c9N TUNINETTI<\/td><td class=\"column-3\">55<\/td><td class=\"column-4\">ISMAEL BIANCHI 1854, ARROYITO<\/td>\n<\/tr>\n<tr class=\"row-15\">\n\t<td class=\"column-1\">5 DE ENERO, 2026<\/td><td class=\"column-2\">MAR\u00cdA CLAUDIA SANZARELLO<\/td><td class=\"column-3\">63<\/td><td class=\"column-4\">SARMIENTO 1354, ARROYITO<\/td>\n<\/tr>\n<tr class=\"row-16\">\n\t<td class=\"column-1\">5 DE ENERO, 2026<\/td><td class=\"column-2\">NORA SUSANA SARRAT<\/td><td class=\"column-3\">52<\/td><td class=\"column-4\">BARTOLOM\u00c9 MITRE 1239, ARROYITO<\/td>\n<\/tr>\n<tr class=\"row-17\">\n\t<td class=\"column-1\">3 DE ENERO, 2026<\/td><td class=\"column-2\">CARLOS JULIO BORGNA<\/td><td class=\"column-3\">76<\/td><td class=\"column-4\">V\u00c9LEZ SARSFIELD 325, ARROYITO<\/td>\n<\/tr>\n<\/tbody>\n<\/table>\n<!-- #tablepress-89 from cache -->\r\n<h2>Avisos f\u00fanebres diciembre 2025<\/h2>\r\n\n<table id=\"tablepress-88\" class=\"tablepress tablepress-id-88\">\n<thead>\n<tr class=\"row-1\">\n\t<th class=\"column-1\">FECHA<\/th><th class=\"column-2\">NOMBRE Y APELLIDO<\/th><th class=\"column-3\">EDAD<\/th><th class=\"column-4\">CASA DE DUELO<\/th>\n<\/tr>\n<\/thead>\n<tbody class=\"row-striping row-hover\">\n<tr class=\"row-2\">\n\t<td class=\"column-1\">29 DE DICIEMBRE, 2025<\/td><td class=\"column-2\">WALTER HUGO JU\u00c1REZ<\/td><td class=\"column-3\">57<\/td><td class=\"column-4\">9 DE JULIO 1264, ARROYITO<\/td>\n<\/tr>\n<tr class=\"row-3\">\n\t<td class=\"column-1\">29 DE DICIEMBRE, 2025<\/td><td class=\"column-2\">V\u00cdCTOR HUGO ROMERO \"CHIVO\"<\/td><td class=\"column-3\">61<\/td><td class=\"column-4\">25 DE MAYO 990, ARROYITO<\/td>\n<\/tr>\n<tr class=\"row-4\">\n\t<td class=\"column-1\">27 DE DICIEMBRE, 2025<\/td><td class=\"column-2\">PATRICIA DEL VALLE ARCE<\/td><td class=\"column-3\">44<\/td><td class=\"column-4\">PE\u00d1ALOZA 1346, ARROYITO<\/td>\n<\/tr>\n<tr class=\"row-5\">\n\t<td class=\"column-1\">24 DE DICIEMBRE, 2025<\/td><td class=\"column-2\">JUAN CARLOS BANEGAS<\/td><td class=\"column-3\">66<\/td><td class=\"column-4\">FALUCHO 1364, ARROYITO<\/td>\n<\/tr>\n<tr class=\"row-6\">\n\t<td class=\"column-1\">19 DE DICIEMBRE, 2025<\/td><td class=\"column-2\">ROSA N\u00c9LIDA NORIEGA \"CHOCHI\"<\/td><td class=\"column-3\">71<\/td><td class=\"column-4\">RENATO CATURELLI 219, ARROYITO<\/td>\n<\/tr>\n<tr class=\"row-7\">\n\t<td class=\"column-1\">17 DE DICIEMBRE, 2025<\/td><td class=\"column-2\">JOS\u00c9 BELZOR VOCOS<\/td><td class=\"column-3\">93<\/td><td class=\"column-4\">RAFAEL N\u00da\u00d1EZ 141, ARROYITO<\/td>\n<\/tr>\n<tr class=\"row-8\">\n\t<td class=\"column-1\">16 DE DICIEMBRE, 2025<\/td><td class=\"column-2\">RUB\u00c9N JUAN RUATTA<\/td><td class=\"column-3\">58<\/td><td class=\"column-4\">ZONA RURAL S\/N, LA TORDILLA<\/td>\n<\/tr>\n<tr class=\"row-9\">\n\t<td class=\"column-1\">13 DE DICIEMBRE, 2025<\/td><td class=\"column-2\">MAR\u00cdA IN\u00c9S LEDESMA \"MARISA\"<\/td><td class=\"column-3\">65<\/td><td class=\"column-4\">RICARDO GUIRALDES 325, ARROYITO<\/td>\n<\/tr>\n<tr class=\"row-10\">\n\t<td class=\"column-1\">12 DE DICIEMBRE, 2025<\/td><td class=\"column-2\">CARMEN ADELA RIMONDOTTO<\/td><td class=\"column-3\">85<\/td><td class=\"column-4\">JOS\u00c9 A. VOCOS 930, ARROYITO<\/td>\n<\/tr>\n<tr class=\"row-11\">\n\t<td class=\"column-1\">11 DE DICIEMBRE, 2025<\/td><td class=\"column-2\">MARGARITA ISABEL VARELA<\/td><td class=\"column-3\">70<\/td><td class=\"column-4\">ALEMANO BIANCHI 1042, ARROYITO<\/td>\n<\/tr>\n<tr class=\"row-12\">\n\t<td class=\"column-1\">8 DE DICIEMBRE, 2025<\/td><td class=\"column-2\">JUAN JOS\u00c9 VIOTTI<\/td><td class=\"column-3\">79<\/td><td class=\"column-4\">CONSTANCIO FRANCISCA 2067<\/td>\n<\/tr>\n<tr class=\"row-13\">\n\t<td class=\"column-1\">8 DE DICIEMBRE, 2025<\/td><td class=\"column-2\">JUAN H\u00c9CTOR CUCHETTI<\/td><td class=\"column-3\">78<\/td><td class=\"column-4\">ALMAFUERTE 471, ARROYITO<\/td>\n<\/tr>\n<tr class=\"row-14\">\n\t<td class=\"column-1\">7 DE DICIEMBRE, 2025<\/td><td class=\"column-2\">ROMINA VALERIA OVIEDO<\/td><td class=\"column-3\">43<\/td><td class=\"column-4\">PTE. RA\u00daL ALFONS\u00cdN 341, ARROYITO<\/td>\n<\/tr>\n<tr class=\"row-15\">\n\t<td class=\"column-1\">3 DE DICIEMBRE, 2025<\/td><td class=\"column-2\">NAHUEL ALEJANDRO ACU\u00d1A \"NANO\"<\/td><td class=\"column-3\">28<\/td><td class=\"column-4\">OLGA SOL\u00cdS 1719, ARROYITO<\/td>\n<\/tr>\n<tr class=\"row-16\">\n\t<td class=\"column-1\">3 DE DICIEMBRE, 2025<\/td><td class=\"column-2\">MAR\u00cdA SUSANA GERAUDO<\/td><td class=\"column-3\">71<\/td><td class=\"column-4\">SAN MART\u00cdN 886, ARROYITO<\/td>\n<\/tr>\n<\/tbody>\n<\/table>\n<!-- #tablepress-88 from cache -->\r\n<h2>Avisos f\u00fanebres noviembre 2025<\/h2>\r\n\n<table id=\"tablepress-87\" class=\"tablepress tablepress-id-87\">\n<thead>\n<tr class=\"row-1\">\n\t<th class=\"column-1\">FECHA<\/th><th class=\"column-2\">NOMBRE Y APELLIDO<\/th><th class=\"column-3\">EDAD<\/th><th class=\"column-4\">CASA DE DUELO<\/th>\n<\/tr>\n<\/thead>\n<tbody class=\"row-striping row-hover\">\n<tr class=\"row-2\">\n\t<td class=\"column-1\">27 DE NOVIEMBRE, 2025<\/td><td class=\"column-2\">ANA ROSA MARENGO DE MENDOZA \"PERLA\"<\/td><td class=\"column-3\">87<\/td><td class=\"column-4\">BARTOLOM\u00c9 MITRE 131, ARROYITO<\/td>\n<\/tr>\n<tr class=\"row-3\">\n\t<td class=\"column-1\">20 DE NOVIEMBRE, 2025<\/td><td class=\"column-2\">V\u00cdCTOR GERARDO ARG\u00dcELLO<\/td><td class=\"column-3\">61<\/td><td class=\"column-4\">MODESTO MARANZANA 375, ARROYITO<\/td>\n<\/tr>\n<tr class=\"row-4\">\n\t<td class=\"column-1\">19 DE NOVIEMBRE, 2025<\/td><td class=\"column-2\">GLORIA ZULEMA LUQUE<\/td><td class=\"column-3\">67<\/td><td class=\"column-4\">JUSTO JOS\u00c9 DE URQUIZA 1415, ARROYITO<\/td>\n<\/tr>\n<tr class=\"row-5\">\n\t<td class=\"column-1\">17 DE NOVIEMBRE, 2025<\/td><td class=\"column-2\">JOS\u00c9 LUIS GARAVOGLIA<\/td><td class=\"column-3\">72<\/td><td class=\"column-4\">JUA  DOMINGO PER\u00d3N 894, ARROYITO<\/td>\n<\/tr>\n<tr class=\"row-6\">\n\t<td class=\"column-1\">16 DE NOVIEMBRE, 2025<\/td><td class=\"column-2\">TOMASA HOLGA M\u00c1RQUEZ<\/td><td class=\"column-3\">94<\/td><td class=\"column-4\">COL\u00d3N 650, ARROYITO<\/td>\n<\/tr>\n<tr class=\"row-7\">\n\t<td class=\"column-1\">15 DE NOVIEMBRE, 2025<\/td><td class=\"column-2\">ALICIA DE LA MERCED SACCO<\/td><td class=\"column-3\">60<\/td><td class=\"column-4\">ANTONIO BALLATORE 2091, ARROYITO<\/td>\n<\/tr>\n<tr class=\"row-8\">\n\t<td class=\"column-1\">15 DE NOVIEMBRE, 2025<\/td><td class=\"column-2\">FEDERICO ELES MURATURE \"NINO\"<\/td><td class=\"column-3\">84<\/td><td class=\"column-4\">AV. MARIANO MORENO 1157, ARROYITO<\/td>\n<\/tr>\n<tr class=\"row-9\">\n\t<td class=\"column-1\">4 DE NOVIEMBRE, 2025<\/td><td class=\"column-2\">RAMONA PILAR VARGAS DE CISTERNA<\/td><td class=\"column-3\">80<\/td><td class=\"column-4\">ROQUE S\u00c1ENZ PE\u00d1A 272, ARROYITO<\/td>\n<\/tr>\n<tr class=\"row-10\">\n\t<td class=\"column-1\">1 DE NOVIEMBRE, 2025<\/td><td class=\"column-2\">CRISTIAN GUSTAVO SORIA<\/td><td class=\"column-3\">45<\/td><td class=\"column-4\">CASEROS 178, ARROYITO<\/td>\n<\/tr>\n<\/tbody>\n<\/table>\n<!-- #tablepress-87 from cache -->\r\n<h2>Avisos f\u00fanebres octubre 2025<\/h2>\r\n\n<table id=\"tablepress-86\" class=\"tablepress tablepress-id-86\">\n<thead>\n<tr class=\"row-1\">\n\t<th class=\"column-1\">FECHA<\/th><th class=\"column-2\">NOMBRE Y APELLIDO<\/th><th class=\"column-3\">EDAD<\/th><th class=\"column-4\">CASA DE DUELO<\/th>\n<\/tr>\n<\/thead>\n<tbody class=\"row-striping row-hover\">\n<tr class=\"row-2\">\n\t<td class=\"column-1\">25 DE OCTUBRE, 2025<\/td><td class=\"column-2\">LIDOVINA VALLE<\/td><td class=\"column-3\">96<\/td><td class=\"column-4\">25 DE MAYO 650, ARROYITO<\/td>\n<\/tr>\n<tr class=\"row-3\">\n\t<td class=\"column-1\">23 DE OCTUBRE, 2025<\/td><td class=\"column-2\">GENARA F. HERRERA DE ELLENA \"NUCHA\"<\/td><td class=\"column-3\">83<\/td><td class=\"column-4\">25 DE MAYO 1494, ARROYITO<\/td>\n<\/tr>\n<tr class=\"row-4\">\n\t<td class=\"column-1\">23 DE OCTUBRE, 2025<\/td><td class=\"column-2\">\u00c1NGELA DEL VALLE BITTOCCO DE VARELA<\/td><td class=\"column-3\">76<\/td><td class=\"column-4\">ALEMANO BIANCHI 1048, ARROYITO<\/td>\n<\/tr>\n<tr class=\"row-5\">\n\t<td class=\"column-1\">20 DE OCTUBRE, 2025<\/td><td class=\"column-2\">F\u00c9LIX JORGE BERSANO<\/td><td class=\"column-3\">96<\/td><td class=\"column-4\">SAN MART\u00cdN 446, LA TORDILLA<\/td>\n<\/tr>\n<tr class=\"row-6\">\n\t<td class=\"column-1\">20 DE OCTUBRE, 2025<\/td><td class=\"column-2\">ZUSANA MACAGNO DE GARAVOGLIO<\/td><td class=\"column-3\">68<\/td><td class=\"column-4\">V\u00c9LEZ SARSFIELD 568, ARROYITO<\/td>\n<\/tr>\n<tr class=\"row-7\">\n\t<td class=\"column-1\">19 DE OCTUBRE, 2025<\/td><td class=\"column-2\">H\u00c9CTOR ORLANDO VARAS \"CHANCHO\"<\/td><td class=\"column-3\">61<\/td><td class=\"column-4\">COL\u00d3N 670, ARROYITO<\/td>\n<\/tr>\n<tr class=\"row-8\">\n\t<td class=\"column-1\">13 DE OCTUBRE, 2025<\/td><td class=\"column-2\">FELIPE ROQUE CRAVERO<\/td><td class=\"column-3\">74<\/td><td class=\"column-4\">GENERAL PAZ 1494, ARROYITO<\/td>\n<\/tr>\n<tr class=\"row-9\">\n\t<td class=\"column-1\">13 DE OCTUBRE, 2025<\/td><td class=\"column-2\">JAVIER JOS\u00c9 RIVERO \"PIPUCHA\"<\/td><td class=\"column-3\">53<\/td><td class=\"column-4\">MANUEL SERRA 1139, ARROYITO<\/td>\n<\/tr>\n<tr class=\"row-10\">\n\t<td class=\"column-1\">11 DE OCTUBRE, 2025<\/td><td class=\"column-2\">RA\u00daL OSVALDO NAVARRETE<\/td><td class=\"column-3\">85<\/td><td class=\"column-4\">DEAN FUNES 555, ARROYITO<\/td>\n<\/tr>\n<tr class=\"row-11\">\n\t<td class=\"column-1\">8 DE OCTUBRE, 2025<\/td><td class=\"column-2\">MAR\u00cdA CRISTINA RAMONA AUDENINO<\/td><td class=\"column-3\">76<\/td><td class=\"column-4\">MARIO SEVESO 652, ARROYITO<\/td>\n<\/tr>\n<tr class=\"row-12\">\n\t<td class=\"column-1\">7 DE OCTUBRE, 2025<\/td><td class=\"column-2\">EMMA JES\u00daS NORIEGA<\/td><td class=\"column-3\">78<\/td><td class=\"column-4\">FALUCHO 839, ARROYITO<\/td>\n<\/tr>\n<tr class=\"row-13\">\n\t<td class=\"column-1\">6 DE OCTUBRE, 2025<\/td><td class=\"column-2\">JUAN CARLOS JOS\u00c9 ARM\u00c1N<\/td><td class=\"column-3\">82<\/td><td class=\"column-4\">CARRATAL\u00c1 355, ARROYITO<\/td>\n<\/tr>\n<tr class=\"row-14\">\n\t<td class=\"column-1\">4 DE OCTUBRE, 2025<\/td><td class=\"column-2\">N\u00c9STOR BAUTISTA CAMUSSO<\/td><td class=\"column-3\">83<\/td><td class=\"column-4\">ITUZAING\u00d3 1075, ARROYITO<\/td>\n<\/tr>\n<\/tbody>\n<\/table>\n<!-- #tablepress-86 from cache -->\r\n<h2>Avisos f\u00fanebres septiembre 2025<\/h2>\r\n\n<table id=\"tablepress-85\" class=\"tablepress tablepress-id-85\">\n<thead>\n<tr class=\"row-1\">\n\t<th class=\"column-1\">FECHA<\/th><th class=\"column-2\">NOMBRE Y APELLIDO<\/th><th class=\"column-3\">EDAD<\/th><th class=\"column-4\">CASA DE DUELO<\/th>\n<\/tr>\n<\/thead>\n<tbody class=\"row-striping row-hover\">\n<tr class=\"row-2\">\n\t<td class=\"column-1\">29 DE SEPTIEMBRE, 2025<\/td><td class=\"column-2\">MAR\u00cdA PATRICIA LUQUE<\/td><td class=\"column-3\">56<\/td><td class=\"column-4\">OBISPO TREJO 832, ARROYITO<\/td>\n<\/tr>\n<tr class=\"row-3\">\n\t<td class=\"column-1\">28 DE SEPTIEMBRE, 2025<\/td><td class=\"column-2\">LUISA NIDIA VARRONE DE GARC\u00cdA \"KIKA\"<\/td><td class=\"column-3\">88<\/td><td class=\"column-4\">SARMIENTO 890, ARROYITO<\/td>\n<\/tr>\n<tr class=\"row-4\">\n\t<td class=\"column-1\">26 DE SEPTIEMBRE, 2025<\/td><td class=\"column-2\">MARTA RAMONA M\u00c1RQUEZ DE RADICI<\/td><td class=\"column-3\">75<\/td><td class=\"column-4\">TOM\u00c1S JU\u00c1REZ 348, ARROYITO<\/td>\n<\/tr>\n<tr class=\"row-5\">\n\t<td class=\"column-1\">26 DE SEPTIEMBRE, 2025<\/td><td class=\"column-2\">ALBINO ISIDORO D\u00cdAZ<\/td><td class=\"column-3\">73<\/td><td class=\"column-4\">ESQUI\u00da 748, ARROYITO<\/td>\n<\/tr>\n<tr class=\"row-6\">\n\t<td class=\"column-1\">24 DE SEPTIEMBRE, 2025<\/td><td class=\"column-2\">MAR\u00cdA LUCINDA FERREYRA<\/td><td class=\"column-3\">91<\/td><td class=\"column-4\">EL JACARAND\u00c1 S\/N, TORO PUJIO<\/td>\n<\/tr>\n<tr class=\"row-7\">\n\t<td class=\"column-1\">22 DE SEPTIEMBRE, 2025<\/td><td class=\"column-2\">JUAN ALBERTO BONO<\/td><td class=\"column-3\">75<\/td><td class=\"column-4\">BELGRANO 1975, ARROYITO<\/td>\n<\/tr>\n<tr class=\"row-8\">\n\t<td class=\"column-1\">21 DE SEPTIEMBRE, 2025<\/td><td class=\"column-2\">IRMA CECILIA ARNAUDO DE ROMERO<\/td><td class=\"column-3\">86<\/td><td class=\"column-4\">SAN MART\u00cdN 577, ARROYITO<\/td>\n<\/tr>\n<tr class=\"row-9\">\n\t<td class=\"column-1\">21 DE SEPTIEMBRE, 2025<\/td><td class=\"column-2\">JOS\u00c9 ANTONIO ARRIETA \"PATO\"<\/td><td class=\"column-3\">84<\/td><td class=\"column-4\">BAHLLAT HUBAIDE 551, ARROYITO<\/td>\n<\/tr>\n<tr class=\"row-10\">\n\t<td class=\"column-1\">19 DE SEPTIEMBRE, 2025<\/td><td class=\"column-2\">JUANA PATRICIA VOCOS<\/td><td class=\"column-3\">86<\/td><td class=\"column-4\">PE\u00d1ALOZA 1583, ARROYITO<\/td>\n<\/tr>\n<tr class=\"row-11\">\n\t<td class=\"column-1\">19 DE SEPTIEMBRE, 2025<\/td><td class=\"column-2\">PETRONA ISABEL MAIDANA  <\/td><td class=\"column-3\">91<\/td><td class=\"column-4\">ELMO PIATTI 257, ARROYITO<\/td>\n<\/tr>\n<tr class=\"row-12\">\n\t<td class=\"column-1\">19 DE SEPTIEMBRE, 2025<\/td><td class=\"column-2\">TERESA EMMA ROLD\u00c1N <\/td><td class=\"column-3\">93<\/td><td class=\"column-4\">A. P. JUSTO 320, TR\u00c1NSITO<\/td>\n<\/tr>\n<tr class=\"row-13\">\n\t<td class=\"column-1\">16 DE SEPTIEMBRE, 2025<\/td><td class=\"column-2\">JUANA ELBA FISSORE<\/td><td class=\"column-3\">85<\/td><td class=\"column-4\">AVELLANEDA 530, ARROYITO<\/td>\n<\/tr>\n<tr class=\"row-14\">\n\t<td class=\"column-1\">16 DE SEPTIEMBRE, 2025<\/td><td class=\"column-2\">JUAN ALBERTO LUNGO<\/td><td class=\"column-3\">68<\/td><td class=\"column-4\">PEDRO NAVARRO 832, ARROYITO<\/td>\n<\/tr>\n<tr class=\"row-15\">\n\t<td class=\"column-1\">14 DE SEPTIEMBRE, 2025<\/td><td class=\"column-2\">MAR\u00cdA ESTHER MIRETTI DE ALBERIONE<\/td><td class=\"column-3\">85<\/td><td class=\"column-4\">LOS SAUCES S\/N, TORO PUJIO <\/td>\n<\/tr>\n<tr class=\"row-16\">\n\t<td class=\"column-1\">13 DE SEPTIEMBRE, 2025<\/td><td class=\"column-2\">RAMIRO VALENT\u00cdN GALLEGUILLO<\/td><td class=\"column-3\">20<\/td><td class=\"column-4\">HUMBERTO PRIMO 1330, LA TORDILLA<\/td>\n<\/tr>\n<tr class=\"row-17\">\n\t<td class=\"column-1\">13 DE SEPTIEMBRE, 2025<\/td><td class=\"column-2\">C\u00c9SAR LAUREANO BERSANO<\/td><td class=\"column-3\">20<\/td><td class=\"column-4\">SAN MART\u00cdN 446, LA TORDILLA<\/td>\n<\/tr>\n<tr class=\"row-18\">\n\t<td class=\"column-1\">9 DE SEPTIEMBRE, 2025<\/td><td class=\"column-2\">EDUARDO JULIO HERRERA<\/td><td class=\"column-3\">82<\/td><td class=\"column-4\">PE\u00d1ALOZA 1324, ARROYITO<\/td>\n<\/tr>\n<tr class=\"row-19\">\n\t<td class=\"column-1\">8 DE SEPTIEMBRE, 2025<\/td><td class=\"column-2\">CLAUDIO RA\u00daL SACHETTO<\/td><td class=\"column-3\">52<\/td><td class=\"column-4\">ENTRE R\u00cdOS 344, LA TORDILLA<\/td>\n<\/tr>\n<tr class=\"row-20\">\n\t<td class=\"column-1\">7 DE SEPTIEMBRE, 2025<\/td><td class=\"column-2\">ANA MAR\u00cdA LUCERO<\/td><td class=\"column-3\">74<\/td><td class=\"column-4\">SARMIENTO 1972, ARROYITO<\/td>\n<\/tr>\n<tr class=\"row-21\">\n\t<td class=\"column-1\">7 DE SEPTIEMBRE, 2025<\/td><td class=\"column-2\">LUIS ALCIDE GUDI\u00d1O<\/td><td class=\"column-3\">79<\/td><td class=\"column-4\">RUTA NACIONAL 19 KM 226, ARROYITO<\/td>\n<\/tr>\n<tr class=\"row-22\">\n\t<td class=\"column-1\">6 DE SEPTIEMBRE, 2025<\/td><td class=\"column-2\">LUIS MANUEL ALBARRAC\u00cdN<\/td><td class=\"column-3\">89<\/td><td class=\"column-4\">PASAJE CARABAJAL 1230, ARROYITO<\/td>\n<\/tr>\n<tr class=\"row-23\">\n\t<td class=\"column-1\">2 DE SEPTIEMBRE, 2025<\/td><td class=\"column-2\">MIGUEL \u00c1NGEL BUZETTI<\/td><td class=\"column-3\">78<\/td><td class=\"column-4\">25 DE MAYO 1051, ARROYITO<\/td>\n<\/tr>\n<tr class=\"row-24\">\n\t<td class=\"column-1\">2 DE SEPTIEMBRE, 2025<\/td><td class=\"column-2\">RUB\u00c9N ALBERTO MANZER<\/td><td class=\"column-3\">66<\/td><td class=\"column-4\">JOS\u00c9 MONTES 174, ARROYITO<\/td>\n<\/tr>\n<\/tbody>\n<\/table>\n<!-- #tablepress-85 from cache -->\r\n<h2>Avisos f\u00fanebres agosto 2025<\/h2>\r\n\n<table id=\"tablepress-84\" class=\"tablepress tablepress-id-84\">\n<thead>\n<tr class=\"row-1\">\n\t<th class=\"column-1\">FECHA<\/th><th class=\"column-2\">NOMBRE Y APELLIDO<\/th><th class=\"column-3\">EDAD<\/th><th class=\"column-4\">CASA DE DUELO<\/th>\n<\/tr>\n<\/thead>\n<tbody class=\"row-striping row-hover\">\n<tr class=\"row-2\">\n\t<td class=\"column-1\">31 DE AGOSTO, 2025<\/td><td class=\"column-2\">MAR\u00cdA ESTER LEYBA<\/td><td class=\"column-3\">74<\/td><td class=\"column-4\">RIVADAVIA 1011, ARROYITO<\/td>\n<\/tr>\n<tr class=\"row-3\">\n\t<td class=\"column-1\">26 DE AGOSTO, 2025<\/td><td class=\"column-2\">DANIEL ALBERTO QUINTEROS<\/td><td class=\"column-3\">51<\/td><td class=\"column-4\">ENRIQUE CARRATAL\u00c1 271, ARROYITO<\/td>\n<\/tr>\n<tr class=\"row-4\">\n\t<td class=\"column-1\">23 DE AGOSTO, 2025<\/td><td class=\"column-2\">CELINA VICENTA PAV\u00d3N DE MAYDANA<\/td><td class=\"column-3\">88<\/td><td class=\"column-4\">ISA\u00cdAS VARGAS 357, ARROYITO<\/td>\n<\/tr>\n<tr class=\"row-5\">\n\t<td class=\"column-1\">20 DE AGOSTO, 2025<\/td><td class=\"column-2\">ROSARIO ANTONIO MOYA \"POLACO\"<\/td><td class=\"column-3\">73<\/td><td class=\"column-4\">PE\u00d1ALOZA 808, ARROYITO<\/td>\n<\/tr>\n<tr class=\"row-6\">\n\t<td class=\"column-1\">18 DE AGOSTO, 2025<\/td><td class=\"column-2\">RAQUEL ORFILIA GUARCH DE OLMOS<\/td><td class=\"column-3\">92<\/td><td class=\"column-4\">ROQUE S\u00c1ENZ PE\u00d1A 136, ARROYITO<\/td>\n<\/tr>\n<tr class=\"row-7\">\n\t<td class=\"column-1\">18 DE AGOSTO, 2025<\/td><td class=\"column-2\">ANA MAR\u00cdA PINCHIROLLI DE SUPPICICH<\/td><td class=\"column-3\">80<\/td><td class=\"column-4\">ROQUE S\u00c1ENZ PE\u00d1A 353, ARROYITO<\/td>\n<\/tr>\n<tr class=\"row-8\">\n\t<td class=\"column-1\">17 DE AGOSTO, 2025<\/td><td class=\"column-2\">ROBERTO DANIEL JU\u00c1REZ<\/td><td class=\"column-3\">60<\/td><td class=\"column-4\">CASEROS 99, ARROYITO<\/td>\n<\/tr>\n<tr class=\"row-9\">\n\t<td class=\"column-1\">17 DE AGOSTO, 2025<\/td><td class=\"column-2\">SA\u00daL ANTONIO GUDI\u00d1O<\/td><td class=\"column-3\">84<\/td><td class=\"column-4\">SAN MART\u00cdN 186, LA TORDILLA<\/td>\n<\/tr>\n<tr class=\"row-10\">\n\t<td class=\"column-1\">16 DE AGOSTO, 2025<\/td><td class=\"column-2\">TOM\u00c1S NELSO MEIRONE<\/td><td class=\"column-3\">93<\/td><td class=\"column-4\">CRISTOBAL COL\u00d3N 1245, ARROYITO<\/td>\n<\/tr>\n<tr class=\"row-11\">\n\t<td class=\"column-1\">15 DE AGOSTO, 2025<\/td><td class=\"column-2\">CLEDI UBALDINA MONTENEGRO DE MART\u00cdN<\/td><td class=\"column-3\">79<\/td><td class=\"column-4\">V\u00c9L\u00c9Z SARSFIELD 673, ARROYITO<\/td>\n<\/tr>\n<tr class=\"row-12\">\n\t<td class=\"column-1\">14 DE AGOSTO, 2025<\/td><td class=\"column-2\">DOMINGA ZITA SOLA DE RIBA<\/td><td class=\"column-3\">88<\/td><td class=\"column-4\">25 DE MAYO 1648, ARROYITO<\/td>\n<\/tr>\n<tr class=\"row-13\">\n\t<td class=\"column-1\">14 DE AGOSTO, 2025<\/td><td class=\"column-2\">GLADYS ESTHER VACA<\/td><td class=\"column-3\">67<\/td><td class=\"column-4\">URQUIZA 1025, ARROYITO<\/td>\n<\/tr>\n<tr class=\"row-14\">\n\t<td class=\"column-1\">13 DE AGOSTO, 2025<\/td><td class=\"column-2\">GLORIA NILDA RITA GOROSITO DE LEMOS<\/td><td class=\"column-3\">71<\/td><td class=\"column-4\">JOS\u00c9 BOETTO 141, ARROYITO<\/td>\n<\/tr>\n<tr class=\"row-15\">\n\t<td class=\"column-1\">9 DE AGOSTO, 2025<\/td><td class=\"column-2\">NORMA DEL VALLE MAIDANA<\/td><td class=\"column-3\">76<\/td><td class=\"column-4\">SARGENTO CABRAL 161, ARROYITO<\/td>\n<\/tr>\n<tr class=\"row-16\">\n\t<td class=\"column-1\">9 DE AGOSTO, 2025<\/td><td class=\"column-2\">EDID EDELVEY MIANI<\/td><td class=\"column-3\">88<\/td><td class=\"column-4\">BARTOLOM\u00c9 MITRE 711, C. PELLEGRINI, ALTA GRACIA<\/td>\n<\/tr>\n<tr class=\"row-17\">\n\t<td class=\"column-1\">7 DE AGOSTO, 2025<\/td><td class=\"column-2\">ANA DELIA GARNERO<\/td><td class=\"column-3\">71<\/td><td class=\"column-4\">CASEROS 172, ARROYITO<\/td>\n<\/tr>\n<tr class=\"row-18\">\n\t<td class=\"column-1\">6 DE AGOSTO, 2025<\/td><td class=\"column-2\">MAT\u00cdAS DAMI\u00c1N HERRERA<\/td><td class=\"column-3\">35<\/td><td class=\"column-4\">DEAN FUNES 451, ARROYITO<\/td>\n<\/tr>\n<tr class=\"row-19\">\n\t<td class=\"column-1\">6 DE AGOSTO, 2025<\/td><td class=\"column-2\">JUAN ROBERTO JU\u00c1REZ<\/td><td class=\"column-3\">68<\/td><td class=\"column-4\">SARGENTO CABRAL 119, ARROYITO<\/td>\n<\/tr>\n<tr class=\"row-20\">\n\t<td class=\"column-1\">6 DE AGOSTO, 2025<\/td><td class=\"column-2\">V\u00cdCTOR HUGO DOM\u00cdNGUEZ \"PELUDO\"\"<\/td><td class=\"column-3\">66<\/td><td class=\"column-4\">CALLE P\u00daBLICA S\/N, TORO PUJIO<\/td>\n<\/tr>\n<tr class=\"row-21\">\n\t<td class=\"column-1\">5 DE AGOSTO, 2025<\/td><td class=\"column-2\">GUILLERMA DEL VALLE PERALTA<\/td><td class=\"column-3\">88<\/td><td class=\"column-4\">JULIO TABORDA VOCOS 611, ARROYITO<\/td>\n<\/tr>\n<tr class=\"row-22\">\n\t<td class=\"column-1\">4 DE AGOSTO, 2025<\/td><td class=\"column-2\">ELPIDIO RAM\u00d3N CRAVERO<\/td><td class=\"column-3\">81<\/td><td class=\"column-4\">25 DE MAYO 1953, ARROYITO<\/td>\n<\/tr>\n<tr class=\"row-23\">\n\t<td class=\"column-1\">4 DE AGOSTO, 2025<\/td><td class=\"column-2\">LIZ ANGELINA OLIVA<\/td><td class=\"column-3\">8<\/td><td class=\"column-4\">BARTOLOM\u00c9 MITRE 1239, ARROYITO<\/td>\n<\/tr>\n<tr class=\"row-24\">\n\t<td class=\"column-1\">4 DE AGOSTO, 2025<\/td><td class=\"column-2\">THIAGO BENJAM\u00cdN OLIVA<\/td><td class=\"column-3\">12<\/td><td class=\"column-4\">BARTOLOM\u00c9 MITRE 1239, ARROYITO<\/td>\n<\/tr>\n<tr class=\"row-25\">\n\t<td class=\"column-1\">4 DE AGOSTO, 2025<\/td><td class=\"column-2\">MIQUEAS ELIEL OLIVA<\/td><td class=\"column-3\">11<\/td><td class=\"column-4\">BARTOLOM\u00c9 MITRE 1239, ARROYITO<\/td>\n<\/tr>\n<tr class=\"row-26\">\n\t<td class=\"column-1\">4 DE AGOSTO, 2025<\/td><td class=\"column-2\">RICARDO ARGENTINO OLIVA<\/td><td class=\"column-3\">33<\/td><td class=\"column-4\">BARTOLOM\u00c9 MITRE 1239, ARROYITO<\/td>\n<\/tr>\n<tr class=\"row-27\">\n\t<td class=\"column-1\">2 DE AGOSTO, 2025<\/td><td class=\"column-2\">JUAN A. PIZARRO DE BROCHERO \"TETE\"<\/td><td class=\"column-3\">83<\/td><td class=\"column-4\">PUERTO ARGENTINO 153, LA TORDILLA<\/td>\n<\/tr>\n<tr class=\"row-28\">\n\t<td class=\"column-1\">2 DE AGOSTO, 2025<\/td><td class=\"column-2\">RAM\u00d3N MART\u00cdN LUCERO<\/td><td class=\"column-3\">72<\/td><td class=\"column-4\">AV. FULVIO PAGANI 683, ARROYITO<\/td>\n<\/tr>\n<\/tbody>\n<\/table>\n<!-- #tablepress-84 from cache -->\r\n<h2>Avisos f\u00fanebres julio 2025<\/h2>\r\n\n<table id=\"tablepress-83\" class=\"tablepress tablepress-id-83\">\n<thead>\n<tr class=\"row-1\">\n\t<th class=\"column-1\">FECHA<\/th><th class=\"column-2\">NOMBRE Y APELLIDO<\/th><th class=\"column-3\">EDAD<\/th><th class=\"column-4\">CASA DE DUELO<\/th>\n<\/tr>\n<\/thead>\n<tbody class=\"row-striping row-hover\">\n<tr class=\"row-2\">\n\t<td class=\"column-1\">29 DE JULIO, 2025<\/td><td class=\"column-2\">GRACIELA M. ALFONSO DE GENOVESIO<\/td><td class=\"column-3\">73<\/td><td class=\"column-4\">J. J. DE URQUIZA 1225, ARROYITO<\/td>\n<\/tr>\n<tr class=\"row-3\">\n\t<td class=\"column-1\">29 DE JULIO, 2025<\/td><td class=\"column-2\">JUANA ANG\u00c9LICA GIM\u00c9NEZ DE ZURITA<\/td><td class=\"column-3\">90<\/td><td class=\"column-4\">FRANCISCO AUDENINO 284, ARROYITO<\/td>\n<\/tr>\n<tr class=\"row-4\">\n\t<td class=\"column-1\">26 DE JULIO, 2025<\/td><td class=\"column-2\">H\u00c9CTOR MARIO CONTRERA \"CUATO\"<\/td><td class=\"column-3\">66<\/td><td class=\"column-4\">PE\u00d1ALOZA 524, ARROYITO<\/td>\n<\/tr>\n<tr class=\"row-5\">\n\t<td class=\"column-1\">26 DE JULIO, 2025<\/td><td class=\"column-2\">RAM\u00d3N ORLANDO ORTIZ<\/td><td class=\"column-3\">90<\/td><td class=\"column-4\">ENRIQUE CARRATAL\u00c1 374, ARROYITO<\/td>\n<\/tr>\n<tr class=\"row-6\">\n\t<td class=\"column-1\">26 DE JULIO, 2025<\/td><td class=\"column-2\">PRIMO A. PORCEL DE PERALTA<\/td><td class=\"column-3\">88<\/td><td class=\"column-4\">BARTOLOM\u00c9 MITRE 129, ARROYITO<\/td>\n<\/tr>\n<tr class=\"row-7\">\n\t<td class=\"column-1\">25 DE JULIO, 2025<\/td><td class=\"column-2\">TERESA SUSANA WOLKESTEIN<\/td><td class=\"column-3\">72<\/td><td class=\"column-4\">SARMIENTO 258, ARROYITO<\/td>\n<\/tr>\n<tr class=\"row-8\">\n\t<td class=\"column-1\">25 DE JULIO, 2025<\/td><td class=\"column-2\">ALDO LUIS MANSILLA<\/td><td class=\"column-3\">82<\/td><td class=\"column-4\">RICARDO BOETTO 495, ARROYITO<\/td>\n<\/tr>\n<tr class=\"row-9\">\n\t<td class=\"column-1\">25 DE JULIO, 2025<\/td><td class=\"column-2\">RUB\u00c9N RAM\u00d3N GIOVANNINI<\/td><td class=\"column-3\">64<\/td><td class=\"column-4\">RICARDO BOETTO 465, ARROYITO<\/td>\n<\/tr>\n<tr class=\"row-10\">\n\t<td class=\"column-1\">22 DE JULIO, 2025<\/td><td class=\"column-2\">EUGENIA MABEL CUCHETTI<\/td><td class=\"column-3\">49<\/td><td class=\"column-4\">EDITH CASALIS 1895, ARROYITO<\/td>\n<\/tr>\n<tr class=\"row-11\">\n\t<td class=\"column-1\">21 DE JULIO, 2025<\/td><td class=\"column-2\">TERCILIA MAR\u00cdA BERGESE DE MONCADA<\/td><td class=\"column-3\">82<\/td><td class=\"column-4\">CASTRO BARROS 437, ARROYITO<\/td>\n<\/tr>\n<tr class=\"row-12\">\n\t<td class=\"column-1\">20 DE JULIO, 2025<\/td><td class=\"column-2\">MAR\u00cdA ENEDIA CARRANZA<\/td><td class=\"column-3\">83<\/td><td class=\"column-4\">CASTRO BARROS 508, ARROYITO<\/td>\n<\/tr>\n<tr class=\"row-13\">\n\t<td class=\"column-1\">18 DE JULIO, 2025<\/td><td class=\"column-2\">CIRILO H\u00c9CTOR LUQUE<\/td><td class=\"column-3\">81<\/td><td class=\"column-4\">HUMBERTO PRIMO 578, ARROYITO<\/td>\n<\/tr>\n<tr class=\"row-14\">\n\t<td class=\"column-1\">16 DE JULIO, 2025<\/td><td class=\"column-2\">CARMEN ROSA GALLARDO<\/td><td class=\"column-3\">79<\/td><td class=\"column-4\">JOS\u00c9 G. LAGOS 513, ARROYITO<\/td>\n<\/tr>\n<tr class=\"row-15\">\n\t<td class=\"column-1\">15 DE JULIO, 2025<\/td><td class=\"column-2\">MAR\u00cdA SUSANA RU\u00cdZ DE ZAYA<\/td><td class=\"column-3\">78<\/td><td class=\"column-4\">25 DE MAYO 1415, ARROYITO<\/td>\n<\/tr>\n<tr class=\"row-16\">\n\t<td class=\"column-1\">9 DE JULIO, 2025<\/td><td class=\"column-2\">JOS\u00c9 ERNESTO DEPETRIS \"LAUCH\u00d3N\"<\/td><td class=\"column-3\">71<\/td><td class=\"column-4\">PE\u00d1ALOZA 632, ARROYITO<\/td>\n<\/tr>\n<tr class=\"row-17\">\n\t<td class=\"column-1\">8 DE JULIO, 2025<\/td><td class=\"column-2\">RAM\u00d3N MARTINIANO D\u00cdAZ<\/td><td class=\"column-3\">79<\/td><td class=\"column-4\">AV. DALLE MURA 1182, ARROYITO<\/td>\n<\/tr>\n<tr class=\"row-18\">\n\t<td class=\"column-1\">4 DE JULIO, 2025<\/td><td class=\"column-2\">ALEJANDRO RAM\u00d3N LONGO \"JANO\"<\/td><td class=\"column-3\">58<\/td><td class=\"column-4\">JOS\u00c9 CIRIACO JU\u00c1REZ 470, ARROYITO<\/td>\n<\/tr>\n<tr class=\"row-19\">\n\t<td class=\"column-1\">3 DE JULIO, 2025<\/td><td class=\"column-2\">ROGELIO ALEJANDRO CAVALO<\/td><td class=\"column-3\">62<\/td><td class=\"column-4\">ZONA RURAL S\/N, LA TORDILLA<\/td>\n<\/tr>\n<tr class=\"row-20\">\n\t<td class=\"column-1\">2 DE JULIO, 2025<\/td><td class=\"column-2\">MARTA ANDREA FLORES<\/td><td class=\"column-3\">84<\/td><td class=\"column-4\">JOS\u00c9 QUINTELA 1160, ARROYITO<\/td>\n<\/tr>\n<tr class=\"row-21\">\n\t<td class=\"column-1\">2 DE JULIO, 2025<\/td><td class=\"column-2\">RA\u00daL DIONISIO OLIVERA<\/td><td class=\"column-3\">72<\/td><td class=\"column-4\">MARIO SEVESO 1174, ARROYITO<\/td>\n<\/tr>\n<tr class=\"row-22\">\n\t<td class=\"column-1\">1 DE JULIO, 2025<\/td><td class=\"column-2\">MIGUEL ROGACIANO BACHILLERI<\/td><td class=\"column-3\">87<\/td><td class=\"column-4\">AV. ARTURO ILLIA 1675, ARROYITO<\/td>\n<\/tr>\n<\/tbody>\n<\/table>\n<!-- #tablepress-83 from cache -->\r\n<h2>Avisos f\u00fanebres mayo 2025<\/h2>\r\n\n<table id=\"tablepress-81\" class=\"tablepress tablepress-id-81\">\n<thead>\n<tr class=\"row-1\">\n\t<th class=\"column-1\">FECHA<\/th><th class=\"column-2\">NOMBRE Y APELLIDO<\/th><th class=\"column-3\">EDAD<\/th><th class=\"column-4\">CASA DE DUELO<\/th>\n<\/tr>\n<\/thead>\n<tbody class=\"row-striping row-hover\">\n<tr class=\"row-2\">\n\t<td class=\"column-1\">31 DE MAYO, 2025<\/td><td class=\"column-2\">BEATRIZ DEL LUJ\u00c1N LENCINAS \"BETY\"<\/td><td class=\"column-3\">67<\/td><td class=\"column-4\">9 DE JULIO 1397, ARROYITO<\/td>\n<\/tr>\n<tr class=\"row-3\">\n\t<td class=\"column-1\">29 DE MAYO, 2025<\/td><td class=\"column-2\">JUANA MARTA FERREYRA<\/td><td class=\"column-3\">81<\/td><td class=\"column-4\">AV. MARCELINO BERNARDI 494, ARROYITO<\/td>\n<\/tr>\n<tr class=\"row-4\">\n\t<td class=\"column-1\">25 DE MAYO, 2025<\/td><td class=\"column-2\">NELVIO JOS\u00c9 BERNARDI<\/td><td class=\"column-3\">79<\/td><td class=\"column-4\">AV. MARIANO MORENO 355, ARROYITO<\/td>\n<\/tr>\n<tr class=\"row-5\">\n\t<td class=\"column-1\">24 DE MAYO, 2025<\/td><td class=\"column-2\">GLORIA VICTORIA T\u00d3RTOLO DE AMUCH\u00c1STEGUI<\/td><td class=\"column-3\">89<\/td><td class=\"column-4\">ROQUE S\u00c1ENZ PE\u00d1A 261, ARROYITO<\/td>\n<\/tr>\n<tr class=\"row-6\">\n\t<td class=\"column-1\">22 DE MAYO, 2025<\/td><td class=\"column-2\">DANIEL ALBERTO PERIOTTI<\/td><td class=\"column-3\">56<\/td><td class=\"column-4\">NICOL\u00c1S BATALLA 444, ARROYITO<\/td>\n<\/tr>\n<tr class=\"row-7\">\n\t<td class=\"column-1\">20 DE MAYO, 2025<\/td><td class=\"column-2\">ALICIA BEATRIZ SOSA DE MALDONADO<\/td><td class=\"column-3\">66<\/td><td class=\"column-4\">PE\u00d1ALOZA 826, ARROYITO<\/td>\n<\/tr>\n<tr class=\"row-8\">\n\t<td class=\"column-1\">20 DE MAYO, 2025<\/td><td class=\"column-2\">EVA CRISTINA ROM\u00c1N<\/td><td class=\"column-3\">60<\/td><td class=\"column-4\">JOS\u00c9 QUINTELA 1033, ARROYITO<\/td>\n<\/tr>\n<tr class=\"row-9\">\n\t<td class=\"column-1\">17 DE MAYO, 2025<\/td><td class=\"column-2\">NORA BEATRIZ RIGALDO DE HEBERHARDT<\/td><td class=\"column-3\">86<\/td><td class=\"column-4\">AMOS QUIJADA 2067, ARROYITO<\/td>\n<\/tr>\n<tr class=\"row-10\">\n\t<td class=\"column-1\">16 DE MAYO, 2025<\/td><td class=\"column-2\">RUB\u00c9N JOS\u00c9 DEL V. COSTAMAGNA \"TITI\"<\/td><td class=\"column-3\">72<\/td><td class=\"column-4\">A. P. JUSTO 75, TR\u00c1NSITO<\/td>\n<\/tr>\n<tr class=\"row-11\">\n\t<td class=\"column-1\">15 DE MAYO, 2025<\/td><td class=\"column-2\">FERNANDO MART\u00cdN P. ASCUET<\/td><td class=\"column-3\">82<\/td><td class=\"column-4\">URQUIZA 1068, ARROYITO<\/td>\n<\/tr>\n<tr class=\"row-12\">\n\t<td class=\"column-1\">11 DE MAYO, 2025<\/td><td class=\"column-2\">RODOLFO CLAUDIO TOLOZA \"FITO\"<\/td><td class=\"column-3\">85<\/td><td class=\"column-4\">ANTONIO BALLATORE 325, ARROYITO<\/td>\n<\/tr>\n<tr class=\"row-13\">\n\t<td class=\"column-1\">3 DE MAYO, 2025<\/td><td class=\"column-2\">H\u00c9CTOR ANTONIO ZALAZAR \"LA ANGUILA\"<\/td><td class=\"column-3\">79<\/td><td class=\"column-4\">8 DE SEPTIEMBRE 244, LA TORDILLA<\/td>\n<\/tr>\n<tr class=\"row-14\">\n\t<td class=\"column-1\">1 DE MAYO, 2025<\/td><td class=\"column-2\">LILIANA RAQUEL DEL VALLE RESTELLI \"LA FLACA\"<\/td><td class=\"column-3\">68<\/td><td class=\"column-4\">HUMBERTO PRIMO 1349, LA TORDILLA<\/td>\n<\/tr>\n<\/tbody>\n<\/table>\n<!-- #tablepress-81 from cache -->\r\n<h2>Avisos f\u00fanebres abril 2025<\/h2>\r\n\n<table id=\"tablepress-80\" class=\"tablepress tablepress-id-80\">\n<thead>\n<tr class=\"row-1\">\n\t<th class=\"column-1\">FECHA<\/th><th class=\"column-2\">NOMBRE Y APELLIDO<\/th><th class=\"column-3\">EDAD<\/th><th class=\"column-4\">CASA DE DUELO<\/th>\n<\/tr>\n<\/thead>\n<tbody class=\"row-striping row-hover\">\n<tr class=\"row-2\">\n\t<td class=\"column-1\">29 DE ABRIL. 2025<\/td><td class=\"column-2\">ALGELIO INOLFO BONIVARDO \"TITO\"<\/td><td class=\"column-3\">77<\/td><td class=\"column-4\">AVELLANEDA 233, ARROYITO<\/td>\n<\/tr>\n<tr class=\"row-3\">\n\t<td class=\"column-1\">28 DE ABRIL. 2025<\/td><td class=\"column-2\">MAR\u00cdA ISABEL MAZA \"MARI\"<\/td><td class=\"column-3\">71<\/td><td class=\"column-4\">AV. MANUEL SERRA 900, ARROYITO<\/td>\n<\/tr>\n<tr class=\"row-4\">\n\t<td class=\"column-1\">26 DE ABRIL. 2025<\/td><td class=\"column-2\">PRIMO JOS\u00c9 VRECH<\/td><td class=\"column-3\">81<\/td><td class=\"column-4\">SAN MART\u00cdN 341, ARROYITO<\/td>\n<\/tr>\n<tr class=\"row-5\">\n\t<td class=\"column-1\">25 DE ABRIL. 2025<\/td><td class=\"column-2\">MARGARITA ROSA FERREYRA \"CHOCHA\"<\/td><td class=\"column-3\">89<\/td><td class=\"column-4\">25 DE MAYO 962, ARROYITO<\/td>\n<\/tr>\n<tr class=\"row-6\">\n\t<td class=\"column-1\">25 DE ABRIL. 2025<\/td><td class=\"column-2\">H\u00c9CTOR HUGO BOSETTI<\/td><td class=\"column-3\">66<\/td><td class=\"column-4\">RICARDO CECC\u00d3N 371, ARROYITO<\/td>\n<\/tr>\n<tr class=\"row-7\">\n\t<td class=\"column-1\">25 DE ABRIL. 2025<\/td><td class=\"column-2\">NORI BEATRIZ GARC\u00cdA<\/td><td class=\"column-3\">61<\/td><td class=\"column-4\">GENERAL PAZ 1044, ARROYITO<\/td>\n<\/tr>\n<tr class=\"row-8\">\n\t<td class=\"column-1\">24 DE ABRIL. 2025<\/td><td class=\"column-2\">LUIS ROSARIO VAN CAUTEREN<\/td><td class=\"column-3\">88<\/td><td class=\"column-4\">BELGRANO 1069, ARROYITO<\/td>\n<\/tr>\n<tr class=\"row-9\">\n\t<td class=\"column-1\">22 DE ABRIL. 2025<\/td><td class=\"column-2\">ALDO ALBERTO AMBROSINO<\/td><td class=\"column-3\">78<\/td><td class=\"column-4\">GENERAL PAZ 1462, ARROYITO<\/td>\n<\/tr>\n<tr class=\"row-10\">\n\t<td class=\"column-1\">17 DE ABRIL. 2025<\/td><td class=\"column-2\">LUC\u00cdA MAR\u00cdA BADINO DE MAGARI\u00d1OS \"POROTA\"<\/td><td class=\"column-3\">84<\/td><td class=\"column-4\">BARTOLOM\u00c9 MITRE 443, ARROYITO<\/td>\n<\/tr>\n<tr class=\"row-11\">\n\t<td class=\"column-1\">14 DE ABRIL. 2025<\/td><td class=\"column-2\">NICOL\u00c1S ABEL GONZ\u00c1LEZ<\/td><td class=\"column-3\">73<\/td><td class=\"column-4\">ITUZAING\u00d3 930, ARROYITO<\/td>\n<\/tr>\n<tr class=\"row-12\">\n\t<td class=\"column-1\">12 DE ABRIL. 2025<\/td><td class=\"column-2\">JOVITA AGUEDA QUINTEROS<\/td><td class=\"column-3\">77<\/td><td class=\"column-4\">PJE. GERM\u00c1N FUNES 235, ARROYITO<\/td>\n<\/tr>\n<tr class=\"row-13\">\n\t<td class=\"column-1\">7 DE ABRIL. 2025<\/td><td class=\"column-2\">HUGO ALBERTO ALMIR\u00d3N<\/td><td class=\"column-3\">68<\/td><td class=\"column-4\">25 DE MAYO 2110, ARROYITO<\/td>\n<\/tr>\n<tr class=\"row-14\">\n\t<td class=\"column-1\">6 DE ABRIL. 2025<\/td><td class=\"column-2\">NORA CRISTINA BONETTI DE MASTRI<\/td><td class=\"column-3\">82<\/td><td class=\"column-4\">JOS\u00c9 A. VOCOS 105, ARROYITO<\/td>\n<\/tr>\n<tr class=\"row-15\">\n\t<td class=\"column-1\">5 DE ABRIL. 2025<\/td><td class=\"column-2\">MAR\u00cdA INOCENCIA GALLARDO<\/td><td class=\"column-3\">87<\/td><td class=\"column-4\">CASEROS 75, ARROYITO<\/td>\n<\/tr>\n<tr class=\"row-16\">\n\t<td class=\"column-1\">4 DE ABRIL. 2025<\/td><td class=\"column-2\">JUANA DELMI LARIO<\/td><td class=\"column-3\">67<\/td><td class=\"column-4\">ESQUI\u00da 1033, ARROYITO<\/td>\n<\/tr>\n<tr class=\"row-17\">\n\t<td class=\"column-1\">1 DE ABRIL. 2025<\/td><td class=\"column-2\">RAMONA VITALINA RAM\u00cdREZ DE KEMERER \"VITA\"<\/td><td class=\"column-3\">70<\/td><td class=\"column-4\">JUAN FONTI 1639, ARROYITO<\/td>\n<\/tr>\n<\/tbody>\n<\/table>\n<!-- #tablepress-80 from cache -->\r\n<h2>Avisos f\u00fanebres marzo 2025<\/h2>\r\n\n<table id=\"tablepress-79\" class=\"tablepress tablepress-id-79\">\n<thead>\n<tr class=\"row-1\">\n\t<th class=\"column-1\">FECHA<\/th><th class=\"column-2\">NOMBRE Y APELLIDO<\/th><th class=\"column-3\">EDAD<\/th><th class=\"column-4\">CASA DE DUELO<\/th>\n<\/tr>\n<\/thead>\n<tbody class=\"row-striping row-hover\">\n<tr class=\"row-2\">\n\t<td class=\"column-1\">31 DE MARZO, 2025<\/td><td class=\"column-2\">LUIS GASPAR PEREYRA<\/td><td class=\"column-3\">70<\/td><td class=\"column-4\">JUAN MINETTI 40, EL FUERTECITO, ARROYITO<\/td>\n<\/tr>\n<tr class=\"row-3\">\n\t<td class=\"column-1\">29 DE MARZO, 2025<\/td><td class=\"column-2\">JORGE AM\u00c9RICO PERALTA<\/td><td class=\"column-3\">88<\/td><td class=\"column-4\">ANTONIO BALLATORE 445, ARROYITO<\/td>\n<\/tr>\n<tr class=\"row-4\">\n\t<td class=\"column-1\">29 DE MARZO, 2025<\/td><td class=\"column-2\">JUAN ZEN\u00d3N BESSONE<\/td><td class=\"column-3\">90<\/td><td class=\"column-4\">J. J. DE URQUIZA 889, ARROYITO<\/td>\n<\/tr>\n<tr class=\"row-5\">\n\t<td class=\"column-1\">21 DE MARZO, 2025<\/td><td class=\"column-2\">CARLOS NAZENSIENO PALACIOS<\/td><td class=\"column-3\">93<\/td><td class=\"column-4\">SAN MART\u00cdN 520, LA TORDILLA<\/td>\n<\/tr>\n<tr class=\"row-6\">\n\t<td class=\"column-1\">13 DE MARZO, 2025<\/td><td class=\"column-2\">MAR\u00cdA RAMONA IB\u00c1\u00d1EZ \"LA PEQUE\u00d1A\"<\/td><td class=\"column-3\">70<\/td><td class=\"column-4\">JUAN BAUTISTA BUSTOS 246, LA TORDILLA<\/td>\n<\/tr>\n<tr class=\"row-7\">\n\t<td class=\"column-1\">10 DE MARZO, 2025<\/td><td class=\"column-2\">DANIEL \u00c1NGEL RECORDER<\/td><td class=\"column-3\">74<\/td><td class=\"column-4\">MARIO SEVESO 356, ARROYITO<\/td>\n<\/tr>\n<tr class=\"row-8\">\n\t<td class=\"column-1\">7 DE MARZO, 2025<\/td><td class=\"column-2\">MAR\u00cdA ESTHER FRONTERA DE MIRETTI<\/td><td class=\"column-3\">45<\/td><td class=\"column-4\">CONRADO DIEZ 1208, ARROYITO<\/td>\n<\/tr>\n<tr class=\"row-9\">\n\t<td class=\"column-1\">6 DE MARZO, 2025<\/td><td class=\"column-2\">DANTE \u00c1NGEL BOSETTI<\/td><td class=\"column-3\">90<\/td><td class=\"column-4\">JOS\u00c9 A. VOCOS 567, ARROYITO<\/td>\n<\/tr>\n<\/tbody>\n<\/table>\n<!-- #tablepress-79 from cache -->\r\n<h2>Avisos f\u00fanebres febrero 2025<\/h2>\r\n\n<table id=\"tablepress-78\" class=\"tablepress tablepress-id-78\">\n<thead>\n<tr class=\"row-1\">\n\t<th class=\"column-1\">FECHA<\/th><th class=\"column-2\">NOMBRE Y APELLIDO<\/th><th class=\"column-3\">EDAD<\/th><th class=\"column-4\">CASA DE DUELO<\/th>\n<\/tr>\n<\/thead>\n<tbody class=\"row-striping row-hover\">\n<tr class=\"row-2\">\n\t<td class=\"column-1\">28 DE FEBRERO, 2025<\/td><td class=\"column-2\">ALICIA MERCEDES DOM\u00cdNGUEZ<\/td><td class=\"column-3\">53<\/td><td class=\"column-4\">FALUCHO 1342, ARROYITO<\/td>\n<\/tr>\n<tr class=\"row-3\">\n\t<td class=\"column-1\">28 DE FEBRERO, 2025<\/td><td class=\"column-2\">EDUARDO ANTONIO FASOLIS \"LALO\"<\/td><td class=\"column-3\">66<\/td><td class=\"column-4\">RAM\u00d3N CABRERA 425, ARROYITO<\/td>\n<\/tr>\n<tr class=\"row-4\">\n\t<td class=\"column-1\">27 DE FEBRERO, 2025<\/td><td class=\"column-2\">AVELINA MARGARITA TES\u00c1N DE SOSA \"KIKI\"<\/td><td class=\"column-3\">85<\/td><td class=\"column-4\">AV. ARTURO ILLIA 1390, ARROYITO<\/td>\n<\/tr>\n<tr class=\"row-5\">\n\t<td class=\"column-1\">25 DE FEBRERO, 2025<\/td><td class=\"column-2\">MAR\u00cdA ROSA CURIOTTI DE RUATTA<\/td><td class=\"column-3\">85<\/td><td class=\"column-4\">AV. LIBERTADOR 511, LA TORDILLA<\/td>\n<\/tr>\n<tr class=\"row-6\">\n\t<td class=\"column-1\">24 DE FEBRERO, 2025<\/td><td class=\"column-2\">ELENA MARIANA MIRETTI DE SIGNORILE \"CUKI\"<\/td><td class=\"column-3\">79<\/td><td class=\"column-4\">AV. LIBERTADOR 407, LA TORDILLA<\/td>\n<\/tr>\n<tr class=\"row-7\">\n\t<td class=\"column-1\">24 DE FEBRERO, 2025<\/td><td class=\"column-2\">MAR\u00cdA DELIA DEL VALLE BUTTIGLIERO<\/td><td class=\"column-3\">90<\/td><td class=\"column-4\">LAVALLE 175, ARROYITO<\/td>\n<\/tr>\n<tr class=\"row-8\">\n\t<td class=\"column-1\">24 DE FEBRERO, 2025<\/td><td class=\"column-2\">MIRTA DEL VALLE BUSTOS<\/td><td class=\"column-3\">65<\/td><td class=\"column-4\">AV. LIBERTADOR 593, LA TORDILLA<\/td>\n<\/tr>\n<tr class=\"row-9\">\n\t<td class=\"column-1\">24 DE FEBRERO, 2025<\/td><td class=\"column-2\">MIGUEL \u00c1NGEL MUNZZO<\/td><td class=\"column-3\">65<\/td><td class=\"column-4\">MIGUEL VAUDAGNA S\/N, LA TORDILLA<\/td>\n<\/tr>\n<tr class=\"row-10\">\n\t<td class=\"column-1\">24 DE FEBRERO, 2025<\/td><td class=\"column-2\">PABLA \u00c1NGELA INGOLD DE DELL\u00b4ERBA<\/td><td class=\"column-3\">77<\/td><td class=\"column-4\">JOS\u00c9 G. LAGOS 1085, ARROYITO<\/td>\n<\/tr>\n<tr class=\"row-11\">\n\t<td class=\"column-1\">23 DE FEBRERO, 2025<\/td><td class=\"column-2\">JUAN CARLOS NORIEGA<\/td><td class=\"column-3\">74<\/td><td class=\"column-4\">RENATO CATURELLI 213, ARROYITO<\/td>\n<\/tr>\n<tr class=\"row-12\">\n\t<td class=\"column-1\">22 DE FEBRERO, 2025<\/td><td class=\"column-2\">\u00c1NGEL EDUARDO ALEMANDI \"CHINO\"<\/td><td class=\"column-3\">35<\/td><td class=\"column-4\">RAFAEL BIANCHI 1397, ARROYITO<\/td>\n<\/tr>\n<tr class=\"row-13\">\n\t<td class=\"column-1\">18 DE FEBRERO, 2025<\/td><td class=\"column-2\">NORMA VULECOVICH DE MALDINI \"CHICHI\"<\/td><td class=\"column-3\">89<\/td><td class=\"column-4\">SARMIENTO 1222, ARROYITO<\/td>\n<\/tr>\n<tr class=\"row-14\">\n\t<td class=\"column-1\">16 DE FEBRERO, 2025<\/td><td class=\"column-2\">TEO BENJAM\u00cdN STOLA<\/td><td class=\"column-3\">14<\/td><td class=\"column-4\">9 DE JULIO 130, LA TORDILLA<\/td>\n<\/tr>\n<tr class=\"row-15\">\n\t<td class=\"column-1\">14 DE FEBRERO, 2025<\/td><td class=\"column-2\">JUAN CARLOS BUSTOS \"CACHO\"<\/td><td class=\"column-3\">70<\/td><td class=\"column-4\">PE\u00d1ALOZA 1378, ARROYITO<\/td>\n<\/tr>\n<tr class=\"row-16\">\n\t<td class=\"column-1\">13 DE FEBRERO, 2025<\/td><td class=\"column-2\">MAR\u00cdA CRISTINA SOSA<\/td><td class=\"column-3\">65<\/td><td class=\"column-4\">AV. ILLIA 1269, ARROYITO<\/td>\n<\/tr>\n<tr class=\"row-17\">\n\t<td class=\"column-1\">12 DE FEBRERO, 2025<\/td><td class=\"column-2\">LAUTARO JES\u00daS PALOMO \"LAUTY\"<\/td><td class=\"column-3\">15<\/td><td class=\"column-4\">FALUCHO 1565, ARROYITO<\/td>\n<\/tr>\n<tr class=\"row-18\">\n\t<td class=\"column-1\">12 DE FEBRERO, 2025<\/td><td class=\"column-2\">RAMONA BEATRIZ BRITOS DE PUCHETA \"BETY\"<\/td><td class=\"column-3\">69<\/td><td class=\"column-4\">AV. MANUEL SERRA 1232, ARROYITO<\/td>\n<\/tr>\n<tr class=\"row-19\">\n\t<td class=\"column-1\">11 DE FEBRERO, 2025<\/td><td class=\"column-2\">RAM\u00d3N LASTENIO PEDERNERA<\/td><td class=\"column-3\">88<\/td><td class=\"column-4\">ALMAFUERTE 349, ARROYITO<\/td>\n<\/tr>\n<tr class=\"row-20\">\n\t<td class=\"column-1\">11 DE FEBRERO, 2025<\/td><td class=\"column-2\">URBANO RODOLFO PERALTA <\/td><td class=\"column-3\">89<\/td><td class=\"column-4\">RAFAEL BIANCHI 1356, ARROYITO<\/td>\n<\/tr>\n<tr class=\"row-21\">\n\t<td class=\"column-1\">10 DE FEBRERO, 2025<\/td><td class=\"column-2\">JOS\u00c9 VICENTE GALLEGOS \"EL CUIS\"<\/td><td class=\"column-3\">67<\/td><td class=\"column-4\">J. J. DE URQUIZA 1382, ARROYITO<\/td>\n<\/tr>\n<tr class=\"row-22\">\n\t<td class=\"column-1\">9 DE FEBRERO, 2025<\/td><td class=\"column-2\">GRISELDA DEL VALLE CABRERA DE LE\u00d3N<\/td><td class=\"column-3\">61<\/td><td class=\"column-4\">BARTOLOM\u00c9 MITRE 1173, ARROYITO<\/td>\n<\/tr>\n<tr class=\"row-23\">\n\t<td class=\"column-1\">6 DE FEBRERO, 2025<\/td><td class=\"column-2\">JOSEFINA ANA GONELLA DE GAIDO<\/td><td class=\"column-3\">79<\/td><td class=\"column-4\">LA RIOJA 239, LA TORDILLA<\/td>\n<\/tr>\n<tr class=\"row-24\">\n\t<td class=\"column-1\">5 DE FEBRERO, 2025<\/td><td class=\"column-2\">PAULA LUISA MALDONADO DE GUEVARA<\/td><td class=\"column-3\">79<\/td><td class=\"column-4\">RAM\u00d3N CABRERA 363, ARROYITO<\/td>\n<\/tr>\n<tr class=\"row-25\">\n\t<td class=\"column-1\">3 DE FEBRERO, 2025<\/td><td class=\"column-2\">MABEL LUC\u00cdA SMIT<\/td><td class=\"column-3\">54<\/td><td class=\"column-4\">AV. MARCELINO BERNARDI 346, ARROYITO<\/td>\n<\/tr>\n<tr class=\"row-26\">\n\t<td class=\"column-1\">2 DE FEBRERO, 2025<\/td><td class=\"column-2\">TERESA YOLANDA S\u00c1NCHEZ<\/td><td class=\"column-3\">65<\/td><td class=\"column-4\">CURA BROCHERO 234, LA TORDILLA<\/td>\n<\/tr>\n<\/tbody>\n<\/table>\n<!-- #tablepress-78 from cache -->\r\n<h2>Avisos f\u00fanebres enero 2025<\/h2>\r\n\n<table id=\"tablepress-77\" class=\"tablepress tablepress-id-77\">\n<thead>\n<tr class=\"row-1\">\n\t<th class=\"column-1\">FECHA<\/th><th class=\"column-2\">NOMBRE Y APELLIDO<\/th><th class=\"column-3\">EDAD<\/th><th class=\"column-4\">CASA DE DUELO<\/th>\n<\/tr>\n<\/thead>\n<tbody class=\"row-striping row-hover\">\n<tr class=\"row-2\">\n\t<td class=\"column-1\">31 DE ENERO, 2025<\/td><td class=\"column-2\">AM\u00c9RICO ARGENTINO BRITOS<\/td><td class=\"column-3\">74<\/td><td class=\"column-4\">DEAN FUNES 1252, ARROYITO<\/td>\n<\/tr>\n<tr class=\"row-3\">\n\t<td class=\"column-1\">31 DE ENERO, 2025<\/td><td class=\"column-2\">ALAN DANIEL HERN\u00c1NDEZ<\/td><td class=\"column-3\">26<\/td><td class=\"column-4\">ZONA RURAL, LA CURVA, ARROYITO<\/td>\n<\/tr>\n<tr class=\"row-4\">\n\t<td class=\"column-1\">27 DE ENERO, 2025<\/td><td class=\"column-2\">OSVALDO ALBERTO VADORA \"EL GORDO\"<\/td><td class=\"column-3\">70<\/td><td class=\"column-4\">AVELLANEDA 346, ARROYITO<\/td>\n<\/tr>\n<tr class=\"row-5\">\n\t<td class=\"column-1\">26 DE ENERO, 2025<\/td><td class=\"column-2\">ETELVINA LIBERTAD GRACIELA BUSTOS<\/td><td class=\"column-3\">82<\/td><td class=\"column-4\">ANTONIO BALLATORE 1235, ARROYITO<\/td>\n<\/tr>\n<tr class=\"row-6\">\n\t<td class=\"column-1\">24 DE ENERO, 2025<\/td><td class=\"column-2\">MAR\u00cdA OFELIA NOVARA DE VIEYRA<\/td><td class=\"column-3\">74<\/td><td class=\"column-4\">RAFAEL BIANCHI 239, ARROYITO<\/td>\n<\/tr>\n<tr class=\"row-7\">\n\t<td class=\"column-1\">22 DE ENERO, 2025<\/td><td class=\"column-2\">ROBERTO DOMINGO CHIOTASSO<\/td><td class=\"column-3\">75<\/td><td class=\"column-4\">AV. ILLIA 1269, ARROYITO<\/td>\n<\/tr>\n<tr class=\"row-8\">\n\t<td class=\"column-1\">18 DE ENERO, 2025<\/td><td class=\"column-2\">V\u00cdCTOR SANTIAGO KIEFFER<\/td><td class=\"column-3\">70<\/td><td class=\"column-4\">J. J. DE URQUIZA 1437, ARROYITO<\/td>\n<\/tr>\n<tr class=\"row-9\">\n\t<td class=\"column-1\">17 DE ENERO, 2025<\/td><td class=\"column-2\">JUAN SINECIO DELGADO<\/td><td class=\"column-3\">90<\/td><td class=\"column-4\">RAFAEL BIANCHI 1236, ARROYITO<\/td>\n<\/tr>\n<tr class=\"row-10\">\n\t<td class=\"column-1\">14 DE ENERO, 2025<\/td><td class=\"column-2\">EDELZER CATALINA LONGO<\/td><td class=\"column-3\">89<\/td><td class=\"column-4\">BARTOLOM\u00c9 MITRE 280, ARROYITO<\/td>\n<\/tr>\n<tr class=\"row-11\">\n\t<td class=\"column-1\">13 DE ENERO, 2025<\/td><td class=\"column-2\">FACUNDO SOSA \"FACHERITO\"<\/td><td class=\"column-3\">27<\/td><td class=\"column-4\">AV, ILLIA 1405, ARROYITO<\/td>\n<\/tr>\n<tr class=\"row-12\">\n\t<td class=\"column-1\">13 DE ENERO, 2025<\/td><td class=\"column-2\">PRIMO RAM\u00d3N GUTI\u00c9RREZ \"TESA\"<\/td><td class=\"column-3\">79<\/td><td class=\"column-4\">BIENVENIDO ELOY FERN\u00c1NDEZ 1710, ARROYITO<\/td>\n<\/tr>\n<tr class=\"row-13\">\n\t<td class=\"column-1\">11 DE ENERO, 2025<\/td><td class=\"column-2\">JONATHAN LEONEL PRATTO \"CHUKY\"<\/td><td class=\"column-3\">19<\/td><td class=\"column-4\">VIRGEN DE LA MERCED 1785, ARROYITO<\/td>\n<\/tr>\n<tr class=\"row-14\">\n\t<td class=\"column-1\">11 DE ENERO, 2025<\/td><td class=\"column-2\">JOS\u00c9 ROGELIO MACHADO<\/td><td class=\"column-3\">71<\/td><td class=\"column-4\">BELGRANO 1867, ARROYITO<\/td>\n<\/tr>\n<tr class=\"row-15\">\n\t<td class=\"column-1\">11 DE ENERO, 2025<\/td><td class=\"column-2\">DAR\u00cdO ALBERTO ROMERO<\/td><td class=\"column-3\">43<\/td><td class=\"column-4\">ESQUI\u00da 868, ARROYITO<\/td>\n<\/tr>\n<tr class=\"row-16\">\n\t<td class=\"column-1\">8 DE ENERO, 2025<\/td><td class=\"column-2\">BLANCA ROSA CEJAS<\/td><td class=\"column-3\">68<\/td><td class=\"column-4\">ANTONIO BALLATORE 284, ARROYITO<\/td>\n<\/tr>\n<tr class=\"row-17\">\n\t<td class=\"column-1\">7 DE ENERO, 2025<\/td><td class=\"column-2\">LUIS MIGUEL DENOCI<\/td><td class=\"column-3\">33<\/td><td class=\"column-4\">CORONEL \u00c1LVAREZ 1234<\/td>\n<\/tr>\n<tr class=\"row-18\">\n\t<td class=\"column-1\">6 DE ENERO, 2025<\/td><td class=\"column-2\">MANUEL OMAR VARELA LI\u00d1ARES<\/td><td class=\"column-3\">64<\/td><td class=\"column-4\">FALUCHO 228, ARROYITO<\/td>\n<\/tr>\n<tr class=\"row-19\">\n\t<td class=\"column-1\">5 DE ENERO, 2025<\/td><td class=\"column-2\">CARLOS ALBERTO MANCINI \"CHIROLITA\"<\/td><td class=\"column-3\">81<\/td><td class=\"column-4\">9 DE JULIO 1265, ARROYITO<\/td>\n<\/tr>\n<\/tbody>\n<\/table>\n<!-- #tablepress-77 from cache -->\r\n<h2>Avisos f\u00fanebres diciembre 2024<\/h2>\r\n\n<table id=\"tablepress-76\" class=\"tablepress tablepress-id-76\">\n<thead>\n<tr class=\"row-1\">\n\t<th class=\"column-1\">FECHA<\/th><th class=\"column-2\">NOMBRE Y APELLIDO<\/th><th class=\"column-3\">EDAD<\/th><th class=\"column-4\">CASA DE DUELO<\/th>\n<\/tr>\n<\/thead>\n<tbody class=\"row-striping row-hover\">\n<tr class=\"row-2\">\n\t<td class=\"column-1\">31 DE DICIEMBRE, 2024<\/td><td class=\"column-2\">FRANCISCO ANTONIO PABLO<\/td><td class=\"column-3\">76<\/td><td class=\"column-4\">KM 618, LA CURVA, ARROYITO<\/td>\n<\/tr>\n<tr class=\"row-3\">\n\t<td class=\"column-1\">29 DE DICIEMBRE, 2024<\/td><td class=\"column-2\">ELSA IRENE BELTRAMINO DE ROMERO<\/td><td class=\"column-3\">83<\/td><td class=\"column-4\">VICENTE ORELLANO 1158, ARROYITO<\/td>\n<\/tr>\n<tr class=\"row-4\">\n\t<td class=\"column-1\">28 DE DICIEMBRE, 2024<\/td><td class=\"column-2\">RAM\u00d3N ARNALDO REYES<\/td><td class=\"column-3\">66<\/td><td class=\"column-4\">ALBINO BERTONE 153, EL FUERTECITO, ARROYITO<\/td>\n<\/tr>\n<tr class=\"row-5\">\n\t<td class=\"column-1\">27 DE DICIEMBRE, 2024<\/td><td class=\"column-2\">DANIEL MARCELO BERNARDO MAGLIANO \"GRINGO\"<\/td><td class=\"column-3\">59<\/td><td class=\"column-4\">EVARISTO RIBA 1421, ARROYITO<\/td>\n<\/tr>\n<tr class=\"row-6\">\n\t<td class=\"column-1\">27 DE DICIEMBRE, 2024<\/td><td class=\"column-2\">SARA TERESITA D\u00cdAZ DE CUFR\u00c9 \"NERY\"<\/td><td class=\"column-3\">67<\/td><td class=\"column-4\">CARLOS FAVARI 1441, ARROYITO<\/td>\n<\/tr>\n<tr class=\"row-7\">\n\t<td class=\"column-1\">19 DE DICIEMBRE, 2024<\/td><td class=\"column-2\">JUAN CARLOS TROSSERO<\/td><td class=\"column-3\">81<\/td><td class=\"column-4\">ARMANDO S\u00c1NCHEZ 1886, ARROYITO<\/td>\n<\/tr>\n<tr class=\"row-8\">\n\t<td class=\"column-1\">15 DE DICIEMBRE, 2024<\/td><td class=\"column-2\">RUB\u00c9N CRUZ PUCHETA \"PUCHET\u00d3N\"<\/td><td class=\"column-3\">81<\/td><td class=\"column-4\">JOS\u00c9 QUINTELA 1072, ARROYITO<\/td>\n<\/tr>\n<tr class=\"row-9\">\n\t<td class=\"column-1\">13 DE DICIEMBRE, 2024<\/td><td class=\"column-2\">NILDO ACU\u00d1A<\/td><td class=\"column-3\">86<\/td><td class=\"column-4\">OSVALDO NAVARRO 1183, ARROYITO<\/td>\n<\/tr>\n<tr class=\"row-10\">\n\t<td class=\"column-1\">13 DE DICIEMBRE, 2024<\/td><td class=\"column-2\">PABLO LEANDRO GUARDIANELLI <\/td><td class=\"column-3\">35<\/td><td class=\"column-4\">MARIO SEVESO 218, ARROYITO<\/td>\n<\/tr>\n<tr class=\"row-11\">\n\t<td class=\"column-1\">10 DE DICIEMBRE, 2024<\/td><td class=\"column-2\">CLAUDIA ALEJANDRA MONTENEGRO<\/td><td class=\"column-3\">50<\/td><td class=\"column-4\">PE\u00d1ALOZA 1060, ARROYITO<\/td>\n<\/tr>\n<tr class=\"row-12\">\n\t<td class=\"column-1\">4 DE DICIEMBRE, 2024<\/td><td class=\"column-2\">MARTA OFELIA ESPECHE<\/td><td class=\"column-3\">74<\/td><td class=\"column-4\">PARAJE EL FUERTECITO, ARROYITO<\/td>\n<\/tr>\n<tr class=\"row-13\">\n\t<td class=\"column-1\">2 DE DICIEMBRE, 2024<\/td><td class=\"column-2\">FABIO JOS\u00c9 OSCAR NAVARRO \"PIOJO\"<\/td><td class=\"column-3\">56<\/td><td class=\"column-4\">RAFAEL BIANCHI 1698, ARROYITO<\/td>\n<\/tr>\n<\/tbody>\n<\/table>\n<!-- #tablepress-76 from cache -->\r\n<h2>Avisos f\u00fanebres noviembre 2024<\/h2>\r\n\n<table id=\"tablepress-75\" class=\"tablepress tablepress-id-75\">\n<thead>\n<tr class=\"row-1\">\n\t<th class=\"column-1\">FECHA<\/th><th class=\"column-2\">NOMBRE Y APELLIDO<\/th><th class=\"column-3\">EDAD<\/th><th class=\"column-4\">CASA DE DUELO<\/th>\n<\/tr>\n<\/thead>\n<tbody class=\"row-striping row-hover\">\n<tr class=\"row-2\">\n\t<td class=\"column-1\">29 DE NOVIEMBRE, 2024<\/td><td class=\"column-2\">JUAN ADEMAR CAMPOS<\/td><td class=\"column-3\">66<\/td><td class=\"column-4\">CRISTOBAL COL\u00d3N 445, ARROYITO<\/td>\n<\/tr>\n<tr class=\"row-3\">\n\t<td class=\"column-1\">28 DE NOVIEMBRE, 2024<\/td><td class=\"column-2\">RAMONA ISABEL P\u00c9REZ DE PACHECO \"M\u00d3NICA\"<\/td><td class=\"column-3\">64<\/td><td class=\"column-4\">CONRADO DIEZ 1306, ARROYITO<\/td>\n<\/tr>\n<tr class=\"row-4\">\n\t<td class=\"column-1\">25 DE NOVIEMBRE, 2024<\/td><td class=\"column-2\">\u00c1NGELA CRISTINA CANDILIERI<\/td><td class=\"column-3\">100<\/td><td class=\"column-4\">24 DE SEPTIEMBRE 1178, ARROYITO<\/td>\n<\/tr>\n<tr class=\"row-5\">\n\t<td class=\"column-1\">24 DE NOVIEMBRE, 2024<\/td><td class=\"column-2\">JOS\u00c9 CRISTOBAL R\u00cdOS<\/td><td class=\"column-3\">81<\/td><td class=\"column-4\">OBISPO TREJO 1025, ARROYITO<\/td>\n<\/tr>\n<tr class=\"row-6\">\n\t<td class=\"column-1\">23 DE NOVIEMBRE, 2024<\/td><td class=\"column-2\">FRANCISCA DEL CARMEN DOM\u00cdNGUEZ \"PANCHA\"<\/td><td class=\"column-3\">72<\/td><td class=\"column-4\">ESQUI\u00da 1055, ARROYITO<\/td>\n<\/tr>\n<tr class=\"row-7\">\n\t<td class=\"column-1\">23 DE NOVIEMBRE, 2024<\/td><td class=\"column-2\">ELVIO BALTAZAR DELLAVALE<\/td><td class=\"column-3\">86<\/td><td class=\"column-4\">8 DE SEPTIEMBRE 260, LA TORDILLA<\/td>\n<\/tr>\n<tr class=\"row-8\">\n\t<td class=\"column-1\">21 DE NOVIEMBRE, 2024<\/td><td class=\"column-2\">H\u00c9CTOR FERNANDO PACHECO<\/td><td class=\"column-3\">87<\/td><td class=\"column-4\">ESPA\u00d1A 119, ARROYITO<\/td>\n<\/tr>\n<tr class=\"row-9\">\n\t<td class=\"column-1\">20 DE NOVIEMBRE, 2024<\/td><td class=\"column-2\">IRMA ROSA CARRANZA<\/td><td class=\"column-3\">79<\/td><td class=\"column-4\">PJE. CARLOS PELLEGRINI 1163, ARROYITO<\/td>\n<\/tr>\n<tr class=\"row-10\">\n\t<td class=\"column-1\">11 DE NOVIEMBRE, 2024<\/td><td class=\"column-2\">GRISELDA MAFALDA GABRIELONI DE MAGO<\/td><td class=\"column-3\">67<\/td><td class=\"column-4\">RICARDO CECC\u00d3N 326, ARROYITO<\/td>\n<\/tr>\n<tr class=\"row-11\">\n\t<td class=\"column-1\">19 DE NOVIEMBRE, 2024<\/td><td class=\"column-2\">CELINA MARGARITA COMETTO<\/td><td class=\"column-3\">93<\/td><td class=\"column-4\">BAHALLAT HUBAIDE 544, ARROYITO<\/td>\n<\/tr>\n<tr class=\"row-12\">\n\t<td class=\"column-1\">15 DE NOVIEMBRE, 2024<\/td><td class=\"column-2\">ELDA TERESA RIBA<\/td><td class=\"column-3\">84<\/td><td class=\"column-4\">VICENTA R\u00cdOS DE VOCOS 2092, ARROYITO<\/td>\n<\/tr>\n<tr class=\"row-13\">\n\t<td class=\"column-1\">13 DE NOVIEMBRE, 2024<\/td><td class=\"column-2\">CARLOS JAIME CUBERES<\/td><td class=\"column-3\">67<\/td><td class=\"column-4\">OBISPO TREJO 632, ARROYITO<\/td>\n<\/tr>\n<tr class=\"row-14\">\n\t<td class=\"column-1\">11 DE NOVIEMBRE, 2024<\/td><td class=\"column-2\">DOMINGA FRANCISCA BERGESE DE SACCO<\/td><td class=\"column-3\">93<\/td><td class=\"column-4\">GRAL. PAZ 725, ARROYITO<\/td>\n<\/tr>\n<tr class=\"row-15\">\n\t<td class=\"column-1\">10 DE NOVIEMBRE, 2024<\/td><td class=\"column-2\">RUB\u00c9N OMAR S\u00c1NCHEZ<\/td><td class=\"column-3\">67<\/td><td class=\"column-4\">ZONA RURAL S\/N, ARROYITO<\/td>\n<\/tr>\n<tr class=\"row-16\">\n\t<td class=\"column-1\">10 DE NOVIEMBRE, 2024<\/td><td class=\"column-2\">H\u00c9CTOR ANIBAL LOBOS \"CHUECO\"<\/td><td class=\"column-3\">84<\/td><td class=\"column-4\">BARTOLOM\u00c9 MITRE 341, ARROYITO<\/td>\n<\/tr>\n<tr class=\"row-17\">\n\t<td class=\"column-1\">6 DE NOVIEMBRE, 2024<\/td><td class=\"column-2\">LUIS EDUARDO D\u00cdAZ \"SANTIAGO\"<\/td><td class=\"column-3\">70<\/td><td class=\"column-4\">MODESTO MARANZANA 312, ARROYITO<\/td>\n<\/tr>\n<tr class=\"row-18\">\n\t<td class=\"column-1\">3 DE NOVIEMBRE, 2024<\/td><td class=\"column-2\">JUAN CARLOS MARINELLI<\/td><td class=\"column-3\">84<\/td><td class=\"column-4\">DOMINGO CIANCIA 725, ARROYITO<\/td>\n<\/tr>\n<tr class=\"row-19\">\n\t<td class=\"column-1\">1 DE NOVIEMBRE, 2024<\/td><td class=\"column-2\">NORA MARIANA PININGUER DE MAGNI<\/td><td class=\"column-3\">88<\/td><td class=\"column-4\">SAN MART\u00cdN 112, ARROYITO<\/td>\n<\/tr>\n<\/tbody>\n<\/table>\n<!-- #tablepress-75 from cache -->\r\n<h2>Avisos f\u00fanebres octubre 2024<\/h2>\r\n\n<table id=\"tablepress-74\" class=\"tablepress tablepress-id-74\">\n<thead>\n<tr class=\"row-1\">\n\t<th class=\"column-1\">FECHA<\/th><th class=\"column-2\">NOMBRE Y APELLIDO<\/th><th class=\"column-3\">EDAD<\/th><th class=\"column-4\">CASA DE DUELO<\/th>\n<\/tr>\n<\/thead>\n<tbody class=\"row-striping row-hover\">\n<tr class=\"row-2\">\n\t<td class=\"column-1\">30 DE OCTUBRE, 2024<\/td><td class=\"column-2\">VANESA PAOLA CALDER\u00d3N<\/td><td class=\"column-3\">39<\/td><td class=\"column-4\">AV. MARCIAL VAUDAGNA 255, ARROYITO<\/td>\n<\/tr>\n<tr class=\"row-3\">\n\t<td class=\"column-1\">29 DE OCTUBRE, 2024<\/td><td class=\"column-2\">MIGUEL \u00c1NGEL SAM SAM<\/td><td class=\"column-3\">63<\/td><td class=\"column-4\">JOS\u00c9 GIM\u00c9NEZ LAGOS 1117, ARROYITO<\/td>\n<\/tr>\n<tr class=\"row-4\">\n\t<td class=\"column-1\">29 DE OCTUBRE, 2024<\/td><td class=\"column-2\">AMANDA EDELBEYS MONTOYA<\/td><td class=\"column-3\">85<\/td><td class=\"column-4\">RIVADAVIA 425, LA TORDILLA<\/td>\n<\/tr>\n<tr class=\"row-5\">\n\t<td class=\"column-1\">29 DE OCTUBRE, 2024<\/td><td class=\"column-2\">GLADYS ANTONIA TERESA DEPETRIS<\/td><td class=\"column-3\">85<\/td><td class=\"column-4\">SARMIENTO 644, ARROYITO<\/td>\n<\/tr>\n<tr class=\"row-6\">\n\t<td class=\"column-1\">27 DE OCTUBRE, 2024<\/td><td class=\"column-2\">FRANCISCO LUDOVICO STOLA \"PANCHO\"<\/td><td class=\"column-3\">83<\/td><td class=\"column-4\">V\u00c9LEZ SARSFIELD 1317, ARROYITO<\/td>\n<\/tr>\n<tr class=\"row-7\">\n\t<td class=\"column-1\">22 DE OCTUBRE, 2024<\/td><td class=\"column-2\">JORGE ALBERTO BONETTO<\/td><td class=\"column-3\">69<\/td><td class=\"column-4\">EMA JU\u00c1REZ 131, LA CURVA, ARROYITO<\/td>\n<\/tr>\n<tr class=\"row-8\">\n\t<td class=\"column-1\">22 DE OCTUBRE, 2024<\/td><td class=\"column-2\">TRINIDAD MART\u00cdNEZ<\/td><td class=\"column-3\">87<\/td><td class=\"column-4\">GENERAL PAZ 1325, ARROYITO<\/td>\n<\/tr>\n<tr class=\"row-9\">\n\t<td class=\"column-1\">21 DE OCTUBRE, 2024<\/td><td class=\"column-2\">RAMONA DE LAS MERCEDES GUTI\u00c9RREZ DE FUENTES<\/td><td class=\"column-3\">74<\/td><td class=\"column-4\">ESQUI\u00da 1030, ARROYITO<\/td>\n<\/tr>\n<tr class=\"row-10\">\n\t<td class=\"column-1\">20 DE OCTUBRE, 2024<\/td><td class=\"column-2\">AMADO OSMAR G\u00d3MEZ<\/td><td class=\"column-3\">89<\/td><td class=\"column-4\">URQUIZA 1464, ARROYITO<\/td>\n<\/tr>\n<tr class=\"row-11\">\n\t<td class=\"column-1\">19 DE OCTUBRE, 2024<\/td><td class=\"column-2\">RAM\u00d3N ALBERTO FUENTES<\/td><td class=\"column-3\">69<\/td><td class=\"column-4\">ALMAFUERTE 701, ARROYITO<\/td>\n<\/tr>\n<tr class=\"row-12\">\n\t<td class=\"column-1\">19 DE OCTUBRE, 2024<\/td><td class=\"column-2\">ELBA ROSA GALLARDO<\/td><td class=\"column-3\">81<\/td><td class=\"column-4\">AV. MARCIAL VAUDAGNA 777, ARROYITO<\/td>\n<\/tr>\n<tr class=\"row-13\">\n\t<td class=\"column-1\">18 DE OCTUBRE, 2024<\/td><td class=\"column-2\">ALDO FRANCISCO DELL`ERBA<\/td><td class=\"column-3\">85<\/td><td class=\"column-4\">JOS\u00c9 GIM\u00c9NEZ LAGOS 1085, ARROYITO<\/td>\n<\/tr>\n<tr class=\"row-14\">\n\t<td class=\"column-1\">14 DE OCTUBRE, 2024<\/td><td class=\"column-2\">GABRIELA ROSA MOYA<\/td><td class=\"column-3\">51<\/td><td class=\"column-4\">G\u00dbEMES 665, ARROYITO<\/td>\n<\/tr>\n<tr class=\"row-15\">\n\t<td class=\"column-1\">12 DE OCTUBRE, 2024<\/td><td class=\"column-2\">JOS\u00c9 MANSILLA \"CHEFO\"<\/td><td class=\"column-3\">79<\/td><td class=\"column-4\">PE\u00d1ALOZA 1184, ARROYITO<\/td>\n<\/tr>\n<tr class=\"row-16\">\n\t<td class=\"column-1\">12 DE OCTUBRE, 2024<\/td><td class=\"column-2\">SUSANA TERESA MACHADO DE QUINTEROS<\/td><td class=\"column-3\">75<\/td><td class=\"column-4\">RIVADAVIA 1021, ARROYITO<\/td>\n<\/tr>\n<tr class=\"row-17\">\n\t<td class=\"column-1\">12 DE OCTUBRE, 2024<\/td><td class=\"column-2\">MAR\u00cdA TERESA MAINE DE CHIAVARINI \"MARIT\u00c9\"<\/td><td class=\"column-3\">81<\/td><td class=\"column-4\">AV. DALLE MURA 1373, ARROYITO<\/td>\n<\/tr>\n<tr class=\"row-18\">\n\t<td class=\"column-1\">10 DE OCTUBRE, 2024<\/td><td class=\"column-2\">NELVA FERREYRA <\/td><td class=\"column-3\">64<\/td><td class=\"column-4\">ALFONSO LOMBARDI 365, ARROYITO<\/td>\n<\/tr>\n<tr class=\"row-19\">\n\t<td class=\"column-1\">10 DE OCTUBRE, 2024<\/td><td class=\"column-2\">SILVANO EDUARDO MACHADO \"NENE\"<\/td><td class=\"column-3\">83<\/td><td class=\"column-4\">NICASIO Y\u00c1NEZ 1218, ARROYITO<\/td>\n<\/tr>\n<tr class=\"row-20\">\n\t<td class=\"column-1\">9 DE OCTUBRE, 2024<\/td><td class=\"column-2\">SILVIA PAGNONE<\/td><td class=\"column-3\">62<\/td><td class=\"column-4\">AVELLANEDA 254, ARROYITO<\/td>\n<\/tr>\n<tr class=\"row-21\">\n\t<td class=\"column-1\">9 DE OCTUBRE, 2024<\/td><td class=\"column-2\">EDUARDO JOS\u00c9 BERNARDI <\/td><td class=\"column-3\">81<\/td><td class=\"column-4\">9 DE JULIO 62, ARROYITO<\/td>\n<\/tr>\n<tr class=\"row-22\">\n\t<td class=\"column-1\">9 DE OCTUBRE, 2024<\/td><td class=\"column-2\">CRISTINA DEL VALE ASTRADA<\/td><td class=\"column-3\">65<\/td><td class=\"column-4\">BALLATORE 516, ARROYITO<\/td>\n<\/tr>\n<tr class=\"row-23\">\n\t<td class=\"column-1\">6 DE OCTUBRE, 2024<\/td><td class=\"column-2\">DEOLINDA \u00c1NGELA LANDRA DE PACHECO \"DEOLY\"<\/td><td class=\"column-3\">86<\/td><td class=\"column-4\">FALUCHO 1453, ARROYITO<\/td>\n<\/tr>\n<\/tbody>\n<\/table>\n<!-- #tablepress-74 from cache -->\r\n<h2>Avisos f\u00fanebres septiembre 2024<\/h2>\r\n\n<table id=\"tablepress-73\" class=\"tablepress tablepress-id-73\">\n<thead>\n<tr class=\"row-1\">\n\t<th class=\"column-1\">FECHA<\/th><th class=\"column-2\">NOMBRE Y APELLIDO<\/th><th class=\"column-3\">EDAD<\/th><th class=\"column-4\">CASA DE DUELO<\/th>\n<\/tr>\n<\/thead>\n<tbody class=\"row-striping row-hover\">\n<tr class=\"row-2\">\n\t<td class=\"column-1\">22 DE SEPTIEMBRE, 2024<\/td><td class=\"column-2\">MIRTA LILIANA L\u00d3PEZ \"LILI\"<\/td><td class=\"column-3\">58<\/td><td class=\"column-4\">GENERAL PAZ 244, ARROYITO<\/td>\n<\/tr>\n<tr class=\"row-3\">\n\t<td class=\"column-1\">22 DE SEPTIEMBRE, 2024<\/td><td class=\"column-2\">CLIDES MARGARITA CARMEN DURANDO DE BRAVO<\/td><td class=\"column-3\">83<\/td><td class=\"column-4\">IGNACIO URQU\u00cdA 1043, ARROYITO<\/td>\n<\/tr>\n<tr class=\"row-4\">\n\t<td class=\"column-1\">21 DE SEPTIEMBRE, 2024<\/td><td class=\"column-2\">MAR\u00cdA DEL CARMEN CARRIZO<\/td><td class=\"column-3\">44<\/td><td class=\"column-4\">AV. ARTURO ILLIA 251, ARROYITO<\/td>\n<\/tr>\n<tr class=\"row-5\">\n\t<td class=\"column-1\">20 DE SEPTIEMBRE, 2024<\/td><td class=\"column-2\">MIGUEL \u00c1NGEL LUNA<\/td><td class=\"column-3\">68<\/td><td class=\"column-4\">NICASIO Y\u00c1NEZ 448, ARROYITO<\/td>\n<\/tr>\n<tr class=\"row-6\">\n\t<td class=\"column-1\">12 DE SEPTIEMBRE, 2024<\/td><td class=\"column-2\">RA\u00daL HUMBERTO LENCINAS \"EL NEGRO\"<\/td><td class=\"column-3\">83<\/td><td class=\"column-4\">SARGENTO CABRAL 138, ARROYITO<\/td>\n<\/tr>\n<tr class=\"row-7\">\n\t<td class=\"column-1\">10 DE SEPTIEMBRE, 2024<\/td><td class=\"column-2\">FROIL\u00c1N ABEL ESPECHE<\/td><td class=\"column-3\">90<\/td><td class=\"column-4\">PEDRO MIRADA 1992, ARROYITO<\/td>\n<\/tr>\n<tr class=\"row-8\">\n\t<td class=\"column-1\">10 DE SEPTIEMBRE, 2024<\/td><td class=\"column-2\">NORMA \u00c1NGELA MUSSO<\/td><td class=\"column-3\">79<\/td><td class=\"column-4\">AV. DALLE MURA 1008, ARROYITO<\/td>\n<\/tr>\n<tr class=\"row-9\">\n\t<td class=\"column-1\">8 DE SEPTIEMBRE, 2024<\/td><td class=\"column-2\">CARLOS RAFAEL COSMAN<\/td><td class=\"column-3\">68<\/td><td class=\"column-4\">V\u00c9LEZ SARSFIELD 345, ARROYITO<\/td>\n<\/tr>\n<tr class=\"row-10\">\n\t<td class=\"column-1\">8 DE SEPTIEMBRE, 2024<\/td><td class=\"column-2\">ENEYDA DEL VALLE MEDRANO<\/td><td class=\"column-3\">86<\/td><td class=\"column-4\">JOS\u00c9 A. VOCOS 451, ARROYITO<\/td>\n<\/tr>\n<tr class=\"row-11\">\n\t<td class=\"column-1\">8 DE SEPTIEMBRE, 2024<\/td><td class=\"column-2\">FORTUNATO V\u00cdCTOR CABASSI \"PIPI\"<\/td><td class=\"column-3\">96<\/td><td class=\"column-4\">CASTRO BARROS 449, ARROYITO<\/td>\n<\/tr>\n<tr class=\"row-12\">\n\t<td class=\"column-1\">7 DE SEPTIEMBRE, 2024<\/td><td class=\"column-2\">NICOL\u00c1S VALENT\u00cdN CASTILLO \"CASTILLITO\"<\/td><td class=\"column-3\">24<\/td><td class=\"column-4\">TOM\u00c1S JU\u00c1REZ 325, ARROYITO<\/td>\n<\/tr>\n<tr class=\"row-13\">\n\t<td class=\"column-1\">7 DE SEPTIEMBRE, 2024<\/td><td class=\"column-2\">PETRONA SARA SAM SAM DE RINAUDO \"SARITA\"<\/td><td class=\"column-3\">87<\/td><td class=\"column-4\">25 DE MAYO 1480, ARROYITO<\/td>\n<\/tr>\n<tr class=\"row-14\">\n\t<td class=\"column-1\">7 DE SEPTIEMBRE, 2024<\/td><td class=\"column-2\">JES\u00daS ALFONSO BEIGVEDER<\/td><td class=\"column-3\">82<\/td><td class=\"column-4\">V\u00c9LEZ SARSFIELD 1482, ARROYITO<\/td>\n<\/tr>\n<tr class=\"row-15\">\n\t<td class=\"column-1\">6 DE SEPTIEMBRE, 2024<\/td><td class=\"column-2\">EUSEBIA OITANA DE MARANZANA \"PINA\"<\/td><td class=\"column-3\">98<\/td><td class=\"column-4\">AV. ARTURO ILLIA 258, ARROYITO<\/td>\n<\/tr>\n<tr class=\"row-16\">\n\t<td class=\"column-1\">6 DE SEPTIEMBRE, 2024<\/td><td class=\"column-2\">DANIEL ARMANDO ACHAVAL<\/td><td class=\"column-3\">59<\/td><td class=\"column-4\">AV. CARLOS PONT\u00cdN 430, ARROYITO<\/td>\n<\/tr>\n<tr class=\"row-17\">\n\t<td class=\"column-1\">4 DE SEPTIEMBRE, 2024<\/td><td class=\"column-2\">MAR\u00cdA ELIZABET VAN CAUTEREN \"BETY\"<\/td><td class=\"column-3\">82<\/td><td class=\"column-4\">PJE. MARCELINO LOREDO 847, ARROYITO<\/td>\n<\/tr>\n<tr class=\"row-18\">\n\t<td class=\"column-1\">4 DE SEPTIEMBRE, 2024<\/td><td class=\"column-2\">MIGUEL JORGE GIORDANO \"MICL\u00cdN\"<\/td><td class=\"column-3\">92<\/td><td class=\"column-4\">AV. CURA BROCHERO 389, LA TORDILLA<\/td>\n<\/tr>\n<\/tbody>\n<\/table>\n<!-- #tablepress-73 from cache -->\r\n<h2>Avisos f\u00fanebres agosto 2024<\/h2>\r\n\n<table id=\"tablepress-72\" class=\"tablepress tablepress-id-72\">\n<thead>\n<tr class=\"row-1\">\n\t<th class=\"column-1\">FECHA<\/th><th class=\"column-2\">NOMBRE Y APELLIDO<\/th><th class=\"column-3\">EDAD<\/th><th class=\"column-4\">CASA DE DUELO<\/th>\n<\/tr>\n<\/thead>\n<tbody class=\"row-striping row-hover\">\n<tr class=\"row-2\">\n\t<td class=\"column-1\">29 DE AGOSTO, 2024<\/td><td class=\"column-2\">WALTER RUB\u00c9N CERESOLE<\/td><td class=\"column-3\">53<\/td><td class=\"column-4\">AV. ALEM 262, ARROYITO<\/td>\n<\/tr>\n<tr class=\"row-3\">\n\t<td class=\"column-1\">28 DE AGOSTO, 2024<\/td><td class=\"column-2\">MAR\u00cdA ESTHER RAGNI \"TITA\"<\/td><td class=\"column-3\">85<\/td><td class=\"column-4\">AV. ARTURO ILLIA 797, ARROYITO<\/td>\n<\/tr>\n<tr class=\"row-4\">\n\t<td class=\"column-1\">28 DE AGOSTO, 2024<\/td><td class=\"column-2\">JORGE ALBERTO VACA<\/td><td class=\"column-3\">63<\/td><td class=\"column-4\">CRISTOBAL COL\u00d3N 2036, ARROYITO<\/td>\n<\/tr>\n<tr class=\"row-5\">\n\t<td class=\"column-1\">26 DE AGOSTO, 2024<\/td><td class=\"column-2\">CARLOS RAM\u00d3N AVENDA\u00d1O<\/td><td class=\"column-3\">81<\/td><td class=\"column-4\">24 DE SEPTIEMBRE 864, ARROYITO<\/td>\n<\/tr>\n<tr class=\"row-6\">\n\t<td class=\"column-1\">26 DE AGOSTO, 2024<\/td><td class=\"column-2\">HEGLYS MAGDALENA FERRERO VDA. DE BRANTNER<\/td><td class=\"column-3\">82<\/td><td class=\"column-4\">CRISTOBAL COL\u00d3N 1445, ARROYITO<\/td>\n<\/tr>\n<tr class=\"row-7\">\n\t<td class=\"column-1\">25 DE AGOSTO, 2024<\/td><td class=\"column-2\">GUILLERMINA JOSEFA CERINO \"COCA\"<\/td><td class=\"column-3\">90<\/td><td class=\"column-4\">DEAN FUNES 339, ARROYITO<\/td>\n<\/tr>\n<tr class=\"row-8\">\n\t<td class=\"column-1\">20 DE AGOSTO, 2024<\/td><td class=\"column-2\">JULIO ANIBAL GONZ\u00c1LEZ<\/td><td class=\"column-3\">76<\/td><td class=\"column-4\">JOS\u00c9 GIM\u00c9NEZ LAGOS 1005, ARROYITO<\/td>\n<\/tr>\n<tr class=\"row-9\">\n\t<td class=\"column-1\">19 DE AGOSTO, 2024<\/td><td class=\"column-2\">MARTA ELENA ORTIZ V\u00c1ZQUEZ \"TITA\"<\/td><td class=\"column-3\">77<\/td><td class=\"column-4\">GENERAL PAZ 1478, ARROYITO<\/td>\n<\/tr>\n<tr class=\"row-10\">\n\t<td class=\"column-1\">19 DE AGOSTO, 2024<\/td><td class=\"column-2\">VICTALINA DEL CARMEN ORELLANO DE CARNEVALE \"VITA\"<\/td><td class=\"column-3\">90<\/td><td class=\"column-4\">ALICIA ROSSI DE COMBA 677, EL FUERTECITO, ARROYITO<\/td>\n<\/tr>\n<tr class=\"row-11\">\n\t<td class=\"column-1\">16 DE AGOSTO, 2024<\/td><td class=\"column-2\">MARGARITA ESTHELA VILLAFA\u00d1E M\u00c1RQUEZ<\/td><td class=\"column-3\">71<\/td><td class=\"column-4\">HUMBERTO PRIMO 347, ARROYITO<\/td>\n<\/tr>\n<tr class=\"row-12\">\n\t<td class=\"column-1\">13 DE AGOSTO, 2024<\/td><td class=\"column-2\">CASIMIRO SILVANO CABRERA \"CACHITO\"<\/td><td class=\"column-3\">82<\/td><td class=\"column-4\">AV. MARCIAL VAUDAGNA 847, ARROYITO<\/td>\n<\/tr>\n<tr class=\"row-13\">\n\t<td class=\"column-1\">11 DE AGOSTO, 2024<\/td><td class=\"column-2\">LEANDRO ANTONIO ALBARRAC\u00cdN \"LALO\"<\/td><td class=\"column-3\">88<\/td><td class=\"column-4\">AV. MARIANO MORENO 1391, ARROYITO<\/td>\n<\/tr>\n<tr class=\"row-14\">\n\t<td class=\"column-1\">11 DE AGOSTO, 2024<\/td><td class=\"column-2\">\u00c1NGELA MARTA ALBANO<\/td><td class=\"column-3\">73<\/td><td class=\"column-4\">V\u00c9LEZ SARSFIELD 1567, ARROYITO<\/td>\n<\/tr>\n<tr class=\"row-15\">\n\t<td class=\"column-1\">10 DE AGOSTO, 2024<\/td><td class=\"column-2\">ATILIO JUAN N\u00c9DER <\/td><td class=\"column-3\">84<\/td><td class=\"column-4\">V\u00c9LEZ SARSFIELD 1359, ARROYITO<\/td>\n<\/tr>\n<tr class=\"row-16\">\n\t<td class=\"column-1\">9 DE AGOSTO, 2024<\/td><td class=\"column-2\">FLAVIA DEL LOURDES MONTI FERRERO<\/td><td class=\"column-3\">44<\/td><td class=\"column-4\">JOS\u00c9 A. VOCOS 970, ARROYITO<\/td>\n<\/tr>\n<tr class=\"row-17\">\n\t<td class=\"column-1\">9 DE AGOSTO, 2024<\/td><td class=\"column-2\">CRISTIAN ARIEL PAV\u00d3N \"PEPE\"<\/td><td class=\"column-3\">50<\/td><td class=\"column-4\">BARTOLOM\u00c9 MITRE 1224, ARROYITO<\/td>\n<\/tr>\n<tr class=\"row-18\">\n\t<td class=\"column-1\">9 DE AGOSTO, 2024<\/td><td class=\"column-2\">BEATRIZ ILDE GUARCH \"LA BETI\"<\/td><td class=\"column-3\">88<\/td><td class=\"column-4\">BARTOLOM\u00c9 MITRE 178, ARROYITO<\/td>\n<\/tr>\n<tr class=\"row-19\">\n\t<td class=\"column-1\">8 DE AGOSTO, 2024<\/td><td class=\"column-2\">MARIELA DE LAS MERCEDES MACHADO<\/td><td class=\"column-3\">55<\/td><td class=\"column-4\">AV. MANUEL SERRA 835, ARROYITO<\/td>\n<\/tr>\n<tr class=\"row-20\">\n\t<td class=\"column-1\">6 DE AGOSTO, 2024<\/td><td class=\"column-2\">MAR\u00cdA EDITH POLETTI DE CIOCCATTO<\/td><td class=\"column-3\">83<\/td><td class=\"column-4\">VICENTE ORELLANO 1056, ARROYITO<\/td>\n<\/tr>\n<tr class=\"row-21\">\n\t<td class=\"column-1\">4 DE AGOSTO, 2024<\/td><td class=\"column-2\">CARINA ROSA GARC\u00cdA<\/td><td class=\"column-3\">50<\/td><td class=\"column-4\">AV. MANUEL SERRA 1871, ARROYITO<\/td>\n<\/tr>\n<tr class=\"row-22\">\n\t<td class=\"column-1\">2 DE AGOSTO, 2024<\/td><td class=\"column-2\">OMAR LIVIO PICCININI<\/td><td class=\"column-3\">78<\/td><td class=\"column-4\">GENERAL PAZ 649, ARROYITO<\/td>\n<\/tr>\n<tr class=\"row-23\">\n\t<td class=\"column-1\">2 DE AGOSTO, 2024<\/td><td class=\"column-2\">JOS\u00c9 BAUTISTA PICCHIOTTINO \"PICHO\"<\/td><td class=\"column-3\">59<\/td><td class=\"column-4\">AV. DALLE MURA 627, ARROYITO<\/td>\n<\/tr>\n<\/tbody>\n<\/table>\n<!-- #tablepress-72 from cache -->\r\n<h2>Avisos f\u00fanebres julio 2024<\/h2>\r\n\n<table id=\"tablepress-71\" class=\"tablepress tablepress-id-71\">\n<thead>\n<tr class=\"row-1\">\n\t<th class=\"column-1\">FECHA<\/th><th class=\"column-2\">NOMBRE Y APELLIDO<\/th><th class=\"column-3\">EDAD<\/th><th class=\"column-4\">CASA DE DUELO<\/th>\n<\/tr>\n<\/thead>\n<tbody class=\"row-striping row-hover\">\n<tr class=\"row-2\">\n\t<td class=\"column-1\">31 DE JULIO, 2024<\/td><td class=\"column-2\">MAR\u00cdA ARGENTINA M\u00c1RQUEZ<\/td><td class=\"column-3\">80<\/td><td class=\"column-4\">BUENOS AIRES 348, LA TORDILLA<\/td>\n<\/tr>\n<tr class=\"row-3\">\n\t<td class=\"column-1\">30 DE JULIO, 2024<\/td><td class=\"column-2\">RAMONA DEL CARMEN ALMADA DE NORIEGA \"LELA\"<\/td><td class=\"column-3\">70<\/td><td class=\"column-4\">AV. MARCIAL VAUDAGNA 796, ARROYITO<\/td>\n<\/tr>\n<tr class=\"row-4\">\n\t<td class=\"column-1\">28 DE JULIO, 2024<\/td><td class=\"column-2\">AMANDA CARRANZA<\/td><td class=\"column-3\">87<\/td><td class=\"column-4\">LA CALERA, C\u00d3RDOBA<\/td>\n<\/tr>\n<tr class=\"row-5\">\n\t<td class=\"column-1\">27 DE JULIO, 2024<\/td><td class=\"column-2\">RAM\u00d3N SIME\u00d3N JU\u00c1REZ<\/td><td class=\"column-3\">71<\/td><td class=\"column-4\">ALEMANO BIANCHI 1042, ARROYITO<\/td>\n<\/tr>\n<tr class=\"row-6\">\n\t<td class=\"column-1\">21 DE JULIO, 2024<\/td><td class=\"column-2\">ANGELITA ANA TORRE DE PLASENZOTTI<\/td><td class=\"column-3\">92<\/td><td class=\"column-4\">GENERAL PAZ 870, ARROYITO<\/td>\n<\/tr>\n<tr class=\"row-7\">\n\t<td class=\"column-1\">21 DE JULIO, 2024<\/td><td class=\"column-2\">MAR\u00cdA VIRGINIA GARC\u00cdA<\/td><td class=\"column-3\">35<\/td><td class=\"column-4\">RICARDO CECC\u00d3N 312, ARROYITO<\/td>\n<\/tr>\n<tr class=\"row-8\">\n\t<td class=\"column-1\">19 DE JULIO, 2024<\/td><td class=\"column-2\">RAM\u00d3N JUAN BAUTISTA PAREDES \"TITO\"<\/td><td class=\"column-3\">66<\/td><td class=\"column-4\">VIRGEN DE LA MERCED 1910, ARROYITO<\/td>\n<\/tr>\n<tr class=\"row-9\">\n\t<td class=\"column-1\">18 DE JULIO, 2024<\/td><td class=\"column-2\">YOLANDA SMALDONI DE MONTENEGRO<\/td><td class=\"column-3\">89<\/td><td class=\"column-4\">CRISTOBAL COL\u00d3N 601, ARROYITO<\/td>\n<\/tr>\n<tr class=\"row-10\">\n\t<td class=\"column-1\">18 DE JULIO, 2024<\/td><td class=\"column-2\">CEFERINO LUIS YANEZ<\/td><td class=\"column-3\">79<\/td><td class=\"column-4\">ZONA RURAL S\/N, LOS CHA\u00d1ARITOS<\/td>\n<\/tr>\n<tr class=\"row-11\">\n\t<td class=\"column-1\">16 DE JULIO, 2024<\/td><td class=\"column-2\">JUAN CARLOS D\u00cdAZ \"EL CHUECO\"<\/td><td class=\"column-3\">75<\/td><td class=\"column-4\">RAFAEL BIANCHI 1226, ARROYITO<\/td>\n<\/tr>\n<tr class=\"row-12\">\n\t<td class=\"column-1\">11 DE JULIO, 2024<\/td><td class=\"column-2\">CARLOS ALBERTO NAVARRO \"CALABAZA\"<\/td><td class=\"column-3\">84<\/td><td class=\"column-4\">RIVADAVIA 243, ARROYITO<\/td>\n<\/tr>\n<tr class=\"row-13\">\n\t<td class=\"column-1\">10 DE JULIO, 2024<\/td><td class=\"column-2\">BEATRIZ EDIT INSAURRALDE<\/td><td class=\"column-3\">66<\/td><td class=\"column-4\">AV. MARCIAL VAUDAGNA 1425, ARROYITO<\/td>\n<\/tr>\n<tr class=\"row-14\">\n\t<td class=\"column-1\">10 DE JULIO, 2024<\/td><td class=\"column-2\">MAR\u00cdA DEL ROSARIO AGUIRRE DE DELLAVALE<\/td><td class=\"column-3\">96<\/td><td class=\"column-4\">ZONA RURAL S\/N, LA TORDILLA<\/td>\n<\/tr>\n<tr class=\"row-15\">\n\t<td class=\"column-1\">5 DE JULIO, 2024<\/td><td class=\"column-2\">JOS\u00c9 MAR\u00cdA PIZARRO \"MART\u00cdN\"<\/td><td class=\"column-3\">78<\/td><td class=\"column-4\">HUMBERTO PRIMO 1146, LA TORDILLA<\/td>\n<\/tr>\n<tr class=\"row-16\">\n\t<td class=\"column-1\">3 DE JULIO, 2024<\/td><td class=\"column-2\">ROSA CASIMIRA RAM\u00cdREZ DE CADENAZZI<\/td><td class=\"column-3\">77<\/td><td class=\"column-4\">PJE. MARCELINO LORENO 868, ARROYITO<\/td>\n<\/tr>\n<tr class=\"row-17\">\n\t<td class=\"column-1\">3 DE JULIO, 2024<\/td><td class=\"column-2\">LUDMILA ELISABETH \u00c1BALOS<\/td><td class=\"column-3\">13<\/td><td class=\"column-4\">ALICIA ROSSI DE COMBA 286, EL FUERTECITO, ARROYITO<\/td>\n<\/tr>\n<tr class=\"row-18\">\n\t<td class=\"column-1\">3 DE JULIO, 2024<\/td><td class=\"column-2\">PATRICIA MERCEDES \u00c1LVAREZ<\/td><td class=\"column-3\">40<\/td><td class=\"column-4\">CARLOS FAVARI 1055, ARROYITO<\/td>\n<\/tr>\n<tr class=\"row-19\">\n\t<td class=\"column-1\">3 DE JULIO, 2024<\/td><td class=\"column-2\">CARLOS ROBERTO ZANELLATO \"COCO\"<\/td><td class=\"column-3\">85<\/td><td class=\"column-4\">AV. MANUEL SERRA 1169, ARROYITO<\/td>\n<\/tr>\n<tr class=\"row-20\">\n\t<td class=\"column-1\">2 DE JULIO, 2024<\/td><td class=\"column-2\">ELVIRA MARGARITA CIANCIA DE FILIPPINI<\/td><td class=\"column-3\">81<\/td><td class=\"column-4\">V\u00c9LEZ SARSFIELD 1154, ARROYITO<\/td>\n<\/tr>\n<tr class=\"row-21\">\n\t<td class=\"column-1\">1 DE JULIO, 2024<\/td><td class=\"column-2\">ENZO BERTONE<\/td><td class=\"column-3\">18<\/td><td class=\"column-4\">25 DE MAYO 1459, ARROYITO<\/td>\n<\/tr>\n<tr class=\"row-22\">\n\t<td class=\"column-1\">1 DE JULIO, 2024<\/td><td class=\"column-2\">STELLA MARIS PERALTA VDA. DE BUSTOS<\/td><td class=\"column-3\">64<\/td><td class=\"column-4\">SAN CARLOS 545, LA TORDILLA<\/td>\n<\/tr>\n<\/tbody>\n<\/table>\n<!-- #tablepress-71 from cache -->\r\n<h2>Avisos f\u00fanebres junio 2024<\/h2>\r\n\n<table id=\"tablepress-70\" class=\"tablepress tablepress-id-70\">\n<thead>\n<tr class=\"row-1\">\n\t<th class=\"column-1\">FECHA<\/th><th class=\"column-2\">NOMBRE Y APELLIDO<\/th><th class=\"column-3\">EDAD<\/th><th class=\"column-4\">CASA DE DUELO<\/th>\n<\/tr>\n<\/thead>\n<tbody class=\"row-striping row-hover\">\n<tr class=\"row-2\">\n\t<td class=\"column-1\">30 DE JUNIO, 2024<\/td><td class=\"column-2\">MARCELINA CELINA FERREYRA (VIUDA DE LUCERO)<\/td><td class=\"column-3\">76<\/td><td class=\"column-4\">ANTONIO BALLATORE 1961, ARROYITO<\/td>\n<\/tr>\n<tr class=\"row-3\">\n\t<td class=\"column-1\">27 DE JUNIO, 2024<\/td><td class=\"column-2\">ORFELINA OFELIA FUNES<\/td><td class=\"column-3\">80<\/td><td class=\"column-4\">ZONA RURAL 20 KM AL SUR S\/N\u00ba, TR\u00c1NSITO<\/td>\n<\/tr>\n<tr class=\"row-4\">\n\t<td class=\"column-1\">27 DE JUNIO, 2024<\/td><td class=\"column-2\">RAM\u00d3N OMAR RAM\u00cdREZ \"MONCHO\"<\/td><td class=\"column-3\">81<\/td><td class=\"column-4\">PE\u00d1ALOZA 533, ARROYITO<\/td>\n<\/tr>\n<tr class=\"row-5\">\n\t<td class=\"column-1\">26 DE JUNIO, 2024<\/td><td class=\"column-2\">HUGO ALBERTO CORNEJO<\/td><td class=\"column-3\">88<\/td><td class=\"column-4\">FALUCHO 768, ARROYITO<\/td>\n<\/tr>\n<tr class=\"row-6\">\n\t<td class=\"column-1\">26 DE JUNIO, 2024<\/td><td class=\"column-2\">OSCAR ALBERTO BARONETTO \"NEN\u00cdN\"<\/td><td class=\"column-3\">73<\/td><td class=\"column-4\">RAFAEL N\u00da\u00d1EZ 52, ARROYITO<\/td>\n<\/tr>\n<tr class=\"row-7\">\n\t<td class=\"column-1\">24 DE JUNIO, 2024<\/td><td class=\"column-2\">MAR\u00cdA SUSANA FUNES DE ROLD\u00c1N<\/td><td class=\"column-3\">72<\/td><td class=\"column-4\">12 DE OCTUBRE 711, EL FUERTECITO, ARROYITO<\/td>\n<\/tr>\n<tr class=\"row-8\">\n\t<td class=\"column-1\">23 DE JUNIO, 2024<\/td><td class=\"column-2\">DIEGO ALEJANDRO CAVALO \"LOGAN\"<\/td><td class=\"column-3\">31<\/td><td class=\"column-4\">JUAN BAUTISTA BUSTOS 232, LA TORDILLA<\/td>\n<\/tr>\n<tr class=\"row-9\">\n\t<td class=\"column-1\">23 DE JUNIO, 2024<\/td><td class=\"column-2\">ROSA IN\u00c9S ROJO DE MAIDANA<\/td><td class=\"column-3\">62<\/td><td class=\"column-4\">IGNACIO RIPOLL 275, ARROYITO<\/td>\n<\/tr>\n<tr class=\"row-10\">\n\t<td class=\"column-1\">22 DE JUNIO, 2024<\/td><td class=\"column-2\">ADELINO BEANEY GONZ\u00c1LEZ<\/td><td class=\"column-3\">82<\/td><td class=\"column-4\">RICARDO ROJAS 471, ARROYITO<\/td>\n<\/tr>\n<tr class=\"row-11\">\n\t<td class=\"column-1\">21 DE JUNIO, 2024<\/td><td class=\"column-2\">ALEJANDRO GERED\u00cdN \"TURCO\"<\/td><td class=\"column-3\">86<\/td><td class=\"column-4\">RUTA N\u00ba 19, KM 223, ARROYITO<\/td>\n<\/tr>\n<tr class=\"row-12\">\n\t<td class=\"column-1\">21 DE JUNIO, 2024<\/td><td class=\"column-2\">DANIEL ELVESIO ZAGONEL<\/td><td class=\"column-3\">59<\/td><td class=\"column-4\">URQUIZA 1484, ARROYITO<\/td>\n<\/tr>\n<tr class=\"row-13\">\n\t<td class=\"column-1\">19 DE JUNIO, 2024<\/td><td class=\"column-2\">NORMA ESTELA AR\u00c9VALO DE ARGARBE \"CHELA\"<\/td><td class=\"column-3\">88<\/td><td class=\"column-4\">MODESTO MARANZANA 822, ARROYITO<\/td>\n<\/tr>\n<tr class=\"row-14\">\n\t<td class=\"column-1\">18 DE JUNIO, 2024<\/td><td class=\"column-2\">MAR\u00cdA ALICIA PUCHETA<\/td><td class=\"column-3\">95<\/td><td class=\"column-4\">ITUZAING\u00d3 712, ARROYITO<\/td>\n<\/tr>\n<tr class=\"row-15\">\n\t<td class=\"column-1\">16 DE JUNIO, 2024<\/td><td class=\"column-2\">JOS\u00c9 ARGENTINO POLANCO<\/td><td class=\"column-3\">84<\/td><td class=\"column-4\">SANTA FE 229, LA TORDILLA<\/td>\n<\/tr>\n<tr class=\"row-16\">\n\t<td class=\"column-1\">16 DE JUNIO, 2024<\/td><td class=\"column-2\">ELSA CASALI \"LULO\"<\/td><td class=\"column-3\">86<\/td><td class=\"column-4\">ROSALINO CUELLO 702, ARROYITO<\/td>\n<\/tr>\n<tr class=\"row-17\">\n\t<td class=\"column-1\">15 DE JUNIO, 2024<\/td><td class=\"column-2\">AIDE\u00c9 PETRONA TOLEDO DE ABREG\u00da<\/td><td class=\"column-3\">86<\/td><td class=\"column-4\">JOS\u00c9 VAIRA 2405, ARROYITO<\/td>\n<\/tr>\n<tr class=\"row-18\">\n\t<td class=\"column-1\">13 DE JUNIO, 2024<\/td><td class=\"column-2\">ESTELA MARI R\u00cdO DE CASAL<\/td><td class=\"column-3\">57<\/td><td class=\"column-4\">NICOL\u00c1S BATALLA 80, ARROYITO<\/td>\n<\/tr>\n<tr class=\"row-19\">\n\t<td class=\"column-1\">12 DE JUNIO, 2024<\/td><td class=\"column-2\">MAR\u00cdA CLAUDINA S\u00c1NCHEZ \"LA CHOCHA\"<\/td><td class=\"column-3\">73<\/td><td class=\"column-4\">IGNACIO URQU\u00cdA 1031, ARROYITO<\/td>\n<\/tr>\n<tr class=\"row-20\">\n\t<td class=\"column-1\">9 DE JUNIO, 2024<\/td><td class=\"column-2\">REYNA MAFALDA LUDUE\u00d1A DE ALMADA \"TITINA\"<\/td><td class=\"column-3\">72<\/td><td class=\"column-4\">BAHALLAT HUBAIDE 385, ARROYITO<\/td>\n<\/tr>\n<tr class=\"row-21\">\n\t<td class=\"column-1\">7 DE JUNIO, 2024<\/td><td class=\"column-2\">V\u00cdCTOR OMAR \u00d1\u00c1\u00d1EZ<\/td><td class=\"column-3\">64<\/td><td class=\"column-4\">LEANDRO N. ALEM 680, ARROYITO<\/td>\n<\/tr>\n<tr class=\"row-22\">\n\t<td class=\"column-1\">7 DE JUNIO, 2024<\/td><td class=\"column-2\">MARCELINO PINAZZI DE CALABRIA <\/td><td class=\"column-3\">91<\/td><td class=\"column-4\">CARLOS FAVARI 545, ARROYITO<\/td>\n<\/tr>\n<tr class=\"row-23\">\n\t<td class=\"column-1\">7 DE JUNIO, 2024<\/td><td class=\"column-2\">V\u00cdCTOR ADELQUI VARAS \"GATA\"<\/td><td class=\"column-3\">57<\/td><td class=\"column-4\">JOS\u00c9 GIM\u00c9NEZ LAGOS 1606, ARROYITO<\/td>\n<\/tr>\n<tr class=\"row-24\">\n\t<td class=\"column-1\">6 DE JUNIO, 2024<\/td><td class=\"column-2\">BLANCA AURORA CARABAJAL DE SCHIAVONI<\/td><td class=\"column-3\">89<\/td><td class=\"column-4\">SARMIENTO 530, ARROYITO<\/td>\n<\/tr>\n<tr class=\"row-25\">\n\t<td class=\"column-1\">5 DE JUNIO, 2024<\/td><td class=\"column-2\">YSIDRO VICENTE GUTI\u00c9RREZ<\/td><td class=\"column-3\">90<\/td><td class=\"column-4\">ZONA RURAL S\/N, ARROYITO<\/td>\n<\/tr>\n<tr class=\"row-26\">\n\t<td class=\"column-1\">4 DE JUNIO, 2024<\/td><td class=\"column-2\">MIGUEL GERARDO GIGENAS<\/td><td class=\"column-3\">71<\/td><td class=\"column-4\">ITUZAING\u00d3 1034, ARROYITO<\/td>\n<\/tr>\n<tr class=\"row-27\">\n\t<td class=\"column-1\">4 DE JUNIO, 2024<\/td><td class=\"column-2\">BEATRIZ NIDYA FELIPE DE TRISTANY<\/td><td class=\"column-3\">75<\/td><td class=\"column-4\">VICENTA R\u00cdOS DE VOCOS 1967, ARROYITO<\/td>\n<\/tr>\n<tr class=\"row-28\">\n\t<td class=\"column-1\">4 DE JUNIO, 2024<\/td><td class=\"column-2\">IRMA MAR\u00cdA CIANCIA<\/td><td class=\"column-3\">74<\/td><td class=\"column-4\">V\u00c9LEZ SARSFIELD 1087, ARROYITO<\/td>\n<\/tr>\n<tr class=\"row-29\">\n\t<td class=\"column-1\">1 DE JUNIO, 2024<\/td><td class=\"column-2\">JUAN ELVECIO AGUIRRE<\/td><td class=\"column-3\">77<\/td><td class=\"column-4\">RAM\u00d3N CABRERA 356, ARROYITO<\/td>\n<\/tr>\n<\/tbody>\n<\/table>\n<!-- #tablepress-70 from cache -->\r\n<h2>Avisos f\u00fanebres mayo 2024<\/h2>\r\n\n<table id=\"tablepress-69\" class=\"tablepress tablepress-id-69\">\n<thead>\n<tr class=\"row-1\">\n\t<th class=\"column-1\">FECHA<\/th><th class=\"column-2\">NOMBRE Y APELLIDO<\/th><th class=\"column-3\">EDAD<\/th><th class=\"column-4\">CASA DE DUELO<\/th>\n<\/tr>\n<\/thead>\n<tbody class=\"row-striping row-hover\">\n<tr class=\"row-2\">\n\t<td class=\"column-1\">31 DE MAYO, 2024<\/td><td class=\"column-2\">BEATRIZ MIRTA VARELA DE SCHIAVONI \"BETY\"<\/td><td class=\"column-3\">74<\/td><td class=\"column-4\">25 DE MAYO 1907, ARROYITO<\/td>\n<\/tr>\n<tr class=\"row-3\">\n\t<td class=\"column-1\">30 DE MAYO, 2024<\/td><td class=\"column-2\">ESILDA ORO\u00d1O DE GONZ\u00c1LEZ \"TECA\"<\/td><td class=\"column-3\">78<\/td><td class=\"column-4\">FACUNDO QUIROGA 282, LA TORDILLA<\/td>\n<\/tr>\n<tr class=\"row-4\">\n\t<td class=\"column-1\">29 DE MAYO, 2024<\/td><td class=\"column-2\">LUIS H\u00c9CTOR C\u00c9LIZ \"LA PANTERA\"<\/td><td class=\"column-3\">65<\/td><td class=\"column-4\">CARLOS FAVARI 890, ARROYITO<\/td>\n<\/tr>\n<tr class=\"row-5\">\n\t<td class=\"column-1\">26 DE MAYO, 2024<\/td><td class=\"column-2\">JOS\u00c9 OSCAR Z\u00c1RATE<\/td><td class=\"column-3\">80<\/td><td class=\"column-4\">ZONA RURAL S\/N, COLONIA LAS PICHANAS<\/td>\n<\/tr>\n<tr class=\"row-6\">\n\t<td class=\"column-1\">24 DE MAYO, 2024<\/td><td class=\"column-2\">CRISTOBAL ELPIDIA TABORDA<\/td><td class=\"column-3\">84<\/td><td class=\"column-4\">ROQUE S\u00c1ENZ PE\u00d1A 463, ARROYITO<\/td>\n<\/tr>\n<tr class=\"row-7\">\n\t<td class=\"column-1\">24 DE MAYO, 2024<\/td><td class=\"column-2\">OLGA DEL CARMEN VASSALLO DE ZIMMEL<\/td><td class=\"column-3\">74<\/td><td class=\"column-4\">BAHALLAT HUBADIE 469, ARROYITO<\/td>\n<\/tr>\n<tr class=\"row-8\">\n\t<td class=\"column-1\">24 DE MAYO, 2024<\/td><td class=\"column-2\">FIORI ABANTI LUIS STOQUINO \"BIYO\" <\/td><td class=\"column-3\">91<\/td><td class=\"column-4\">ZONA RURAL S\/N, TORO PUJIO<\/td>\n<\/tr>\n<tr class=\"row-9\">\n\t<td class=\"column-1\">20 DE MAYO, 2024<\/td><td class=\"column-2\">MAR\u00cdA LUZ CASAS<\/td><td class=\"column-3\">51<\/td><td class=\"column-4\">BARTOLOM\u00c9 MITRE 1064, ARROYITO<\/td>\n<\/tr>\n<tr class=\"row-10\">\n\t<td class=\"column-1\">16 DE MAYO, 2024<\/td><td class=\"column-2\">NELSO EUGENIO FAVARO<\/td><td class=\"column-3\">80<\/td><td class=\"column-4\">IGNACIO URQU\u00cdA 646, ARROYITO<\/td>\n<\/tr>\n<tr class=\"row-11\">\n\t<td class=\"column-1\">12 DE MAYO, 2024<\/td><td class=\"column-2\">ERCILIA MAR\u00cdA PICCO DE BARBERO<\/td><td class=\"column-3\">85<\/td><td class=\"column-4\">ANTONIO BALLATORE 1935, ARROYITO<\/td>\n<\/tr>\n<tr class=\"row-12\">\n\t<td class=\"column-1\">11 DE MAYO, 2024<\/td><td class=\"column-2\">JOS\u00c9 EDUARDO ACEVEDO<\/td><td class=\"column-3\">69<\/td><td class=\"column-4\">MARIO SEVESO 666, ARROYITO<\/td>\n<\/tr>\n<tr class=\"row-13\">\n\t<td class=\"column-1\">9 DE MAYO, 2024<\/td><td class=\"column-2\">N\u00c9STOR RA\u00daL HERRERA<\/td><td class=\"column-3\">67<\/td><td class=\"column-4\">P\u00cdNDARO LUDUE\u00d1A 564, ARROYITO<\/td>\n<\/tr>\n<tr class=\"row-14\">\n\t<td class=\"column-1\">8 DE MAYO, 2024<\/td><td class=\"column-2\">LAURA N\u00c9LIDA L\u00d3PEZ DE LUQUE<\/td><td class=\"column-3\">85<\/td><td class=\"column-4\">IGNACIO URQU\u00cdA 1083, ARROYITO<\/td>\n<\/tr>\n<tr class=\"row-15\">\n\t<td class=\"column-1\">6 DE MAYO, 2024<\/td><td class=\"column-2\">TR\u00c1NSITO AMANDA ROLD\u00c1N<\/td><td class=\"column-3\">88<\/td><td class=\"column-4\">COL\u00d3N 1154, ARROYITO<\/td>\n<\/tr>\n<tr class=\"row-16\">\n\t<td class=\"column-1\">5 DE MAYO, 2024<\/td><td class=\"column-2\">N\u00c9LIDA MAR\u00cdA JOSEFA CIANCIA DE BUFFA<\/td><td class=\"column-3\">82<\/td><td class=\"column-4\">9 DE JULIO 106, ARROYITO<\/td>\n<\/tr>\n<tr class=\"row-17\">\n\t<td class=\"column-1\">3 DE MAYO, 2O24<\/td><td class=\"column-2\">HIGINIO REYES TOLEDO<\/td><td class=\"column-3\">74<\/td><td class=\"column-4\">VIRGEN DE LA MERCED 1952, ARROYITO<\/td>\n<\/tr>\n<tr class=\"row-18\">\n\t<td class=\"column-1\">1 DE MAYO, 2024<\/td><td class=\"column-2\">JOS\u00c9 ROBERTO PONTICOBA<\/td><td class=\"column-3\">80<\/td><td class=\"column-4\">L\u00d3PEZ Y PLANES 60, ARROYITO<\/td>\n<\/tr>\n<tr class=\"row-19\">\n\t<td class=\"column-1\">1 DE MAYO, 2024<\/td><td class=\"column-2\">OSVALDO MARCELO SAGLIETTI \"FALO\"<\/td><td class=\"column-3\">70<\/td><td class=\"column-4\">AV. LIBERTADOR 719, LA TORDILLA<\/td>\n<\/tr>\n<\/tbody>\n<\/table>\n<!-- #tablepress-69 from cache -->\r\n<h2>Avisos f\u00fanebres abril 2024<\/h2>\r\n\n<table id=\"tablepress-68\" class=\"tablepress tablepress-id-68\">\n<thead>\n<tr class=\"row-1\">\n\t<th class=\"column-1\">FECHA<\/th><th class=\"column-2\">NOMBRE Y APELLIDO<\/th><th class=\"column-3\">EDAD<\/th><th class=\"column-4\">CASA DE DUELO<\/th>\n<\/tr>\n<\/thead>\n<tbody class=\"row-striping row-hover\">\n<tr class=\"row-2\">\n\t<td class=\"column-1\">2 DE ABRIL, 2024<\/td><td class=\"column-2\">LUC\u00cdA ROSA CORREA<\/td><td class=\"column-3\">83<\/td><td class=\"column-4\">JOS\u00c9 GIM\u00c9NEZ LAGOS 1677, ARROYITO<\/td>\n<\/tr>\n<tr class=\"row-3\">\n\t<td class=\"column-1\">3 DE ABRIL, 2024<\/td><td class=\"column-2\">LUC\u00cdA ALBERTINA SCHMIDHALTER<\/td><td class=\"column-3\">78<\/td><td class=\"column-4\">AVELLANEDA 233, ARROYITO<\/td>\n<\/tr>\n<tr class=\"row-4\">\n\t<td class=\"column-1\">4 DE ABRIL, 2024<\/td><td class=\"column-2\">YDA FLORENCIA ANGULO DE JUNCOS<\/td><td class=\"column-3\">90<\/td><td class=\"column-4\">JOS\u00c9 GIM\u00c9NEZ LAGOS 1343, ARROYITO<\/td>\n<\/tr>\n<tr class=\"row-5\">\n\t<td class=\"column-1\">5 DE ABRIL, 2024<\/td><td class=\"column-2\">NORMA SUCENA ALMADA DE PRIALIS<\/td><td class=\"column-3\">74<\/td><td class=\"column-4\">RAFAEL BIANCHI 585, ARROYITO<\/td>\n<\/tr>\n<tr class=\"row-6\">\n\t<td class=\"column-1\">5 DE ABRIL, 2024<\/td><td class=\"column-2\">NORMA IDERMINA TABORDA<\/td><td class=\"column-3\">85<\/td><td class=\"column-4\">PEDRO NAVARRO 833, ARROYITO<\/td>\n<\/tr>\n<tr class=\"row-7\">\n\t<td class=\"column-1\">5 DE ABRIL, 2024<\/td><td class=\"column-2\">ATILIO MATEO BERGESE<\/td><td class=\"column-3\">90<\/td><td class=\"column-4\">V\u00c9LEZ S\u00c1RSFIELD 1241, ARROYITO<\/td>\n<\/tr>\n<tr class=\"row-8\">\n\t<td class=\"column-1\">5 DE ABRIL, 2024<\/td><td class=\"column-2\">HUMBERTO SANTIAGO SUELDO \"CHURRY\"<\/td><td class=\"column-3\">73<\/td><td class=\"column-4\">MODESTO MARANZANA 404, ARROYITO<\/td>\n<\/tr>\n<tr class=\"row-9\">\n\t<td class=\"column-1\">6 DE ABRIL, 2024<\/td><td class=\"column-2\">FRANCISCO \u00cdTALO RADULOVICH \"ZURDO\"<\/td><td class=\"column-3\">80<\/td><td class=\"column-4\">ROQUE S\u00c1ENZ PE\u00d1A 915, ARROYITO<\/td>\n<\/tr>\n<tr class=\"row-10\">\n\t<td class=\"column-1\">8 DE ABRIL, 2024<\/td><td class=\"column-2\">MARIANO VICENTE ARRIETA<\/td><td class=\"column-3\">86<\/td><td class=\"column-4\">HUMBERTO PRIMO 470, LA TORDILLA<\/td>\n<\/tr>\n<tr class=\"row-11\">\n\t<td class=\"column-1\">8 DE ABRIL, 2024<\/td><td class=\"column-2\">ROSA MERCEDES ALGARBE \"MARY\"<\/td><td class=\"column-3\">71<\/td><td class=\"column-4\">RICARDO BOETTO 315, ARROYITO<\/td>\n<\/tr>\n<tr class=\"row-12\">\n\t<td class=\"column-1\">9 DE ABRIL, 2024<\/td><td class=\"column-2\">ROBERTO MANUEL BORDA BOZANA<\/td><td class=\"column-3\">80<\/td><td class=\"column-4\">SARMIENTO 1525, ARROYITO<\/td>\n<\/tr>\n<tr class=\"row-13\">\n\t<td class=\"column-1\">9 DE ABRIL, 2024<\/td><td class=\"column-2\">MAR\u00cdA M\u00d3NICA MAZZONI<\/td><td class=\"column-3\">65<\/td><td class=\"column-4\">SARMIENTO 968, ARROYITO<\/td>\n<\/tr>\n<tr class=\"row-14\">\n\t<td class=\"column-1\">9 DE ABRIL, 2024<\/td><td class=\"column-2\">MAR\u00cdA DE LAS MERCEDES ROLD\u00c1N<\/td><td class=\"column-3\">90<\/td><td class=\"column-4\">DOMINGO CIANCIA 855, ARROYITO<\/td>\n<\/tr>\n<tr class=\"row-15\">\n\t<td class=\"column-1\">12 DE ABRIL, 2024<\/td><td class=\"column-2\">RA\u00daL RICARDO SALVATIERRA<\/td><td class=\"column-3\">65<\/td><td class=\"column-4\">ISA\u00cdAS VARGAS 231, ARROYITO<\/td>\n<\/tr>\n<tr class=\"row-16\">\n\t<td class=\"column-1\">17 DE ABRIL, 2024<\/td><td class=\"column-2\">ARMELINDA TERESITA GAIDA <\/td><td class=\"column-3\">85<\/td><td class=\"column-4\">24 DE SEPTIEMBRE 846, ARROYITO<\/td>\n<\/tr>\n<tr class=\"row-17\">\n\t<td class=\"column-1\">18 DE ABRIL, 2024<\/td><td class=\"column-2\">ROSA NILDA OCHOA \"MIRTA\"<\/td><td class=\"column-3\">82<\/td><td class=\"column-4\">GENERAL PAZ 1376, ARROYITO<\/td>\n<\/tr>\n<tr class=\"row-18\">\n\t<td class=\"column-1\">18 DE ABRIL, 2024<\/td><td class=\"column-2\">NARSIZA BOGADO<\/td><td class=\"column-3\">89<\/td><td class=\"column-4\">8 DE SEPTIEMBRE 158, LA TORDILLA<\/td>\n<\/tr>\n<tr class=\"row-19\">\n\t<td class=\"column-1\">18 DE ABRIL, 2024<\/td><td class=\"column-2\">IMELDA T. GUTI\u00c9RREZ<\/td><td class=\"column-3\">87<\/td><td class=\"column-4\">PJE. LOS AROMOS 1564, ARROYITO<\/td>\n<\/tr>\n<tr class=\"row-20\">\n\t<td class=\"column-1\">19 DE ABRIL, 2024<\/td><td class=\"column-2\">ANA MAR\u00cdA MACHADO \"TUCHA\"<\/td><td class=\"column-3\">80<\/td><td class=\"column-4\">GENERAL PAZ 832, ARROYITO<\/td>\n<\/tr>\n<tr class=\"row-21\">\n\t<td class=\"column-1\">20 DE ABRIL, 2024<\/td><td class=\"column-2\">RITA CRISTINA RE<\/td><td class=\"column-3\">79<\/td><td class=\"column-4\">BELGRANO 1730, ARROYITO<\/td>\n<\/tr>\n<tr class=\"row-22\">\n\t<td class=\"column-1\">23 DE ABRIL, 2024<\/td><td class=\"column-2\">MARIO JOS\u00c9 MANSILLA \"YACO\"<\/td><td class=\"column-3\">76<\/td><td class=\"column-4\">SANTIAGO TEMPLE, R\u00cdO PRIMERO, C\u00d3RDOBA<\/td>\n<\/tr>\n<tr class=\"row-23\">\n\t<td class=\"column-1\">24 DE ABRIL, 2024<\/td><td class=\"column-2\">CESARINA BARO DE GUGLIELMONE \"SUSI\"<\/td><td class=\"column-3\">93<\/td><td class=\"column-4\">25 DE MAYO 1545, ARROYITO<\/td>\n<\/tr>\n<tr class=\"row-24\">\n\t<td class=\"column-1\">25 DE ABRIL, 2024<\/td><td class=\"column-2\">JUSTINA JER\u00d3NIMA GIANCARELLI DE RIVERO \"BABY\"<\/td><td class=\"column-3\">93<\/td><td class=\"column-4\">25 DE MAYO 1832, ARROYITO<\/td>\n<\/tr>\n<tr class=\"row-25\">\n\t<td class=\"column-1\">26 DE ABRIL, 2024<\/td><td class=\"column-2\">PEDRO GABRIEL VACA<\/td><td class=\"column-3\">66<\/td><td class=\"column-4\">ITALIA 150, ARROYITO<\/td>\n<\/tr>\n<tr class=\"row-26\">\n\t<td class=\"column-1\">26 DE ABRIL, 2024<\/td><td class=\"column-2\">SANTIAGO GREGORIO LOZURIAGA<\/td><td class=\"column-3\">57<\/td><td class=\"column-4\">JOS\u00c9 QUINTELA 1022, ARROYITO<\/td>\n<\/tr>\n<tr class=\"row-27\">\n\t<td class=\"column-1\">29 DE ABRIL, 2024<\/td><td class=\"column-2\">SELVA ROSA GONZ\u00c1LEZ DE AMANTINI<\/td><td class=\"column-3\">84<\/td><td class=\"column-4\">AV. MARCELINO BERNARDI 555, ARROYITO<\/td>\n<\/tr>\n<\/tbody>\n<\/table>\n<!-- #tablepress-68 from cache -->\r\n<h2>Avisos f\u00fanebres marzo 2024<\/h2>\r\n\n<table id=\"tablepress-63\" class=\"tablepress tablepress-id-63\">\n<thead>\n<tr class=\"row-1\">\n\t<th class=\"column-1\">FECHA<\/th><th class=\"column-2\">NOMBRE Y APELLIDO<\/th><th class=\"column-3\">EDAD<\/th><th class=\"column-4\">CASA DE DUELO<\/th>\n<\/tr>\n<\/thead>\n<tbody class=\"row-striping row-hover\">\n<tr class=\"row-2\">\n\t<td class=\"column-1\">2 DE MARZO, 2024<\/td><td class=\"column-2\">SALVADOR RODR\u00cdGUEZ<\/td><td class=\"column-3\">74<\/td><td class=\"column-4\">AVELLANEDA 556, ARROYITO<\/td>\n<\/tr>\n<tr class=\"row-3\">\n\t<td class=\"column-1\">3 DE MARZO, 2024<\/td><td class=\"column-2\">MAR\u00cdA ANTONIA MOREYRA DE JUAN<\/td><td class=\"column-3\">92<\/td><td class=\"column-4\">G\u00dbEMES 261, ARROYITO<\/td>\n<\/tr>\n<tr class=\"row-4\">\n\t<td class=\"column-1\">5 DE MARZO, 2024<\/td><td class=\"column-2\">MART\u00cdN NATALIO ALMADA<\/td><td class=\"column-3\">80<\/td><td class=\"column-4\">AV. DALLE MURA 1684, ARROYITO<\/td>\n<\/tr>\n<tr class=\"row-5\">\n\t<td class=\"column-1\">6 DE MARZO, 2024<\/td><td class=\"column-2\">JOS\u00c9 OSCAR ORELLANO<\/td><td class=\"column-3\">73<\/td><td class=\"column-4\">MODESTO MARANZANA 386, ARROYITO<\/td>\n<\/tr>\n<tr class=\"row-6\">\n\t<td class=\"column-1\">7 DE MARZO, 2024<\/td><td class=\"column-2\">NORMANDO RAM\u00d3N ARG\u00dbELLO<\/td><td class=\"column-3\">67<\/td><td class=\"column-4\">ENRIQUE CARRATAL\u00c1 323, ARROYITO<\/td>\n<\/tr>\n<tr class=\"row-7\">\n\t<td class=\"column-1\">8 DE MARZO, 2024<\/td><td class=\"column-2\">PATRICIA BEATRIZ DENOSI<\/td><td class=\"column-3\">57<\/td><td class=\"column-4\">AV. MARCIAL VAUDAGNA 336, ARROYITO<\/td>\n<\/tr>\n<tr class=\"row-8\">\n\t<td class=\"column-1\">8 DE MARZO, 2024<\/td><td class=\"column-2\">CARLOS JOS\u00c9 FERRERO<\/td><td class=\"column-3\">74<\/td><td class=\"column-4\">AVELLANEDA 661, ARROYITO<\/td>\n<\/tr>\n<tr class=\"row-9\">\n\t<td class=\"column-1\">10 DE MARZO, 2024<\/td><td class=\"column-2\">V\u00cdCTOR EDUARDO FERREYRA \"JUAN\"<\/td><td class=\"column-3\">89<\/td><td class=\"column-4\">PJE. H. FOGLIATO 67, TR\u00c1NSITO<\/td>\n<\/tr>\n<tr class=\"row-10\">\n\t<td class=\"column-1\">10 DE MARZO, 2024<\/td><td class=\"column-2\">MARIA DE LOS \u00c1NGELES MASCI\u00c1NGELO<\/td><td class=\"column-3\">67<\/td><td class=\"column-4\">AV. ILLIA 1415, ARROYITO<\/td>\n<\/tr>\n<tr class=\"row-11\">\n\t<td class=\"column-1\">11 DE MARZO, 2024<\/td><td class=\"column-2\">RAM\u00d3N JORGE LUQUE \"EL NEGRO\"<\/td><td class=\"column-3\">87<\/td><td class=\"column-4\">IGNACIO URQU\u00cdA 1083, ARROYITO<\/td>\n<\/tr>\n<tr class=\"row-12\">\n\t<td class=\"column-1\">11 DE MARZO, 2024<\/td><td class=\"column-2\">MARIO HUGO HERRERA \"\u00d1ATO\"<\/td><td class=\"column-3\">72<\/td><td class=\"column-4\">URQUIZA 1408, ARROYITO<\/td>\n<\/tr>\n<tr class=\"row-13\">\n\t<td class=\"column-1\">16 DE MARZO, 2024<\/td><td class=\"column-2\">OSCAR H\u00c9CTOR BERTONE \"EL NEGRO\"<\/td><td class=\"column-3\">82<\/td><td class=\"column-4\">ESQUI\u00da 964, ARROYITO<\/td>\n<\/tr>\n<tr class=\"row-14\">\n\t<td class=\"column-1\">16 DE MARZO, 2024<\/td><td class=\"column-2\">FLORENCIO RICARDO ARCE<\/td><td class=\"column-3\">84<\/td><td class=\"column-4\">AV. MARCIAL VAUDAGNA 834, ARROYITO<\/td>\n<\/tr>\n<tr class=\"row-15\">\n\t<td class=\"column-1\">16 DE MARZO, 2024<\/td><td class=\"column-2\">ELDA DEL VALLE MANSILLA<\/td><td class=\"column-3\">65<\/td><td class=\"column-4\">PEDRO MIRADA 1868, ARROYITO<\/td>\n<\/tr>\n<tr class=\"row-16\">\n\t<td class=\"column-1\">17 DE MARZO, 2024<\/td><td class=\"column-2\">UBALDO OSCAR OVIEDO<\/td><td class=\"column-3\">78<\/td><td class=\"column-4\">ZONA RURAL, EL T\u00cdO<\/td>\n<\/tr>\n<tr class=\"row-17\">\n\t<td class=\"column-1\">17 DE MARZO, 2024<\/td><td class=\"column-2\">VILMA DEL VALLE ROM\u00c1N<\/td><td class=\"column-3\">62<\/td><td class=\"column-4\">ITUZAING\u00d3 980, ARROYITO<\/td>\n<\/tr>\n<tr class=\"row-18\">\n\t<td class=\"column-1\">17 DE MARZO, 2024<\/td><td class=\"column-2\">LUC\u00cdA LAURINA MARAT\u00cdN \"LELA PICCHIOTTINO\"<\/td><td class=\"column-3\">91<\/td><td class=\"column-4\">LAVALLE 19, ARROYITO<\/td>\n<\/tr>\n<tr class=\"row-19\">\n\t<td class=\"column-1\">18 DE MARZO, 2024<\/td><td class=\"column-2\">MERCEDES BEATRIZ FERNANDA ALEMANDI<\/td><td class=\"column-3\">49<\/td><td class=\"column-4\">8 DE SEPTIEMBRE S\/N, LA TORDILLA<\/td>\n<\/tr>\n<tr class=\"row-20\">\n\t<td class=\"column-1\">21 DE MARZO, 2024<\/td><td class=\"column-2\">RA\u00daL \u00cdTALO BORIS<\/td><td class=\"column-3\">69<\/td><td class=\"column-4\">CARLOS FAVARI 1056, ARROYITO<\/td>\n<\/tr>\n<tr class=\"row-21\">\n\t<td class=\"column-1\">23 DE MARZO, 2024<\/td><td class=\"column-2\">ENRIQUE ARMANDO GUTI\u00c9RREZ<\/td><td class=\"column-3\">59<\/td><td class=\"column-4\">PE\u00d1ALOZA 1060, ARROYITO<\/td>\n<\/tr>\n<tr class=\"row-22\">\n\t<td class=\"column-1\">25 DE MARZO, 2024<\/td><td class=\"column-2\">F\u00c9LIX ADELIO IBA\u00d1EZ<\/td><td class=\"column-3\">61<\/td><td class=\"column-4\">DOMINGO CIANCIA 725, ARROYITO<\/td>\n<\/tr>\n<tr class=\"row-23\">\n\t<td class=\"column-1\">25 DE MARZO, 2024<\/td><td class=\"column-2\">ALBERTO JORGE LANFRANCHI<\/td><td class=\"column-3\">76<\/td><td class=\"column-4\">SARMIENTO 1274, ARROYITO<\/td>\n<\/tr>\n<tr class=\"row-24\">\n\t<td class=\"column-1\">26 DE MARZO, 2024<\/td><td class=\"column-2\">DONATA DORA MOYA \"T\u00cdA PICO\"<\/td><td class=\"column-3\">67<\/td><td class=\"column-4\">ALFONSINA STORNI 1036, ARROYITO<\/td>\n<\/tr>\n<tr class=\"row-25\">\n\t<td class=\"column-1\">27 DE MARZO, 2024<\/td><td class=\"column-2\">RAM\u00d3N GUSTAVO OCHOA<\/td><td class=\"column-3\">59<\/td><td class=\"column-4\">AV. DALLE MURA 556, ARROYITO<\/td>\n<\/tr>\n<tr class=\"row-26\">\n\t<td class=\"column-1\">27 DE MARZO, 2024<\/td><td class=\"column-2\">MARTA OFELIA SOSA<\/td><td class=\"column-3\">74<\/td><td class=\"column-4\">AV. MARCIAL VAUDAGNA 790, ARROYITO<\/td>\n<\/tr>\n<tr class=\"row-27\">\n\t<td class=\"column-1\">28 DE MARZO, 2024<\/td><td class=\"column-2\">LUCIANA ALEJANDRA LECINAS<\/td><td class=\"column-3\">27<\/td><td class=\"column-4\">SARGENTO CABRAL 138, ARROYITO<\/td>\n<\/tr>\n<tr class=\"row-28\">\n\t<td class=\"column-1\">28 DE MARZO, 2024<\/td><td class=\"column-2\">ELOISA ROSA FERACE \"CHOCHA\"<\/td><td class=\"column-3\">92<\/td><td class=\"column-4\">SAN MART\u00cdN 889, ARROYITO<\/td>\n<\/tr>\n<tr class=\"row-29\">\n\t<td class=\"column-1\">28 DE MARZO, 2024<\/td><td class=\"column-2\">FABI\u00c1N ROBERTO ZANELLATO<\/td><td class=\"column-3\">54<\/td><td class=\"column-4\">AV. MARCIAL VAUDAGNA 884, ARROYITO<\/td>\n<\/tr>\n<tr class=\"row-30\">\n\t<td class=\"column-1\">29 DE MARZO, 2024<\/td><td class=\"column-2\">HORACIO CARLOS CEBALLOS \"LA CHILINDRINA\"<\/td><td class=\"column-3\">67<\/td><td class=\"column-4\">JOS\u00c9 A. VOCOS 940, ARROYITO<\/td>\n<\/tr>\n<tr class=\"row-31\">\n\t<td class=\"column-1\">29 DE MARZO, 2024<\/td><td class=\"column-2\">MARTA OFELIA ZAMORA DE JU\u00c1REZ<\/td><td class=\"column-3\">76<\/td><td class=\"column-4\">DORA DE RODR\u00cdGUEZ 1743, ARROYITO<\/td>\n<\/tr>\n<tr class=\"row-32\">\n\t<td class=\"column-1\">31 DE MARZO, 2024<\/td><td class=\"column-2\">JUAN RA\u00daL GIM\u00c9NEZ \"CHICHE\"<\/td><td class=\"column-3\">82<\/td><td class=\"column-4\">AMADEO SABATTINI 1298, ARROYITO<\/td>\n<\/tr>\n<tr class=\"row-33\">\n\t<td class=\"column-1\">31 DE MARZO, 2024<\/td><td class=\"column-2\">JUAN CARLOS BUSTOS FIERRO<\/td><td class=\"column-3\">67<\/td><td class=\"column-4\">JOS\u00c9 QUINTELA 850, ARROYITO<\/td>\n<\/tr>\n<\/tbody>\n<\/table>\n<!-- #tablepress-63 from cache -->\r\n<h2>Avisos f\u00fanebres agosto 2023<\/h2>\r\n\n<table id=\"tablepress-62\" class=\"tablepress tablepress-id-62\">\n<thead>\n<tr class=\"row-1\">\n\t<th class=\"column-1\">FECHA<\/th><th class=\"column-2\">NOMBRE Y APELLIDO<\/th><th class=\"column-3\">EDAD<\/th><th class=\"column-4\">CASA DE DUELO<\/th>\n<\/tr>\n<\/thead>\n<tbody class=\"row-striping row-hover\">\n<tr class=\"row-2\">\n\t<td class=\"column-1\">31 DE AGOSTO, 2023<\/td><td class=\"column-2\">ANDR\u00c9S LUIS FORCHINO<\/td><td class=\"column-3\">89<\/td><td class=\"column-4\">BELGRANO 2046, ARROYITO<\/td>\n<\/tr>\n<tr class=\"row-3\">\n\t<td class=\"column-1\">26 DE AGOSTO, 2023<\/td><td class=\"column-2\">ROBERTO NICASIO ZAMORA \"GACHO\"<\/td><td class=\"column-3\">66<\/td><td class=\"column-4\">AV. MARCELINO BERNARDI 892, ARROYITO<\/td>\n<\/tr>\n<tr class=\"row-4\">\n\t<td class=\"column-1\">26 DE AGOSTO, 2023<\/td><td class=\"column-2\">LUIS ANTONIO MOYANO<\/td><td class=\"column-3\">68<\/td><td class=\"column-4\">EL FUERTECITO S\/N, ARROYITO<\/td>\n<\/tr>\n<tr class=\"row-5\">\n\t<td class=\"column-1\">23 DE AGOSTO, 2023<\/td><td class=\"column-2\">MATEO JUAN SMIT<\/td><td class=\"column-3\">93<\/td><td class=\"column-4\">ANTONIO BALLATORE 1811, ARROYITO<\/td>\n<\/tr>\n<tr class=\"row-6\">\n\t<td class=\"column-1\">17 DE AGOSTO, 2023<\/td><td class=\"column-2\">IRIS DEL VALLE LUCERO DE OTTERO<\/td><td class=\"column-3\">83<\/td><td class=\"column-4\">AV. DALLE MURA 1028, ARROYITO<\/td>\n<\/tr>\n<tr class=\"row-7\">\n\t<td class=\"column-1\">16 DE AGOSTO, 2023<\/td><td class=\"column-2\">RUB\u00c9N \u00c1NGEL RAINAUDI<\/td><td class=\"column-3\">64<\/td><td class=\"column-4\">AV. MARCELINO BERNARDI 980, ARROYITO<\/td>\n<\/tr>\n<tr class=\"row-8\">\n\t<td class=\"column-1\">9 DE AGOSTO, 2023<\/td><td class=\"column-2\">MARTHA DORA BUSTOS<\/td><td class=\"column-3\">72<\/td><td class=\"column-4\">CASTRO BARROS 941, ARROYITO<\/td>\n<\/tr>\n<tr class=\"row-9\">\n\t<td class=\"column-1\">9 DE AGOSTO, 2023<\/td><td class=\"column-2\">NELLY ALBINA BONETTO<\/td><td class=\"column-3\">93<\/td><td class=\"column-4\">BELGRANO 1541, ARROYITO<\/td>\n<\/tr>\n<tr class=\"row-10\">\n\t<td class=\"column-1\">8 DE AGOSTO, 2023<\/td><td class=\"column-2\">ELENA DEL CARMEN VARGAS DE IB\u00c1\u00d1EZ<\/td><td class=\"column-3\">100<\/td><td class=\"column-4\">V\u00c9LEZ S\u00c1RSFIELD 243, ARROYITO<\/td>\n<\/tr>\n<tr class=\"row-11\">\n\t<td class=\"column-1\">7 DE AGOSTO, 2023<\/td><td class=\"column-2\">N\u00c9STOR RA\u00daL VALZINO<\/td><td class=\"column-3\">62<\/td><td class=\"column-4\">AV. LIBERTADOR 1296, LA TORDILLA<\/td>\n<\/tr>\n<tr class=\"row-12\">\n\t<td class=\"column-1\">4 DE AGOSTO, 2023<\/td><td class=\"column-2\">OMAR DAVID GAIT\u00c1N \"LAISA\"<\/td><td class=\"column-3\">29<\/td><td class=\"column-4\">AV. MANUEL SERRA 1931, ARROYITO<\/td>\n<\/tr>\n<tr class=\"row-13\">\n\t<td class=\"column-1\">1 DE AGOSTO, 2023<\/td><td class=\"column-2\">YOLANDA MAR\u00cdA DALLORTO<\/td><td class=\"column-3\">84<\/td><td class=\"column-4\">IGNACIO RIPOLL 247, ARROYITO<\/td>\n<\/tr>\n<\/tbody>\n<\/table>\n<!-- #tablepress-62 from cache -->\r\n<h2>Avisos f\u00fanebres julio 2023<\/h2>\r\n\n<table id=\"tablepress-61\" class=\"tablepress tablepress-id-61\">\n<thead>\n<tr class=\"row-1\">\n\t<th class=\"column-1\">FECHA<\/th><th class=\"column-2\">NOMBRE Y APELLIDO<\/th><th class=\"column-3\">EDAD<\/th><th class=\"column-4\">CASA DE DUELO<\/th>\n<\/tr>\n<\/thead>\n<tbody class=\"row-striping row-hover\">\n<tr class=\"row-2\">\n\t<td class=\"column-1\">31 DE JULIO, 2023<\/td><td class=\"column-2\">JOS\u00c9 LUIS BUTTIGLIERO<\/td><td class=\"column-3\">63<\/td><td class=\"column-4\">JOS\u00c9 GIM\u00c9NEZ LAGOS 1419, ARROYITO<\/td>\n<\/tr>\n<tr class=\"row-3\">\n\t<td class=\"column-1\">30 DE JULIO, 2023<\/td><td class=\"column-2\">ALBERTO RAM\u00d3N RETA<\/td><td class=\"column-3\">57<\/td><td class=\"column-4\">CONRADO DIEZ 1665, ARROYITO<\/td>\n<\/tr>\n<tr class=\"row-4\">\n\t<td class=\"column-1\">29 DE JULIO, 2023<\/td><td class=\"column-2\">H\u00c9CTOR OMAR MONGE \"GUMAN\"<\/td><td class=\"column-3\">66<\/td><td class=\"column-4\">OSVALDO NAVARRO 1130, ARROYITO<\/td>\n<\/tr>\n<tr class=\"row-5\">\n\t<td class=\"column-1\">26 DE JULIO, 2023<\/td><td class=\"column-2\">ANG\u00c9LICA N\u00c9LIDA TRASMONTANA \"LA GORDA\"<\/td><td class=\"column-3\">56<\/td><td class=\"column-4\">S\u00c1NCHEZ DE BUSTAMANTE 1513, ARROYITO<\/td>\n<\/tr>\n<tr class=\"row-6\">\n\t<td class=\"column-1\">26 DE JULIO, 2023<\/td><td class=\"column-2\">CARLOS RA\u00daL D\u00cdAZ \"CARLITOS\"<\/td><td class=\"column-3\">79<\/td><td class=\"column-4\">AV. DALLE MURA 952, ARROYITO<\/td>\n<\/tr>\n<tr class=\"row-7\">\n\t<td class=\"column-1\">25 DE JULIO, 2023<\/td><td class=\"column-2\">IN\u00c9S MAR\u00cdA BONARDO<\/td><td class=\"column-3\">79<\/td><td class=\"column-4\">SAN MART\u00cdN 619, ARROYITO<\/td>\n<\/tr>\n<tr class=\"row-8\">\n\t<td class=\"column-1\">25 DE JULIO, 2023<\/td><td class=\"column-2\">PETRONA ROMERO DE BALBO \"TITA\"<\/td><td class=\"column-3\">87<\/td><td class=\"column-4\">PE\u00d1ALOZA 798, ARROYITO<\/td>\n<\/tr>\n<tr class=\"row-9\">\n\t<td class=\"column-1\">25 DE JULIO, 2023<\/td><td class=\"column-2\">ESTEBAN DOMINGO BERGESE<\/td><td class=\"column-3\">90<\/td><td class=\"column-4\">DEAN FUNES 380, ARROYITO<\/td>\n<\/tr>\n<tr class=\"row-10\">\n\t<td class=\"column-1\">16 DE JULIO, 2023<\/td><td class=\"column-2\">DOLY EMETERIA HILGUERO<\/td><td class=\"column-3\">80<\/td><td class=\"column-4\">RAFAEL BIANCHI 1604, ARROYITO<\/td>\n<\/tr>\n<tr class=\"row-11\">\n\t<td class=\"column-1\">14 DE JULIO, 2023<\/td><td class=\"column-2\">ADELA DE LAS MERCEDES MARCOS<\/td><td class=\"column-3\">71<\/td><td class=\"column-4\">JULIO TABORDA VOCOS 695, ARROYITO<\/td>\n<\/tr>\n<tr class=\"row-12\">\n\t<td class=\"column-1\">14 DE JULIO, 2023<\/td><td class=\"column-2\">ANSELMO SOTERO FUENTES \"JOS\u00c9\"<\/td><td class=\"column-3\">75<\/td><td class=\"column-4\">CORONEL \u00c1LVAREZ 1210, DEPTO 1, ARROYITO<\/td>\n<\/tr>\n<tr class=\"row-13\">\n\t<td class=\"column-1\">12 DE JULIO, 2023<\/td><td class=\"column-2\">EDUARDO PRIMO ALEMANDI<\/td><td class=\"column-3\">60<\/td><td class=\"column-4\">MARIO SEVESO 443, ARROYITO<\/td>\n<\/tr>\n<tr class=\"row-14\">\n\t<td class=\"column-1\">10 DE JULIO, 2023<\/td><td class=\"column-2\">DANTI DEL CARMEN MERCADO<\/td><td class=\"column-3\">79<\/td><td class=\"column-4\">SARGENTO CABRAL 161, ARROYITO<\/td>\n<\/tr>\n<\/tbody>\n<\/table>\n<!-- #tablepress-61 from cache -->\r\n<h2>Avisos f\u00fanebres junio 2023<\/h2>\r\n\n<table id=\"tablepress-60\" class=\"tablepress tablepress-id-60\">\n<thead>\n<tr class=\"row-1\">\n\t<th class=\"column-1\">FECHA<\/th><th class=\"column-2\">NOMBRE Y APELLIDO<\/th><th class=\"column-3\">EDAD<\/th><th class=\"column-4\">CASA DE DUELO<\/th>\n<\/tr>\n<\/thead>\n<tbody class=\"row-striping row-hover\">\n<tr class=\"row-2\">\n\t<td class=\"column-1\">30 DE JUNIO, 2023<\/td><td class=\"column-2\">MARISEL ELIZABETH KEMERER <\/td><td class=\"column-3\">46<\/td><td class=\"column-4\">VICENTE ORELLANO 1248, ARROYITO<\/td>\n<\/tr>\n<tr class=\"row-3\">\n\t<td class=\"column-1\">28 DE JUNIO, 2023<\/td><td class=\"column-2\">LUDMILA ABIGAIL SERESOLE \"FLACA\"<\/td><td class=\"column-3\">17<\/td><td class=\"column-4\">PASAJE SANTA FE 266, ARROYITO<\/td>\n<\/tr>\n<tr class=\"row-4\">\n\t<td class=\"column-1\">26 DE JUNIO, 2023<\/td><td class=\"column-2\">ELENA CLARA ORONADO<\/td><td class=\"column-3\">89<\/td><td class=\"column-4\">BARTOLOM\u00c9 MITRE 1033, ARROYITO<\/td>\n<\/tr>\n<tr class=\"row-5\">\n\t<td class=\"column-1\">25 DE JUNIO, 2023<\/td><td class=\"column-2\">MARCOS SEBASTI\u00c1N LESTA \"PACHU\"<\/td><td class=\"column-3\">45<\/td><td class=\"column-4\">RAFAEL BIANCHI 1255, ARROYITO<\/td>\n<\/tr>\n<tr class=\"row-6\">\n\t<td class=\"column-1\">24 DE JUNIO, 2023<\/td><td class=\"column-2\">ALSIDES DOMINGO BENEDICTO<\/td><td class=\"column-3\">85<\/td><td class=\"column-4\">ITUZAING\u00d3 1011, ARROYITO<\/td>\n<\/tr>\n<tr class=\"row-7\">\n\t<td class=\"column-1\">24 DE JUNIO, 2023<\/td><td class=\"column-2\">FRANCISCO OSCAR CORONEL<\/td><td class=\"column-3\">76<\/td><td class=\"column-4\">JOS\u00c9 GIM\u00c9NEZ LAGOS 461, ARROYITO<\/td>\n<\/tr>\n<tr class=\"row-8\">\n\t<td class=\"column-1\">24 DE JUNIO, 2023<\/td><td class=\"column-2\">ALSIDES DOMINGO BENEDICTO<\/td><td class=\"column-3\">85<\/td><td class=\"column-4\">ITUZAING\u00d3 1011, ARROYITO<\/td>\n<\/tr>\n<tr class=\"row-9\">\n\t<td class=\"column-1\">22 DE JUNIO, 2023<\/td><td class=\"column-2\">TERESITA ISABEL DEL CARMEN RUBIOLO<\/td><td class=\"column-3\">76<\/td><td class=\"column-4\">GENERAL PAZ 364, ARROYITO<\/td>\n<\/tr>\n<tr class=\"row-10\">\n\t<td class=\"column-1\">20 DE JUNIO, 2023<\/td><td class=\"column-2\">JOS\u00c9 LUIS TOSCHI<\/td><td class=\"column-3\">47<\/td><td class=\"column-4\">FALUCHO 1342, ARROYITO<\/td>\n<\/tr>\n<tr class=\"row-11\">\n\t<td class=\"column-1\">19 DE JUNIO, 2023<\/td><td class=\"column-2\">MAR\u00cdA ESTELA PALACIOS<\/td><td class=\"column-3\">95<\/td><td class=\"column-4\">ROQUE S\u00c1ENZ PE\u00d1A 218, ARROYITO<\/td>\n<\/tr>\n<tr class=\"row-12\">\n\t<td class=\"column-1\">18 DE JUNIO, 2023<\/td><td class=\"column-2\">MAR\u00cdA CRISTINA ALFONZO<\/td><td class=\"column-3\">89<\/td><td class=\"column-4\">HUMBERTO PRIMO 169, ARROYITO<\/td>\n<\/tr>\n<tr class=\"row-13\">\n\t<td class=\"column-1\">17 DE JUNIO, 2023<\/td><td class=\"column-2\">CARLOS ALBERTO CUCHETTI<\/td><td class=\"column-3\">82<\/td><td class=\"column-4\">PE\u00d1ALOZA 703, ARROYITO<\/td>\n<\/tr>\n<tr class=\"row-14\">\n\t<td class=\"column-1\">17 DE JUNIO, 2023<\/td><td class=\"column-2\">JULIO VENERANDO FARNOCHI<\/td><td class=\"column-3\">81<\/td><td class=\"column-4\">ENRIQUE CARRATAL\u00c1 261, ARROYITO<\/td>\n<\/tr>\n<tr class=\"row-15\">\n\t<td class=\"column-1\">14 DE JUNIO, 2023<\/td><td class=\"column-2\">AM\u00c9RICO BOSETTI<\/td><td class=\"column-3\">94<\/td><td class=\"column-4\">MARIO SEVESO 646, ARROYITO<\/td>\n<\/tr>\n<tr class=\"row-16\">\n\t<td class=\"column-1\">11 DE JUNIO, 2023<\/td><td class=\"column-2\">ROQUE \u00cdTALO JU\u00c1REZ<\/td><td class=\"column-3\">61<\/td><td class=\"column-4\">VICENTE ORELLANO 889, ARROYITO<\/td>\n<\/tr>\n<tr class=\"row-17\">\n\t<td class=\"column-1\">9 DE JUNIO, 2023<\/td><td class=\"column-2\">DANIEL EDUARDO ASTRADA<\/td><td class=\"column-3\">63<\/td><td class=\"column-4\">AVELLANEDA 555, ARROYITO<\/td>\n<\/tr>\n<tr class=\"row-18\">\n\t<td class=\"column-1\">8 DE JUNIO, 2023<\/td><td class=\"column-2\">MARGARITA REGINA CERNOTTI<\/td><td class=\"column-3\">89<\/td><td class=\"column-4\">DEAN FUNES 380, ARROYITO<\/td>\n<\/tr>\n<tr class=\"row-19\">\n\t<td class=\"column-1\">7 DE JUNIO, 2023<\/td><td class=\"column-2\">SIXTO BAUTISTA LUDUE\u00d1A \"CACHI\"<\/td><td class=\"column-3\">75<\/td><td class=\"column-4\">JOS\u00c9 A. VOCOS 169, ARROYITO<\/td>\n<\/tr>\n<tr class=\"row-20\">\n\t<td class=\"column-1\">6 DE JUNIO, 2023<\/td><td class=\"column-2\">MARGARITA DEL VALLE SARMIENTO \"MARGA\"<\/td><td class=\"column-3\">62<\/td><td class=\"column-4\">ANTONIO BALLATORE 378, ARROYITO<\/td>\n<\/tr>\n<tr class=\"row-21\">\n\t<td class=\"column-1\">6 DE JUNIO, 2023<\/td><td class=\"column-2\">MAR\u00cdA GLADYS \u00c1LVAREZ<\/td><td class=\"column-3\">72<\/td><td class=\"column-4\">AV. MARIANO MORENO 355, ARROYITO<\/td>\n<\/tr>\n<tr class=\"row-22\">\n\t<td class=\"column-1\">4 DE JUNIO, 2023<\/td><td class=\"column-2\">CATALINA PAULINA PITARELLI<\/td><td class=\"column-3\">96<\/td><td class=\"column-4\">PEDRO NAVARRO 857, ARROYITO<\/td>\n<\/tr>\n<tr class=\"row-23\">\n\t<td class=\"column-1\">1 DE JUNIO, 2023<\/td><td class=\"column-2\">MANUEL \u00c1NGEL MACHADO<\/td><td class=\"column-3\">79<\/td><td class=\"column-4\">ESQUI\u00da 730, ARROYITO<\/td>\n<\/tr>\n<\/tbody>\n<\/table>\n<!-- #tablepress-60 from cache -->\r\n<h2>Avisos f\u00fanebres mayo 2023<\/h2>\r\n\n<table id=\"tablepress-59\" class=\"tablepress tablepress-id-59\">\n<thead>\n<tr class=\"row-1\">\n\t<th class=\"column-1\">FECHA<\/th><th class=\"column-2\">NOMBRE Y APELLIDO<\/th><th class=\"column-3\">EDAD<\/th><th class=\"column-4\">CASA DE DUELO<\/th>\n<\/tr>\n<\/thead>\n<tbody class=\"row-striping row-hover\">\n<tr class=\"row-2\">\n\t<td class=\"column-1\">31 DE MAYO, 2023<\/td><td class=\"column-2\">MAR\u00cdA DEL CARMEN ACU\u00d1A<\/td><td class=\"column-3\">74<\/td><td class=\"column-4\">MODESTO MARANZANA 1524, ARROYITO<\/td>\n<\/tr>\n<tr class=\"row-3\">\n\t<td class=\"column-1\">30 DE MAYO, 2023<\/td><td class=\"column-2\">IGNACIO ARIEL JU\u00c1REZ \"NACHO\"<\/td><td class=\"column-3\">20<\/td><td class=\"column-4\">ALEMANO BIANCHI 978, ARROYITO<\/td>\n<\/tr>\n<tr class=\"row-4\">\n\t<td class=\"column-1\">30 DE MAYO, 2023<\/td><td class=\"column-2\">RAM\u00d3N BERNARDINO QUINTEROS \"CHAN\"<\/td><td class=\"column-3\">71<\/td><td class=\"column-4\">AV. MARCELINO BERNARDI 906, ARROYITO<\/td>\n<\/tr>\n<tr class=\"row-5\">\n\t<td class=\"column-1\">27 DE MAYO, 2023<\/td><td class=\"column-2\">JULIO C\u00c9SAR ACEVEDO<\/td><td class=\"column-3\">39<\/td><td class=\"column-4\">ALFONSO LOMBARDI 483, ARROYITO<\/td>\n<\/tr>\n<tr class=\"row-6\">\n\t<td class=\"column-1\">26 DE MAYO, 2023<\/td><td class=\"column-2\">ADRIANA BEATRIZ NIETO<\/td><td class=\"column-3\">63<\/td><td class=\"column-4\">RENATO CATURELLI 345, ARROYITO<\/td>\n<\/tr>\n<tr class=\"row-7\">\n\t<td class=\"column-1\">26 DE MAYO, 2023<\/td><td class=\"column-2\">RAMONA ROSA CAMA\u00d1O \"ROSITA\"<\/td><td class=\"column-3\">74<\/td><td class=\"column-4\">PE\u00d1ALOZA 573, ARROYITO<\/td>\n<\/tr>\n<tr class=\"row-8\">\n\t<td class=\"column-1\">25 DE MAYO, 2023<\/td><td class=\"column-2\">M\u00d3NICA TERESA ALMADA<\/td><td class=\"column-3\">59<\/td><td class=\"column-4\">CASTRO BARROS 134, ARROYITO<\/td>\n<\/tr>\n<tr class=\"row-9\">\n\t<td class=\"column-1\">23 DE MAYO, 2023<\/td><td class=\"column-2\">JUAN DIEGO TABORDA<\/td><td class=\"column-3\">20<\/td><td class=\"column-4\">JOS\u00c9 GIM\u00c9NEZ LAGOS 755, ARROYITO<\/td>\n<\/tr>\n<tr class=\"row-10\">\n\t<td class=\"column-1\">20 DE MAYO, 2023<\/td><td class=\"column-2\">NELLI ROSA ELENA \u00c1LVAREZ<\/td><td class=\"column-3\">84<\/td><td class=\"column-4\">GENERAL PAZ 1183, ARROYITO<\/td>\n<\/tr>\n<tr class=\"row-11\">\n\t<td class=\"column-1\">20 DE MAYO, 2023<\/td><td class=\"column-2\">VER\u00d3NICA SAAVEDRA<\/td><td class=\"column-3\">80<\/td><td class=\"column-4\">JOS\u00c9 A. VOCOS 698, ARROYITO<\/td>\n<\/tr>\n<tr class=\"row-12\">\n\t<td class=\"column-1\">20 DE MAYO, 2023<\/td><td class=\"column-2\">ESTELA DEL VALLE GALLO<\/td><td class=\"column-3\">62<\/td><td class=\"column-4\">FALUCHO 278, ARROYITO<\/td>\n<\/tr>\n<tr class=\"row-13\">\n\t<td class=\"column-1\">20 DE MAYO, 2023<\/td><td class=\"column-2\">FELIPE LUDOVICO GAITA<\/td><td class=\"column-3\">89<\/td><td class=\"column-4\">AV. ARTURO ILLIA 340, ARROYITO<\/td>\n<\/tr>\n<tr class=\"row-14\">\n\t<td class=\"column-1\">16 DE MAYO, 2023<\/td><td class=\"column-2\">IRMA ROSA SANTUCHO \"DO\u00d1A BEBY\"<\/td><td class=\"column-3\">82<\/td><td class=\"column-4\">ENRIQUE CARRATAL\u00c1 314, ARROYITO<\/td>\n<\/tr>\n<tr class=\"row-15\">\n\t<td class=\"column-1\">14 DE MAYO, 2023<\/td><td class=\"column-2\">RAMONA CATALINA PERALTA<\/td><td class=\"column-3\">82<\/td><td class=\"column-4\">JOS\u00c9 A. VOCOS 773, ARROYITO<\/td>\n<\/tr>\n<tr class=\"row-16\">\n\t<td class=\"column-1\">14 DE MAYO, 2023<\/td><td class=\"column-2\">DEOLINDA VIVIANA L\u00d3PEZ<\/td><td class=\"column-3\">47<\/td><td class=\"column-4\">AV. MANUEL SERRA 1720, ARROYITO<\/td>\n<\/tr>\n<tr class=\"row-17\">\n\t<td class=\"column-1\">13 DE MAYO, 2023<\/td><td class=\"column-2\">JUAN JOS\u00c9 TESTA<\/td><td class=\"column-3\">72<\/td><td class=\"column-4\">CARLOS FAVARI 564, ARROYITO<\/td>\n<\/tr>\n<tr class=\"row-18\">\n\t<td class=\"column-1\">13 DE MAYO, 2023<\/td><td class=\"column-2\">VALERIA VANESA GONZ\u00c1LEZ<\/td><td class=\"column-3\">30<\/td><td class=\"column-4\">AV. MANUEL SERRA 1720, ARROYITO<\/td>\n<\/tr>\n<tr class=\"row-19\">\n\t<td class=\"column-1\">10 DE MAYO, 2023<\/td><td class=\"column-2\">DOMINGA CLEMENTINA BRITO \"MINGA\"<\/td><td class=\"column-3\">81<\/td><td class=\"column-4\">AV. DALLE MURA 1000, ARROYITO<\/td>\n<\/tr>\n<tr class=\"row-20\">\n\t<td class=\"column-1\">10 DE MAYO, 2023<\/td><td class=\"column-2\">IRMA OLINDA RODR\u00cdGUEZ<\/td><td class=\"column-3\">66<\/td><td class=\"column-4\">PEDRO NAVARRO 930, ARROYITO<\/td>\n<\/tr>\n<tr class=\"row-21\">\n\t<td class=\"column-1\">9 DE MAYO, 2023<\/td><td class=\"column-2\">TERESITA ESTELA RISSO \"TERE\"<\/td><td class=\"column-3\">62<\/td><td class=\"column-4\">VICENTE ORELLANO 953, ARROYITO<\/td>\n<\/tr>\n<tr class=\"row-22\">\n\t<td class=\"column-1\">8 DE MAYO, 2023<\/td><td class=\"column-2\">GLADYS BETY GABINO<\/td><td class=\"column-3\">85<\/td><td class=\"column-4\">PJE. GERMAN FUNES 244, ARROYITO<\/td>\n<\/tr>\n<tr class=\"row-23\">\n\t<td class=\"column-1\">5 DE MAYO, 2023<\/td><td class=\"column-2\">RICARDO JORGE MOYANO \"LA QUIRKA\"<\/td><td class=\"column-3\">70<\/td><td class=\"column-4\">PE\u00d1ALOZA 762, ARROYITO<\/td>\n<\/tr>\n<tr class=\"row-24\">\n\t<td class=\"column-1\">5 DE MAYO, 2023<\/td><td class=\"column-2\">LUIS ALBERTO ROSSI \"PIPO\"<\/td><td class=\"column-3\">60<\/td><td class=\"column-4\">HUMBERTO PRIMO 190, ARROYITO<\/td>\n<\/tr>\n<tr class=\"row-25\">\n\t<td class=\"column-1\">2 DE MAYO, 2023<\/td><td class=\"column-2\">ANA LUZ BIZZONE<\/td><td class=\"column-3\">6<\/td><td class=\"column-4\">NICASIO Y\u00c1NEZ 1430, ARROYITO<\/td>\n<\/tr>\n<\/tbody>\n<\/table>\n<!-- #tablepress-59 from cache -->\r\n<h2>Avisos f\u00fanebres abril 2023<\/h2>\r\n\n<table id=\"tablepress-58\" class=\"tablepress tablepress-id-58\">\n<thead>\n<tr class=\"row-1\">\n\t<th class=\"column-1\">FECHA<\/th><th class=\"column-2\">NOMBRE Y APELLIDO<\/th><th class=\"column-3\">EDAD<\/th><th class=\"column-4\">CASA DE DUELO<\/th>\n<\/tr>\n<\/thead>\n<tbody class=\"row-striping row-hover\">\n<tr class=\"row-2\">\n\t<td class=\"column-1\">20 DE ABRIL, 2023<\/td><td class=\"column-2\">CARLOS ENRIQUE LUQUE \"PERICO\"<\/td><td class=\"column-3\">68<\/td><td class=\"column-4\">ZONA RURAL S\/N, EL FUERTECITO, ARROYITO<\/td>\n<\/tr>\n<tr class=\"row-3\">\n\t<td class=\"column-1\">19 DE ABRIL, 2023<\/td><td class=\"column-2\">GREGORIO ANDR\u00c9S BROCHERO<\/td><td class=\"column-3\">78<\/td><td class=\"column-4\">AV. MARCIAL VAUDAGNA 878, ARROYITO<\/td>\n<\/tr>\n<tr class=\"row-4\">\n\t<td class=\"column-1\">11 DE ABRIL, 2023<\/td><td class=\"column-2\">BASILIO DEMETRIO RADULOVICH<\/td><td class=\"column-3\">82<\/td><td class=\"column-4\">CORONEL \u00c1LVAREZ 816, ARROYITO<\/td>\n<\/tr>\n<tr class=\"row-5\">\n\t<td class=\"column-1\">11 DE ABRIL, 2023<\/td><td class=\"column-2\">VICTORIA BOARINO<\/td><td class=\"column-3\">89<\/td><td class=\"column-4\">JOS\u00c9 A. VOCOS 634, ARROYITO<\/td>\n<\/tr>\n<tr class=\"row-6\">\n\t<td class=\"column-1\">10 DE ABRIL, 2023<\/td><td class=\"column-2\">EDELMIRA ANA GIORDANO<\/td><td class=\"column-3\">86<\/td><td class=\"column-4\">CASTRO BARROS 163, ARROYITO<\/td>\n<\/tr>\n<tr class=\"row-7\">\n\t<td class=\"column-1\">10 DE ABRIL, 2023<\/td><td class=\"column-2\">EDELMIRA ANA GIORDANO<\/td><td class=\"column-3\">86<\/td><td class=\"column-4\">CASTRO BARROS 163, ARROYITO<\/td>\n<\/tr>\n<tr class=\"row-8\">\n\t<td class=\"column-1\">9 DE ABRIL, 2023<\/td><td class=\"column-2\">BERNARDO JUAN RIBBA<\/td><td class=\"column-3\">94<\/td><td class=\"column-4\">TOM\u00c1S JU\u00c1REZ 1276, ARROYITO<\/td>\n<\/tr>\n<tr class=\"row-9\">\n\t<td class=\"column-1\">7 DE ABRIL, 2023<\/td><td class=\"column-2\">MIGUEL \u00c1NGEL BERGESE<\/td><td class=\"column-3\">69<\/td><td class=\"column-4\">AV. MARIANO MORENO 1469, ARROYITO<\/td>\n<\/tr>\n<tr class=\"row-10\">\n\t<td class=\"column-1\">4 DE ABRIL, 2023<\/td><td class=\"column-2\">ALFREDO ORLANDO CAMPOS<\/td><td class=\"column-3\">76<\/td><td class=\"column-4\">HUMBERTO PRIMO 1372, LA TORDILLA<\/td>\n<\/tr>\n<\/tbody>\n<\/table>\n<!-- #tablepress-58 from cache -->\r\n<h2>Avisos f\u00fanebres marzo 2023<\/h2>\r\n\n<table id=\"tablepress-57\" class=\"tablepress tablepress-id-57\">\n<thead>\n<tr class=\"row-1\">\n\t<th class=\"column-1\">FECHA<\/th><th class=\"column-2\">NOMBRE Y APELLIDO<\/th><th class=\"column-3\">EDAD<\/th><th class=\"column-4\">CASA DE DUELO<\/th>\n<\/tr>\n<\/thead>\n<tbody class=\"row-striping row-hover\">\n<tr class=\"row-2\">\n\t<td class=\"column-1\">29 DE MARZO, 2023<\/td><td class=\"column-2\">MAR\u00cdA JOSEFINA ARG\u00dbELLO<\/td><td class=\"column-3\">68<\/td><td class=\"column-4\">ANTONIO BALLATORE 1370, ARROYITO<\/td>\n<\/tr>\n<tr class=\"row-3\">\n\t<td class=\"column-1\">28 DE MARZO, 2023<\/td><td class=\"column-2\">ROBERTO SEBASTI\u00c1N SUPERTINO<\/td><td class=\"column-3\">78<\/td><td class=\"column-4\">GENERAL PAZ 1941, EL FUERTECITO, ARROYITO<\/td>\n<\/tr>\n<tr class=\"row-4\">\n\t<td class=\"column-1\">26 DE MARZO, 2023<\/td><td class=\"column-2\">DIEGO ARMANDO PELEGR\u00cdN \"GOK\u00da\"<\/td><td class=\"column-3\">20<\/td><td class=\"column-4\">\u00c1NGEL MARTINATTO 126, EL FUERTECITO, ARROYITO<\/td>\n<\/tr>\n<tr class=\"row-5\">\n\t<td class=\"column-1\">26 DE MARZO, 2023<\/td><td class=\"column-2\">N\u00c9STOR RAM\u00d3N BACCILLIERE \"NEGRITO\"<\/td><td class=\"column-3\">39<\/td><td class=\"column-4\">BAHALLAT HUBAIDE 526, ARROYITO<\/td>\n<\/tr>\n<tr class=\"row-6\">\n\t<td class=\"column-1\">25 DE MARZO, 2023<\/td><td class=\"column-2\">MAURICIO DALCIO PILLIEZ<\/td><td class=\"column-3\">57<\/td><td class=\"column-4\">NICOL\u00c1S BATALLA 76, ARROYITO<\/td>\n<\/tr>\n<tr class=\"row-7\">\n\t<td class=\"column-1\">20 DE MARZO, 2023<\/td><td class=\"column-2\">SULMA IN\u00c9S RAM\u00cdREZ<\/td><td class=\"column-3\">72<\/td><td class=\"column-4\">AMADERO SABBATINI 1313, ARROYITO<\/td>\n<\/tr>\n<tr class=\"row-8\">\n\t<td class=\"column-1\">18 DE MARZO, 2023<\/td><td class=\"column-2\">RUB\u00c9N EUGENIO PALACIOS<\/td><td class=\"column-3\">64<\/td><td class=\"column-4\">CARLOS MALDINI 795, EL FUERTECITO, ARROYITO<\/td>\n<\/tr>\n<tr class=\"row-9\">\n\t<td class=\"column-1\">18 DE MARZO, 2023<\/td><td class=\"column-2\">JOS\u00c9 TOMA AQUINO ALMADA<\/td><td class=\"column-3\">84<\/td><td class=\"column-4\">V\u00c9LEZ SARSFIELD 1338, ARROYITO<\/td>\n<\/tr>\n<tr class=\"row-10\">\n\t<td class=\"column-1\">17 DE MARZO, 2023<\/td><td class=\"column-2\">ELCIRA \u00c1NGELA FORNERO<\/td><td class=\"column-3\">82<\/td><td class=\"column-4\">HUMBERTO PRIMO 148, ARROYITO<\/td>\n<\/tr>\n<tr class=\"row-11\">\n\t<td class=\"column-1\">13 DE MARZO, 2023<\/td><td class=\"column-2\">ELENA MAR\u00cdA RISSO DE BERTELLO<\/td><td class=\"column-3\">75<\/td><td class=\"column-4\">ZONA RURAL S\/N, ARROYITO<\/td>\n<\/tr>\n<tr class=\"row-12\">\n\t<td class=\"column-1\">11 DE MARZO, 2023<\/td><td class=\"column-2\">JOS\u00c9 OMAR ALBERIONE \"PEPE\"<\/td><td class=\"column-3\">83<\/td><td class=\"column-4\">LOS SAUCES S\/N, TORO PUJIO<\/td>\n<\/tr>\n<\/tbody>\n<\/table>\n<!-- #tablepress-57 from cache -->\r\n<h2>Avisos f\u00fanebres febrero 2023<\/h2>\r\n\n<table id=\"tablepress-56\" class=\"tablepress tablepress-id-56\">\n<thead>\n<tr class=\"row-1\">\n\t<th class=\"column-1\">FECHA<\/th><th class=\"column-2\">NOMBRE Y APELLIDO<\/th><th class=\"column-3\">EDAD<\/th><th class=\"column-4\">CASA DE DUELO<\/th>\n<\/tr>\n<\/thead>\n<tbody class=\"row-striping row-hover\">\n<tr class=\"row-2\">\n\t<td class=\"column-1\">27 DE FEBRERO, 2023<\/td><td class=\"column-2\">PAULA FRANCISCA SU\u00c1REZ DE T\u00c9VEZ<\/td><td class=\"column-3\">81<\/td><td class=\"column-4\">JOS\u00c9 GIM\u00c9NEZ LAGOS 831, ARROYITO<\/td>\n<\/tr>\n<tr class=\"row-3\">\n\t<td class=\"column-1\">27 DE FEBRERO, 2023<\/td><td class=\"column-2\">JOSEFA NELIA GARC\u00cdA<\/td><td class=\"column-3\">84<\/td><td class=\"column-4\">AV. ARTURO ILLIA 641, ARROYITO<\/td>\n<\/tr>\n<tr class=\"row-4\">\n\t<td class=\"column-1\">25 DE FEBRERO, 2023<\/td><td class=\"column-2\">H\u00c9CTOR CELSO ALMADA<\/td><td class=\"column-3\">70<\/td><td class=\"column-4\">PAC\u00cdFICO GIUSTI 145, ARROYITO<\/td>\n<\/tr>\n<tr class=\"row-5\">\n\t<td class=\"column-1\">23 DE FEBRERO, 2023<\/td><td class=\"column-2\">JUAN LUIS MUGAS \"CARA DE VIEJA\"<\/td><td class=\"column-3\">58<\/td><td class=\"column-4\">RAFAEL BIANCHI 1154, ARROYITO<\/td>\n<\/tr>\n<tr class=\"row-6\">\n\t<td class=\"column-1\">22 DE FEBRERO, 2023<\/td><td class=\"column-2\">RAM\u00d3N VICENTE CABRERA \"TACA\"<\/td><td class=\"column-3\">57<\/td><td class=\"column-4\">DOMINGO CIANCIA 464, ARROYITO<\/td>\n<\/tr>\n<tr class=\"row-7\">\n\t<td class=\"column-1\">12 DE FEBRERO, 2023<\/td><td class=\"column-2\">MARA CELINA FERRERO<\/td><td class=\"column-3\">43<\/td><td class=\"column-4\">CRISTOBAL COL\u00d3N 354, ARROYITO<\/td>\n<\/tr>\n<tr class=\"row-8\">\n\t<td class=\"column-1\">12 DE FEBRERO, 2023<\/td><td class=\"column-2\">JOS\u00c9 BERNARDO BOTTO<\/td><td class=\"column-3\">80<\/td><td class=\"column-4\">CASTRO BARROS 1406, ARROYITO<\/td>\n<\/tr>\n<tr class=\"row-9\">\n\t<td class=\"column-1\">11 DE FEBRERO, 2023<\/td><td class=\"column-2\">TR\u00c1NSITO IRENE HERRERA<\/td><td class=\"column-3\">74<\/td><td class=\"column-4\">ALFONSINA STORNI 1021, ARROYITO<\/td>\n<\/tr>\n<tr class=\"row-10\">\n\t<td class=\"column-1\">10 DE FEBRERO, 2023<\/td><td class=\"column-2\">GLADYS DEL VALLE PALAVER<\/td><td class=\"column-3\">72<\/td><td class=\"column-4\">ALMAFUERTE 396, ARROYITO<\/td>\n<\/tr>\n<tr class=\"row-11\">\n\t<td class=\"column-1\">10 DE FEBRERO, 2023<\/td><td class=\"column-2\">GLADYS DEL VALLE PALAVER<\/td><td class=\"column-3\">72<\/td><td class=\"column-4\">ALMAFUERTE 396, ARROYITO<\/td>\n<\/tr>\n<tr class=\"row-12\">\n\t<td class=\"column-1\">9 DE FEBRERO, 2023<\/td><td class=\"column-2\">JUANA ROSA CONCEPCI\u00d3N LUQUE<\/td><td class=\"column-3\">88<\/td><td class=\"column-4\">LAVALLE 327, ARROYITO<\/td>\n<\/tr>\n<tr class=\"row-13\">\n\t<td class=\"column-1\">6 DE FEBRERO, 2023<\/td><td class=\"column-2\">MAR\u00cdA \u00c1NGELA ROMANO<\/td><td class=\"column-3\">51<\/td><td class=\"column-4\">DOMINGO CIANCIA 455, ARROYITO<\/td>\n<\/tr>\n<tr class=\"row-14\">\n\t<td class=\"column-1\">2 DE FEBRERO, 2023<\/td><td class=\"column-2\">CARLOS ALBERTO LOZANO<\/td><td class=\"column-3\">64<\/td><td class=\"column-4\">ELMO PIATTI 240, ARROYITO<\/td>\n<\/tr>\n<tr class=\"row-15\">\n\t<td class=\"column-1\">1 DE FEBRERO, 2023<\/td><td class=\"column-2\">GUILLERMA ROSAURA ISABEL NAVARRO<\/td><td class=\"column-3\">97<\/td><td class=\"column-4\">AV. MARCELINO BERNARDI 226, ARROYITO<\/td>\n<\/tr>\n<tr class=\"row-16\">\n\t<td class=\"column-1\">1 DE FEBRERO, 2023<\/td><td class=\"column-2\">PEDRO CELESTINO PALOMEQUE<\/td><td class=\"column-3\">79<\/td><td class=\"column-4\">JUSTO JOS\u00c9 DE URQUIZA 835, ARROYITO<\/td>\n<\/tr>\n<\/tbody>\n<\/table>\n<!-- #tablepress-56 from cache -->\r\n<h2>Avisos f\u00fanebres enero 2023<\/h2>\r\n\n<table id=\"tablepress-55\" class=\"tablepress tablepress-id-55\">\n<thead>\n<tr class=\"row-1\">\n\t<th class=\"column-1\">FECHA<\/th><th class=\"column-2\">NOMBRE Y APELLIDO<\/th><th class=\"column-3\">EDAD<\/th><th class=\"column-4\">CASA DE DUELO<\/th>\n<\/tr>\n<\/thead>\n<tbody class=\"row-striping row-hover\">\n<tr class=\"row-2\">\n\t<td class=\"column-1\">31 DE ENERO, 2023<\/td><td class=\"column-2\">NELVA TERESA DEL VALLE MARCHISONE DE AUDENINO<\/td><td class=\"column-3\">74<\/td><td class=\"column-4\">RIVADAVIA 573, ARROYITO<\/td>\n<\/tr>\n<tr class=\"row-3\">\n\t<td class=\"column-1\">27 DE ENERO, 2023<\/td><td class=\"column-2\">ATILIO MIGUEL RISSO<\/td><td class=\"column-3\">82<\/td><td class=\"column-4\">JOS\u00c9 DE BARBERIS 557, ARROYITO<\/td>\n<\/tr>\n<tr class=\"row-4\">\n\t<td class=\"column-1\">24 DE ENERO, 2023<\/td><td class=\"column-2\">ROSA MAGDALENA CONSECI\u00d3N BRUNO<\/td><td class=\"column-3\">83<\/td><td class=\"column-4\">ANTONIO BALLATORE 1820, ARROYITO<\/td>\n<\/tr>\n<tr class=\"row-5\">\n\t<td class=\"column-1\">19 DE ENERO, 2023<\/td><td class=\"column-2\">GABRIELA ALEJANDRA GONZ\u00c1LEZ \"GABI\"<\/td><td class=\"column-3\">48<\/td><td class=\"column-4\">RICARDO BOETTO 416, ARROYITO<\/td>\n<\/tr>\n<tr class=\"row-6\">\n\t<td class=\"column-1\">18 DE ENERO, 2023<\/td><td class=\"column-2\">MAURICIO FABI\u00c1N PAREDES<\/td><td class=\"column-3\">40<\/td><td class=\"column-4\">CARLOS FAVARI 868, ARROYITO<\/td>\n<\/tr>\n<tr class=\"row-7\">\n\t<td class=\"column-1\">17 DE ENERO, 2023<\/td><td class=\"column-2\">N\u00c9LIDA BEATRIZ BALDASARI DE VLEMINCHX<\/td><td class=\"column-3\">82<\/td><td class=\"column-4\">SARMIENTO 1035, ARROYITO<\/td>\n<\/tr>\n<tr class=\"row-8\">\n\t<td class=\"column-1\">17 DE ENERO, 2023<\/td><td class=\"column-2\">MAR\u00cdA ISMELDA BRITOS<\/td><td class=\"column-3\">81<\/td><td class=\"column-4\">AV. MANUEL SERRA 1250 (PASILLO PRIVADO), ARROYITO<\/td>\n<\/tr>\n<tr class=\"row-9\">\n\t<td class=\"column-1\">17 DE ENERO, 2023<\/td><td class=\"column-2\">ROBERTO EZEQUIEL JU\u00c1REZ<\/td><td class=\"column-3\">35<\/td><td class=\"column-4\">JOS\u00c9 QUINTELA 2022, ARROYITO<\/td>\n<\/tr>\n<tr class=\"row-10\">\n\t<td class=\"column-1\">17 DE ENERO, 2023<\/td><td class=\"column-2\">SUSANA DEL VALLE FERREYRA<\/td><td class=\"column-3\">61<\/td><td class=\"column-4\">AVELLANEDA 705, ARROYITO<\/td>\n<\/tr>\n<tr class=\"row-11\">\n\t<td class=\"column-1\">17 DE ENERO, 2023<\/td><td class=\"column-2\">MAR\u00cdA ADELA JU\u00c1REZ DE FEYOZ<\/td><td class=\"column-3\">74<\/td><td class=\"column-4\">ISA\u00cdAS VARGAS 369, ARROYITO<\/td>\n<\/tr>\n<tr class=\"row-12\">\n\t<td class=\"column-1\">14 DE ENERO, 2023<\/td><td class=\"column-2\">JUAN MANUEL CALDER\u00d3N RINAUDO<\/td><td class=\"column-3\">30<\/td><td class=\"column-4\">BARTOLOM\u00c9 MITRE 478, ARROYITO<\/td>\n<\/tr>\n<tr class=\"row-13\">\n\t<td class=\"column-1\">12 DE ENERO, 2023<\/td><td class=\"column-2\">ANAL\u00cdA MABEL TORELLI<\/td><td class=\"column-3\">52<\/td><td class=\"column-4\">AV. ARTURO ILLIA 150, ARROYITO<\/td>\n<\/tr>\n<tr class=\"row-14\">\n\t<td class=\"column-1\">12 DE ENERO, 2023<\/td><td class=\"column-2\">MAR\u00cdA SELVA URQU\u00cdA DE CERESOLE<\/td><td class=\"column-3\">82<\/td><td class=\"column-4\">CASEROS 325, ARROYITO<\/td>\n<\/tr>\n<tr class=\"row-15\">\n\t<td class=\"column-1\">12 DE ENERO, 2023<\/td><td class=\"column-2\">EMMA BEATRIZ FANTINI<\/td><td class=\"column-3\">57<\/td><td class=\"column-4\">C\u00d3RDOBA 156, LA TORDILLA<\/td>\n<\/tr>\n<tr class=\"row-16\">\n\t<td class=\"column-1\">11 DE ENERO, 2023<\/td><td class=\"column-2\">ERNESTINA M. FANTINO DE MURATURE \"TINA\"<\/td><td class=\"column-3\">78<\/td><td class=\"column-4\">AV. MARIANO MORENO 1157, ARROYITO<\/td>\n<\/tr>\n<tr class=\"row-17\">\n\t<td class=\"column-1\">10 DE ENERO, 2023<\/td><td class=\"column-2\">HUGO JOS\u00c9 LENCINAS<\/td><td class=\"column-3\">55<\/td><td class=\"column-4\">AV. MARCIAL VAUDAGNA 986, ARROYITO<\/td>\n<\/tr>\n<tr class=\"row-18\">\n\t<td class=\"column-1\">9 DE ENERO, 2023<\/td><td class=\"column-2\">MAR\u00cdA DEL CARMEN S\u00c1NCHEZ<\/td><td class=\"column-3\">81<\/td><td class=\"column-4\">PE\u00d1ALOZA 784, ARROYITO<\/td>\n<\/tr>\n<tr class=\"row-19\">\n\t<td class=\"column-1\">8 DE ENERO, 2023<\/td><td class=\"column-2\">CARLOS ALBERTO BELTRAMONE \"BICHO\"<\/td><td class=\"column-3\">70<\/td><td class=\"column-4\">SARMIENTO 656, ARROYITO<\/td>\n<\/tr>\n<tr class=\"row-20\">\n\t<td class=\"column-1\">2 DE ENERO, 2023<\/td><td class=\"column-2\">MARTA SILVIA LUCERO DE OITANA<\/td><td class=\"column-3\">78<\/td><td class=\"column-4\">AV. MARCIAL VAUDAGNA 615, ARROYITO<\/td>\n<\/tr>\n<\/tbody>\n<\/table>\n<!-- #tablepress-55 from cache -->\r\n<h2>Avisos f\u00fanebres diciembre 2022<\/h2>\r\n\n<table id=\"tablepress-53\" class=\"tablepress tablepress-id-53\">\n<thead>\n<tr class=\"row-1\">\n\t<th class=\"column-1\">FECHA<\/th><th class=\"column-2\">NOMBRE Y APELLIDO<\/th><th class=\"column-3\">EDAD<\/th><th class=\"column-4\">CASA DE DUELO<\/th>\n<\/tr>\n<\/thead>\n<tbody class=\"row-striping row-hover\">\n<tr class=\"row-2\">\n\t<td class=\"column-1\">29 DE DICIEMBRE, 2022<\/td><td class=\"column-2\">RAMONA ANA SALGUERO<\/td><td class=\"column-3\">92<\/td><td class=\"column-4\">HOGAR DE ANCIANOS SAN JUAN XXIII, ARROYITO<\/td>\n<\/tr>\n<tr class=\"row-3\">\n\t<td class=\"column-1\">29 DE DICIEMBRE, 2022<\/td><td class=\"column-2\">ATILIO JUAN OLOCCO<\/td><td class=\"column-3\">94<\/td><td class=\"column-4\">ITALIA 74, ARROYITO<\/td>\n<\/tr>\n<tr class=\"row-4\">\n\t<td class=\"column-1\">25 DE DICIEMBRE, 2022<\/td><td class=\"column-2\">SABRINA MICAELA ZILLI<\/td><td class=\"column-3\">24<\/td><td class=\"column-4\">AVELLANEDA 620, ARROYITO<\/td>\n<\/tr>\n<tr class=\"row-5\">\n\t<td class=\"column-1\">22 DE DICIEMBRE, 2022<\/td><td class=\"column-2\">PEDRO CARLOS DOM\u00cdNGUEZ<\/td><td class=\"column-3\">78<\/td><td class=\"column-4\">JUJUY 242, LA TORDILLA<\/td>\n<\/tr>\n<tr class=\"row-6\">\n\t<td class=\"column-1\">22 DE DICIEMBRE, 2022<\/td><td class=\"column-2\">JUAN H\u00c9CTOR GABUTTI<\/td><td class=\"column-3\">84<\/td><td class=\"column-4\">MODESTO MARANZANA 405, ARROYITO<\/td>\n<\/tr>\n<tr class=\"row-7\">\n\t<td class=\"column-1\">22 DE DICIEMBRE, 2022<\/td><td class=\"column-2\">ETELVINA ARG\u00dbELLO<\/td><td class=\"column-3\">74<\/td><td class=\"column-4\">25 DE MAYO 1479, ARROYITO<\/td>\n<\/tr>\n<tr class=\"row-8\">\n\t<td class=\"column-1\">20 DE DICIEMBRE, 2022<\/td><td class=\"column-2\">V\u00cdCTOR EDUARDO BROCHERO<\/td><td class=\"column-3\">61<\/td><td class=\"column-4\">SAN MART\u00cdN 508, LA TORDILLA<\/td>\n<\/tr>\n<tr class=\"row-9\">\n\t<td class=\"column-1\">19 DE DICIEMBRE, 2022<\/td><td class=\"column-2\">SILVIA ADRIANA MALDONADO DE ROJAS<\/td><td class=\"column-3\">69<\/td><td class=\"column-4\">PE\u00d1ALOZA 564, ARROYITO<\/td>\n<\/tr>\n<tr class=\"row-10\">\n\t<td class=\"column-1\">18 DE DICIEMBRE, 2022<\/td><td class=\"column-2\">RAM\u00d3N OSBALDO BROCHERO \"CHECHE\" <\/td><td class=\"column-3\">75<\/td><td class=\"column-4\">24 DE SEPTIEMBRE 1294, ARROYITO<\/td>\n<\/tr>\n<tr class=\"row-11\">\n\t<td class=\"column-1\">17 DE DICIEMBRE, 2022<\/td><td class=\"column-2\">JOS\u00c9 LUIS AGUIRRE<\/td><td class=\"column-3\">80<\/td><td class=\"column-4\">AV. MARCELINO BERNARDI 484, ARROYITO<\/td>\n<\/tr>\n<tr class=\"row-12\">\n\t<td class=\"column-1\">16 DE DICIEMBRE, 2022<\/td><td class=\"column-2\">AM\u00c9RICO JUAN DELLAVALE<\/td><td class=\"column-3\">73<\/td><td class=\"column-4\">ZONA RURAL S\/N, LA TORDILLA<\/td>\n<\/tr>\n<tr class=\"row-13\">\n\t<td class=\"column-1\">15 DE DICIEMBRE, 2022<\/td><td class=\"column-2\">JES\u00daS VILLARREAL \"H\u00c9CTOR\"<\/td><td class=\"column-3\">89<\/td><td class=\"column-4\">SARMIENTO 1073, ARROYITO<\/td>\n<\/tr>\n<tr class=\"row-14\">\n\t<td class=\"column-1\">14 DE DICIEMBRE, 2022<\/td><td class=\"column-2\">MAR\u00cdA JULIANA S\u00c1NCHEZ DE MAZZOLA<\/td><td class=\"column-3\">85<\/td><td class=\"column-4\">AV. LIBERTADOR 731, ARROYITO<\/td>\n<\/tr>\n<tr class=\"row-15\">\n\t<td class=\"column-1\">14 DE DICIEMBRE, 2022<\/td><td class=\"column-2\">JUAN CARLOS TUNINETTI \"TURURU\"<\/td><td class=\"column-3\">74<\/td><td class=\"column-4\">BELGRANO 741, ARROYITO<\/td>\n<\/tr>\n<tr class=\"row-16\">\n\t<td class=\"column-1\">12 DE DICIEMBRE, 2022<\/td><td class=\"column-2\">ELVA BEATRIZ ARDILES<\/td><td class=\"column-3\">64<\/td><td class=\"column-4\">AV. DALLE MURA 286, ARROYITO<\/td>\n<\/tr>\n<tr class=\"row-17\">\n\t<td class=\"column-1\">7 DE DICIEMBRE, 2022<\/td><td class=\"column-2\">LUISA VICTORINA LANZA DE NAVARRO<\/td><td class=\"column-3\">82<\/td><td class=\"column-4\">JOS\u00c9 A. VOCOS 343, ARROYITO<\/td>\n<\/tr>\n<tr class=\"row-18\">\n\t<td class=\"column-1\">4 DE DICIEMBRE, 2022<\/td><td class=\"column-2\">RUB\u00c9N R\u00d3MULO CARRARA<\/td><td class=\"column-3\">69<\/td><td class=\"column-4\">ITUZAING\u00d3 888, ARROYITO<\/td>\n<\/tr>\n<tr class=\"row-19\">\n\t<td class=\"column-1\">2 DE DICIEMBRE, 2022<\/td><td class=\"column-2\">ROMEO FERREYRA \"T\u00cdO TILO\"<\/td><td class=\"column-3\">82<\/td><td class=\"column-4\">CRISTOBAL COL\u00d3N 564, ARROYITO<\/td>\n<\/tr>\n<tr class=\"row-20\">\n\t<td class=\"column-1\">2 DE DICIEMBRE, 2022<\/td><td class=\"column-2\">BLANCA CATALINA SUELDO<\/td><td class=\"column-3\">83<\/td><td class=\"column-4\">ROSALINO CUELLO 633, ARROYITO<\/td>\n<\/tr>\n<\/tbody>\n<\/table>\n<!-- #tablepress-53 from cache -->\r\n<h2>Avisos f\u00fanebres noviembre 2022<\/h2>\r\n\n<table id=\"tablepress-52\" class=\"tablepress tablepress-id-52\">\n<thead>\n<tr class=\"row-1\">\n\t<th class=\"column-1\">FECHA<\/th><th class=\"column-2\">NOMBRE Y APELLIDO<\/th><th class=\"column-3\">EDAD<\/th><th class=\"column-4\">CASA DE DUELO<\/th>\n<\/tr>\n<\/thead>\n<tbody class=\"row-striping row-hover\">\n<tr class=\"row-2\">\n\t<td class=\"column-1\">30 DE NOVIEMBRE, 2022<\/td><td class=\"column-2\">SEGUNDO LUIS MART\u00cdNEZ \"NELSON\"<\/td><td class=\"column-3\">90<\/td><td class=\"column-4\">25 DE MAYO 1542, ARROYITO<\/td>\n<\/tr>\n<tr class=\"row-3\">\n\t<td class=\"column-1\">29 DE NOVIEMBRE, 2022<\/td><td class=\"column-2\">ESTEFAN\u00cdA LUC\u00cdA RIGHETTI DE MAGNINO<\/td><td class=\"column-3\">90<\/td><td class=\"column-4\">RAFAEL N\u00da\u00d1EZ 413, ARROYITO<\/td>\n<\/tr>\n<tr class=\"row-4\">\n\t<td class=\"column-1\">27 DE NOVIEMBRE, 2022<\/td><td class=\"column-2\">PALMIRA MANUELA VOCOS DE ARNOLETTO<\/td><td class=\"column-3\">88<\/td><td class=\"column-4\">BELGRANO 1367, ARROYITO<\/td>\n<\/tr>\n<tr class=\"row-5\">\n\t<td class=\"column-1\">25 DE NOVIEMBRE, 2022<\/td><td class=\"column-2\">ELIA DOMINGA GARNERO DE BORIS <\/td><td class=\"column-3\">86<\/td><td class=\"column-4\">CONRADO DIEZ 1212, ARROYITO<\/td>\n<\/tr>\n<tr class=\"row-6\">\n\t<td class=\"column-1\">25 DE NOVIEMBRE, 2022<\/td><td class=\"column-2\">TERESITA LUDOVICA COLOMBATTI DE ZANELLATO \"TERE\"<\/td><td class=\"column-3\">78<\/td><td class=\"column-4\">AV. MANUEL SERRA 1169, ARROYITO<\/td>\n<\/tr>\n<tr class=\"row-7\">\n\t<td class=\"column-1\">24 DE NOVIEMBRE, 2022<\/td><td class=\"column-2\">SOF\u00cdA ABRIL GIOVANINI<\/td><td class=\"column-3\">17<\/td><td class=\"column-4\">RAM\u00d3N CABRERA 323, ARROYITO<\/td>\n<\/tr>\n<tr class=\"row-8\">\n\t<td class=\"column-1\">24 DE NOVIEMBRE, 2022<\/td><td class=\"column-2\">JULIO RUB\u00c9N CONTRERAS<\/td><td class=\"column-3\">75<\/td><td class=\"column-4\">ENRIQUE CARRATAL\u00c1 457, ARROYITO<\/td>\n<\/tr>\n<tr class=\"row-9\">\n\t<td class=\"column-1\">24 DE NOVIEMBRE, 2022<\/td><td class=\"column-2\">AURELIO APOLINARIO AG\u00dbERO \"POLI\"<\/td><td class=\"column-3\">86<\/td><td class=\"column-4\">PE\u00d1ALOZA 1512, ARROYITO<\/td>\n<\/tr>\n<tr class=\"row-10\">\n\t<td class=\"column-1\">21 DE NOVIEMBRE, 2022<\/td><td class=\"column-2\">ELENA BEATRIZ MACHADO<\/td><td class=\"column-3\">81<\/td><td class=\"column-4\">AV. MARIANO MORENO 373, ARROYITO<\/td>\n<\/tr>\n<tr class=\"row-11\">\n\t<td class=\"column-1\">20 DE NOVIEMBRE, 2022<\/td><td class=\"column-2\">JORGE ALBERTO FERREYRA \"PONI\"<\/td><td class=\"column-3\">55<\/td><td class=\"column-4\">JUSTO JOS\u00c9 DE URQUIZA 1145, ARROYITO<\/td>\n<\/tr>\n<tr class=\"row-12\">\n\t<td class=\"column-1\">19 DE NOVIEMBRE, 2022<\/td><td class=\"column-2\">DANTE OLMAR CABRERA<\/td><td class=\"column-3\">57<\/td><td class=\"column-4\">AMADEO SABATTINI 1288, ARROYITO<\/td>\n<\/tr>\n<tr class=\"row-13\">\n\t<td class=\"column-1\">19 DE NOVIEMBRE, 2022<\/td><td class=\"column-2\">GIOVANNI BONETTO FUNES<\/td><td class=\"column-3\">6<\/td><td class=\"column-4\">JOS\u00c9 PASSAMONTE 322, LA CURVA, ARROYITO<\/td>\n<\/tr>\n<tr class=\"row-14\">\n\t<td class=\"column-1\">18 DE NOVIEMBRE, 2022<\/td><td class=\"column-2\">RAQUEL ANTONIA TURINO<\/td><td class=\"column-3\">96<\/td><td class=\"column-4\">CASTRO BARROS 533, ARROYITO<\/td>\n<\/tr>\n<tr class=\"row-15\">\n\t<td class=\"column-1\">15 DE NOVIEMBRE, 2022<\/td><td class=\"column-2\">AVELINO FERM\u00cdN ALMADA \"PINGUI\"<\/td><td class=\"column-3\">80<\/td><td class=\"column-4\">AV. DALLE MURA 1311, ARROYITO<\/td>\n<\/tr>\n<tr class=\"row-16\">\n\t<td class=\"column-1\">13 DE NOVIEMBRE, 2022<\/td><td class=\"column-2\">LILIANA MAR\u00cdA ELVIRA BARBERO<\/td><td class=\"column-3\">94<\/td><td class=\"column-4\">AV. MARCELINO BERNARDI 522, ARROYITO<\/td>\n<\/tr>\n<tr class=\"row-17\">\n\t<td class=\"column-1\">10 DE NOVIEMBRE, 2022<\/td><td class=\"column-2\">BETIANA SOLEDAD FERREYRA \"POCHA\"<\/td><td class=\"column-3\">31<\/td><td class=\"column-4\">AV. MARCIAL VAUDAGNA 741, ARROYITO<\/td>\n<\/tr>\n<tr class=\"row-18\">\n\t<td class=\"column-1\">8 DE NOVIEMBRE, 2022<\/td><td class=\"column-2\">JORGE ANDR\u00c9S LARIO<\/td><td class=\"column-3\">67<\/td><td class=\"column-4\">AV. CARLOS PONT\u00cdN 1163, ARROYITO<\/td>\n<\/tr>\n<tr class=\"row-19\">\n\t<td class=\"column-1\">8 DE NOVIEMBRE, 2022<\/td><td class=\"column-2\">LORENZO JULI\u00c1N RIVADENEYRA \"LOLO\"<\/td><td class=\"column-3\">23<\/td><td class=\"column-4\">NICASIO YANEZ 1328, ARROYITO<\/td>\n<\/tr>\n<tr class=\"row-20\">\n\t<td class=\"column-1\">8 DE NOVIEMBRE, 2022<\/td><td class=\"column-2\">ELSA VILMA SOSA DE BOIERO<\/td><td class=\"column-3\">74<\/td><td class=\"column-4\">V\u00c9LEZ SARSFIELD 1328, ARROYITO<\/td>\n<\/tr>\n<tr class=\"row-21\">\n\t<td class=\"column-1\">6 DE NOVIEMBRE, 2022<\/td><td class=\"column-2\">ALBERTO RUB\u00c9N FRARE<\/td><td class=\"column-3\">61<\/td><td class=\"column-4\">ZONA RURAL S\/N, COLONIA LAS PICHANAS<\/td>\n<\/tr>\n<tr class=\"row-22\">\n\t<td class=\"column-1\">3 DE NOVIEMBRE, 2022<\/td><td class=\"column-2\">MABEL AMANDA FERACE<\/td><td class=\"column-3\">66<\/td><td class=\"column-4\">BELGRANO 214, ARROYITO<\/td>\n<\/tr>\n<tr class=\"row-23\">\n\t<td class=\"column-1\">3 DE NOVIEMBRE, 2022<\/td><td class=\"column-2\">DEMETRIO OHIRKO<\/td><td class=\"column-3\">81<\/td><td class=\"column-4\">PE\u00d1ALOZA 733, ARROYITO<\/td>\n<\/tr>\n<\/tbody>\n<\/table>\n<!-- #tablepress-52 from cache -->\r\n<h2>Avisos f\u00fanebres octubre 2022<\/h2>\r\n\n<table id=\"tablepress-50\" class=\"tablepress tablepress-id-50\">\n<thead>\n<tr class=\"row-1\">\n\t<th class=\"column-1\">FECHA<\/th><th class=\"column-2\">NOMBRE Y APELLIDO<\/th><th class=\"column-3\">EDAD<\/th><th class=\"column-4\">CASA DE DUELO<\/th>\n<\/tr>\n<\/thead>\n<tbody class=\"row-striping row-hover\">\n<tr class=\"row-2\">\n\t<td class=\"column-1\">31 DE OCTUBRE, 2022<\/td><td class=\"column-2\">EDUARDO BARTOLOM\u00c9 GAIDO<\/td><td class=\"column-3\">79<\/td><td class=\"column-4\">ZONA RURAL S\/N, ARROYITO<\/td>\n<\/tr>\n<tr class=\"row-3\">\n\t<td class=\"column-1\">27 DE OCTUBRE, 2022<\/td><td class=\"column-2\">JUAN TEOTIMO ARG\u00dbELLO<\/td><td class=\"column-3\">70<\/td><td class=\"column-4\">25 DE MAYO 944, ARROYITO<\/td>\n<\/tr>\n<tr class=\"row-4\">\n\t<td class=\"column-1\">27 DE OCTUBRE, 2022<\/td><td class=\"column-2\">CLAUDIO ALBERTO RETA \"OJITO\"<\/td><td class=\"column-3\">53<\/td><td class=\"column-4\">CARLOS FAVARI 935, ARROYITO<\/td>\n<\/tr>\n<tr class=\"row-5\">\n\t<td class=\"column-1\">22 DE OCTUBRE, 2022<\/td><td class=\"column-2\">MAR\u00cdA CECILIA ROMERO<\/td><td class=\"column-3\">86<\/td><td class=\"column-4\">HUMBERTO PRIMO 246, ARROYITO<\/td>\n<\/tr>\n<tr class=\"row-6\">\n\t<td class=\"column-1\">17 DE OCTUBRE, 2022<\/td><td class=\"column-2\">MARCELINA LISTELLO VDA. DE FISSOLO<\/td><td class=\"column-3\">85<\/td><td class=\"column-4\">AV. MARCIAL VAUDAGNA 551, ARROYITO<\/td>\n<\/tr>\n<tr class=\"row-7\">\n\t<td class=\"column-1\">14 DE OCTUBRE, 2022<\/td><td class=\"column-2\">RICARDO DANIEL GARC\u00cdA \"PANCITA\"<\/td><td class=\"column-3\">54<\/td><td class=\"column-4\">ISMAEL BIANCHI 2060, ARROYITO<\/td>\n<\/tr>\n<tr class=\"row-8\">\n\t<td class=\"column-1\">14 DE OCTUBRE, 2022<\/td><td class=\"column-2\">JUAN CARLOS CALABRIA<\/td><td class=\"column-3\">88<\/td><td class=\"column-4\">CARLOS FAVARI 545, ARROYITO<\/td>\n<\/tr>\n<tr class=\"row-9\">\n\t<td class=\"column-1\">14 DE OCTUBRE, 2022<\/td><td class=\"column-2\">ALDO OSCAR OVIEDO<\/td><td class=\"column-3\">54<\/td><td class=\"column-4\">SARGENTO CABRAL 357, ARROYITO<\/td>\n<\/tr>\n<tr class=\"row-10\">\n\t<td class=\"column-1\">14 DE OCTUBRE, 2022<\/td><td class=\"column-2\">JOS\u00c9 ENRIQUE GIRAUDO<\/td><td class=\"column-3\">85<\/td><td class=\"column-4\">CASTRO BARROS 1274, ARROYITO<\/td>\n<\/tr>\n<tr class=\"row-11\">\n\t<td class=\"column-1\">13 DE OCTUBRE, 2022<\/td><td class=\"column-2\">BENITO OVIDIO BROCHERO \"TOTI\"<\/td><td class=\"column-3\">76<\/td><td class=\"column-4\">AV. ARTURO ILLIA 1015, ARROYITO<\/td>\n<\/tr>\n<tr class=\"row-12\">\n\t<td class=\"column-1\">12 DE OCTUBRE, 2022<\/td><td class=\"column-2\">H\u00c9CTOR LIDIO MIRETTI<\/td><td class=\"column-3\">69<\/td><td class=\"column-4\">JOS\u00c9 A. VOCOS 1251, ARROYITO<\/td>\n<\/tr>\n<tr class=\"row-13\">\n\t<td class=\"column-1\">11 DE OCTUBRE, 2022<\/td><td class=\"column-2\">HILDA VAYRA DE SOSA<\/td><td class=\"column-3\">84<\/td><td class=\"column-4\">25 DE MAYO 2068, ARROYITO<\/td>\n<\/tr>\n<tr class=\"row-14\">\n\t<td class=\"column-1\">10 DE OCTUBRE, 2022<\/td><td class=\"column-2\">MARTA CATALINA DEL VALLE BRUERA<\/td><td class=\"column-3\">73<\/td><td class=\"column-4\">AV. FULVIO PAGANI 1681, ARROYITO<\/td>\n<\/tr>\n<tr class=\"row-15\">\n\t<td class=\"column-1\">9 DE OCTUBRE, 2022<\/td><td class=\"column-2\">HUGO ALBERTO STOCCO<\/td><td class=\"column-3\">67<\/td><td class=\"column-4\">MAESTRA LESCANO 376, RAMOS MEJ\u00ccA, BUENOS AIRES<\/td>\n<\/tr>\n<tr class=\"row-16\">\n\t<td class=\"column-1\">7 DE OCTUBRE, 2022<\/td><td class=\"column-2\">DELVEI CABRERA \"BEB\u00c9\"<\/td><td class=\"column-3\">87<\/td><td class=\"column-4\">G\u00dcEMES 147, ARROYITO<\/td>\n<\/tr>\n<tr class=\"row-17\">\n\t<td class=\"column-1\">5 DE OCTUBRE, 2022<\/td><td class=\"column-2\">JOS\u00c9 RUB\u00c9N ROCCHIETTI \"COCO\"<\/td><td class=\"column-3\">63<\/td><td class=\"column-4\">RAFAEL BIANCHI 455, ARROYITO<\/td>\n<\/tr>\n<tr class=\"row-18\">\n\t<td class=\"column-1\">4 DE OCTUBRE, 2022<\/td><td class=\"column-2\">ASUNCI\u00d3N DEL CARMEN ALEJOS<\/td><td class=\"column-3\">87<\/td><td class=\"column-4\">ANTONIO BALLATORE 445, ARROYITO<\/td>\n<\/tr>\n<tr class=\"row-19\">\n\t<td class=\"column-1\">3 DE OCTUBRE, 2022<\/td><td class=\"column-2\">SILVERIO CARLOS BONO<\/td><td class=\"column-3\">80<\/td><td class=\"column-4\">AV. MARCIAL VAUDAGNA 760, ARROYITO<\/td>\n<\/tr>\n<tr class=\"row-20\">\n\t<td class=\"column-1\">1 DE OCTUBRE, 2022<\/td><td class=\"column-2\">MODESTA TR\u00c1NSITO SUELDO<\/td><td class=\"column-3\">78<\/td><td class=\"column-4\">VICENTA R\u00cdOS DE VOCOS 1258, ARROYITO<\/td>\n<\/tr>\n<\/tbody>\n<\/table>\n<!-- #tablepress-50 from cache -->\r\n<h2>Avisos f\u00fanebres septiembre 2022<\/h2>\r\n\n<table id=\"tablepress-49\" class=\"tablepress tablepress-id-49\">\n<thead>\n<tr class=\"row-1\">\n\t<th class=\"column-1\">FECHA<\/th><th class=\"column-2\">NOMBRE Y APELLIDO<\/th><th class=\"column-3\">EDAD<\/th><th class=\"column-4\">CASA DE DUELO<\/th>\n<\/tr>\n<\/thead>\n<tbody class=\"row-striping row-hover\">\n<tr class=\"row-2\">\n\t<td class=\"column-1\">30 DE SEPTIEMBRE, 2022<\/td><td class=\"column-2\">RA\u00daL EDUARDO BONO<\/td><td class=\"column-3\">64<\/td><td class=\"column-4\">G\u00dcEMES 325, ARROYITO<\/td>\n<\/tr>\n<tr class=\"row-3\">\n\t<td class=\"column-1\">30 DE SEPTIEMBRE, 2022<\/td><td class=\"column-2\">ANA MAR\u00cdA MEDINA \"POCHI\"<\/td><td class=\"column-3\">83<\/td><td class=\"column-4\">ROQUE S\u00c1ENZ PE\u00d1A 196, ARROYITO<\/td>\n<\/tr>\n<tr class=\"row-4\">\n\t<td class=\"column-1\">29 DE SEPTIEMBRE, 2022<\/td><td class=\"column-2\">CECILIA CRISTINA V\u00c9LEZ DE ACEVEDO<\/td><td class=\"column-3\">67<\/td><td class=\"column-4\">BARTOLOM\u00c9 MITRE 1211, ARROYITO<\/td>\n<\/tr>\n<tr class=\"row-5\">\n\t<td class=\"column-1\">29 DE SEPTIEMBRE, 2022<\/td><td class=\"column-2\">YOLANDA ROSA GIM\u00c9NEZ DE BITOCHI<\/td><td class=\"column-3\">77<\/td><td class=\"column-4\">TOM\u00c1S JU\u00c1REZ 465, ARROYITO<\/td>\n<\/tr>\n<tr class=\"row-6\">\n\t<td class=\"column-1\">29 DE SEPTIEMBRE, 2022<\/td><td class=\"column-2\">MARGARITA SIMONA FAR\u00cdAS<\/td><td class=\"column-3\">86<\/td><td class=\"column-4\">AV. MARCIAL VAUDAGNA 592, ARROYITO<\/td>\n<\/tr>\n<tr class=\"row-7\">\n\t<td class=\"column-1\">25 DE SEPTIEMBRE, 2022<\/td><td class=\"column-2\">ALDO SEBASTI\u00c1N GIORGIS<\/td><td class=\"column-3\">90<\/td><td class=\"column-4\">CARLOS FAVARI 555, ARROYITO<\/td>\n<\/tr>\n<tr class=\"row-8\">\n\t<td class=\"column-1\">25 DE SEPTIEMBRE, 2022<\/td><td class=\"column-2\">ELVIRA ALBERTA CABRERA<\/td><td class=\"column-3\">89<\/td><td class=\"column-4\">CASEROS 169, ARROYITO<\/td>\n<\/tr>\n<tr class=\"row-9\">\n\t<td class=\"column-1\">25 DE SEPTIEMBRE, 2022<\/td><td class=\"column-2\">CARLOS ALBERTO GUDI\u00d1O <\/td><td class=\"column-3\">71<\/td><td class=\"column-4\">ESQUI\u00da 937, ARROYITO<\/td>\n<\/tr>\n<tr class=\"row-10\">\n\t<td class=\"column-1\">24 DE SEPTIEMBRE, 2022<\/td><td class=\"column-2\">MAR\u00cdA ELISA GIGENA<\/td><td class=\"column-3\">79<\/td><td class=\"column-4\">AV. MANUEL SERRA 1033, ARROYITO<\/td>\n<\/tr>\n<tr class=\"row-11\">\n\t<td class=\"column-1\">23 DE SEPTIEMBRE, 2022<\/td><td class=\"column-2\">ANTONIO BERNARDO VARELA \"TONI\"<\/td><td class=\"column-3\">85<\/td><td class=\"column-4\">HUMBERTO PRIMO 1510, LA TORDILLA<\/td>\n<\/tr>\n<tr class=\"row-12\">\n\t<td class=\"column-1\">22 DE SEPTIEMBRE, 2022<\/td><td class=\"column-2\">JULIO C\u00c9SAR MARQUEZ \"NEGRO\"<\/td><td class=\"column-3\">50<\/td><td class=\"column-4\">P\u00cdNDARO LUDUE\u00d1A 572, ARROYITO<\/td>\n<\/tr>\n<tr class=\"row-13\">\n\t<td class=\"column-1\">21 DE SEPTIEMBRE, 2022<\/td><td class=\"column-2\">RANULFO IR\u00cdNEO VARA \"CUETE\"<\/td><td class=\"column-3\">84<\/td><td class=\"column-4\">PE\u00d1ALOZA 1572, ARROYITO<\/td>\n<\/tr>\n<tr class=\"row-14\">\n\t<td class=\"column-1\">20 DE SEPTIEMBRE, 2022<\/td><td class=\"column-2\">LETIZIA BARTOLITA CHERRI DE CHIOTASSO<\/td><td class=\"column-3\">97<\/td><td class=\"column-4\">BAHALLAT HUBAIDE 572, ARROYITO<\/td>\n<\/tr>\n<tr class=\"row-15\">\n\t<td class=\"column-1\">18 DE SEPTIEMBRE, 2022<\/td><td class=\"column-2\">GUILLERMO MARCELO LORENZI<\/td><td class=\"column-3\">66<\/td><td class=\"column-4\">ZONA RURAL EL FUERTECITO, ARROYITO<\/td>\n<\/tr>\n<tr class=\"row-16\">\n\t<td class=\"column-1\">16 DE SEPTIEMBRE, 2022<\/td><td class=\"column-2\">MAR\u00cdA AURELIA MENEGHEL DE GIORDANO<\/td><td class=\"column-3\">75<\/td><td class=\"column-4\">RAFAEL BIANCHI 240, ARROYITO<\/td>\n<\/tr>\n<tr class=\"row-17\">\n\t<td class=\"column-1\">16 DE SEPTIEMBRE, 2022<\/td><td class=\"column-2\">TR\u00c1NSITO DOLORES ROLD\u00c1N<\/td><td class=\"column-3\">85<\/td><td class=\"column-4\">MARIO SEVESO 528, ARROYITO<\/td>\n<\/tr>\n<tr class=\"row-18\">\n\t<td class=\"column-1\">13 DE SEPTIEMBRE, 2022<\/td><td class=\"column-2\">MARIO MARCELINO MARQUEZ<\/td><td class=\"column-3\">69<\/td><td class=\"column-4\">DOMINGO CIANCIA 254, ARROYITO<\/td>\n<\/tr>\n<tr class=\"row-19\">\n\t<td class=\"column-1\">12 DE SEPTIEMBRE, 2022<\/td><td class=\"column-2\">ROSA MERCEDES ROSSINI<\/td><td class=\"column-3\">78<\/td><td class=\"column-4\">V\u00c9LEZ SARSFIELD 1437, ARROYITO<\/td>\n<\/tr>\n<tr class=\"row-20\">\n\t<td class=\"column-1\">11 DE SEPTIEMBRE, 2022<\/td><td class=\"column-2\">RAM\u00d3N EUSEBIO QUINTEROS \"MONCHO\"<\/td><td class=\"column-3\">79<\/td><td class=\"column-4\">JOS\u00c9 A. VOCOS 591, ARROYITO<\/td>\n<\/tr>\n<tr class=\"row-21\">\n\t<td class=\"column-1\">9 DE SEPTIEMBRE, 2022<\/td><td class=\"column-2\">RICARDO RODR\u00cdGUEZ<\/td><td class=\"column-3\">73<\/td><td class=\"column-4\">JOS\u00c9 QUINTELA 911, ARROYITO<\/td>\n<\/tr>\n<tr class=\"row-22\">\n\t<td class=\"column-1\">8 DE SEPTIEMBRE, 2022<\/td><td class=\"column-2\">JORGE DEL VALLE HERRERA \"CHENGUE\"<\/td><td class=\"column-3\">67<\/td><td class=\"column-4\">ALEMANO BIANCHI 874, ARROYITO<\/td>\n<\/tr>\n<tr class=\"row-23\">\n\t<td class=\"column-1\">8 DE SEPTIEMBRE, 2022<\/td><td class=\"column-2\">ANA MAR\u00cdA BERTOLA DE LORENZI<\/td><td class=\"column-3\">88<\/td><td class=\"column-4\">ZONA RURAL S\/N, EL FUERTECITO, ARROYITO<\/td>\n<\/tr>\n<tr class=\"row-24\">\n\t<td class=\"column-1\">8 DE SEPTIEMBRE, 2022<\/td><td class=\"column-2\">FERNANDO MARCELO OLOCCO<\/td><td class=\"column-3\">54<\/td><td class=\"column-4\">SARMIENTO 505, ARROYITO<\/td>\n<\/tr>\n<tr class=\"row-25\">\n\t<td class=\"column-1\">7 DE SEPTIEMBRE, 2022<\/td><td class=\"column-2\">OSCAR HUGO MAGI<\/td><td class=\"column-3\">81<\/td><td class=\"column-4\">AV. DALLE MURA 1144, ARROYITO<\/td>\n<\/tr>\n<tr class=\"row-26\">\n\t<td class=\"column-1\">5 DE SEPTIEMBRE, 2022<\/td><td class=\"column-2\">EDELMIRA YOLANDA RIVAROLA \"DO\u00d1A NEGRA\"<\/td><td class=\"column-3\">80<\/td><td class=\"column-4\">AV. MARCIAL VAUDAGNA 274, ARROYITO<\/td>\n<\/tr>\n<tr class=\"row-27\">\n\t<td class=\"column-1\">4 DE SEPTIEMBRE, 2022<\/td><td class=\"column-2\">MARINO JOS\u00c9 ANTONELLI<\/td><td class=\"column-3\">72<\/td><td class=\"column-4\">NICOL\u00c1S BATALLA 271, ARROYITO<\/td>\n<\/tr>\n<tr class=\"row-28\">\n\t<td class=\"column-1\">3 DE SEPTIEMBRE, 2022<\/td><td class=\"column-2\">ATILIO FERNANDO CAVALLO<\/td><td class=\"column-3\">82<\/td><td class=\"column-4\">V\u00c9LEZ SARSFIELD 1568, ARROYITO<\/td>\n<\/tr>\n<\/tbody>\n<\/table>\n<!-- #tablepress-49 from cache -->\r\n<h2>Avisos f\u00fanebres agosto 2022<\/h2>\r\n\n<table id=\"tablepress-48\" class=\"tablepress tablepress-id-48\">\n<thead>\n<tr class=\"row-1\">\n\t<th class=\"column-1\">FECHA<\/th><th class=\"column-2\">NOMBRE Y APELLIDO<\/th><th class=\"column-3\">EDAD<\/th><th class=\"column-4\">CASA DE DUELO<\/th>\n<\/tr>\n<\/thead>\n<tbody class=\"row-striping row-hover\">\n<tr class=\"row-2\">\n\t<td class=\"column-1\">30 DE AGOSTO 2022<\/td><td class=\"column-2\">JORGE ALBERTO FUENTES \"BAUDILLO\"<\/td><td class=\"column-3\">64<\/td><td class=\"column-4\">CURA BROCHERO 248, LA TORDILLA<\/td>\n<\/tr>\n<tr class=\"row-3\">\n\t<td class=\"column-1\">28 DE AGOSTO 2022<\/td><td class=\"column-2\">JUAN CARLOS BELBUSTI<\/td><td class=\"column-3\">76<\/td><td class=\"column-4\">TOM\u00c1S JU\u00c1REZ 433, ARROYITO<\/td>\n<\/tr>\n<tr class=\"row-4\">\n\t<td class=\"column-1\">28 DE AGOSTO 2022<\/td><td class=\"column-2\">ALBERTO ALDO G\u00d3MEZ \"NENE\"<\/td><td class=\"column-3\">84<\/td><td class=\"column-4\">CNEL. \u00c1LVAREZ 734, ARROYITO<\/td>\n<\/tr>\n<tr class=\"row-5\">\n\t<td class=\"column-1\">26 DE AGOSTO 2022<\/td><td class=\"column-2\">TERESA ADELINA PERALTA DE ASTUDILLO<\/td><td class=\"column-3\">85<\/td><td class=\"column-4\">ZONA RURAL S\/N, LA TORDILLA<\/td>\n<\/tr>\n<tr class=\"row-6\">\n\t<td class=\"column-1\">25 DE AGOSTO 2022<\/td><td class=\"column-2\">JOS\u00c9 ALBERTO GARAY \"NENONA\"<\/td><td class=\"column-3\">56<\/td><td class=\"column-4\">AV. LIBERTADOR (SUR) 1450, SAN FRANCISCO<\/td>\n<\/tr>\n<tr class=\"row-7\">\n\t<td class=\"column-1\">23 DE AGOSTO 2022<\/td><td class=\"column-2\">LORENZO AUDERO \"LENCHO\"<\/td><td class=\"column-3\">88<\/td><td class=\"column-4\">SARMIENTO 768, ARROYITO<\/td>\n<\/tr>\n<tr class=\"row-8\">\n\t<td class=\"column-1\">21 DE AGOSTO 2022<\/td><td class=\"column-2\">MAR\u00cd ISABEL BAIMA DE MADERO<\/td><td class=\"column-3\">76<\/td><td class=\"column-4\">BELGRANO 1357, ARROYITO<\/td>\n<\/tr>\n<tr class=\"row-9\">\n\t<td class=\"column-1\">21 DE AGOSTO 2022<\/td><td class=\"column-2\">EDUARDO JUAN FERRI<\/td><td class=\"column-3\">69<\/td><td class=\"column-4\">PUEYRRED\u00d3N 944, ARROYITO<\/td>\n<\/tr>\n<tr class=\"row-10\">\n\t<td class=\"column-1\">15 DE AGOSTO 2022<\/td><td class=\"column-2\">NELSIO RAM\u00d3N \u00c1LVAREZ \"EL CHUECO\"<\/td><td class=\"column-3\">73<\/td><td class=\"column-4\">ALFONSINA STORNI 1021, ARROYITO<\/td>\n<\/tr>\n<tr class=\"row-11\">\n\t<td class=\"column-1\">13 DE AGOSTO 2022<\/td><td class=\"column-2\">JOS\u00c9 ALEJANDRO CEREZA \"CHOCO\"<\/td><td class=\"column-3\">36<\/td><td class=\"column-4\">RAFAEL BIANCHI 1235, ARROYITO<\/td>\n<\/tr>\n<tr class=\"row-12\">\n\t<td class=\"column-1\">13 DE AGOSTO 2022<\/td><td class=\"column-2\">BLANCA ESTELA R\u00cdOS DE FERREYRA<\/td><td class=\"column-3\">75<\/td><td class=\"column-4\">AV. MARCIAL VAUDAGNA 560, ARROYITO<\/td>\n<\/tr>\n<tr class=\"row-13\">\n\t<td class=\"column-1\">13 DE AGOSTO 2022<\/td><td class=\"column-2\">BLANCA ESTELA R\u00cdOS DE FERREYRA<\/td><td class=\"column-3\">75<\/td><td class=\"column-4\">AV. MARCIAL VAUDAGNA 560, ARROYITO<\/td>\n<\/tr>\n<tr class=\"row-14\">\n\t<td class=\"column-1\">13 DE AGOSTO 2022<\/td><td class=\"column-2\">JOS\u00c9 \u00c1NGEL BUSTOS<\/td><td class=\"column-3\">77<\/td><td class=\"column-4\">8 DE DICIEMBRE S\/N, VILLA CONCEPCI\u00d3N DEL T\u00cdO<\/td>\n<\/tr>\n<tr class=\"row-15\">\n\t<td class=\"column-1\">11 DE AGOSTO 2022<\/td><td class=\"column-2\">JULIO ROBERTO CASTILLO<\/td><td class=\"column-3\">68<\/td><td class=\"column-4\">JOS\u00c9 A. VOCOS 843, ARROYITO<\/td>\n<\/tr>\n<tr class=\"row-16\">\n\t<td class=\"column-1\">9 DE AGOSTO 2022<\/td><td class=\"column-2\">LIDIO ARSENIO REYNA<\/td><td class=\"column-3\">67<\/td><td class=\"column-4\">EL JACARAND\u00c1 S\/N, TORO PUJIO<\/td>\n<\/tr>\n<tr class=\"row-17\">\n\t<td class=\"column-1\">5 DE AGOSTO 2022<\/td><td class=\"column-2\">BLAS MOTTA<\/td><td class=\"column-3\">89<\/td><td class=\"column-4\">AV. LIBERTADOR 1157, LA TORDILLA<\/td>\n<\/tr>\n<tr class=\"row-18\">\n\t<td class=\"column-1\">5 DE AGOSTO 2022<\/td><td class=\"column-2\">JOS\u00c9 IGNACIO RAM\u00d3N RISSO<\/td><td class=\"column-3\">73<\/td><td class=\"column-4\">CALLE P\u00daBLICA S\/N, COLONIA LAS PICHANAS<\/td>\n<\/tr>\n<tr class=\"row-19\">\n\t<td class=\"column-1\">5 DE AGOSTO 2022<\/td><td class=\"column-2\">NANCY BEATRIZ LEMOS<\/td><td class=\"column-3\">37<\/td><td class=\"column-4\">AV. FULVIO PAGANI 2133, ARROYITO<\/td>\n<\/tr>\n<tr class=\"row-20\">\n\t<td class=\"column-1\">4 DE AGOSTO 2022<\/td><td class=\"column-2\">BETTY MARY MAGGI<\/td><td class=\"column-3\">78<\/td><td class=\"column-4\">SAN MART\u00cdN 699, ARROYITO<\/td>\n<\/tr>\n<\/tbody>\n<\/table>\n<!-- #tablepress-48 from cache -->\r\n<h2>Avisos f\u00fanebres julio 2022<\/h2>\r\n\n<table id=\"tablepress-47\" class=\"tablepress tablepress-id-47\">\n<thead>\n<tr class=\"row-1\">\n\t<th class=\"column-1\">FECHA<\/th><th class=\"column-2\">NOMBRE Y APELLIDO<\/th><th class=\"column-3\">EDAD<\/th><th class=\"column-4\">CASA DE DUELO<\/th>\n<\/tr>\n<\/thead>\n<tbody class=\"row-striping row-hover\">\n<tr class=\"row-2\">\n\t<td class=\"column-1\">31 DE JULIO, 2022<\/td><td class=\"column-2\">LUISA TERESA DEL NI\u00d1O JES\u00daS TOSSEN<\/td><td class=\"column-3\">87<\/td><td class=\"column-4\">VICENTE ORELLANO 868, ARROYITO<\/td>\n<\/tr>\n<tr class=\"row-3\">\n\t<td class=\"column-1\">30 DE JULIO, 2022<\/td><td class=\"column-2\">OSCAR ALFREDO BAZ\u00c1N<\/td><td class=\"column-3\">71<\/td><td class=\"column-4\">BARTOLOM\u00c9 MITRE 152, ARROYITO<\/td>\n<\/tr>\n<tr class=\"row-4\">\n\t<td class=\"column-1\">28 DE JULIO, 2022<\/td><td class=\"column-2\">JOS\u00c9 RAM\u00d3N BALBO<\/td><td class=\"column-3\">90<\/td><td class=\"column-4\">BARTOLOM\u00c9 MITRE 754, ARROYITO<\/td>\n<\/tr>\n<tr class=\"row-5\">\n\t<td class=\"column-1\">24 DE JULIO, 2022<\/td><td class=\"column-2\">HIP\u00d3LITO SANTOS D\u00cdAZ<\/td><td class=\"column-3\">70<\/td><td class=\"column-4\">URQUIZA 1221, ARROYITO<\/td>\n<\/tr>\n<tr class=\"row-6\">\n\t<td class=\"column-1\">22 DE JULIO, 2022<\/td><td class=\"column-2\">NORMA ESTER ALEMANDI<\/td><td class=\"column-3\">63<\/td><td class=\"column-4\">PJE. JOS\u00c9 CARABAJAL 1268, ARROYITO<\/td>\n<\/tr>\n<tr class=\"row-7\">\n\t<td class=\"column-1\">22 DE JULIO, 2022<\/td><td class=\"column-2\">MAR\u00cdA TRINIDAD VER\u00d3N DE OCHOA<\/td><td class=\"column-3\">83<\/td><td class=\"column-4\">OSVALDO NAVARRO 991, ARROYITO<\/td>\n<\/tr>\n<tr class=\"row-8\">\n\t<td class=\"column-1\">21 DE JULIO, 2022<\/td><td class=\"column-2\">RICARDO PEDRO MASSERA<\/td><td class=\"column-3\">75<\/td><td class=\"column-4\">ISMAEL BIANCHI 1883, ARROYITO<\/td>\n<\/tr>\n<tr class=\"row-9\">\n\t<td class=\"column-1\">21 DE JULIO, 2022<\/td><td class=\"column-2\">RICARDO PEDRO MASSERA<\/td><td class=\"column-3\">75<\/td><td class=\"column-4\">ISMAEL BIANCHI 1883, ARROYITO<\/td>\n<\/tr>\n<tr class=\"row-10\">\n\t<td class=\"column-1\">16 DE JULIO, 2022<\/td><td class=\"column-2\">SILVIO TELMO OCHOA<\/td><td class=\"column-3\">75<\/td><td class=\"column-4\">ROSALINO CUELLO 693, ARROYITO<\/td>\n<\/tr>\n<tr class=\"row-11\">\n\t<td class=\"column-1\">15 DE JULIO, 2022<\/td><td class=\"column-2\">ENRIQUE CARNICER<\/td><td class=\"column-3\">75<\/td><td class=\"column-4\">AV. FULVIO PAGANI 1563, ARROYITO<\/td>\n<\/tr>\n<tr class=\"row-12\">\n\t<td class=\"column-1\">14 DE JULIO, 2022<\/td><td class=\"column-2\">JUAN CARLOS GONZ\u00c1LEZ<\/td><td class=\"column-3\">75<\/td><td class=\"column-4\">DOMINGO CIANCIA 873, ARROYITO<\/td>\n<\/tr>\n<tr class=\"row-13\">\n\t<td class=\"column-1\">14 DE JULIO, 2022<\/td><td class=\"column-2\">SAMUEL \u00c1NGEL SCHOSNADEL<\/td><td class=\"column-3\">71<\/td><td class=\"column-4\">ZONA RURAL S\/N, ARROYITO<\/td>\n<\/tr>\n<tr class=\"row-14\">\n\t<td class=\"column-1\">10 DE JULIO, 2022<\/td><td class=\"column-2\">DAVID V\u00cdCTOR ALMADA<\/td><td class=\"column-3\">69<\/td><td class=\"column-4\">RAFAEL BIANCHI 747, ARROYITO<\/td>\n<\/tr>\n<tr class=\"row-15\">\n\t<td class=\"column-1\">9 DE JULIO, 2022<\/td><td class=\"column-2\">BENITO ALEJANDRO P\u00c1EZ<\/td><td class=\"column-3\">70<\/td><td class=\"column-4\">9 DE JULIO 278, LA TORDILLA<\/td>\n<\/tr>\n<tr class=\"row-16\">\n\t<td class=\"column-1\">9 DE JULIO, 2022<\/td><td class=\"column-2\">EZEQUIEL DAR\u00cdO DOM\u00cdNGUEZ <\/td><td class=\"column-3\">45<\/td><td class=\"column-4\">CONSTANTINO VAUDAGNA 181, LA TORDILLA<\/td>\n<\/tr>\n<tr class=\"row-17\">\n\t<td class=\"column-1\">8 DE JULIO, 2022<\/td><td class=\"column-2\">JUAN CARLOS RUATTA<\/td><td class=\"column-3\">84<\/td><td class=\"column-4\">AV. LIBERTADOR 1146, LA TORDILLA<\/td>\n<\/tr>\n<tr class=\"row-18\">\n\t<td class=\"column-1\">8 DE JULIO, 2022<\/td><td class=\"column-2\">ERCILIA ALICIA LENCINAS DE M\u00c1RQUEZ \"LA NONA\"<\/td><td class=\"column-3\">76<\/td><td class=\"column-4\">CORONEL \u00c1LVAREZ 872, ARROYITO<\/td>\n<\/tr>\n<tr class=\"row-19\">\n\t<td class=\"column-1\">3 DE JULIO, 2022<\/td><td class=\"column-2\">\u00c9LIDA TERESITA S\u00c1NCHEZ DE LASTRA<\/td><td class=\"column-3\">82<\/td><td class=\"column-4\">M. MARANZANA 667, ARROYITO<\/td>\n<\/tr>\n<tr class=\"row-20\">\n\t<td class=\"column-1\">3 DE JULIO, 2022<\/td><td class=\"column-2\">JOS\u00c9 OMAR VILLARREAL<\/td><td class=\"column-3\">63<\/td><td class=\"column-4\">9 DE JULIO 108, LA TORDILLA<\/td>\n<\/tr>\n<\/tbody>\n<\/table>\n<!-- #tablepress-47 from cache -->\r\n<h2>Avisos f\u00fanebres junio 2022<\/h2>\r\n\n<table id=\"tablepress-46\" class=\"tablepress tablepress-id-46\">\n<thead>\n<tr class=\"row-1\">\n\t<th class=\"column-1\">FECHA<\/th><th class=\"column-2\">NOMBRE Y APELLIDO<\/th><th class=\"column-3\">EDAD<\/th><th class=\"column-4\">CASA DE DUELO<\/th>\n<\/tr>\n<\/thead>\n<tbody class=\"row-striping row-hover\">\n<tr class=\"row-2\">\n\t<td class=\"column-1\">27 DE JUNIO, 2022<\/td><td class=\"column-2\">ELDA MAR\u00cdA DE BARBERIS<\/td><td class=\"column-3\">92<\/td><td class=\"column-4\">GENERAL PAZ 1182, ARROYITO<\/td>\n<\/tr>\n<tr class=\"row-3\">\n\t<td class=\"column-1\">27 DE JUNIO, 2022<\/td><td class=\"column-2\">HEBBE ISABEL ZABALO DE MASCI\u00c1NGELO<\/td><td class=\"column-3\">95<\/td><td class=\"column-4\">AV. ARTURO ILLIA 1379, ARROYITO<\/td>\n<\/tr>\n<tr class=\"row-4\">\n\t<td class=\"column-1\">24 DE JUNIO, 2022<\/td><td class=\"column-2\">\u00cdDOLA CARMEN MOSCA DE BAZ\u00c1N<\/td><td class=\"column-3\">81<\/td><td class=\"column-4\">CORONEL \u00c1LVAREZ 985, ARROYITO<\/td>\n<\/tr>\n<tr class=\"row-5\">\n\t<td class=\"column-1\">21 DE JUNIO, 2022<\/td><td class=\"column-2\">HAYDE\u00c9 VIRGINIA CAGLIERO <\/td><td class=\"column-3\">77<\/td><td class=\"column-4\">AV. FULVIO PAGANI 2177, ARROYITO<\/td>\n<\/tr>\n<tr class=\"row-6\">\n\t<td class=\"column-1\">20 DE JUNIO, 2022<\/td><td class=\"column-2\">IMELDA ANITA J. POZZI \"DO\u00d1A CLARA\"<\/td><td class=\"column-3\">90<\/td><td class=\"column-4\">ISMAEL BIANCHI 2092, ARROYITO<\/td>\n<\/tr>\n<tr class=\"row-7\">\n\t<td class=\"column-1\">19 DE JUNIO, 2022<\/td><td class=\"column-2\">SALOM\u00d3N GLICERIO DOM\u00cdNGUEZ \"TAT\u00cdN\"<\/td><td class=\"column-3\">75<\/td><td class=\"column-4\">24 DE SEPTIEMBRE 1195, ARROYITO<\/td>\n<\/tr>\n<tr class=\"row-8\">\n\t<td class=\"column-1\">17 DE JUNIO, 2022<\/td><td class=\"column-2\">MANUEL ALBERTO MUGAS<\/td><td class=\"column-3\">70<\/td><td class=\"column-4\">AV. PER\u00d3N 464, ARROYITO<\/td>\n<\/tr>\n<tr class=\"row-9\">\n\t<td class=\"column-1\">13 DE JUNIO, 2022<\/td><td class=\"column-2\">MAR\u00cdA CECILIA OTTERO<\/td><td class=\"column-3\">41<\/td><td class=\"column-4\">AV. FULVIO PAGANI 1750, ARROYITO<\/td>\n<\/tr>\n<tr class=\"row-10\">\n\t<td class=\"column-1\">13 DE JUNIO, 2022<\/td><td class=\"column-2\">ISABEL ANTONIA VARELA<\/td><td class=\"column-3\">71<\/td><td class=\"column-4\">FALUCHO 1455, ARROYITO<\/td>\n<\/tr>\n<tr class=\"row-11\">\n\t<td class=\"column-1\">11 DE JUNIO, 2022<\/td><td class=\"column-2\">N\u00c9STOR PEDRO BARRIONUEVO<\/td><td class=\"column-3\">67<\/td><td class=\"column-4\">AV. PTE. R\u00c1UL ALFONS\u00cdN 520, ARROYITO<\/td>\n<\/tr>\n<tr class=\"row-12\">\n\t<td class=\"column-1\">11 DE JUNIO, 2022<\/td><td class=\"column-2\">JOAQU\u00cdN OVIEDO ZAPATA<\/td><td class=\"column-3\">1<\/td><td class=\"column-4\">RICARDO ROJAS 444, ARROYITO<\/td>\n<\/tr>\n<tr class=\"row-13\">\n\t<td class=\"column-1\">7 DE JUNIO, 2022<\/td><td class=\"column-2\">HUMBERTO NATALIO FERREYRA \"TAT\u00d3N\"<\/td><td class=\"column-3\">76<\/td><td class=\"column-4\">CARLOS FAVARI 965, ARROYITO<\/td>\n<\/tr>\n<tr class=\"row-14\">\n\t<td class=\"column-1\">5 DE JUNIO, 2022<\/td><td class=\"column-2\">CELINA OLGA MASINO<\/td><td class=\"column-3\">78<\/td><td class=\"column-4\">GENERAL PAZ 685, ARROYITO<\/td>\n<\/tr>\n<tr class=\"row-15\">\n\t<td class=\"column-1\">5 DE JUNIO, 2022<\/td><td class=\"column-2\">REGINA ELISEA S\u00c1NCHEZ DE RETA \"CRISTINA\"<\/td><td class=\"column-3\">80<\/td><td class=\"column-4\">CARLOS FAVARI 935, ARROYITO<\/td>\n<\/tr>\n<tr class=\"row-16\">\n\t<td class=\"column-1\">3 DE JUNIO, 2022<\/td><td class=\"column-2\">SERGIO ALFREDO VILLAFA\u00d1E<\/td><td class=\"column-3\">52<\/td><td class=\"column-4\">12 DE OCTUBRE 271, EL FUERTECITO, ARROYITO<\/td>\n<\/tr>\n<tr class=\"row-17\">\n\t<td class=\"column-1\">2 DE JUNIO, 2022<\/td><td class=\"column-2\">OMAR RA\u00daL MACAGNO<\/td><td class=\"column-3\">75<\/td><td class=\"column-4\">AMADEO SABATTINI 1231, ARROYITO<\/td>\n<\/tr>\n<tr class=\"row-18\">\n\t<td class=\"column-1\">2 DE JUNIO, 2022<\/td><td class=\"column-2\">M\u00cdA ALEXSANDRA OLMOS RODR\u00cdGUEZ<\/td><td class=\"column-3\">11<\/td><td class=\"column-4\">PUERTO ARGENTINO 131, LA TORDILLA<\/td>\n<\/tr>\n<tr class=\"row-19\">\n\t<td class=\"column-1\">1 DE JUNIO, 2022<\/td><td class=\"column-2\">LUIS V\u00cdCTOR ALMADA \"PAKI\"<\/td><td class=\"column-3\">61<\/td><td class=\"column-4\">PEDRO NAVARRO 709, ARROYITO<\/td>\n<\/tr>\n<tr class=\"row-20\">\n\t<td class=\"column-1\">1 DE JUNIO, 2022<\/td><td class=\"column-2\">EDELVIZ JUSTINA LARIO DE MACHADO<\/td><td class=\"column-3\">79<\/td><td class=\"column-4\">ESQUI\u00da 730, ARROYITO<\/td>\n<\/tr>\n<\/tbody>\n<\/table>\n<!-- #tablepress-46 from cache -->\r\n<h2>Avisos f\u00fanebres mayo 2022<\/h2>\r\n\n<table id=\"tablepress-45\" class=\"tablepress tablepress-id-45\">\n<thead>\n<tr class=\"row-1\">\n\t<th class=\"column-1\">FECHA<\/th><th class=\"column-2\">NOMBRE Y APELLIDO<\/th><th class=\"column-3\">EDAD<\/th><th class=\"column-4\">CASA DE DUELO<\/th>\n<\/tr>\n<\/thead>\n<tbody class=\"row-striping row-hover\">\n<tr class=\"row-2\">\n\t<td class=\"column-1\">31 DE MAYO, 2022<\/td><td class=\"column-2\">\u00c9RIKA GISELA HERRERA<\/td><td class=\"column-3\">30<\/td><td class=\"column-4\">AV. PER\u00d3N 444, ARROYITO<\/td>\n<\/tr>\n<tr class=\"row-3\">\n\t<td class=\"column-1\">30 DE MAYO, 2022<\/td><td class=\"column-2\">H\u00c9LIDA AMELIA PORCHIETTO DE LUQUE <\/td><td class=\"column-3\">77<\/td><td class=\"column-4\">CONSTANCIO FRANCISCA 1859, ARROYITO<\/td>\n<\/tr>\n<tr class=\"row-4\">\n\t<td class=\"column-1\">29 DE MAYO, 2022<\/td><td class=\"column-2\">MAR\u00cdA DEL VALLE CARABAJAL DE JORDALES <\/td><td class=\"column-3\">99<\/td><td class=\"column-4\">SANTA FE 244, LA TORDILLA<\/td>\n<\/tr>\n<tr class=\"row-5\">\n\t<td class=\"column-1\">29 DE MAYO, 2022<\/td><td class=\"column-2\">OLGA SOF\u00cdA RADULOVICH<\/td><td class=\"column-3\">86<\/td><td class=\"column-4\">CORONEL \u00c1LVAREZ 816, ARROYITO<\/td>\n<\/tr>\n<tr class=\"row-6\">\n\t<td class=\"column-1\">29 DE MAYO, 2022<\/td><td class=\"column-2\">OLGA SOF\u00cdA RADULOVICH<\/td><td class=\"column-3\">86<\/td><td class=\"column-4\">CORONEL \u00c1LVAREZ 816, ARROYITO<\/td>\n<\/tr>\n<tr class=\"row-7\">\n\t<td class=\"column-1\">28 DE MAYO, 2022<\/td><td class=\"column-2\">NILDA NOEM\u00cd GONZ\u00c1LEZ \"PUCHI\"<\/td><td class=\"column-3\">50<\/td><td class=\"column-4\">AVELLANEDA 591, ARROYITO<\/td>\n<\/tr>\n<tr class=\"row-8\">\n\t<td class=\"column-1\">27 DE MAYO, 2022<\/td><td class=\"column-2\">\u00c9LIDA MAR\u00cdA BRUNO \"LA GRINGA\"<\/td><td class=\"column-3\">78<\/td><td class=\"column-4\">9 DE JULIO 262, LA TORDILLA<\/td>\n<\/tr>\n<tr class=\"row-9\">\n\t<td class=\"column-1\">25 DE MAYO, 2022<\/td><td class=\"column-2\">JUANA MERCEDES FERREYRA<\/td><td class=\"column-3\">71<\/td><td class=\"column-4\">OBISPO TREJO 949, ARROYITO<\/td>\n<\/tr>\n<tr class=\"row-10\">\n\t<td class=\"column-1\">25 DE MAYO, 2022<\/td><td class=\"column-2\">CAROLINA ELENA AREA<\/td><td class=\"column-3\">47<\/td><td class=\"column-4\">AV. BERNARDO ERB 68, ARROYITO<\/td>\n<\/tr>\n<tr class=\"row-11\">\n\t<td class=\"column-1\">24 DE MAYO, 2022<\/td><td class=\"column-2\">RENATO JUAN MEICHTRI<\/td><td class=\"column-3\">89<\/td><td class=\"column-4\">BARTOLOM\u00c9 MITRE 286, ARROYITO<\/td>\n<\/tr>\n<tr class=\"row-12\">\n\t<td class=\"column-1\">21 DE MAYO, 2022<\/td><td class=\"column-2\">TRINIDAD MOYA DE FERREYRA \"TRINI\"<\/td><td class=\"column-3\">82<\/td><td class=\"column-4\">CARLOS FAVARI 965, ARROYITO<\/td>\n<\/tr>\n<tr class=\"row-13\">\n\t<td class=\"column-1\">20 DE MAYO, 2022<\/td><td class=\"column-2\">NORMITA EDER CORNAGLIA VDA. DE CRAVERO<\/td><td class=\"column-3\">85<\/td><td class=\"column-4\">AV. ARTURO ILLIA 251, ARROYITO<\/td>\n<\/tr>\n<tr class=\"row-14\">\n\t<td class=\"column-1\">19 DE MAYO, 2022<\/td><td class=\"column-2\">VICTORIA VULECOVICH DE COMETTO \"TOTA\"<\/td><td class=\"column-3\">81<\/td><td class=\"column-4\">SARMIENTO 1254, ARROYITO<\/td>\n<\/tr>\n<tr class=\"row-15\">\n\t<td class=\"column-1\">18 DE MAYO, 2022<\/td><td class=\"column-2\">SILVIA PAOLA LUPI<\/td><td class=\"column-3\">34<\/td><td class=\"column-4\">25 DE MAYO 1914, ARROYITO<\/td>\n<\/tr>\n<tr class=\"row-16\">\n\t<td class=\"column-1\">18 DE MAYO, 2022<\/td><td class=\"column-2\">JOS\u00c9 H\u00c9CTOR VARAS<\/td><td class=\"column-3\">79<\/td><td class=\"column-4\">JULIO TABORDA VOCOS 620, ARROYITO<\/td>\n<\/tr>\n<tr class=\"row-17\">\n\t<td class=\"column-1\">18 DE MAYO, 2022<\/td><td class=\"column-2\">ANASTACIO CISTERNA<\/td><td class=\"column-3\">84<\/td><td class=\"column-4\">CARLOS FAVARI 1571, ARROYITO<\/td>\n<\/tr>\n<tr class=\"row-18\">\n\t<td class=\"column-1\">14 DE MAYO, 2022<\/td><td class=\"column-2\">RAM\u00d3N CARLOS RODR\u00cdGUEZ<\/td><td class=\"column-3\">86<\/td><td class=\"column-4\">JULIO TABORDA VOCOS 705, ARROYITO<\/td>\n<\/tr>\n<tr class=\"row-19\">\n\t<td class=\"column-1\">14 DE MAYO, 2022<\/td><td class=\"column-2\">CARLOS AMANCIO MUI\u00d1O<\/td><td class=\"column-3\">82<\/td><td class=\"column-4\">ANTONIO BALLATORE 365, ARROYITO<\/td>\n<\/tr>\n<tr class=\"row-20\">\n\t<td class=\"column-1\">8 DE MAYO, 2022<\/td><td class=\"column-2\">ALDO VICENTE VILLALBA<\/td><td class=\"column-3\">82<\/td><td class=\"column-4\">JOS\u00c9 A. VOCOS 704, ARROYITO<\/td>\n<\/tr>\n<tr class=\"row-21\">\n\t<td class=\"column-1\">8 DE MAYO, 2022<\/td><td class=\"column-2\">TERESITA OLGA AYALA<\/td><td class=\"column-3\">87<\/td><td class=\"column-4\">CONSTANCIO FRANCISCA 2084, ARROYITO<\/td>\n<\/tr>\n<tr class=\"row-22\">\n\t<td class=\"column-1\">4 DE MAYO, 2022<\/td><td class=\"column-2\">JORGE ARIEL RA\u00daL FLORES \"ENANO\"<\/td><td class=\"column-3\">44<\/td><td class=\"column-4\">RAM\u00d3N CABRERA 305, ARROYITO<\/td>\n<\/tr>\n<tr class=\"row-23\">\n\t<td class=\"column-1\">3 DE MAYO, 2022<\/td><td class=\"column-2\">NILDA TEODORA REYNOSO<\/td><td class=\"column-3\">82<\/td><td class=\"column-4\">CONSTANTE VAUDAGNA 129, LA TORDILLA<\/td>\n<\/tr>\n<\/tbody>\n<\/table>\n<!-- #tablepress-45 from cache -->\r\n<h2>Avisos f\u00fanebres abril 2022<\/h2>\r\n\n<table id=\"tablepress-44\" class=\"tablepress tablepress-id-44\">\n<thead>\n<tr class=\"row-1\">\n\t<th class=\"column-1\">FECHA<\/th><th class=\"column-2\">NOMBRE Y APELLIDO<\/th><th class=\"column-3\">EDAD<\/th><th class=\"column-4\">CASA DE DUELO<\/th>\n<\/tr>\n<\/thead>\n<tbody class=\"row-striping row-hover\">\n<tr class=\"row-2\">\n\t<td class=\"column-1\">28 DE ABRIL, 2022<\/td><td class=\"column-2\">V\u00cdCTOR HUGO RIBOTTA<\/td><td class=\"column-3\">75<\/td><td class=\"column-4\">AV. LIBERTADOR 1318, LA TORDILLA<\/td>\n<\/tr>\n<tr class=\"row-3\">\n\t<td class=\"column-1\">28 DE ABRIL, 2022<\/td><td class=\"column-2\">TOM\u00c1S RAM\u00d3N HERRERA \"BICHERA\"<\/td><td class=\"column-3\">76<\/td><td class=\"column-4\">RENATO CATURELLI 295, ARROYITO<\/td>\n<\/tr>\n<tr class=\"row-4\">\n\t<td class=\"column-1\">27 DE ABRIL, 2022<\/td><td class=\"column-2\">MIGUEL FLORENTINO MIRETTI<\/td><td class=\"column-3\">64<\/td><td class=\"column-4\">AV. FULVIO S. PAGANI 1340, ARROYITO<\/td>\n<\/tr>\n<tr class=\"row-5\">\n\t<td class=\"column-1\">25 DE ABRIL, 2022<\/td><td class=\"column-2\">SAMANTA Y\u00c9SICA CORREA<\/td><td class=\"column-3\">37<\/td><td class=\"column-4\">JOS\u00c9 QUINTELA 1076, ARROYITO<\/td>\n<\/tr>\n<tr class=\"row-6\">\n\t<td class=\"column-1\">25 DE ABRIL, 2022<\/td><td class=\"column-2\">GUSTAVO EDUARDO BOETTO<\/td><td class=\"column-3\">68<\/td><td class=\"column-4\">V\u00c9LEZ SARSFIELD 1279, ARROYITO<\/td>\n<\/tr>\n<tr class=\"row-7\">\n\t<td class=\"column-1\">25 DE ABRIL, 2022<\/td><td class=\"column-2\">ALCIDES FIORE<\/td><td class=\"column-3\">89<\/td><td class=\"column-4\">RAFAEL N\u00da\u00d1EZ 283, ARROYITO<\/td>\n<\/tr>\n<tr class=\"row-8\">\n\t<td class=\"column-1\">25 DE ABRIL, 2022<\/td><td class=\"column-2\">LUIS ALBERTO BERNARDI<\/td><td class=\"column-3\">69<\/td><td class=\"column-4\">FALUCHO 314, ARROYITO<\/td>\n<\/tr>\n<tr class=\"row-9\">\n\t<td class=\"column-1\">25 DE ABRIL, 2022<\/td><td class=\"column-2\">GUSTAVO EDUARDO BOETTO<\/td><td class=\"column-3\">68<\/td><td class=\"column-4\">V\u00c9LEZ SARSFIELD 1279, ARROYITO<\/td>\n<\/tr>\n<tr class=\"row-10\">\n\t<td class=\"column-1\">25 DE ABRIL, 2022<\/td><td class=\"column-2\">ALCIDES FIORE<\/td><td class=\"column-3\">89<\/td><td class=\"column-4\">RAFAEL N\u00da\u00d1EZ 283, ARROYITO<\/td>\n<\/tr>\n<tr class=\"row-11\">\n\t<td class=\"column-1\">25 DE ABRIL, 2022<\/td><td class=\"column-2\">LUIS ALBERTO BERNARDI<\/td><td class=\"column-3\">69<\/td><td class=\"column-4\">FALUCHO 314, ARROYITO<\/td>\n<\/tr>\n<tr class=\"row-12\">\n\t<td class=\"column-1\">24 DE ABRIL, 2022<\/td><td class=\"column-2\">JES\u00daS ELINA DE LOURDES LUQUE<\/td><td class=\"column-3\">86<\/td><td class=\"column-4\">PE\u00d1ALOZA 1262, ARROYITO<\/td>\n<\/tr>\n<tr class=\"row-13\">\n\t<td class=\"column-1\">23 DE ABRIL, 2022<\/td><td class=\"column-2\">JUAN JOS\u00c9 GONELLA<\/td><td class=\"column-3\">20<\/td><td class=\"column-4\">JOS\u00c9 QUINTELA 1890, ARROYITO<\/td>\n<\/tr>\n<tr class=\"row-14\">\n\t<td class=\"column-1\">22 DE ABRIL, 2022<\/td><td class=\"column-2\">IRMA DEL VALLE AYALA<\/td><td class=\"column-3\">89<\/td><td class=\"column-4\">BELGRANO 2142, ARROYITO<\/td>\n<\/tr>\n<tr class=\"row-15\">\n\t<td class=\"column-1\">21 DE ABRIL, 2022<\/td><td class=\"column-2\">PEDRO SANTO VALENTTI<\/td><td class=\"column-3\">72<\/td><td class=\"column-4\">RAFAEL BIANCHI 1467, ARROYITO<\/td>\n<\/tr>\n<tr class=\"row-16\">\n\t<td class=\"column-1\">20 DE ABRIL, 2022<\/td><td class=\"column-2\">ESTELA ISIDORA BORLETTO DE TESIO<\/td><td class=\"column-3\">94<\/td><td class=\"column-4\">ROQUE S\u00c1ENZ PE\u00d1A 342, ARROYITO<\/td>\n<\/tr>\n<tr class=\"row-17\">\n\t<td class=\"column-1\">16 DE ABRIL, 2022<\/td><td class=\"column-2\">FERNANDO RAM\u00d3N SOSA<\/td><td class=\"column-3\">58<\/td><td class=\"column-4\">VICENTE AG\u00dcERO 519, JES\u00daS MAR\u00cdA (C\u00d3RDOBA)<\/td>\n<\/tr>\n<tr class=\"row-18\">\n\t<td class=\"column-1\">14 DE ABRIL, 2022<\/td><td class=\"column-2\">IDELSO HILARIO VILLOSIO \"LALO\"<\/td><td class=\"column-3\">88<\/td><td class=\"column-4\">ROQUE S\u00c1ENZ PE\u00d1A 666, ARROYITO<\/td>\n<\/tr>\n<tr class=\"row-19\">\n\t<td class=\"column-1\">11 DE ABRIL, 2022<\/td><td class=\"column-2\">LIDEL ADELA MEURZET DE BARBERIS \"LITA\"<\/td><td class=\"column-3\">88<\/td><td class=\"column-4\">AV. LIBERTADOR 138, LA TORDILLA<\/td>\n<\/tr>\n<tr class=\"row-20\">\n\t<td class=\"column-1\">11 DE ABRIL, 2022<\/td><td class=\"column-2\">ALBERTO GREGORIO VARELA<\/td><td class=\"column-3\">88<\/td><td class=\"column-4\">HUMBERTO PRIMO 268, LA TORDILLA<\/td>\n<\/tr>\n<tr class=\"row-21\">\n\t<td class=\"column-1\">10 DE ABRIL, 2022<\/td><td class=\"column-2\">MAR\u00cdA CARMEN OLIVA DE TOLEDO<\/td><td class=\"column-3\">69<\/td><td class=\"column-4\">C\u00d3RDOBA 274, LA TORDILLA<\/td>\n<\/tr>\n<tr class=\"row-22\">\n\t<td class=\"column-1\">9 DE ABRIL, 2022<\/td><td class=\"column-2\">MAR\u00cdA CRISTINA GIM\u00c9NEZ<\/td><td class=\"column-3\">76<\/td><td class=\"column-4\">CRISTOBAL COL\u00d3N 1052, ARROYITO<\/td>\n<\/tr>\n<tr class=\"row-23\">\n\t<td class=\"column-1\">8 DE ABRIL, 2022<\/td><td class=\"column-2\">ADA LAURA DEL CARMEN RU\u00cdZ DE GALGANI \"BEBY\"<\/td><td class=\"column-3\">83<\/td><td class=\"column-4\">RAFAEL N\u00da\u00d1EZ 102, ARROYITO<\/td>\n<\/tr>\n<tr class=\"row-24\">\n\t<td class=\"column-1\">5 DE ABRIL, 2022<\/td><td class=\"column-2\">LAUREANO LE\u00d3NIDAS S\u00c1NCHEZ<\/td><td class=\"column-3\">79<\/td><td class=\"column-4\">AV. MANUEL SERRA 1041, ARROYITO<\/td>\n<\/tr>\n<tr class=\"row-25\">\n\t<td class=\"column-1\">4 DE ABRIL, 2022<\/td><td class=\"column-2\">JOSEFINA EMMA LE\u00d3N GATTINO<\/td><td class=\"column-3\">95<\/td><td class=\"column-4\">AV. MARIANO MORENO 895, ARROYITO<\/td>\n<\/tr>\n<tr class=\"row-26\">\n\t<td class=\"column-1\">2 DE ABRIL, 2022<\/td><td class=\"column-2\">ELENA JU\u00c1REZ DE SOSA<\/td><td class=\"column-3\">70<\/td><td class=\"column-4\">AMOS QUIJADA 1984, ARROYITO<\/td>\n<\/tr>\n<\/tbody>\n<\/table>\n<!-- #tablepress-44 from cache -->\r\n<h2>Avisos f\u00fanebres marzo 2022<\/h2>\r\n\n<table id=\"tablepress-43\" class=\"tablepress tablepress-id-43\">\n<thead>\n<tr class=\"row-1\">\n\t<th class=\"column-1\">FECHA<\/th><th class=\"column-2\">NOMBRE Y APELLIDO<\/th><th class=\"column-3\">EDAD<\/th><th class=\"column-4\">CASA DE DUELO<\/th>\n<\/tr>\n<\/thead>\n<tbody class=\"row-striping row-hover\">\n<tr class=\"row-2\">\n\t<td class=\"column-1\">29 DE MARZO, 2022<\/td><td class=\"column-2\">LUIS ORCAR ALG\u00dcELLO OLGU\u00cdN<\/td><td class=\"column-3\">71<\/td><td class=\"column-4\">HUMBERTO PRIMO S\/N, LA TORDILLA<\/td>\n<\/tr>\n<tr class=\"row-3\">\n\t<td class=\"column-1\">27 DE MARZO, 2022<\/td><td class=\"column-2\">TERECITA DEL PILAR GODOY DE GIRALDI<\/td><td class=\"column-3\">71<\/td><td class=\"column-4\">VICENTA R\u00cdOS DE VOCOS 1941, ARROYITO<\/td>\n<\/tr>\n<tr class=\"row-4\">\n\t<td class=\"column-1\">26 DE MARZO, 2022<\/td><td class=\"column-2\">JES\u00daS DEL TR\u00c1NSITO RODR\u00cdGUEZ<\/td><td class=\"column-3\">71<\/td><td class=\"column-4\">TUCUM\u00c1N 209, LA TORDILLA<\/td>\n<\/tr>\n<tr class=\"row-5\">\n\t<td class=\"column-1\">24 DE MARZO, 2022<\/td><td class=\"column-2\">MAR\u00cdA ELSA MANSILLAS<\/td><td class=\"column-3\">92<\/td><td class=\"column-4\">JOS\u00c9 DE BARBERIS 557, ARROYITO<\/td>\n<\/tr>\n<tr class=\"row-6\">\n\t<td class=\"column-1\">20 DE MARZO, 2022<\/td><td class=\"column-2\">FACUNDO ALMADA<\/td><td class=\"column-3\">23<\/td><td class=\"column-4\">BELGRANO 1855, ARROYITO<\/td>\n<\/tr>\n<tr class=\"row-7\">\n\t<td class=\"column-1\">18 DE MARZO, 2022<\/td><td class=\"column-2\">GRACIELA DEL VALLE ALMADA DE JAIME<\/td><td class=\"column-3\">62<\/td><td class=\"column-4\">AV. MARCIAL VAUDAGNA 705, ARROYITO<\/td>\n<\/tr>\n<tr class=\"row-8\">\n\t<td class=\"column-1\">17 DE MARZO, 2022<\/td><td class=\"column-2\">HONORIO MADERO \"LALA\"<\/td><td class=\"column-3\">96<\/td><td class=\"column-4\">JOS\u00c9 QUINTELA 1142, ARROYITO<\/td>\n<\/tr>\n<tr class=\"row-9\">\n\t<td class=\"column-1\">16 DE MARZO, 2022<\/td><td class=\"column-2\">EUFEMIA BENTURA PIZARRO<\/td><td class=\"column-3\">96<\/td><td class=\"column-4\">CASEROS 179, ARROYITO<\/td>\n<\/tr>\n<tr class=\"row-10\">\n\t<td class=\"column-1\">14 DE MARZO, 2022<\/td><td class=\"column-2\">JUAN DE DIOS SOSA<\/td><td class=\"column-3\">72<\/td><td class=\"column-4\">AV. PTE. RA\u00daL R. ALFONS\u00cdN 285, ARROYITO<\/td>\n<\/tr>\n<tr class=\"row-11\">\n\t<td class=\"column-1\">13 DE MARZO, 2022<\/td><td class=\"column-2\">ALICIA GLADIS CASTILLO<\/td><td class=\"column-3\">65<\/td><td class=\"column-4\">CANTAMALA 141, EL FUERTECITO, ARROYITO<\/td>\n<\/tr>\n<tr class=\"row-12\">\n\t<td class=\"column-1\">13 DE MARZO, 2022<\/td><td class=\"column-2\">RICARDO JOS\u00c9 MAIDANA<\/td><td class=\"column-3\">66<\/td><td class=\"column-4\">IGNACIO RIPOLL 275, ARROYITO<\/td>\n<\/tr>\n<tr class=\"row-13\">\n\t<td class=\"column-1\">13 DE MARZO, 2022<\/td><td class=\"column-2\">RICARDO JOS\u00c9 MAIDANA<\/td><td class=\"column-3\">66<\/td><td class=\"column-4\">IGNACIO RIPOLL 275, ARROYITO<\/td>\n<\/tr>\n<tr class=\"row-14\">\n\t<td class=\"column-1\">13 DE MARZO, 2022<\/td><td class=\"column-2\">ROSARIO RAM\u00d3N OCHOA<\/td><td class=\"column-3\">84<\/td><td class=\"column-4\">OSVALDO NAVARRO 991, ARROYITO<\/td>\n<\/tr>\n<tr class=\"row-15\">\n\t<td class=\"column-1\">10 DE MARZO, 2022<\/td><td class=\"column-2\">RITA CONCEPCI\u00d3N73 SOSA DE BITOCHI<\/td><td class=\"column-3\">84<\/td><td class=\"column-4\">JOS\u00c9 A. VOCOS 1092, ARROYITO<\/td>\n<\/tr>\n<tr class=\"row-16\">\n\t<td class=\"column-1\">8 DE MARZO, 2022<\/td><td class=\"column-2\">DALMIRA BENITA GUTI\u00c9RREZ<\/td><td class=\"column-3\">84<\/td><td class=\"column-4\">ZONA RURAL, COLONIA LAS PICHANAS<\/td>\n<\/tr>\n<tr class=\"row-17\">\n\t<td class=\"column-1\">8 DE MARZO, 2022<\/td><td class=\"column-2\">ELVA DE LAS MERCEDES MURATURE<\/td><td class=\"column-3\">71<\/td><td class=\"column-4\">A. BALLATORE 1936, ARROYITO<\/td>\n<\/tr>\n<tr class=\"row-18\">\n\t<td class=\"column-1\">7 DE MARZO, 2022<\/td><td class=\"column-2\">TOM\u00c1S ALBERTO VILLALOBO \"EL CABEZ\u00d3N\"<\/td><td class=\"column-3\">66<\/td><td class=\"column-4\">CASEROS 448, ARROYITO<\/td>\n<\/tr>\n<tr class=\"row-19\">\n\t<td class=\"column-1\">2 DE MARZO, 2022<\/td><td class=\"column-2\">PAOLA CECILIA VILLALOBO \"LA PANTU\"<\/td><td class=\"column-3\">40<\/td><td class=\"column-4\">CASEROS 448, ARROYITO<\/td>\n<\/tr>\n<tr class=\"row-20\">\n\t<td class=\"column-1\">2 DE MARZO, 2022<\/td><td class=\"column-2\">MAR\u00cdA DEL CARMEN PERALTA<\/td><td class=\"column-3\">62<\/td><td class=\"column-4\">JOS\u00c9 QUINTELA 827, ARROYITO<\/td>\n<\/tr>\n<tr class=\"row-21\">\n\t<td class=\"column-1\">2 DE MARZO, 2022<\/td><td class=\"column-2\">GRACIELA NOEM\u00cd MOLINO DE BECCERRA<\/td><td class=\"column-3\">65<\/td><td class=\"column-4\">ALMAFUERTE 661, ARROYITO<\/td>\n<\/tr>\n<\/tbody>\n<\/table>\n<!-- #tablepress-43 from cache -->\r\n<h2>Avisos f\u00fanebres febrero 2022<\/h2>\r\n\n<table id=\"tablepress-42\" class=\"tablepress tablepress-id-42\">\n<thead>\n<tr class=\"row-1\">\n\t<th class=\"column-1\">FECHA<\/th><th class=\"column-2\">NOMBRE Y APELLIDO<\/th><th class=\"column-3\">EDAD<\/th><th class=\"column-4\">CASA DE DUELO<\/th>\n<\/tr>\n<\/thead>\n<tbody class=\"row-striping row-hover\">\n<tr class=\"row-2\">\n\t<td class=\"column-1\">28 DE FEBRERO, 2022<\/td><td class=\"column-2\">JONATHAN JOEL MOYANO<\/td><td class=\"column-3\">29<\/td><td class=\"column-4\">AV. MANUEL SERRA 835, ARROYITO<\/td>\n<\/tr>\n<tr class=\"row-3\">\n\t<td class=\"column-1\">26 DE FEBRERO, 2022<\/td><td class=\"column-2\">ISABEL TERESITA SARTORIS<\/td><td class=\"column-3\">78<\/td><td class=\"column-4\">RIVADAVIA 174, ARROYITO<\/td>\n<\/tr>\n<tr class=\"row-4\">\n\t<td class=\"column-1\">19 DE FEBRERO, 2022<\/td><td class=\"column-2\">PILAR VENANCIA S\u00c1NCHEZ DE URQU\u00cdA<\/td><td class=\"column-3\">84<\/td><td class=\"column-4\">ANTONIO BALLATORE 1912, ARROYITO<\/td>\n<\/tr>\n<tr class=\"row-5\">\n\t<td class=\"column-1\">18 DE FEBRERO, 2022<\/td><td class=\"column-2\">MARIO GUSTAVO MOLINERIS \"EL BARBA\"<\/td><td class=\"column-3\">63<\/td><td class=\"column-4\">BARTOLOM\u00c9 MITRE 461, ARROYITO<\/td>\n<\/tr>\n<tr class=\"row-6\">\n\t<td class=\"column-1\">16 DE FEBRERO, 2022<\/td><td class=\"column-2\">AMABLE ZUS DE FONTANA<\/td><td class=\"column-3\">90<\/td><td class=\"column-4\">CRISTOBAL COL\u00d3N 1959, ARROYITO<\/td>\n<\/tr>\n<tr class=\"row-7\">\n\t<td class=\"column-1\">14 DE FEBRERO, 2022<\/td><td class=\"column-2\">JUAN CARLOS CONTRERAS<\/td><td class=\"column-3\">67<\/td><td class=\"column-4\">ZONA RURAL S\/N, TORO PUJIO<\/td>\n<\/tr>\n<tr class=\"row-8\">\n\t<td class=\"column-1\">13 DE FEBRERO, 2022<\/td><td class=\"column-2\">CONSTANTINO EDELMER FAVRO<\/td><td class=\"column-3\">81<\/td><td class=\"column-4\">G\u00dcEMES 349, ARROYITO<\/td>\n<\/tr>\n<tr class=\"row-9\">\n\t<td class=\"column-1\">12 DE FEBRERO, 2022<\/td><td class=\"column-2\">AMANDA LILA PUCHETA<\/td><td class=\"column-3\">94<\/td><td class=\"column-4\">AV. LEANDRO N. ALEM 693, ARROYITO<\/td>\n<\/tr>\n<tr class=\"row-10\">\n\t<td class=\"column-1\">10 DE FEBRERO, 2022<\/td><td class=\"column-2\">IV\u00c1N BADINO<\/td><td class=\"column-3\">40<\/td><td class=\"column-4\">GENERAL PAZ 1561, ARROYITO<\/td>\n<\/tr>\n<tr class=\"row-11\">\n\t<td class=\"column-1\">9 DE FEBRERO, 2022<\/td><td class=\"column-2\">JUAN CARLOS G\u00d3MEZ \"CHE G\u00d3MEZ\"<\/td><td class=\"column-3\">83<\/td><td class=\"column-4\">HUMBERTO PRIMO 944, LA TORDILLA<\/td>\n<\/tr>\n<tr class=\"row-12\">\n\t<td class=\"column-1\">9 DE FEBRERO, 2022<\/td><td class=\"column-2\">\u00cdTALO MART\u00cdN LEMOS<\/td><td class=\"column-3\">81<\/td><td class=\"column-4\">L\u00d3PEZ Y PLANES 1750, ARROYITO<\/td>\n<\/tr>\n<tr class=\"row-13\">\n\t<td class=\"column-1\">4 DE FEBRERO, 2022<\/td><td class=\"column-2\">OSCAR HORACIO LENCINAS<\/td><td class=\"column-3\">79<\/td><td class=\"column-4\">PE\u00d1ALOZA 854, ARROYITO<\/td>\n<\/tr>\n<tr class=\"row-14\">\n\t<td class=\"column-1\">2 DE FEBRERO, 2022<\/td><td class=\"column-2\">GERARDO PASTOR D\u00cdAZ \"PIRINCHO\"<\/td><td class=\"column-3\">82<\/td><td class=\"column-4\">J. J. DE URQUIZA 1059, ARROYITO<\/td>\n<\/tr>\n<\/tbody>\n<\/table>\n<!-- #tablepress-42 from cache -->\r\n<h2>Avisos f\u00fanebres enero 2022<\/h2>\r\n\n<table id=\"tablepress-41\" class=\"tablepress tablepress-id-41\">\n<thead>\n<tr class=\"row-1\">\n\t<th class=\"column-1\">FECHA<\/th><th class=\"column-2\">NOMBRE Y APELLIDO<\/th><th class=\"column-3\">EDAD<\/th><th class=\"column-4\">CASA DE DUELO<\/th>\n<\/tr>\n<\/thead>\n<tbody class=\"row-striping row-hover\">\n<tr class=\"row-2\">\n\t<td class=\"column-1\">31 DE ENERO, 2022<\/td><td class=\"column-2\">IGNACIO H\u00c9CTOR PERALTA \"COCO\"<\/td><td class=\"column-3\">78<\/td><td class=\"column-4\">AV. JOS\u00c9 BOETTO 175, ARROYITO<\/td>\n<\/tr>\n<tr class=\"row-3\">\n\t<td class=\"column-1\">31 DE ENERO, 2022<\/td><td class=\"column-2\">CELUDIA FIORE<\/td><td class=\"column-3\">92<\/td><td class=\"column-4\">ESPA\u00d1A 355, ARROYITO<\/td>\n<\/tr>\n<tr class=\"row-4\">\n\t<td class=\"column-1\">29 DE ENERO, 2022<\/td><td class=\"column-2\">NILDA IN\u00c9S MURINA DE DADURI\u00c1N<\/td><td class=\"column-3\">87<\/td><td class=\"column-4\">RAFAEL BIANCHI 546, ARROYITO<\/td>\n<\/tr>\n<tr class=\"row-5\">\n\t<td class=\"column-1\">28 DE ENERO, 2022<\/td><td class=\"column-2\">ROSA FERREYRA<\/td><td class=\"column-3\">73<\/td><td class=\"column-4\">DOMINGO CIANCIA 456, ARROYITO<\/td>\n<\/tr>\n<tr class=\"row-6\">\n\t<td class=\"column-1\">28 DE ENERO, 2022<\/td><td class=\"column-2\">RICARDO CARLOS R\u00cdOS \"EL GORDO R\u00cdOS\"<\/td><td class=\"column-3\">66<\/td><td class=\"column-4\">TOM\u00c1S JU\u00c1REZ 1294, ARROYITO<\/td>\n<\/tr>\n<tr class=\"row-7\">\n\t<td class=\"column-1\">27 DE ENERO, 2022<\/td><td class=\"column-2\">JORGE RAM\u00d3N ARRIETA<\/td><td class=\"column-3\">56<\/td><td class=\"column-4\">BELGRANO 1672, LA TORDILLA<\/td>\n<\/tr>\n<tr class=\"row-8\">\n\t<td class=\"column-1\">26 DE ENERO, 2022<\/td><td class=\"column-2\">JULIO C\u00c9SAR ORTIZ<\/td><td class=\"column-3\">56<\/td><td class=\"column-4\">AV. ARTURO ILLIA 1005, ARROYITO<\/td>\n<\/tr>\n<tr class=\"row-9\">\n\t<td class=\"column-1\">26 DE ENERO, 2022<\/td><td class=\"column-2\">HUMBERTO NICOL\u00c1S MORALES<\/td><td class=\"column-3\">68<\/td><td class=\"column-4\">ZONA RURAL S\/N, EL FUERTECITO, ARROYITO<\/td>\n<\/tr>\n<tr class=\"row-10\">\n\t<td class=\"column-1\">26 DE ENERO, 2022<\/td><td class=\"column-2\">ANDREA ROSSANA BORIS<\/td><td class=\"column-3\">51<\/td><td class=\"column-4\">PUEYRRED\u00d3N 791, ARROYITO<\/td>\n<\/tr>\n<tr class=\"row-11\">\n\t<td class=\"column-1\">25 DE ENERO, 2022<\/td><td class=\"column-2\">ALBERTO HUGO \u00d1\u00c1\u00d1EZ<\/td><td class=\"column-3\">65<\/td><td class=\"column-4\">AV. LEANDRO N. ALEM 680, ARROYITO<\/td>\n<\/tr>\n<tr class=\"row-12\">\n\t<td class=\"column-1\">25 DE ENERO, 2022<\/td><td class=\"column-2\">RAM\u00d3N ALONSO SILVA<\/td><td class=\"column-3\">96<\/td><td class=\"column-4\">URQUIZA 952, ARROYITO<\/td>\n<\/tr>\n<tr class=\"row-13\">\n\t<td class=\"column-1\">22 DE ENERO, 2022<\/td><td class=\"column-2\">PABLO AQUILINO GUERRA \"CHURULO\"<\/td><td class=\"column-3\">75<\/td><td class=\"column-4\">ROSALINO CUELLO 650, ARROYITO<\/td>\n<\/tr>\n<tr class=\"row-14\">\n\t<td class=\"column-1\">22 DE ENERO, 2022<\/td><td class=\"column-2\">REN\u00c9 FRANCISCO BENEDETTE<\/td><td class=\"column-3\">63<\/td><td class=\"column-4\">AVELLANEDA 460, ARROYITO<\/td>\n<\/tr>\n<tr class=\"row-15\">\n\t<td class=\"column-1\">22 DE ENERO, 2022<\/td><td class=\"column-2\">REN\u00c9 FRANCISCO BENEDETTE<\/td><td class=\"column-3\">63<\/td><td class=\"column-4\">AVELLANEDA 460, ARROYITO<\/td>\n<\/tr>\n<tr class=\"row-16\">\n\t<td class=\"column-1\">22 DE ENERO, 2022<\/td><td class=\"column-2\">MAR\u00cdA SERBELIANA BENITA LESCANO \"NIN\u00cd\"<\/td><td class=\"column-3\">85<\/td><td class=\"column-4\">C\u00d3RDOBA 254, LA TORDILLA<\/td>\n<\/tr>\n<tr class=\"row-17\">\n\t<td class=\"column-1\">20 DE ENERO, 2022<\/td><td class=\"column-2\">SAVINA RITA CABRERA<\/td><td class=\"column-3\">78<\/td><td class=\"column-4\">SARMIENTO 322, ARROYITO<\/td>\n<\/tr>\n<tr class=\"row-18\">\n\t<td class=\"column-1\">18 DE ENERO, 2022<\/td><td class=\"column-2\">MALENA SOLEDAD PAREDES \"MALE\"<\/td><td class=\"column-3\">45<\/td><td class=\"column-4\">AV. MARCELINO BERNARDI 464, ARROYITO<\/td>\n<\/tr>\n<tr class=\"row-19\">\n\t<td class=\"column-1\">17 DE ENERO, 2022<\/td><td class=\"column-2\">DARDO DANIEL MONGE \"CHANCH\u00cdN\"<\/td><td class=\"column-3\">34<\/td><td class=\"column-4\">AVELLANEDA 620, ARROYITO<\/td>\n<\/tr>\n<tr class=\"row-20\">\n\t<td class=\"column-1\">16 DE ENERO, 2022<\/td><td class=\"column-2\">N\u00c9LIDA ALFREDA MANASSERO DE GALLO<\/td><td class=\"column-3\">86<\/td><td class=\"column-4\">SAN MART\u00cdN 1091, ARROYITO<\/td>\n<\/tr>\n<tr class=\"row-21\">\n\t<td class=\"column-1\">16 DE ENERO, 2022<\/td><td class=\"column-2\">ESTELA AIDA CHAMB\u00d3N<\/td><td class=\"column-3\">73<\/td><td class=\"column-4\">ITUZAING\u00d3 742, ARROYITO<\/td>\n<\/tr>\n<tr class=\"row-22\">\n\t<td class=\"column-1\">15 DE ENERO, 2022<\/td><td class=\"column-2\">ISABEL ELISA LARIO<\/td><td class=\"column-3\">73<\/td><td class=\"column-4\">AMADEO SABATTINI 1225, ARROYITO<\/td>\n<\/tr>\n<tr class=\"row-23\">\n\t<td class=\"column-1\">15 DE ENERO, 2022<\/td><td class=\"column-2\">DYLAN FRANCISCO ALMADA \"HUEVITO\"<\/td><td class=\"column-3\">10<\/td><td class=\"column-4\">JOS\u00c9 QUINTELA 2031, ARROYITO<\/td>\n<\/tr>\n<tr class=\"row-24\">\n\t<td class=\"column-1\">14 DE ENERO, 2022<\/td><td class=\"column-2\">DELMIRA MAGDALENA FENOGLIO<\/td><td class=\"column-3\">81<\/td><td class=\"column-4\">JOS\u00c9 A. VOCOS 568, ARROYITO<\/td>\n<\/tr>\n<tr class=\"row-25\">\n\t<td class=\"column-1\">14 DE ENERO, 2022<\/td><td class=\"column-2\">NORMA ESTER LENCINAS<\/td><td class=\"column-3\">77<\/td><td class=\"column-4\">PTE. RA\u00daL R. ALFONS\u00cdN 278, ARROYITO<\/td>\n<\/tr>\n<tr class=\"row-26\">\n\t<td class=\"column-1\">13 DE ENERO, 2022<\/td><td class=\"column-2\">DIONISIO JUAN ROGGERO<\/td><td class=\"column-3\">84<\/td><td class=\"column-4\">RAFAEL BIANCHI 759, ARROYITO<\/td>\n<\/tr>\n<tr class=\"row-27\">\n\t<td class=\"column-1\">12 DE ENERO, 2022<\/td><td class=\"column-2\">JOSEFINA ROSA BROCHERO<\/td><td class=\"column-3\">67<\/td><td class=\"column-4\">DOMINGO CIANCIA 396, ARROYITO<\/td>\n<\/tr>\n<tr class=\"row-28\">\n\t<td class=\"column-1\">12 DE ENERO, 2022<\/td><td class=\"column-2\">PABLO IGNACIO ROMERO \"POROTO\"<\/td><td class=\"column-3\">78<\/td><td class=\"column-4\">AV. PTE. RA\u00daL R. ALFONS\u00cdN 178, ARROYITO<\/td>\n<\/tr>\n<tr class=\"row-29\">\n\t<td class=\"column-1\">11 DE ENERO, 2022<\/td><td class=\"column-2\">NELY HONORINA GENNARO DE RUATTA<\/td><td class=\"column-3\">87<\/td><td class=\"column-4\">AV. LIBERTADOR 1469, LA TORDILLA<\/td>\n<\/tr>\n<tr class=\"row-30\">\n\t<td class=\"column-1\">11 DE ENERO, 2022<\/td><td class=\"column-2\">JOS\u00c9 ALBERTO LEMOS \"BETO\"<\/td><td class=\"column-3\">69<\/td><td class=\"column-4\">TOM\u00c1S JU\u00c1REZ 1156, ARROYITO<\/td>\n<\/tr>\n<tr class=\"row-31\">\n\t<td class=\"column-1\">7 DE ENERO, 2022<\/td><td class=\"column-2\">RAM\u00d3N ELVIO LUCERO \"EL COCO\"<\/td><td class=\"column-3\">78<\/td><td class=\"column-4\">JOS\u00c9 A. VOCOS 814, ARROYITO<\/td>\n<\/tr>\n<tr class=\"row-32\">\n\t<td class=\"column-1\">6 DE ENERO, 2022<\/td><td class=\"column-2\">ZULEMA ROSA JUNCOS DE VILLAFA\u00d1E<\/td><td class=\"column-3\">81<\/td><td class=\"column-4\">12 DE OCTUBRE 271, EL FUERTECITO, ARROYITO<\/td>\n<\/tr>\n<tr class=\"row-33\">\n\t<td class=\"column-1\">3 DE ENERO, 2022<\/td><td class=\"column-2\">JUAN CARLOS NIZ<\/td><td class=\"column-3\">78<\/td><td class=\"column-4\">SARGENTO CABRAL 368, ARROYITO<\/td>\n<\/tr>\n<tr class=\"row-34\">\n\t<td class=\"column-1\">3 DE ENERO, 2022<\/td><td class=\"column-2\">CARLOS DEL VALLE BARRIONUEVO<\/td><td class=\"column-3\">74<\/td><td class=\"column-4\">9 DE JULIO 1258, ARROYITO<\/td>\n<\/tr>\n<tr class=\"row-35\">\n\t<td class=\"column-1\">2 DE ENERO, 2022<\/td><td class=\"column-2\">\u00c1NGEL ANTONIO DELGADO \"CHICHI\"<\/td><td class=\"column-3\">76<\/td><td class=\"column-4\">AV. ILLIA 1225, ARROYITO<\/td>\n<\/tr>\n<tr class=\"row-36\">\n\t<td class=\"column-1\">1 DE ENERO, 2022<\/td><td class=\"column-2\">ROM\u00c1N ADOLFO ECHEGARAY<\/td><td class=\"column-3\">83<\/td><td class=\"column-4\">RIVADAVIA 1480, ARROYITO<\/td>\n<\/tr>\n<\/tbody>\n<\/table>\n<!-- #tablepress-41 from cache -->\r\n<h2>Avisos f\u00fanebres diciembre 2021<\/h2>\r\n\n<table id=\"tablepress-40\" class=\"tablepress tablepress-id-40\">\n<thead>\n<tr class=\"row-1\">\n\t<th class=\"column-1\">FECHA<\/th><th class=\"column-2\">NOMBRE Y APELLIDO<\/th><th class=\"column-3\">EDAD<\/th><th class=\"column-4\">CASA DE DUELO<\/th>\n<\/tr>\n<\/thead>\n<tbody class=\"row-striping row-hover\">\n<tr class=\"row-2\">\n\t<td class=\"column-1\">30 DE DICIEMBRE 2021<\/td><td class=\"column-2\">MAFALDA T. TURINO DE ALLAMANDRI<\/td><td class=\"column-3\">91<\/td><td class=\"column-4\">AV. CARLOS PONT\u00cdN 967, ARROYITO<\/td>\n<\/tr>\n<tr class=\"row-3\">\n\t<td class=\"column-1\">28 DE DICIEMBRE 2021<\/td><td class=\"column-2\">MAR\u00cdA EUGENIA TABORDA \"PEBA\"<\/td><td class=\"column-3\">85<\/td><td class=\"column-4\">BAHALLAT HUBAIDE 538, ARROYITO<\/td>\n<\/tr>\n<tr class=\"row-4\">\n\t<td class=\"column-1\">23 DE DICIEMBRE 2021<\/td><td class=\"column-2\">LAURA ESTHER FUNES<\/td><td class=\"column-3\">59<\/td><td class=\"column-4\">ROQUE S\u00c1ENZ PE\u00d1A 1175, ARROYITO<\/td>\n<\/tr>\n<tr class=\"row-5\">\n\t<td class=\"column-1\">22 DE DICIEMBRE 2021<\/td><td class=\"column-2\">JOS\u00c9 HIP\u00d3LITO GONZ\u00c1LEZ<\/td><td class=\"column-3\">89<\/td><td class=\"column-4\">FALUCHO 805, ARROYITO<\/td>\n<\/tr>\n<tr class=\"row-6\">\n\t<td class=\"column-1\">22 DE DICIEMBRE 2021<\/td><td class=\"column-2\">TITO DOMINGO ANTONIO CERINO<\/td><td class=\"column-3\">88<\/td><td class=\"column-4\">BELGRANO 756, ARROYITO<\/td>\n<\/tr>\n<tr class=\"row-7\">\n\t<td class=\"column-1\">20 DE DICIEMBRE 2021<\/td><td class=\"column-2\">GLADIS NOEM\u00cd SANTILL\u00c1N DE ROMERO<\/td><td class=\"column-3\">69<\/td><td class=\"column-4\">ANTONIO BALLATORE 1920, ARROYITO<\/td>\n<\/tr>\n<tr class=\"row-8\">\n\t<td class=\"column-1\">18 DE DICIEMBRE 2021<\/td><td class=\"column-2\">EUGENIA SZCZECKO DE LEWCZUK<\/td><td class=\"column-3\">83<\/td><td class=\"column-4\">CASTRO BARROS 1465, ARROYITO<\/td>\n<\/tr>\n<tr class=\"row-9\">\n\t<td class=\"column-1\">17 DE DICIEMBRE 2021<\/td><td class=\"column-2\">LUIS H\u00c9CTOR GUTI\u00c9RREZ<\/td><td class=\"column-3\">73<\/td><td class=\"column-4\">RAMONA PALACIOS 200, EL FUERTECITO, ARROYITO<\/td>\n<\/tr>\n<tr class=\"row-10\">\n\t<td class=\"column-1\">13 DE DICIEMBRE 2021<\/td><td class=\"column-2\">SANTIAGO CONTRERAS<\/td><td class=\"column-3\">95<\/td><td class=\"column-4\">AV. MARCIAL VAUDAGNA 847, ARROYITO<\/td>\n<\/tr>\n<tr class=\"row-11\">\n\t<td class=\"column-1\">8 DE DICIEMBRE 2021<\/td><td class=\"column-2\">SOCORRO MARGARITA MAIDANA<\/td><td class=\"column-3\">85<\/td><td class=\"column-4\">VICENTE ORELLANO 1159, ARROYITO<\/td>\n<\/tr>\n<tr class=\"row-12\">\n\t<td class=\"column-1\">5 DE DICIEMBRE 2021<\/td><td class=\"column-2\">FRANCISCA ROSA VIVA<\/td><td class=\"column-3\">90<\/td><td class=\"column-4\">VICENTA R\u00cdOS DE VOCOS 1245, ARROYITO<\/td>\n<\/tr>\n<tr class=\"row-13\">\n\t<td class=\"column-1\">4 DE DICIEMBRE 2021<\/td><td class=\"column-2\">EMMA OTTERO DE BALBO<\/td><td class=\"column-3\">81<\/td><td class=\"column-4\">MANUEL TRILLO 634, ARROYITO<\/td>\n<\/tr>\n<tr class=\"row-14\">\n\t<td class=\"column-1\">4 DE DICIEMBRE 2021<\/td><td class=\"column-2\">RICARDO ALFREDO CONTRERAS<\/td><td class=\"column-3\">62<\/td><td class=\"column-4\">AV. DALLE MURA 1433, ARROYITO<\/td>\n<\/tr>\n<tr class=\"row-15\">\n\t<td class=\"column-1\">2 DE DICIEMBRE 2021<\/td><td class=\"column-2\">ALEJO VALENT\u00cdN BUSTO<\/td><td class=\"column-3\">13<\/td><td class=\"column-4\">PEDRO NAVARRO 935, ARROYITO<\/td>\n<\/tr>\n<\/tbody>\n<\/table>\n<!-- #tablepress-40 from cache -->\r\n<h2>Avisos f\u00fanebres noviembre 2021<\/h2>\r\n\n<table id=\"tablepress-39\" class=\"tablepress tablepress-id-39\">\n<thead>\n<tr class=\"row-1\">\n\t<th class=\"column-1\">FECHA<\/th><th class=\"column-2\">NOMBRE Y APELLIDO<\/th><th class=\"column-3\">EDAD<\/th><th class=\"column-4\">CASA DE DUELO<\/th>\n<\/tr>\n<\/thead>\n<tbody class=\"row-striping row-hover\">\n<tr class=\"row-2\">\n\t<td class=\"column-1\">30 DE NOVIEMBRE, 2021<\/td><td class=\"column-2\">EDUARDO FAUSTO FUNES \"PANCHO\"<\/td><td class=\"column-3\">63<\/td><td class=\"column-4\">OLGA SOL\u00cdS 1973, ARROYITO<\/td>\n<\/tr>\n<tr class=\"row-3\">\n\t<td class=\"column-1\">29 DE NOVIEMBRE, 2021<\/td><td class=\"column-2\">NORBERTO EDUARDO SOSA<\/td><td class=\"column-3\">63<\/td><td class=\"column-4\">JOS\u00c9 DE BARBERIS 432, ARROYITO<\/td>\n<\/tr>\n<tr class=\"row-4\">\n\t<td class=\"column-1\">27 DE NOVIEMBRE, 2021<\/td><td class=\"column-2\">ROSA HORTELINA CERESOLE<\/td><td class=\"column-3\">75<\/td><td class=\"column-4\">OBISPO TREJO 769, ARROYITO<\/td>\n<\/tr>\n<tr class=\"row-5\">\n\t<td class=\"column-1\">27 DE NOVIEMBRE, 2021<\/td><td class=\"column-2\">ANA PAULA LEMOS SMIT<\/td><td class=\"column-3\">21<\/td><td class=\"column-4\">RAM\u00d3N CABRERA 474, ARROYITO<\/td>\n<\/tr>\n<tr class=\"row-6\">\n\t<td class=\"column-1\">26 DE NOVIEMBRE, 2021<\/td><td class=\"column-2\">ANTONIO ELVIO RAM\u00cdREZ<\/td><td class=\"column-3\">72<\/td><td class=\"column-4\">PJE. FRENCH Y BERUTTI 441, ARROYITO<\/td>\n<\/tr>\n<tr class=\"row-7\">\n\t<td class=\"column-1\">23 DE NOVIEMBRE, 2021<\/td><td class=\"column-2\">H\u00c9CTOR BLAS BERNARDI<\/td><td class=\"column-3\">74<\/td><td class=\"column-4\">CONCEJAL ISIDRO BOVO 171, TR\u00c1NSITO<\/td>\n<\/tr>\n<tr class=\"row-8\">\n\t<td class=\"column-1\">23 DE NOVIEMBRE, 2021<\/td><td class=\"column-2\">OSVALDO MARCELO OLOCCO<\/td><td class=\"column-3\">86<\/td><td class=\"column-4\">25 DE MAYO 1557, ARROYITO<\/td>\n<\/tr>\n<tr class=\"row-9\">\n\t<td class=\"column-1\">23 DE NOVIEMBRE, 2021<\/td><td class=\"column-2\">ALEX EMANUEL LEMOS \"EL CHINO\"<\/td><td class=\"column-3\">17<\/td><td class=\"column-4\">RICARDO BOETTO 141, ARROYITO<\/td>\n<\/tr>\n<tr class=\"row-10\">\n\t<td class=\"column-1\">22 DE NOVIEMBRE, 2021<\/td><td class=\"column-2\">MAR\u00cdA TERESA MARIONI DE SAVATERO<\/td><td class=\"column-3\">83<\/td><td class=\"column-4\">PUEYRRED\u00d3N 836, ARROYITO<\/td>\n<\/tr>\n<tr class=\"row-11\">\n\t<td class=\"column-1\">17 DE NOVIEMBRE, 2021<\/td><td class=\"column-2\">ROSA IN\u00c9S GUY\u00d3N \"PICHONA\"<\/td><td class=\"column-3\">78<\/td><td class=\"column-4\">IGNACIO URQU\u00cdA 1105, ARROYITO<\/td>\n<\/tr>\n<tr class=\"row-12\">\n\t<td class=\"column-1\">15 DE NOVIEMBRE, 2021<\/td><td class=\"column-2\">JUAN CARLOS CISTERNA<\/td><td class=\"column-3\">68<\/td><td class=\"column-4\">ZONA RURAL S\/N, TR\u00c1NSITO<\/td>\n<\/tr>\n<tr class=\"row-13\">\n\t<td class=\"column-1\">13 DE NOVIEMBRE, 2021<\/td><td class=\"column-2\">JUAN CARLOS OLMOS<\/td><td class=\"column-3\">63<\/td><td class=\"column-4\">LIBERTAD 754, PILAR (C\u00d3RDOBA)<\/td>\n<\/tr>\n<tr class=\"row-14\">\n\t<td class=\"column-1\">11 DE NOVIEMBRE, 2021<\/td><td class=\"column-2\">JUANA DORA ROMERO DE ROLD\u00c1N<\/td><td class=\"column-3\">91<\/td><td class=\"column-4\">AVELLANEDA 356 ARROYITO<\/td>\n<\/tr>\n<tr class=\"row-15\">\n\t<td class=\"column-1\">11 DE NOVIEMBRE, 2021<\/td><td class=\"column-2\">LOLA JUANA SOSA \"JUANITA\"<\/td><td class=\"column-3\">86<\/td><td class=\"column-4\">CAMINO A SACANTA S\/N, ARROYITO<\/td>\n<\/tr>\n<tr class=\"row-16\">\n\t<td class=\"column-1\">9 DE NOVIEMBRE, 2021<\/td><td class=\"column-2\">LUIS LORETO SCHIAVONI \"COCO\"<\/td><td class=\"column-3\">88<\/td><td class=\"column-4\">SARMIENTO 530, ARROYITO<\/td>\n<\/tr>\n<tr class=\"row-17\">\n\t<td class=\"column-1\">8 DE NOVIEMBRE, 2021<\/td><td class=\"column-2\">RAM\u00d3N JOAQU\u00cdN GUTI\u00c9RREZ <\/td><td class=\"column-3\">72<\/td><td class=\"column-4\">JULIO TABORDA VOCOS 708, ARROYITO<\/td>\n<\/tr>\n<tr class=\"row-18\">\n\t<td class=\"column-1\">6 DE NOVIEMBRE, 2021<\/td><td class=\"column-2\">ROQUE RAM\u00d3N MOYA <\/td><td class=\"column-3\">83<\/td><td class=\"column-4\">CANTAMALA 305, EL FUERTECITO, ARROYITO<\/td>\n<\/tr>\n<tr class=\"row-19\">\n\t<td class=\"column-1\">5 DE NOVIEMBRE, 2021<\/td><td class=\"column-2\">GRACIELA JOSEFA CHIOTASSO DE LUPI<\/td><td class=\"column-3\">68<\/td><td class=\"column-4\">NISASIO YANEZ 1335, ARROYITO<\/td>\n<\/tr>\n<tr class=\"row-20\">\n\t<td class=\"column-1\">5 DE NOVIEMBRE, 2021<\/td><td class=\"column-2\">JOS\u00c9 ANTONIO AMAYA<\/td><td class=\"column-3\">78<\/td><td class=\"column-4\">TOM\u00c1S JU\u00c1REZ 418, ARROYITO<\/td>\n<\/tr>\n<tr class=\"row-21\">\n\t<td class=\"column-1\">3 DE NOVIEMBRE, 2021<\/td><td class=\"column-2\">OSCAR PABLO MILANO<\/td><td class=\"column-3\">75<\/td><td class=\"column-4\">OSVALDO NAVARRO 957, ARROYITO<\/td>\n<\/tr>\n<tr class=\"row-22\">\n\t<td class=\"column-1\">2 DE NOVIEMBRE, 2021<\/td><td class=\"column-2\">MERCEDES AIDE\u00c9 ROJAS DE LUCERO<\/td><td class=\"column-3\">95<\/td><td class=\"column-4\">ESQUI\u00da 706, ARROYITO<\/td>\n<\/tr>\n<\/tbody>\n<\/table>\n<!-- #tablepress-39 from cache -->\r\n<h2>Avisos f\u00fanebres octubre 2021<\/h2>\r\n\n<table id=\"tablepress-38\" class=\"tablepress tablepress-id-38\">\n<thead>\n<tr class=\"row-1\">\n\t<th class=\"column-1\">FECHA<\/th><th class=\"column-2\">NOMBRE Y APELLIDO<\/th><th class=\"column-3\">EDAD<\/th><th class=\"column-4\">CASA DE DUELO<\/th>\n<\/tr>\n<\/thead>\n<tbody class=\"row-striping row-hover\">\n<tr class=\"row-2\">\n\t<td class=\"column-1\">31 DE OCTUBRE<\/td><td class=\"column-2\">PEDRO ENRIQUE AMAYA<\/td><td class=\"column-3\">78<\/td><td class=\"column-4\">SANTA FE S\/N, LA TORDILLA<\/td>\n<\/tr>\n<tr class=\"row-3\">\n\t<td class=\"column-1\">24 DE OCTUBRE<\/td><td class=\"column-2\">MAR\u00cdA CATALINA PAVESE DE MAGGI \"TITA\"<\/td><td class=\"column-3\">84<\/td><td class=\"column-4\">SAN MART\u00cdN 906, ARROYITO<\/td>\n<\/tr>\n<tr class=\"row-4\">\n\t<td class=\"column-1\">23 DE OCTUBRE<\/td><td class=\"column-2\">ROSA EUCLIDES URQU\u00cdA DE S\u00c1NCHEZ<\/td><td class=\"column-3\">73<\/td><td class=\"column-4\">P\u00cdNDARO LUDUE\u00d1A 624, ARROYITO<\/td>\n<\/tr>\n<tr class=\"row-5\">\n\t<td class=\"column-1\">23 DE OCTUBRE<\/td><td class=\"column-2\">EDILBERTO CRUZ PINEDA<\/td><td class=\"column-3\">48<\/td><td class=\"column-4\">AV. ARTURO ILLIA 416, ARROYITO<\/td>\n<\/tr>\n<tr class=\"row-6\">\n\t<td class=\"column-1\">18 DE OCTUBRE<\/td><td class=\"column-2\">ILDA IN\u00c9S TRUCCO DE MARCELINO<\/td><td class=\"column-3\">91<\/td><td class=\"column-4\">AV. LIBERTADOR 1036, LA TORDILLA<\/td>\n<\/tr>\n<tr class=\"row-7\">\n\t<td class=\"column-1\">18 DE OCTUBRE<\/td><td class=\"column-2\">NICOL\u00c1S DARDO HUBAIDE \"EL GRINGO\"<\/td><td class=\"column-3\">78<\/td><td class=\"column-4\">ANTONIO BALLATORE 1983, ARROYITO<\/td>\n<\/tr>\n<tr class=\"row-8\">\n\t<td class=\"column-1\">16 DE OCTUBRE<\/td><td class=\"column-2\">FERRERO RA\u00daL VICENTE <\/td><td class=\"column-3\">63<\/td><td class=\"column-4\">RAFAEL BIANCHI 1455, ARROYITO<\/td>\n<\/tr>\n<tr class=\"row-9\">\n\t<td class=\"column-1\">14 DE OCTUBRE<\/td><td class=\"column-2\">N\u00c9STOR GABRIEL BAZ\u00c1N \"EL GRINGO C\u00d3RDOBA\"<\/td><td class=\"column-3\">52<\/td><td class=\"column-4\">MARIO SEVESO 688, ARROYITO<\/td>\n<\/tr>\n<tr class=\"row-10\">\n\t<td class=\"column-1\">14 DE OCTUBRE<\/td><td class=\"column-2\">MERCEDES ADELA SOSA<\/td><td class=\"column-3\">72<\/td><td class=\"column-4\">ISA\u00cdAS VARGAS 110, ARROYITO<\/td>\n<\/tr>\n<tr class=\"row-11\">\n\t<td class=\"column-1\">14 DE OCTUBRE<\/td><td class=\"column-2\">NILDA TERESITA JU\u00c1REZ<\/td><td class=\"column-3\">74<\/td><td class=\"column-4\">AV. MARCELINO BERNARDI 1644, ARROYITO<\/td>\n<\/tr>\n<tr class=\"row-12\">\n\t<td class=\"column-1\">13 DE OCTUBRE<\/td><td class=\"column-2\">JOSEFA FIORE DE ABRATTE<\/td><td class=\"column-3\">92<\/td><td class=\"column-4\">9 DE JULIO 217, ARROYITO<\/td>\n<\/tr>\n<tr class=\"row-13\">\n\t<td class=\"column-1\">13 DE OCTUBRE<\/td><td class=\"column-2\">SUSANA ALBINA AMUCH\u00c1STEGUI<\/td><td class=\"column-3\">66<\/td><td class=\"column-4\">ALMAFUERTE 365, ARROYITO<\/td>\n<\/tr>\n<tr class=\"row-14\">\n\t<td class=\"column-1\">12 DE OCTUBRE<\/td><td class=\"column-2\">\u00c1NGELA RAMONA RAMOS<\/td><td class=\"column-3\">80<\/td><td class=\"column-4\">ENRIQUE CARRATAL\u00c1 323, ARROYITO<\/td>\n<\/tr>\n<tr class=\"row-15\">\n\t<td class=\"column-1\">12 DE OCTUBRE<\/td><td class=\"column-2\">JES\u00daS RA\u00daL OCHOA \"CHAPO\"<\/td><td class=\"column-3\">73<\/td><td class=\"column-4\">RICARDO BOETTO 315, ARROYITO<\/td>\n<\/tr>\n<tr class=\"row-16\">\n\t<td class=\"column-1\">7 DE OCTUBRE<\/td><td class=\"column-2\">LYDIA MABEL OJEDA<\/td><td class=\"column-3\">83<\/td><td class=\"column-4\">ANTONIO BALLATORE 1244, EL FUERTECITO, ARROYITO<\/td>\n<\/tr>\n<tr class=\"row-17\">\n\t<td class=\"column-1\">6 DE OCTUBRE<\/td><td class=\"column-2\">MAR\u00cdA ESTHER ZAFFAL\u00d3N DE BAZ\u00c1N<\/td><td class=\"column-3\">81<\/td><td class=\"column-4\">ALICIA R. DE COMBA 753, EL FUERTECITO, ARROYITO<\/td>\n<\/tr>\n<tr class=\"row-18\">\n\t<td class=\"column-1\">4 DE OCTUBRE<\/td><td class=\"column-2\">N\u00c9STOR OSVALDO BETANCOURT<\/td><td class=\"column-3\">73<\/td><td class=\"column-4\">PUEYRRED\u00d3N 759, ARROYITO<\/td>\n<\/tr>\n<\/tbody>\n<\/table>\n<!-- #tablepress-38 from cache -->\r\n<h2>Avisos f\u00fanebres septiembre 2021<\/h2>\r\n\n<table id=\"tablepress-37\" class=\"tablepress tablepress-id-37\">\n<thead>\n<tr class=\"row-1\">\n\t<th class=\"column-1\">FECHA<\/th><th class=\"column-2\">NOMBRE Y APELLIDO<\/th><th class=\"column-3\">EDAD<\/th><th class=\"column-4\">CASA DE DUELO<\/th>\n<\/tr>\n<\/thead>\n<tbody class=\"row-striping row-hover\">\n<tr class=\"row-2\">\n\t<td class=\"column-1\">30 DE SEPTIEMBRE, 2021<\/td><td class=\"column-2\">ADRIANA ALEJANDRA RETA<\/td><td class=\"column-3\">58<\/td><td class=\"column-4\">CASEROS 370, ARROYITO<\/td>\n<\/tr>\n<tr class=\"row-3\">\n\t<td class=\"column-1\">26 DE SEPTIEMBRE, 2021<\/td><td class=\"column-2\">JOS\u00c9 MAR\u00cdA GAET\u00c1N<\/td><td class=\"column-3\">67<\/td><td class=\"column-4\">AMADEO SABATTINI 1325 ARROYITO<\/td>\n<\/tr>\n<tr class=\"row-4\">\n\t<td class=\"column-1\">24 DE SEPTIEMBRE, 2021<\/td><td class=\"column-2\">MAR\u00cdA ROSA OCHOA DE ROMERO<\/td><td class=\"column-3\">74<\/td><td class=\"column-4\">RA\u00daL ALFONS\u00cdN 178, ARROYITO<\/td>\n<\/tr>\n<tr class=\"row-5\">\n\t<td class=\"column-1\">23 DE SEPTIEMBRE, 2021<\/td><td class=\"column-2\">IDIOLINDA DEL CARMEN MONTENEGRO<\/td><td class=\"column-3\">88<\/td><td class=\"column-4\">25 DE MAYO 1233, ARROYITO<\/td>\n<\/tr>\n<tr class=\"row-6\">\n\t<td class=\"column-1\">21 DE SEPTIEMBRE, 2021<\/td><td class=\"column-2\">GABRIEL MARINO AMUCH\u00c1STEGUI \"CHASTI\"<\/td><td class=\"column-3\">52<\/td><td class=\"column-4\">RICARDO ROJAS 452, ARROYITO<\/td>\n<\/tr>\n<tr class=\"row-7\">\n\t<td class=\"column-1\">20 DE SEPTIEMBRE, 2021<\/td><td class=\"column-2\">LUC\u00cdA ELSA MASINO DE COMETTO<\/td><td class=\"column-3\">88<\/td><td class=\"column-4\">GENERAL PAZ 679, ARROYITO<\/td>\n<\/tr>\n<tr class=\"row-8\">\n\t<td class=\"column-1\">20 DE SEPTIEMBRE, 2021<\/td><td class=\"column-2\">JORGE OTILIO MANSILLA \"COCO\"<\/td><td class=\"column-3\">89<\/td><td class=\"column-4\">ALICIA R. DE COMBA 697, EL FUERTECITO, ARROYITO<\/td>\n<\/tr>\n<tr class=\"row-9\">\n\t<td class=\"column-1\">20 DE SEPTIEMBRE, 2021<\/td><td class=\"column-2\">JUAN MAR\u00cdA BERNARDI<\/td><td class=\"column-3\">42<\/td><td class=\"column-4\">9 DE JULIO 42, ARROYITO<\/td>\n<\/tr>\n<tr class=\"row-10\">\n\t<td class=\"column-1\">18 DE SEPTIEMBRE, 2021<\/td><td class=\"column-2\">MAR\u00cdA SEVERINA GAIDO<\/td><td class=\"column-3\">93<\/td><td class=\"column-4\">GENERAL PAZ 754, ARROYITO<\/td>\n<\/tr>\n<tr class=\"row-11\">\n\t<td class=\"column-1\">18 DE SEPTIEMBRE, 2021<\/td><td class=\"column-2\">JORGE MART\u00cdN ARGARBE<\/td><td class=\"column-3\">68<\/td><td class=\"column-4\">URQUIZA 1265, ARROYITO<\/td>\n<\/tr>\n<tr class=\"row-12\">\n\t<td class=\"column-1\">17 DE SEPTIEMBRE, 2021<\/td><td class=\"column-2\">AUGUSTO JOS\u00c9 PIOVANO<\/td><td class=\"column-3\">91<\/td><td class=\"column-4\">VICENTA R\u00cdOS DE VOCOS 1503, ARROYITO<\/td>\n<\/tr>\n<tr class=\"row-13\">\n\t<td class=\"column-1\">16 DE SEPTIEMBRE, 2021<\/td><td class=\"column-2\">ANTONIO MARIANO MEICHTRI<\/td><td class=\"column-3\">83<\/td><td class=\"column-4\">BARTOLOM\u00c9 MITRE 280, ARROYITO<\/td>\n<\/tr>\n<tr class=\"row-14\">\n\t<td class=\"column-1\">16 DE SEPTIEMBRE, 2021<\/td><td class=\"column-2\">IRMA ODELCIA GIGENA<\/td><td class=\"column-3\">72<\/td><td class=\"column-4\">ANTONIO BALLATORE 274, ARROYITO<\/td>\n<\/tr>\n<tr class=\"row-15\">\n\t<td class=\"column-1\">15 DE SEPTIEMBRE, 2021<\/td><td class=\"column-2\">IRMA M. LOVERA DE PAULETTO<\/td><td class=\"column-3\">81<\/td><td class=\"column-4\">CARLOS FAVARI 675, ARROYITO<\/td>\n<\/tr>\n<tr class=\"row-16\">\n\t<td class=\"column-1\">14 DE SEPTIEMBRE, 2021<\/td><td class=\"column-2\">FERNANDO ARIEL BOARINO<\/td><td class=\"column-3\">45<\/td><td class=\"column-4\">SAN MART\u00cdN 768, ARROYITO<\/td>\n<\/tr>\n<tr class=\"row-17\">\n\t<td class=\"column-1\">12 DE SEPTIEMBRE, 2021<\/td><td class=\"column-2\">MIRTA DEL VALLE ORTIZ<\/td><td class=\"column-3\">67<\/td><td class=\"column-4\">G\u00dcEMES 103, ARROYITO<\/td>\n<\/tr>\n<tr class=\"row-18\">\n\t<td class=\"column-1\">11 DE SEPTIEMBRE, 2021<\/td><td class=\"column-2\">BERNARDINA A. TOSSEN DE LUQUIERI<\/td><td class=\"column-3\">97<\/td><td class=\"column-4\">LAVALLE 199, ARROYITO<\/td>\n<\/tr>\n<tr class=\"row-19\">\n\t<td class=\"column-1\">10 DE SEPTIEMBRE, 2021<\/td><td class=\"column-2\">PEDRO FRANCISCO GAIDA<\/td><td class=\"column-3\">76<\/td><td class=\"column-4\">JES\u00daS AREA 331, ARROYITO<\/td>\n<\/tr>\n<tr class=\"row-20\">\n\t<td class=\"column-1\">7 DE SEPTIEMBRE, 2021<\/td><td class=\"column-2\">MERCEDES TERESA B\u00c1EZ DE SOSA<\/td><td class=\"column-3\">75<\/td><td class=\"column-4\">BARTOLOM\u00c9 MITRE 493, ARROYITO<\/td>\n<\/tr>\n<tr class=\"row-21\">\n\t<td class=\"column-1\">5 DE SEPTIEMBRE, 2021<\/td><td class=\"column-2\">IRENE \u00c1NGELA BAIGORRIA<\/td><td class=\"column-3\">65<\/td><td class=\"column-4\">VICENTE ORELLANO 867, ARROYITO<\/td>\n<\/tr>\n<tr class=\"row-22\">\n\t<td class=\"column-1\">5 DE SEPTIEMBRE, 2021<\/td><td class=\"column-2\">JUAN JOS\u00c9 RODR\u00cdGUEZ<\/td><td class=\"column-3\">66<\/td><td class=\"column-4\">TUCUM\u00c1N 209, LA TORDILLA<\/td>\n<\/tr>\n<\/tbody>\n<\/table>\n<!-- #tablepress-37 from cache -->\r\n<h2>Avisos f\u00fanebres agosto 2021<\/h2>\r\n\n<table id=\"tablepress-36\" class=\"tablepress tablepress-id-36\">\n<thead>\n<tr class=\"row-1\">\n\t<th class=\"column-1\">FECHA<\/th><th class=\"column-2\">NOMBRE Y APELLIDO<\/th><th class=\"column-3\">EDAD<\/th><th class=\"column-4\">CASA DE DUELO<\/th>\n<\/tr>\n<\/thead>\n<tbody class=\"row-striping row-hover\">\n<tr class=\"row-2\">\n\t<td class=\"column-1\">31 DE AGOSTO, 2021<\/td><td class=\"column-2\">MIRTA ROSA JENSEN<\/td><td class=\"column-3\">62<\/td><td class=\"column-4\">AV. ARTURO ILLIA 358, TR\u00c1NSITO<\/td>\n<\/tr>\n<tr class=\"row-3\">\n\t<td class=\"column-1\">31 DE AGOSTO, 2021<\/td><td class=\"column-2\">AMADA ELISA RUIZ<\/td><td class=\"column-3\">98<\/td><td class=\"column-4\">AV. MANUEL SERRA 1642, ARROYITO<\/td>\n<\/tr>\n<tr class=\"row-4\">\n\t<td class=\"column-1\">29 DE AGOSTO, 2021<\/td><td class=\"column-2\">MARIO REN\u00c9 VOCOS<\/td><td class=\"column-3\">47<\/td><td class=\"column-4\">ZONA RURAL, ARROYITO<\/td>\n<\/tr>\n<tr class=\"row-5\">\n\t<td class=\"column-1\">24 DE AGOSTO, 2021<\/td><td class=\"column-2\">EMMA DEL ROSARIO MATTIOLI \"ROSARITO\"<\/td><td class=\"column-3\">66<\/td><td class=\"column-4\">GENERAL PAZ 247, ARROYITO<\/td>\n<\/tr>\n<tr class=\"row-6\">\n\t<td class=\"column-1\">24 DE AGOSTO, 2021<\/td><td class=\"column-2\">NORMA BEATRIZ FERREYRA<\/td><td class=\"column-3\">52<\/td><td class=\"column-4\">MIGUEL VAUDAGNA 345, LA TORDILLA<\/td>\n<\/tr>\n<tr class=\"row-7\">\n\t<td class=\"column-1\">23 DE AGOSTO, 2021<\/td><td class=\"column-2\">JUAN BAUTISTA PEIRETTI<\/td><td class=\"column-3\">73<\/td><td class=\"column-4\">AMADEO SABATTINI 1239, ARROYITO<\/td>\n<\/tr>\n<tr class=\"row-8\">\n\t<td class=\"column-1\">22 DE AGOSTO, 2021<\/td><td class=\"column-2\">MAR\u00cdA ESTHER RIVA DE CAPRA<\/td><td class=\"column-3\">96<\/td><td class=\"column-4\">CORONEL \u00c1LVAREZ 1237, ARROYITO<\/td>\n<\/tr>\n<tr class=\"row-9\">\n\t<td class=\"column-1\">22 DE AGOSTO, 2021<\/td><td class=\"column-2\">DANY ALBERTO RINAUDO<\/td><td class=\"column-3\">57<\/td><td class=\"column-4\">AV. FULVIO PAGANI 945, ARROYITO<\/td>\n<\/tr>\n<tr class=\"row-10\">\n\t<td class=\"column-1\">18 DE AGOSTO, 2021<\/td><td class=\"column-2\">NIGELIA DEL CARMEN RUGGERI<\/td><td class=\"column-3\">85<\/td><td class=\"column-4\">MARIO SEVESO 936, ARROYITO<\/td>\n<\/tr>\n<tr class=\"row-11\">\n\t<td class=\"column-1\">17 DE AGOSTO, 2021<\/td><td class=\"column-2\">SILVESTRE WALDINO FAR\u00cdAS <\/td><td class=\"column-3\">83<\/td><td class=\"column-4\">CASTRO BARROS 1491, ARROYITO<\/td>\n<\/tr>\n<tr class=\"row-12\">\n\t<td class=\"column-1\">17 DE AGOSTO, 2021<\/td><td class=\"column-2\">CARLOS ALBERTO MENDOZA <\/td><td class=\"column-3\">61<\/td><td class=\"column-4\">FALUCHO 572, ARROYITO<\/td>\n<\/tr>\n<tr class=\"row-13\">\n\t<td class=\"column-1\">16 DE AGOSTO, 2021<\/td><td class=\"column-2\">DELMI ROSAL\u00cdA BARBERIS DE SOLA<\/td><td class=\"column-3\">91<\/td><td class=\"column-4\">ROQUE S\u00c1ENZ PE\u00d1A 64, ARROYITO<\/td>\n<\/tr>\n<tr class=\"row-14\">\n\t<td class=\"column-1\">15 DE AGOSTO, 2021<\/td><td class=\"column-2\">EDUARDO ZACAR\u00cdAS JU\u00c1REZ \"LALI\"<\/td><td class=\"column-3\">74<\/td><td class=\"column-4\">BELGRANO 1656, ARROYITO<\/td>\n<\/tr>\n<tr class=\"row-15\">\n\t<td class=\"column-1\">15 DE AGOSTO, 2021<\/td><td class=\"column-2\">JOS\u00c9 ALBERTO AG\u00dcERO<\/td><td class=\"column-3\">81<\/td><td class=\"column-4\">8 DE JULIO 1405, ARROYITO<\/td>\n<\/tr>\n<tr class=\"row-16\">\n\t<td class=\"column-1\">14 DE AGOSTO, 2021<\/td><td class=\"column-2\">IRMA MERCEDES LERDA DE BERTONE<\/td><td class=\"column-3\">94<\/td><td class=\"column-4\">ITALIA 34, ARROYITO<\/td>\n<\/tr>\n<tr class=\"row-17\">\n\t<td class=\"column-1\">12 DE AGOSTO, 2021<\/td><td class=\"column-2\">SANTIAGO ENRIQUE JU\u00c1REZ<\/td><td class=\"column-3\">74<\/td><td class=\"column-4\">JOS\u00c9 QUINTELA 1827, ARROYITO<\/td>\n<\/tr>\n<tr class=\"row-18\">\n\t<td class=\"column-1\">9 DE AGOSTO, 2021<\/td><td class=\"column-2\">JOS\u00c9 ARMANDO LEDESMA<\/td><td class=\"column-3\">63<\/td><td class=\"column-4\">NICASIO YANEZ 528, ARROYITO<\/td>\n<\/tr>\n<tr class=\"row-19\">\n\t<td class=\"column-1\">8 DE AGOSTO, 2021<\/td><td class=\"column-2\">NORMA MAFALDA FRANCO DE \u00c1LVAREZ<\/td><td class=\"column-3\">82<\/td><td class=\"column-4\">HUMBERTO PRIMO 1311, LA TORDILLA<\/td>\n<\/tr>\n<tr class=\"row-20\">\n\t<td class=\"column-1\">8 DE AGOSTO, 2021<\/td><td class=\"column-2\">MIGUEL \u00c1NGEL LOZANO<\/td><td class=\"column-3\">66<\/td><td class=\"column-4\">DOMINGO CIANCIA 851, ARROYITO<\/td>\n<\/tr>\n<tr class=\"row-21\">\n\t<td class=\"column-1\">7 DE AGOSTO, 2021<\/td><td class=\"column-2\">SEVERA N\u00c9LIDA ESTER TABORDA<\/td><td class=\"column-3\">76<\/td><td class=\"column-4\">LOS CEIBOS S\/N, TORO PUJIO<\/td>\n<\/tr>\n<tr class=\"row-22\">\n\t<td class=\"column-1\">5 DE AGOSTO, 2021<\/td><td class=\"column-2\">DOLI ROSA ZALAZAR<\/td><td class=\"column-3\">72<\/td><td class=\"column-4\">8 DE SEPTIEMBRE 244, LA TORDILLA<\/td>\n<\/tr>\n<tr class=\"row-23\">\n\t<td class=\"column-1\">4 DE AGOSTO, 2021<\/td><td class=\"column-2\">ORLANDO N\u00c9STOR MOCCI<\/td><td class=\"column-3\">66<\/td><td class=\"column-4\">AV. MARCIAL VAUDAGNA 1417, ARROYITO<\/td>\n<\/tr>\n<tr class=\"row-24\">\n\t<td class=\"column-1\">3 DE AGOSTO, 2021<\/td><td class=\"column-2\">ORLANDO N\u00c9STOR MOCCI<\/td><td class=\"column-3\">66<\/td><td class=\"column-4\">AV. MARCIAL VAUDAGNA 1417, ARROYITO<\/td>\n<\/tr>\n<tr class=\"row-25\">\n\t<td class=\"column-1\">3 DE AGOSTO, 2021<\/td><td class=\"column-2\">FRANCISCA IRMA D\u00cdAZ DE SOSA<\/td><td class=\"column-3\">79<\/td><td class=\"column-4\">CORONEL \u00c1LVAREZ 956, ARROYITO<\/td>\n<\/tr>\n<tr class=\"row-26\">\n\t<td class=\"column-1\">2 DE AGOSTO, 2021<\/td><td class=\"column-2\">MARGARITA JUANA ALVADO DE S\u00c1NCHEZ<\/td><td class=\"column-3\">77<\/td><td class=\"column-4\">AV ARTURO ILLIA 347, ARROYITO<\/td>\n<\/tr>\n<\/tbody>\n<\/table>\n<!-- #tablepress-36 from cache -->\r\n<h2>Avisos f\u00fanebres julio 2021<\/h2>\r\n\n<table id=\"tablepress-35\" class=\"tablepress tablepress-id-35\">\n<thead>\n<tr class=\"row-1\">\n\t<th class=\"column-1\">FECHA<\/th><th class=\"column-2\">NOMBRE Y APELLIDO<\/th><th class=\"column-3\">EDAD<\/th><th class=\"column-4\">CASA DE DUELO<\/th>\n<\/tr>\n<\/thead>\n<tbody class=\"row-striping row-hover\">\n<tr class=\"row-2\">\n\t<td class=\"column-1\">27 DE JULIO, 2021<\/td><td class=\"column-2\">FELISA NILDA TUNINETTI DE BERNARDI<\/td><td class=\"column-3\">86<\/td><td class=\"column-4\">SAN MART\u00cdN 1035, ARROYITO<\/td>\n<\/tr>\n<tr class=\"row-3\">\n\t<td class=\"column-1\">27 DE JULIO, 2021<\/td><td class=\"column-2\">RA\u00daL GREGORIO JUNCOS<\/td><td class=\"column-3\">75<\/td><td class=\"column-4\">AV. MARCIAL VAUDAGNA 336, ARROYITO<\/td>\n<\/tr>\n<tr class=\"row-4\">\n\t<td class=\"column-1\">26 DE JULIO, 2021<\/td><td class=\"column-2\">ROBERTO MAIDANA<\/td><td class=\"column-3\">81<\/td><td class=\"column-4\">DEAN FUNES 1420, ARROYITO<\/td>\n<\/tr>\n<tr class=\"row-5\">\n\t<td class=\"column-1\">26 DE JULIO, 2021<\/td><td class=\"column-2\">RAMONA JES\u00daS PONCE DE ANGULO \"POROTA\"<\/td><td class=\"column-3\">69<\/td><td class=\"column-4\">SAN MART\u00cdN 371, LA TORDILLA<\/td>\n<\/tr>\n<tr class=\"row-6\">\n\t<td class=\"column-1\">25 DE JULIO, 2021<\/td><td class=\"column-2\">SARA ROSAL\u00cdA GUEVARA<\/td><td class=\"column-3\">76<\/td><td class=\"column-4\">CONRADO DIEZ 1342, ARROYITO<\/td>\n<\/tr>\n<tr class=\"row-7\">\n\t<td class=\"column-1\">23 DE JULIO, 2021<\/td><td class=\"column-2\">MIGUEL \u00c1NGEL CITRONI<\/td><td class=\"column-3\">78<\/td><td class=\"column-4\">JOS\u00c9 GIM\u00c9NEZ LAGOS 789, ARROYITO<\/td>\n<\/tr>\n<tr class=\"row-8\">\n\t<td class=\"column-1\">23 DE JULIO, 2021<\/td><td class=\"column-2\">VIVIANA ESTER AGUIRRE<\/td><td class=\"column-3\">59<\/td><td class=\"column-4\">DEAN FUNES 1334, ARROYITO<\/td>\n<\/tr>\n<tr class=\"row-9\">\n\t<td class=\"column-1\">19 DE JULIO, 2021<\/td><td class=\"column-2\">OLGA S\u00c1NCHEZ<\/td><td class=\"column-3\">90<\/td><td class=\"column-4\">CARLOS MALDINI 451, ARROYITO<\/td>\n<\/tr>\n<tr class=\"row-10\">\n\t<td class=\"column-1\">17 DE JULIO, 2021<\/td><td class=\"column-2\">JUAN JOS\u00c9 OREGLIA<\/td><td class=\"column-3\">56<\/td><td class=\"column-4\">25 DE MAYO 292, EL T\u00cdO<\/td>\n<\/tr>\n<tr class=\"row-11\">\n\t<td class=\"column-1\">17 DE JULIO, 2021<\/td><td class=\"column-2\">CRISTINA FISSOLO DE BONETTO<\/td><td class=\"column-3\">64<\/td><td class=\"column-4\">9 DE JULIO 1218, ARROYITO<\/td>\n<\/tr>\n<tr class=\"row-12\">\n\t<td class=\"column-1\">16 DE JULIO, 2021<\/td><td class=\"column-2\">ANSELMO ELADIO CARENA<\/td><td class=\"column-3\">77<\/td><td class=\"column-4\">OBISPO TREJO 860, ARROYITO<\/td>\n<\/tr>\n<tr class=\"row-13\">\n\t<td class=\"column-1\">16 DE JULIO, 2021<\/td><td class=\"column-2\">RAMONA JUANA CARNERO DE TORREZ<\/td><td class=\"column-3\">73<\/td><td class=\"column-4\">MODESTO MARANZANA 474, ARROYITO<\/td>\n<\/tr>\n<tr class=\"row-14\">\n\t<td class=\"column-1\">16 DE JULIO, 2021<\/td><td class=\"column-2\">ESTHER MERCEDES ZAMORA DE ACEVEDO<\/td><td class=\"column-3\">81<\/td><td class=\"column-4\">ALFONSO LOMBARDI 454, ARROYITO<\/td>\n<\/tr>\n<tr class=\"row-15\">\n\t<td class=\"column-1\">15 DE JULIO, 2021<\/td><td class=\"column-2\">ALICIA ADRIANA LUQUE<\/td><td class=\"column-3\">65<\/td><td class=\"column-4\">24 DE SEPTIEMBRE 871, ARROYITO<\/td>\n<\/tr>\n<tr class=\"row-16\">\n\t<td class=\"column-1\">14 DE JULIO, 2021<\/td><td class=\"column-2\">RAM\u00d3N IGNACIO RODR\u00cdGUEZ<\/td><td class=\"column-3\">73<\/td><td class=\"column-4\">DEAN FUNES 1236, ARROYITO<\/td>\n<\/tr>\n<tr class=\"row-17\">\n\t<td class=\"column-1\">13 DE JULIO, 2021<\/td><td class=\"column-2\">ARNALDO ANTONIO MARTI\u00c1\u00d1EZ<\/td><td class=\"column-3\">72<\/td><td class=\"column-4\">RICARDO CECC\u00d3N 342, ARROYITO<\/td>\n<\/tr>\n<tr class=\"row-18\">\n\t<td class=\"column-1\">12 DE JULIO, 2021<\/td><td class=\"column-2\">H\u00c9CTOR JULIO LUNARI<\/td><td class=\"column-3\">63<\/td><td class=\"column-4\">CARLOS FAVARI 955, ARROYITO<\/td>\n<\/tr>\n<tr class=\"row-19\">\n\t<td class=\"column-1\">12 DE JULIO, 2021<\/td><td class=\"column-2\">VILMA ISABEL BIANCIOTTO DE ARNAUDO<\/td><td class=\"column-3\">87<\/td><td class=\"column-4\">FALUCHO 947, ARROYITO<\/td>\n<\/tr>\n<tr class=\"row-20\">\n\t<td class=\"column-1\">12 DE JULIO, 2021<\/td><td class=\"column-2\">ALBINA CRISTINA ROGGIA DE G\u00dcIZZO<\/td><td class=\"column-3\">87<\/td><td class=\"column-4\">V\u00c9LEZ SARSFIELD 613, ARROYITO<\/td>\n<\/tr>\n<tr class=\"row-21\">\n\t<td class=\"column-1\">10 DE JULIO, 2021<\/td><td class=\"column-2\">SUSANA DEL VALLE GERBINO<\/td><td class=\"column-3\">60<\/td><td class=\"column-4\">AV. ARTURO ILLIA 689, ARROYITO<\/td>\n<\/tr>\n<tr class=\"row-22\">\n\t<td class=\"column-1\">10 DE JULIO, 2021<\/td><td class=\"column-2\">REINA MARGARITA L\u00d3PEZ<\/td><td class=\"column-3\">81<\/td><td class=\"column-4\">V\u00c9LEZ SARSFIELD 1131, ARROYITO<\/td>\n<\/tr>\n<tr class=\"row-23\">\n\t<td class=\"column-1\">8 DE JULIO, 2021<\/td><td class=\"column-2\">OLMAR C\u00c9SAR URIARTE<\/td><td class=\"column-3\">57<\/td><td class=\"column-4\">AV. PRESIDENTE PER\u00d3N 432, ARROYITO<\/td>\n<\/tr>\n<tr class=\"row-24\">\n\t<td class=\"column-1\">6 DE JULIO, 2021<\/td><td class=\"column-2\">ANA DELIA ARCE<\/td><td class=\"column-3\">50<\/td><td class=\"column-4\">AV. MARCIAL VAUDAGNA 834, ARROYITO<\/td>\n<\/tr>\n<tr class=\"row-25\">\n\t<td class=\"column-1\">3 DE JULIO, 2021<\/td><td class=\"column-2\">ANTONIA GONZ\u00c1LEZ DE BERTOSSI<\/td><td class=\"column-3\">100<\/td><td class=\"column-4\">CRISTOBAL COL\u00d3N 1339, ARROYITO<\/td>\n<\/tr>\n<tr class=\"row-26\">\n\t<td class=\"column-1\">2 DE JULIO, 2021<\/td><td class=\"column-2\">ARIEL MARCOS BERTELLO<\/td><td class=\"column-3\">54<\/td><td class=\"column-4\">AV. MARCELINO BERNARDI 1167, ARROYITO<\/td>\n<\/tr>\n<tr class=\"row-27\">\n\t<td class=\"column-1\">1 DE JULIO, 2021<\/td><td class=\"column-2\">ALFREDO \u00c1NGEL CUCHETTI<\/td><td class=\"column-3\">83<\/td><td class=\"column-4\">PE\u00d1ALOZA 772, ARROYITO<\/td>\n<\/tr>\n<tr class=\"row-28\">\n\t<td class=\"column-1\">1 DE JULIO, 2021<\/td><td class=\"column-2\">DOMINGO BLAS VASSALLE<\/td><td class=\"column-3\">88<\/td><td class=\"column-4\">AV. DALLE MURA 1445, ARROYITO<\/td>\n<\/tr>\n<\/tbody>\n<\/table>\n<!-- #tablepress-35 from cache -->\r\n<h2>Avisos f\u00fanebres junio 2021<\/h2>\r\n\n<table id=\"tablepress-34\" class=\"tablepress tablepress-id-34\">\n<thead>\n<tr class=\"row-1\">\n\t<th class=\"column-1\">FECHA<\/th><th class=\"column-2\">NOMBRE Y APELLIDO<\/th><th class=\"column-3\">EDAD<\/th><th class=\"column-4\">CASA DE DUELO<\/th>\n<\/tr>\n<\/thead>\n<tbody class=\"row-striping row-hover\">\n<tr class=\"row-2\">\n\t<td class=\"column-1\">30 DE JUNIO, 2021<\/td><td class=\"column-2\">NORA DEL VALLE ROMERO DE ORELLANO<\/td><td class=\"column-3\">61<\/td><td class=\"column-4\">MODESTO MARANZANA 386, ARROYITO<\/td>\n<\/tr>\n<tr class=\"row-3\">\n\t<td class=\"column-1\">29 DE JUNIO, 2021<\/td><td class=\"column-2\">JORGE IGNACIO VILLAFA\u00d1E<\/td><td class=\"column-3\">66<\/td><td class=\"column-4\">AV. MARIANO MORENO 327, ARROYITO<\/td>\n<\/tr>\n<tr class=\"row-4\">\n\t<td class=\"column-1\">29 DE JUNIO, 2021<\/td><td class=\"column-2\">OBDULIO FRANCISCO TOM\u00c1S BERTORELLO<\/td><td class=\"column-3\">74<\/td><td class=\"column-4\">SAN MART\u00cdN 1406, ARROYITO<\/td>\n<\/tr>\n<tr class=\"row-5\">\n\t<td class=\"column-1\">27 DE JUNIO, 2021<\/td><td class=\"column-2\">JES\u00daS MARGARITA GAIT\u00c1N<\/td><td class=\"column-3\">95<\/td><td class=\"column-4\">JOS\u00c9 A. VOCOS 745, ARROYITO<\/td>\n<\/tr>\n<tr class=\"row-6\">\n\t<td class=\"column-1\">26 DE JUNIO, 2021<\/td><td class=\"column-2\">RODOLFO ANTONIO FONTANA<\/td><td class=\"column-3\">91<\/td><td class=\"column-4\">GENERAL PAZ 2129, ARROYITO<\/td>\n<\/tr>\n<tr class=\"row-7\">\n\t<td class=\"column-1\">26 DE JUNIO, 2021<\/td><td class=\"column-2\">LIDIA ESTER LEIVA DE CIMADAMORE<\/td><td class=\"column-3\">57<\/td><td class=\"column-4\">RAM\u00d3N CABRERA 355, ARROYITO<\/td>\n<\/tr>\n<tr class=\"row-8\">\n\t<td class=\"column-1\">25 DE JUNIO, 2021<\/td><td class=\"column-2\">EVILDA SUSANA ACEVEDO<\/td><td class=\"column-3\">55<\/td><td class=\"column-4\">AV. LEANDRO N. ALEM 395, ARROYITO<\/td>\n<\/tr>\n<tr class=\"row-9\">\n\t<td class=\"column-1\">24 DE JUNIO, 2021<\/td><td class=\"column-2\">MAR\u00cdA YOLANDA TELLO<\/td><td class=\"column-3\">93<\/td><td class=\"column-4\">RAFAEL N\u00da\u00d1EZ 357, ARROYITO<\/td>\n<\/tr>\n<tr class=\"row-10\">\n\t<td class=\"column-1\">24 DE JUNIO, 2021<\/td><td class=\"column-2\">WALTER ADOLFO AGUIRRE<\/td><td class=\"column-3\">57<\/td><td class=\"column-4\">JOS\u00c9 A. VOCOS 1024, ARROYITO<\/td>\n<\/tr>\n<tr class=\"row-11\">\n\t<td class=\"column-1\">24 DE JUNIO, 2021<\/td><td class=\"column-2\">OSVALDO ANASTACIO BLANCO <\/td><td class=\"column-3\">70<\/td><td class=\"column-4\">RIVADAVIA 1182, ARROYITO<\/td>\n<\/tr>\n<tr class=\"row-12\">\n\t<td class=\"column-1\">23 DE JUNIO, 2021<\/td><td class=\"column-2\">MIGUEL \u00c1NGEL GINTER<\/td><td class=\"column-3\">55<\/td><td class=\"column-4\">ZONA RURAL KM 199 S\/N, EL T\u00cdO<\/td>\n<\/tr>\n<tr class=\"row-13\">\n\t<td class=\"column-1\">22 DE JUNIO, 2021<\/td><td class=\"column-2\">FRANCISCO CELESTINO NEUKOM<\/td><td class=\"column-3\">96<\/td><td class=\"column-4\">LOS CEIBOS S\/N, TORO PUJIO<\/td>\n<\/tr>\n<tr class=\"row-14\">\n\t<td class=\"column-1\">22 DE JUNIO, 2021<\/td><td class=\"column-2\">AMELIA BETIANA ROMERO<\/td><td class=\"column-3\">30<\/td><td class=\"column-4\">JOS\u00c9 GIM\u00c9NEZ LAGOS 1164, ARROYITO<\/td>\n<\/tr>\n<tr class=\"row-15\">\n\t<td class=\"column-1\">22 DE JUNIO, 2021<\/td><td class=\"column-2\">RAM\u00d3N \u00c1NGEL CABRERA \"CHACHO\"<\/td><td class=\"column-3\">66<\/td><td class=\"column-4\">ALICIA ROSSI 241, EL FUERTECITO, ARROYITO<\/td>\n<\/tr>\n<tr class=\"row-16\">\n\t<td class=\"column-1\">21 DE JUNIO, 2021<\/td><td class=\"column-2\">JOS\u00c9 GUILLERMO VEGA<\/td><td class=\"column-3\">65<\/td><td class=\"column-4\">AV. JUAN D. PER\u00d3N 1250, ARROYITO<\/td>\n<\/tr>\n<tr class=\"row-17\">\n\t<td class=\"column-1\">21 DE JUNIO, 2021<\/td><td class=\"column-2\">JOS\u00c9 HUMBERTO CARRA \"PEPE\"<\/td><td class=\"column-3\">74<\/td><td class=\"column-4\">ESQUI\u00da 855, ARROYITO<\/td>\n<\/tr>\n<tr class=\"row-18\">\n\t<td class=\"column-1\">19 DE JUNIO, 2021<\/td><td class=\"column-2\">JUSTINA MAR\u00cdA M\u00c1RQUEZ DE POLLANO<\/td><td class=\"column-3\">74<\/td><td class=\"column-4\">DOMINGO CIANCIA 446, ARROYITO<\/td>\n<\/tr>\n<tr class=\"row-19\">\n\t<td class=\"column-1\">19 DE JUNIO, 2021<\/td><td class=\"column-2\">ERMELINDA ROSA C\u00c9LIZ DE SERRANO<\/td><td class=\"column-3\">80<\/td><td class=\"column-4\">AV. DALLE MURA 1479, ARROYITO<\/td>\n<\/tr>\n<tr class=\"row-20\">\n\t<td class=\"column-1\">19 DE JUNIO, 2021<\/td><td class=\"column-2\">RODOLFO JOS\u00c9 GIURDA<\/td><td class=\"column-3\">78<\/td><td class=\"column-4\">AV. DALLE MURA 1521, ARROYITO<\/td>\n<\/tr>\n<tr class=\"row-21\">\n\t<td class=\"column-1\">18 DE JUNIO, 2021<\/td><td class=\"column-2\">EDGARDO JUAN MOR\u00d3N<\/td><td class=\"column-3\">55<\/td><td class=\"column-4\">HUMBERTO PRIMO 295, ARROYITO<\/td>\n<\/tr>\n<tr class=\"row-22\">\n\t<td class=\"column-1\">15 DE JUNIO, 2021<\/td><td class=\"column-2\">DELIA ESTHER PANERO DE CHIATTELLINO<\/td><td class=\"column-3\">75<\/td><td class=\"column-4\">PE\u00d1ALOZA 545, ARROYITO<\/td>\n<\/tr>\n<tr class=\"row-23\">\n\t<td class=\"column-1\">14 DE JUNIO, 2021<\/td><td class=\"column-2\">MIGUEL \u00c1NGEL MIRETTI \"MICHO\"<\/td><td class=\"column-3\">67<\/td><td class=\"column-4\">SALTA 224, LA TORDILLA<\/td>\n<\/tr>\n<tr class=\"row-24\">\n\t<td class=\"column-1\">13 DE JUNIO, 2021<\/td><td class=\"column-2\">CARMEN LUISA FERREYRA<\/td><td class=\"column-3\">72<\/td><td class=\"column-4\">NICASIO YANEZ 1127, ARROYITO<\/td>\n<\/tr>\n<tr class=\"row-25\">\n\t<td class=\"column-1\">13 DE JUNIO, 2021<\/td><td class=\"column-2\">MACARENA FONTAL LEIVA<\/td><td class=\"column-3\">14<\/td><td class=\"column-4\">RAFAEL BIANCHI 784, ARROYITO<\/td>\n<\/tr>\n<tr class=\"row-26\">\n\t<td class=\"column-1\">12 DE JUNIO, 2021<\/td><td class=\"column-2\">ROSINDO MARCELO RIORDA<\/td><td class=\"column-3\">79<\/td><td class=\"column-4\">SAN MART\u00cdN 240, ARROYITO<\/td>\n<\/tr>\n<tr class=\"row-27\">\n\t<td class=\"column-1\">11 DE JUNIO, 2021<\/td><td class=\"column-2\">AGUST\u00cdN EZEQUIEL LUQUE<\/td><td class=\"column-3\">20<\/td><td class=\"column-4\">ALFONSO LOMBARDI 484, ARROYITO<\/td>\n<\/tr>\n<tr class=\"row-28\">\n\t<td class=\"column-1\">10 DE JUNIO, 2021<\/td><td class=\"column-2\">V\u00cdCTOR HUGO MOYANO<\/td><td class=\"column-3\">64<\/td><td class=\"column-4\">JOS\u00c9 A. VOCOS 328, ARROYITO<\/td>\n<\/tr>\n<tr class=\"row-29\">\n\t<td class=\"column-1\">10 DE JUNIO, 2021<\/td><td class=\"column-2\">V\u00cdCTOR HUGO MOYANO<\/td><td class=\"column-3\">64<\/td><td class=\"column-4\">JOS\u00c9 A. VOCOS 328, ARROYITO<\/td>\n<\/tr>\n<tr class=\"row-30\">\n\t<td class=\"column-1\">9 DE JUNIO, 2021<\/td><td class=\"column-2\">LUIS RAM\u00d3N GUY\u00d3N<\/td><td class=\"column-3\">70<\/td><td class=\"column-4\">ROQUE S\u00c1ENZ PE\u00d1A 330, ARROYITO<\/td>\n<\/tr>\n<tr class=\"row-31\">\n\t<td class=\"column-1\">9 DE JUNIO, 2021<\/td><td class=\"column-2\">GLORIA BORSELINO DE BRIZUELA<\/td><td class=\"column-3\">88<\/td><td class=\"column-4\">VICENTA R\u00cdOS DE VOCOS 2036, ARROYITO<\/td>\n<\/tr>\n<tr class=\"row-32\">\n\t<td class=\"column-1\">9 DE JUNIO, 2021<\/td><td class=\"column-2\">RAMONA BEATRIZ MONJE<\/td><td class=\"column-3\">58<\/td><td class=\"column-4\">VICENTA R\u00cdOS DE VOCOS 1178, ARROYITO<\/td>\n<\/tr>\n<tr class=\"row-33\">\n\t<td class=\"column-1\">6 DE JUNIO, 2021<\/td><td class=\"column-2\">ANA SECUNDINA MANA DE DURANDO<\/td><td class=\"column-3\">93<\/td><td class=\"column-4\">VICENTA R\u00cdOS DE VOCOS 517, ARROYITO<\/td>\n<\/tr>\n<tr class=\"row-34\">\n\t<td class=\"column-1\">6 DE JUNIO, 2021<\/td><td class=\"column-2\">CLIDE RAQUEL DE LA CRUZ FUNES<\/td><td class=\"column-3\">81<\/td><td class=\"column-4\">AV. MARCIAL VAUDAGNA 806, ARROYITO<\/td>\n<\/tr>\n<tr class=\"row-35\">\n\t<td class=\"column-1\">3 DE JUNIO, 2021<\/td><td class=\"column-2\">DELICIA ANTONIA AGUIRRE<\/td><td class=\"column-3\">66<\/td><td class=\"column-4\">ALFONSINA STORNI 1025, ARROYITO<\/td>\n<\/tr>\n<tr class=\"row-36\">\n\t<td class=\"column-1\">3 DE JUNIO, 2021<\/td><td class=\"column-2\">MANUEL GARC\u00cdA CALVO<\/td><td class=\"column-3\">77<\/td><td class=\"column-4\">AVELLANEDA 530, ARROYITO<\/td>\n<\/tr>\n<tr class=\"row-37\">\n\t<td class=\"column-1\">3 DE JUNIO, 2021<\/td><td class=\"column-2\">JOS\u00c9 FERM\u00cdN D\u00cdAZ<\/td><td class=\"column-3\">74<\/td><td class=\"column-4\">24 DE SEPTIEMBRE 1294, ARROYITO<\/td>\n<\/tr>\n<tr class=\"row-38\">\n\t<td class=\"column-1\">2 DE JUNIO, 2021<\/td><td class=\"column-2\">JOS\u00c9 ALBERTO CUBERES<\/td><td class=\"column-3\">70<\/td><td class=\"column-4\">OBISPO TREJO 618, ARROYITO<\/td>\n<\/tr>\n<tr class=\"row-39\">\n\t<td class=\"column-1\">2 DE JUNIO, 2021<\/td><td class=\"column-2\">ANASTACIA ALVARENGA<\/td><td class=\"column-3\">73<\/td><td class=\"column-4\">ROQUE S\u00c1ENZ PE\u00d1A 930, ARROYITO<\/td>\n<\/tr>\n<tr class=\"row-40\">\n\t<td class=\"column-1\">1 DE JUNIO, 2021<\/td><td class=\"column-2\">RAM\u00d3N RICARDO R\u00cdOS<\/td><td class=\"column-3\">90<\/td><td class=\"column-4\">SARMIENTO 1275, ARROYITO<\/td>\n<\/tr>\n<tr class=\"row-41\">\n\t<td class=\"column-1\">1 DE JUNIO, 2021<\/td><td class=\"column-2\">RAMONA MARINA TIBURCIA MONTENEGRO<\/td><td class=\"column-3\">89<\/td><td class=\"column-4\">TOM\u00c1S JU\u00c1REZ 397, ARROYITO<\/td>\n<\/tr>\n<tr class=\"row-42\">\n\t<td class=\"column-1\">1 DE JUNIO, 2021<\/td><td class=\"column-2\">RAMONA JOSEFINA P\u00c9REZ \"PEPA\"<\/td><td class=\"column-3\">89<\/td><td class=\"column-4\">PEDRO NAVARRO 724, ARROYITO<\/td>\n<\/tr>\n<\/tbody>\n<\/table>\n<!-- #tablepress-34 from cache -->\r\n<h2>Avisos f\u00fanebres mayo 2021<\/h2>\r\n\n<table id=\"tablepress-33\" class=\"tablepress tablepress-id-33\">\n<thead>\n<tr class=\"row-1\">\n\t<th class=\"column-1\">FECHA<\/th><th class=\"column-2\">NOMBRE Y APELLIDO<\/th><th class=\"column-3\">EDAD<\/th><th class=\"column-4\">CASA DE DUELO<\/th>\n<\/tr>\n<\/thead>\n<tbody class=\"row-striping row-hover\">\n<tr class=\"row-2\">\n\t<td class=\"column-1\">31 DE MAYO, 2021<\/td><td class=\"column-2\">ADAN ADELVIN SCHOTT<\/td><td class=\"column-3\">84<\/td><td class=\"column-4\">CRISTOBAL COL\u00d3N 1372, ARROYITO<\/td>\n<\/tr>\n<tr class=\"row-3\">\n\t<td class=\"column-1\">30 DE MAYO, 2021<\/td><td class=\"column-2\">DELICIA HERMINDA C\u00d3RDOBA DE LESCANO<\/td><td class=\"column-3\">55<\/td><td class=\"column-4\">ALFONSO LOMBARDI 315, ARROYITO<\/td>\n<\/tr>\n<tr class=\"row-4\">\n\t<td class=\"column-1\">30 DE MAYO, 2021<\/td><td class=\"column-2\">LORENA DEL VALLE MENEGHEL<\/td><td class=\"column-3\">49<\/td><td class=\"column-4\">12 DE OCTUBRE 394, EL FUERTECITO, ARROYITO<\/td>\n<\/tr>\n<tr class=\"row-5\">\n\t<td class=\"column-1\">30 DE MAYO, 2021<\/td><td class=\"column-2\">HUGO DOMINGO BURGOS<\/td><td class=\"column-3\">63<\/td><td class=\"column-4\">MODESTO MARANZANA 638, ARROYITO<\/td>\n<\/tr>\n<tr class=\"row-6\">\n\t<td class=\"column-1\">29 DE MAYO, 2021<\/td><td class=\"column-2\">JES\u00daS EDILIO M\u00c1RQUEZ<\/td><td class=\"column-3\">81<\/td><td class=\"column-4\">AMADEO SABATTINI 1225, ARROYITO<\/td>\n<\/tr>\n<tr class=\"row-7\">\n\t<td class=\"column-1\">29 DE MAYO, 2021<\/td><td class=\"column-2\">NOEM\u00cd ESTHER FUENTES DE SARAVIA<\/td><td class=\"column-3\">58<\/td><td class=\"column-4\">AV. ARTURO ILLIA 998, ARROYITO<\/td>\n<\/tr>\n<tr class=\"row-8\">\n\t<td class=\"column-1\">29 DE MAYO, 2021<\/td><td class=\"column-2\">WALTER HERMENEGILDO NAZZI<\/td><td class=\"column-3\">55<\/td><td class=\"column-4\">ALFONSINA STORNI 1715, ARROYITO<\/td>\n<\/tr>\n<tr class=\"row-9\">\n\t<td class=\"column-1\">29 DE MAYO, 2021<\/td><td class=\"column-2\">ILDA ESTHER PONCE<\/td><td class=\"column-3\">79<\/td><td class=\"column-4\">DEAN FUNES 1334, ARROYITO<\/td>\n<\/tr>\n<tr class=\"row-10\">\n\t<td class=\"column-1\">28 DE MAYO, 2021<\/td><td class=\"column-2\">RAM\u00d3N EUSEBIO AGUIRRE<\/td><td class=\"column-3\">76<\/td><td class=\"column-4\">AV. DALLE MURA 1826, ARROYITO<\/td>\n<\/tr>\n<tr class=\"row-11\">\n\t<td class=\"column-1\">27 DE MAYO, 2021<\/td><td class=\"column-2\">SANDRA MARCELA V\u00c1ZQUEZ DE FERREYRA<\/td><td class=\"column-3\">52<\/td><td class=\"column-4\">ROSALINO CUELLO 694, ARROYITO<\/td>\n<\/tr>\n<tr class=\"row-12\">\n\t<td class=\"column-1\">26 DE MAYO, 2021<\/td><td class=\"column-2\">PEDRO RAM\u00d3N PASTOR<\/td><td class=\"column-3\">79<\/td><td class=\"column-4\">ROQUE S\u00c1ENZ PE\u00d1A 442, ARROYITO<\/td>\n<\/tr>\n<tr class=\"row-13\">\n\t<td class=\"column-1\">24 DE MAYO, 2021<\/td><td class=\"column-2\">MAR\u00cdA ELOISA G\u00d3MEZ<\/td><td class=\"column-3\">79<\/td><td class=\"column-4\">ALFONSINA STORNI 995, ARROYITO<\/td>\n<\/tr>\n<tr class=\"row-14\">\n\t<td class=\"column-1\">23 DE MAYO, 2021<\/td><td class=\"column-2\">JOAQU\u00cdN LEANDRO DIGIOVANNA<\/td><td class=\"column-3\">41<\/td><td class=\"column-4\">ESQUI\u00da 818, ARROYITO<\/td>\n<\/tr>\n<tr class=\"row-15\">\n\t<td class=\"column-1\">23 DE MAYO, 2021<\/td><td class=\"column-2\">N\u00c9STOR PEDRO BRONDELLO<\/td><td class=\"column-3\">67<\/td><td class=\"column-4\">FALUCHO 924, ARROYITO<\/td>\n<\/tr>\n<tr class=\"row-16\">\n\t<td class=\"column-1\">20 DE MAYO, 2021<\/td><td class=\"column-2\">SAMUEL AMILCAR MONTENEGRO<\/td><td class=\"column-3\">72<\/td><td class=\"column-4\">AV. MARCIAL VAUDAGNA 847, ARROYITO<\/td>\n<\/tr>\n<tr class=\"row-17\">\n\t<td class=\"column-1\">20 DE MAYO, 2021<\/td><td class=\"column-2\">GLADYS YOLANDA CASAS DE CARNICER<\/td><td class=\"column-3\">61<\/td><td class=\"column-4\">AV. FULVIO PAGANI 1563, ARROYITO<\/td>\n<\/tr>\n<tr class=\"row-18\">\n\t<td class=\"column-1\">20 DE MAYO, 2021<\/td><td class=\"column-2\">V\u00cdCTOR HUGO BARTELLONE<\/td><td class=\"column-3\">76<\/td><td class=\"column-4\">SARGENTO CABRAL 435, ARROYITO<\/td>\n<\/tr>\n<tr class=\"row-19\">\n\t<td class=\"column-1\">18 DE MAYO, 2021<\/td><td class=\"column-2\">AMALIA LUISA ABRATTE DE BRIZZIO<\/td><td class=\"column-3\">90<\/td><td class=\"column-4\">RAFAEL BIANCHI 766, ARROYITO<\/td>\n<\/tr>\n<tr class=\"row-20\">\n\t<td class=\"column-1\">16 DE MAYO, 2021<\/td><td class=\"column-2\">TERESA ERMINDA SALGUERO<\/td><td class=\"column-3\">70<\/td><td class=\"column-4\">ENRIQUE CARRATAL\u00c1 261, ARROYITO<\/td>\n<\/tr>\n<tr class=\"row-21\">\n\t<td class=\"column-1\">14 DE MAYO, 2021<\/td><td class=\"column-2\">MARIANA ELI BORGOGNO DE BARBERIS<\/td><td class=\"column-3\">90<\/td><td class=\"column-4\">25 DE MAYO 987, ARROYITO<\/td>\n<\/tr>\n<tr class=\"row-22\">\n\t<td class=\"column-1\">9 DE MAYO, 2021<\/td><td class=\"column-2\">JUAN CARLOS MORENO<\/td><td class=\"column-3\">55<\/td><td class=\"column-4\">PJE. CARLOS PELLEGRINI 1163, ARROYITO<\/td>\n<\/tr>\n<tr class=\"row-23\">\n\t<td class=\"column-1\">8 DE MAYO, 2021<\/td><td class=\"column-2\">DAVID \u00c1NGEL SARAVIA<\/td><td class=\"column-3\">91<\/td><td class=\"column-4\">AV. ARTURO ILLIA 985, ARROYITO<\/td>\n<\/tr>\n<tr class=\"row-24\">\n\t<td class=\"column-1\">7 DE MAYO, 2021<\/td><td class=\"column-2\">ELMIRO CABRERA<\/td><td class=\"column-3\">72<\/td><td class=\"column-4\">AVELLANEDA 465, ARROYITO<\/td>\n<\/tr>\n<tr class=\"row-25\">\n\t<td class=\"column-1\">6 DE MAYO, 2021<\/td><td class=\"column-2\">ROBERTO SIM\u00d3N RAM\u00cdREZ<\/td><td class=\"column-3\">65<\/td><td class=\"column-4\">JUAN LAIZ 304, ARROYITO<\/td>\n<\/tr>\n<tr class=\"row-26\">\n\t<td class=\"column-1\">5 DE MAYO, 2021<\/td><td class=\"column-2\">MAR\u00cdA ESTHER \u00c1LVAREZ DE ARG\u00dcELLO <\/td><td class=\"column-3\">66<\/td><td class=\"column-4\">BELGRANO 1681, ARROYITO<\/td>\n<\/tr>\n<tr class=\"row-27\">\n\t<td class=\"column-1\">2 DE MAYO, 2021<\/td><td class=\"column-2\">TIMOTEO HILGUERO<\/td><td class=\"column-3\">74<\/td><td class=\"column-4\">OLVALDO NAVARRO 1086, ARROYITO<\/td>\n<\/tr>\n<tr class=\"row-28\">\n\t<td class=\"column-1\">1 DE MAYO, 2021<\/td><td class=\"column-2\">LEANDRO JOS\u00c9 P\u00c1EZ<\/td><td class=\"column-3\">25<\/td><td class=\"column-4\">AV. BERNARDI 1548, ARROYITO<\/td>\n<\/tr>\n<tr class=\"row-29\">\n\t<td class=\"column-1\">1 DE MAYO, 2021<\/td><td class=\"column-2\">MARGARITA GUTI\u00c9RREZ<\/td><td class=\"column-3\">73<\/td><td class=\"column-4\">PE\u00d1ALOZA 1382, ARROYITO<\/td>\n<\/tr>\n<tr class=\"row-30\">\n\t<td class=\"column-1\">1 DE MAYO, 2021<\/td><td class=\"column-2\">RAMONA ESTHER LUDUE\u00d1A<\/td><td class=\"column-3\">59<\/td><td class=\"column-4\">BARTOLOM\u00c9 MITRE 1194, ARROYITO<\/td>\n<\/tr>\n<\/tbody>\n<\/table>\n<!-- #tablepress-33 from cache -->\r\n<h2>Avisos f\u00fanebres abril 2021<\/h2>\r\n\n<table id=\"tablepress-32\" class=\"tablepress tablepress-id-32\">\n<thead>\n<tr class=\"row-1\">\n\t<th class=\"column-1\">FECHA<\/th><th class=\"column-2\">NOMBRE Y APELLIDO<\/th><th class=\"column-3\">EDAD<\/th><th class=\"column-4\">CASA DE DUELO<\/th>\n<\/tr>\n<\/thead>\n<tbody class=\"row-striping row-hover\">\n<tr class=\"row-2\">\n\t<td class=\"column-1\">30 DE ABRIL, 2021<\/td><td class=\"column-2\">MAR\u00cdA NOELIA VALLE \"NOE\"<\/td><td class=\"column-3\">42<\/td><td class=\"column-4\">CRISTOBAL COL\u00d3N 1224, EL FUERTECITO<\/td>\n<\/tr>\n<tr class=\"row-3\">\n\t<td class=\"column-1\">30 DE ABRIL, 2021<\/td><td class=\"column-2\">TERESA MAT\u00cdAS S\u00c1NCHEZ DE BIANCIOTTI<\/td><td class=\"column-3\">92<\/td><td class=\"column-4\">ROSENDO LIENDO 64, EL FUERTECITO<\/td>\n<\/tr>\n<tr class=\"row-4\">\n\t<td class=\"column-1\">29 DE ABRIL, 2021<\/td><td class=\"column-2\">JULI\u00c1N EULOGIO PINTO<\/td><td class=\"column-3\">69<\/td><td class=\"column-4\">MARIO SEVESO 1381, ARROYITO<\/td>\n<\/tr>\n<tr class=\"row-5\">\n\t<td class=\"column-1\">27 DE ABRIL, 2021<\/td><td class=\"column-2\">ROBERTO ELMIRO NAVARRO<\/td><td class=\"column-3\">69<\/td><td class=\"column-4\">12 DE OCTUBRE 382, EL FUERTECITO<\/td>\n<\/tr>\n<tr class=\"row-6\">\n\t<td class=\"column-1\">27 DE ABRIL, 2021<\/td><td class=\"column-2\">FEDERICO MIGUEL LANDRA \"TITO\"<\/td><td class=\"column-3\">76<\/td><td class=\"column-4\">LOS CEIBOS ESQUINA LOS PARA\u00cdSOS, TORO PUJIO<\/td>\n<\/tr>\n<tr class=\"row-7\">\n\t<td class=\"column-1\">24 DE ABRIL, 2021<\/td><td class=\"column-2\">OLGA IRIS GUY\u00d3N DE ROMANO<\/td><td class=\"column-3\">75<\/td><td class=\"column-4\">AV. MANUEL SERRA 1175, ARROYITO<\/td>\n<\/tr>\n<tr class=\"row-8\">\n\t<td class=\"column-1\">24 DE ABRIL, 2021<\/td><td class=\"column-2\">CELINA DE LAS MERCEDES VARELA<\/td><td class=\"column-3\">68<\/td><td class=\"column-4\">LAVALLE 214, ARROYITO<\/td>\n<\/tr>\n<tr class=\"row-9\">\n\t<td class=\"column-1\">22 DE ABRIL, 2021<\/td><td class=\"column-2\">MAR\u00cdA CRISTINA ROLD\u00c1N<\/td><td class=\"column-3\">50<\/td><td class=\"column-4\">AV. LEANDRO N. ALEM 499, ARROYITO<\/td>\n<\/tr>\n<tr class=\"row-10\">\n\t<td class=\"column-1\">17 DE ABRIL, 2021<\/td><td class=\"column-2\">JES\u00daS FERNANDO VIDELA<\/td><td class=\"column-3\">61<\/td><td class=\"column-4\">ITUZAING\u00d3 790, ARROYITO<\/td>\n<\/tr>\n<tr class=\"row-11\">\n\t<td class=\"column-1\">16 DE ABRIL, 2021<\/td><td class=\"column-2\">GLADIS BEATRIZ DELGADO <\/td><td class=\"column-3\">55<\/td><td class=\"column-4\">DOMINGO CIANCIA 720, ARROYITO<\/td>\n<\/tr>\n<tr class=\"row-12\">\n\t<td class=\"column-1\">16 DE ABRIL, 2021<\/td><td class=\"column-2\">LUISA MABEL PERIOTTI, VIUDA DE UTRERA<\/td><td class=\"column-3\">61<\/td><td class=\"column-4\">J.J. DE URQUIZA 1731, ARROYITO<\/td>\n<\/tr>\n<tr class=\"row-13\">\n\t<td class=\"column-1\">16 DE ABRIL, 2021<\/td><td class=\"column-2\">MIGUEL \u00c1NGEL HILGUERO<\/td><td class=\"column-3\">28<\/td><td class=\"column-4\">OSVALDO NAVARRO 1086, ARROYITO<\/td>\n<\/tr>\n<tr class=\"row-14\">\n\t<td class=\"column-1\">15 DE ABRIL, 2021<\/td><td class=\"column-2\">RA\u00daL TOM\u00c1S SACHETTO<\/td><td class=\"column-3\">77<\/td><td class=\"column-4\">ENTRE R\u00cdOS 344, LA TORDILLA<\/td>\n<\/tr>\n<tr class=\"row-15\">\n\t<td class=\"column-1\">13 DE ABRIL, 2021<\/td><td class=\"column-2\">MARIO JULIO BOARINO<\/td><td class=\"column-3\">53<\/td><td class=\"column-4\">SAN MART\u00cdN 768, ARROYITO<\/td>\n<\/tr>\n<tr class=\"row-16\">\n\t<td class=\"column-1\">10 DE ABRIL, 2021<\/td><td class=\"column-2\">ANITA LUC\u00cdA GHIONE<\/td><td class=\"column-3\">55<\/td><td class=\"column-4\">AV. ARTURO ILLIA 1027, ARROYITO<\/td>\n<\/tr>\n<tr class=\"row-17\">\n\t<td class=\"column-1\">9 DE ABRIL, 2021<\/td><td class=\"column-2\">MARGARITA EDITH \u00c1LVAREZ \"DO\u00d1A EDITH\"<\/td><td class=\"column-3\">83<\/td><td class=\"column-4\">CRISTOBAL COL\u00d3N 1239, ARROYITO<\/td>\n<\/tr>\n<tr class=\"row-18\">\n\t<td class=\"column-1\">8 DE ABRIL, 2021<\/td><td class=\"column-2\">NELBA JACINTA LEMOS DE GUDI\u00d1O <\/td><td class=\"column-3\">28<\/td><td class=\"column-4\">AV. SAN CARLOS 531, LA TORDILLA<\/td>\n<\/tr>\n<tr class=\"row-19\">\n\t<td class=\"column-1\">7 DE ABRIL, 2021<\/td><td class=\"column-2\">JUAN MARCELO FERREYRA \"CUNINO\" <\/td><td class=\"column-3\">28<\/td><td class=\"column-4\">ROSALINO CUELLO 694, ARROYITO<\/td>\n<\/tr>\n<tr class=\"row-20\">\n\t<td class=\"column-1\">4 DE ABRIL, 2021<\/td><td class=\"column-2\">MARCELO FERNANDO OJEDA<\/td><td class=\"column-3\">53<\/td><td class=\"column-4\">NELA ESP\u00d3SITO 598, ARROYITO<\/td>\n<\/tr>\n<tr class=\"row-21\">\n\t<td class=\"column-1\">2 DE ABRIL, 2021<\/td><td class=\"column-2\">ANA MAR\u00cdA MAGLIANO<\/td><td class=\"column-3\">75<\/td><td class=\"column-4\">PJE. CARLOS PELLEGRINI 1146, ARROYITO<\/td>\n<\/tr>\n<tr class=\"row-22\">\n\t<td class=\"column-1\">2 DE ABRIL, 2021<\/td><td class=\"column-2\">MIGUEL ALBERTO DOM\u00cdNGUEZ \"KAPI\"<\/td><td class=\"column-3\">67<\/td><td class=\"column-4\">JOS\u00c9 QUINTELA 916, ARROYITO<\/td>\n<\/tr>\n<tr class=\"row-23\">\n\t<td class=\"column-1\">1 DE ABRIL, 2021<\/td><td class=\"column-2\">RAQUEL ADELINA GIRAUDO DE OLOCCO<\/td><td class=\"column-3\">79<\/td><td class=\"column-4\">ZONA RURAL S\/N, VILLA SAN ESTEBAN<\/td>\n<\/tr>\n<\/tbody>\n<\/table>\n<!-- #tablepress-32 from cache -->\r\n<h2>Avisos f\u00fanebres marzo 2021<\/h2>\r\n\n<table id=\"tablepress-31\" class=\"tablepress tablepress-id-31\">\n<thead>\n<tr class=\"row-1\">\n\t<th class=\"column-1\">FECHA<\/th><th class=\"column-2\">NOMBRE Y APELLIDO<\/th><th class=\"column-3\">EDAD<\/th><th class=\"column-4\">CASA DE DUELO<\/th>\n<\/tr>\n<\/thead>\n<tbody class=\"row-striping row-hover\">\n<tr class=\"row-2\">\n\t<td class=\"column-1\">31 DE MARZO, 2021<\/td><td class=\"column-2\">ELVI DIOSISIA GONZ\u00c1LEZ<\/td><td class=\"column-3\">80<\/td><td class=\"column-4\">V\u00c9LEZ SARSFIELD 1290, ARROYITO<\/td>\n<\/tr>\n<tr class=\"row-3\">\n\t<td class=\"column-1\">30 DE MARZO, 2021<\/td><td class=\"column-2\">JOS\u00c9 OSVALDO PERALTA<\/td><td class=\"column-3\">56<\/td><td class=\"column-4\">VICENTE ORELLANO 1040, ARROYITO<\/td>\n<\/tr>\n<tr class=\"row-4\">\n\t<td class=\"column-1\">29 DE MARZO, 2021<\/td><td class=\"column-2\">JOS\u00c9 LUIS MAGNI \"CUSA\"<\/td><td class=\"column-3\">76<\/td><td class=\"column-4\">DEAN FUNES 233, ARROYITO<\/td>\n<\/tr>\n<tr class=\"row-5\">\n\t<td class=\"column-1\">25 DE MARZO, 2021<\/td><td class=\"column-2\">ANA JOSEFINA RINAUDO<\/td><td class=\"column-3\">28<\/td><td class=\"column-4\">AV. MARIANO MORENO 762, ARROYITO<\/td>\n<\/tr>\n<tr class=\"row-6\">\n\t<td class=\"column-1\">24 DE MARZO, 2021<\/td><td class=\"column-2\">HERIBERTO NICOL\u00c1S TOLEDO<\/td><td class=\"column-3\">94<\/td><td class=\"column-4\">IGNACIO URQU\u00cdA 821, ARROYITO<\/td>\n<\/tr>\n<tr class=\"row-7\">\n\t<td class=\"column-1\">22 DE MARZO, 2021<\/td><td class=\"column-2\">CARLOS RICARDO D\u00cdAZ<\/td><td class=\"column-3\">70<\/td><td class=\"column-4\">9 DE JULIO 1265, ARROYITO<\/td>\n<\/tr>\n<tr class=\"row-8\">\n\t<td class=\"column-1\">17 DE MARZO, 2021<\/td><td class=\"column-2\">JORGE ALBERTO FRONTERA<\/td><td class=\"column-3\">64<\/td><td class=\"column-4\">VICENTA R\u00cdOS DE VOCOS 450, ARROYITO<\/td>\n<\/tr>\n<tr class=\"row-9\">\n\t<td class=\"column-1\">15 DE MARZO, 2021<\/td><td class=\"column-2\">JOS\u00c9 ROBERTO DOM\u00cdNGUEZ<\/td><td class=\"column-3\">82<\/td><td class=\"column-4\">SARMIENTO 1166, ARROYITO<\/td>\n<\/tr>\n<tr class=\"row-10\">\n\t<td class=\"column-1\">11 DE MARZO, 2021<\/td><td class=\"column-2\">DANIEL STRADA<\/td><td class=\"column-3\">65<\/td><td class=\"column-4\">9 DE JULIO 272, ARROYITO<\/td>\n<\/tr>\n<tr class=\"row-11\">\n\t<td class=\"column-1\">10 DE MARZO, 2021<\/td><td class=\"column-2\">MAR\u00cdA JOSEFINA GALLARDO DE LORANO<\/td><td class=\"column-3\">82<\/td><td class=\"column-4\">GENERAL PAZ 253, EL T\u00cdO<\/td>\n<\/tr>\n<tr class=\"row-12\">\n\t<td class=\"column-1\">9 DE MARZO, 2021<\/td><td class=\"column-2\">GLADIS CATALINA BERARDO<\/td><td class=\"column-3\">81<\/td><td class=\"column-4\">SAN MART\u00cdN 672, ARROYITO<\/td>\n<\/tr>\n<tr class=\"row-13\">\n\t<td class=\"column-1\">7 DE MARZO, 2021<\/td><td class=\"column-2\">MAR\u00cdA ELENA RIBBA<\/td><td class=\"column-3\">59<\/td><td class=\"column-4\">JUAN LAIZ 318, ARROYITO<\/td>\n<\/tr>\n<tr class=\"row-14\">\n\t<td class=\"column-1\">6 DE MARZO, 2021<\/td><td class=\"column-2\">NORBERTO ALBINO BALBO<\/td><td class=\"column-3\">62<\/td><td class=\"column-4\">AV. MARIANO MORENO 1289, ARROYITO<\/td>\n<\/tr>\n<tr class=\"row-15\">\n\t<td class=\"column-1\">5 DE MARZO, 2021<\/td><td class=\"column-2\">TERESA MARGARITA LORENZATTI \"TITA\"<\/td><td class=\"column-3\">97<\/td><td class=\"column-4\">ZONA RURAL, LA TORDILLA<\/td>\n<\/tr>\n<tr class=\"row-16\">\n\t<td class=\"column-1\">5 DE MARZO, 2021<\/td><td class=\"column-2\">IN\u00c9S JOSEFA MAFU DE ANDRADE<\/td><td class=\"column-3\">87<\/td><td class=\"column-4\">ISMAEL BIANCHI 2068, ARROYITO<\/td>\n<\/tr>\n<tr class=\"row-17\">\n\t<td class=\"column-1\">4 DE MARZO, 2021<\/td><td class=\"column-2\">ROBERTO MIGUEL RISSO<\/td><td class=\"column-3\">62<\/td><td class=\"column-4\">OBISPO TREJO 975, ARROYITO<\/td>\n<\/tr>\n<tr class=\"row-18\">\n\t<td class=\"column-1\">3 DE MARZO, 2021<\/td><td class=\"column-2\">MARIO RA\u00daL FERN\u00c1NDEZ<\/td><td class=\"column-3\">64<\/td><td class=\"column-4\">ALFONSINA STORNI 1142, ARROYITO<\/td>\n<\/tr>\n<tr class=\"row-19\">\n\t<td class=\"column-1\">3 DE MARZO, 2021<\/td><td class=\"column-2\">ALFREDO VER\u00d3N<\/td><td class=\"column-3\">68<\/td><td class=\"column-4\">CASTRO BARROS 1372, ARROYITO<\/td>\n<\/tr>\n<tr class=\"row-20\">\n\t<td class=\"column-1\">3 DE MARZO, 2021<\/td><td class=\"column-2\">MAGDALENA GIGENA<\/td><td class=\"column-3\">69<\/td><td class=\"column-4\">PE\u00d1ALOZA 1538, ARROYITO<\/td>\n<\/tr>\n<tr class=\"row-21\">\n\t<td class=\"column-1\">2 DE MARZO, 2021<\/td><td class=\"column-2\">MAR\u00cdA IN\u00c9S G\u00d3MEZ DE VARELA<\/td><td class=\"column-3\">66<\/td><td class=\"column-4\">AV. ARTURO ILLIA 1122, ARROYITO<\/td>\n<\/tr>\n<tr class=\"row-22\">\n\t<td class=\"column-1\">1 DE MARZO, 2021<\/td><td class=\"column-2\">JOS\u00c9 BENITO ARIAS<\/td><td class=\"column-3\">81<\/td><td class=\"column-4\">ROSALINO CUELLO 687, ARROYITO<\/td>\n<\/tr>\n<tr class=\"row-23\">\n\t<td class=\"column-1\">1 DE MARZO, 2021<\/td><td class=\"column-2\">CARLOS EDUARDO NIZ<\/td><td class=\"column-3\">55<\/td><td class=\"column-4\">RIVADAVIA 613, ARROYITO<\/td>\n<\/tr>\n<\/tbody>\n<\/table>\n<!-- #tablepress-31 from cache -->\r\n<h2>Avisos f\u00fanebres febrero 2021<\/h2>\r\n\n<table id=\"tablepress-30\" class=\"tablepress tablepress-id-30\">\n<thead>\n<tr class=\"row-1\">\n\t<th class=\"column-1\">FECHA<\/th><th class=\"column-2\">NOMBRE Y APELLIDO<\/th><th class=\"column-3\">EDAD<\/th><th class=\"column-4\">CASA DE DUELO<\/th>\n<\/tr>\n<\/thead>\n<tbody class=\"row-striping row-hover\">\n<tr class=\"row-2\">\n\t<td class=\"column-1\">28 DE FEBRERO, 2021<\/td><td class=\"column-2\">N\u00c9STOR RA\u00daL BRAND\u00c1N<\/td><td class=\"column-3\">57<\/td><td class=\"column-4\">CARLOS FAVARI 1481, ARROYITO<\/td>\n<\/tr>\n<tr class=\"row-3\">\n\t<td class=\"column-1\">27 DE FEBRERO, 2021<\/td><td class=\"column-2\">V\u00ccCTOR FORTUNATO LOYOLA<\/td><td class=\"column-3\">65<\/td><td class=\"column-4\">JULIO TABORDA VOCOS 627, ARROYITO<\/td>\n<\/tr>\n<tr class=\"row-4\">\n\t<td class=\"column-1\">25 DE FEBRERO, 2021<\/td><td class=\"column-2\">MIRTA LIBERTAD VACCA<\/td><td class=\"column-3\">73<\/td><td class=\"column-4\">ROQUE S\u00c1ENZ PE\u00d1A 760, ARROYITO<\/td>\n<\/tr>\n<tr class=\"row-5\">\n\t<td class=\"column-1\">24 DE FEBRERO, 2021<\/td><td class=\"column-2\">BLANCA LIDIA ANGULO<\/td><td class=\"column-3\">83<\/td><td class=\"column-4\">JOS\u00c9 GIM\u00c9NEZ LAGOS 1015, ARROYITO<\/td>\n<\/tr>\n<tr class=\"row-6\">\n\t<td class=\"column-1\">23 DE FEBRERO, 2021<\/td><td class=\"column-2\">DORA RESTITUTA NORIEGA<\/td><td class=\"column-3\">95<\/td><td class=\"column-4\">SAN MART\u00cdN 903, ARROYITO<\/td>\n<\/tr>\n<tr class=\"row-7\">\n\t<td class=\"column-1\">22 DE FEBRERO, 2021<\/td><td class=\"column-2\">RAM\u00d3N GABINO ORELLANO<\/td><td class=\"column-3\">66<\/td><td class=\"column-4\">CARLOS FAVARI 1045, ARROYITO<\/td>\n<\/tr>\n<tr class=\"row-8\">\n\t<td class=\"column-1\">21 DE FEBRERO, 2021<\/td><td class=\"column-2\">ALCIRA STEFAN\u00cdA SUELDO<\/td><td class=\"column-3\">68<\/td><td class=\"column-4\">DORA DE RODR\u00cdGUEZ 1800, ARROYITO<\/td>\n<\/tr>\n<tr class=\"row-9\">\n\t<td class=\"column-1\">20 DE FEBRERO, 2021<\/td><td class=\"column-2\">SABINA MAGDALENA FERACE DE SANTUCHO<\/td><td class=\"column-3\">80<\/td><td class=\"column-4\">BARTOLOM\u00c9 MITRE 938, ARROYITO<\/td>\n<\/tr>\n<tr class=\"row-10\">\n\t<td class=\"column-1\">19 DE FEBRERO, 2021<\/td><td class=\"column-2\">ELSA DEL VALLE ALBORNOZ<\/td><td class=\"column-3\">66<\/td><td class=\"column-4\">AMOS QUIJADA 1860, ARROYITO<\/td>\n<\/tr>\n<tr class=\"row-11\">\n\t<td class=\"column-1\">13 DE FEBRERO, 2021<\/td><td class=\"column-2\">ESTELA NORMA IRIGARAY DE MARTINHO<\/td><td class=\"column-3\">88<\/td><td class=\"column-4\">V\u00c9LEZ SARSFIELD 670, ARROYITO<\/td>\n<\/tr>\n<tr class=\"row-12\">\n\t<td class=\"column-1\">13 DE FEBRERO, 2021<\/td><td class=\"column-2\">PEDRO ANTONIO C\u00d3RDOBA<\/td><td class=\"column-3\">57<\/td><td class=\"column-4\">RICARDO BOETTO 456, ARROYITO<\/td>\n<\/tr>\n<tr class=\"row-13\">\n\t<td class=\"column-1\">12 DE FEBRERO, 2021<\/td><td class=\"column-2\">ZOCIMA PALACIOS DE URQU\u00cdA<\/td><td class=\"column-3\">74<\/td><td class=\"column-4\">JULIO TABORDA VOCOS 645, ARROYITO<\/td>\n<\/tr>\n<tr class=\"row-14\">\n\t<td class=\"column-1\">6 DE FEBRERO, 2021<\/td><td class=\"column-2\">RUB\u00c9N CARLOS S\u00c9PTIMO CURIOTTI<\/td><td class=\"column-3\">64<\/td><td class=\"column-4\">JULIO TABORDA VOCOS 550, ARROYITO<\/td>\n<\/tr>\n<tr class=\"row-15\">\n\t<td class=\"column-1\">4 DE FEBRERO, 2021<\/td><td class=\"column-2\">EDUARDO MERCEDES PRIOTTO<\/td><td class=\"column-3\">65<\/td><td class=\"column-4\">ENRIQUE CARRATAL\u00c1 284, ARROYITO<\/td>\n<\/tr>\n<tr class=\"row-16\">\n\t<td class=\"column-1\">3 DE FEBRERO, 2021<\/td><td class=\"column-2\">RAM\u00d3N CLEMENTE CABRERA<\/td><td class=\"column-3\">67<\/td><td class=\"column-4\">9 DE JULIO 1331, ARROYITO<\/td>\n<\/tr>\n<tr class=\"row-17\">\n\t<td class=\"column-1\">2 DE FEBRERO, 2021<\/td><td class=\"column-2\">ANTONIA P\u00cdA R\u00cdOS \"LA NENA R\u00cdOS\"<\/td><td class=\"column-3\">70<\/td><td class=\"column-4\">ROSALINO CUELLO 714, ARROYITO<\/td>\n<\/tr>\n<tr class=\"row-18\">\n\t<td class=\"column-1\">1 DE FEBRERO, 2021<\/td><td class=\"column-2\">CLIVE JUAN DELLAVALE<\/td><td class=\"column-3\">86<\/td><td class=\"column-4\">GENERAL PAZ 842, ARROYITO<\/td>\n<\/tr>\n<tr class=\"row-19\">\n\t<td class=\"column-1\">1 DE FEBRERO, 2021<\/td><td class=\"column-2\">MARTA MERCEDES ORTEGA<\/td><td class=\"column-3\">80<\/td><td class=\"column-4\">AV. ARTURO ILLIA 1035, ARROYITO<\/td>\n<\/tr>\n<\/tbody>\n<\/table>\n<!-- #tablepress-30 from cache -->\r\n<h2>Avisos f\u00fanebres enero 2021<\/h2>\r\n\n<table id=\"tablepress-29\" class=\"tablepress tablepress-id-29\">\n<thead>\n<tr class=\"row-1\">\n\t<th class=\"column-1\">FECHA<\/th><th class=\"column-2\">NOMBRE Y APELLIDO<\/th><th class=\"column-3\">EDAD<\/th><th class=\"column-4\">CASA DE DUELO<\/th>\n<\/tr>\n<\/thead>\n<tbody class=\"row-striping row-hover\">\n<tr class=\"row-2\">\n\t<td class=\"column-1\">31 DE ENERO, 2021<\/td><td class=\"column-2\">RICARDO ALBERTO GUEVARA<\/td><td class=\"column-3\">74<\/td><td class=\"column-4\">ITUZAING\u00d3 1046, ARROYITO<\/td>\n<\/tr>\n<tr class=\"row-3\">\n\t<td class=\"column-1\">31 DE ENERO, 2021<\/td><td class=\"column-2\">MAR\u00cdA R\u00cdOS<\/td><td class=\"column-3\">91<\/td><td class=\"column-4\">ROQUE S\u00c1ENZ PE\u00d1A 654, ARROYITO<\/td>\n<\/tr>\n<tr class=\"row-4\">\n\t<td class=\"column-1\">30 DE ENERO, 2021<\/td><td class=\"column-2\">LUIS ALBERTO GIM\u00c9NEZ<\/td><td class=\"column-3\">65<\/td><td class=\"column-4\">PTE. RA\u00daL ALFONS\u00cdN 420, ARROYITO<\/td>\n<\/tr>\n<tr class=\"row-5\">\n\t<td class=\"column-1\">29 DE ENERO, 2021<\/td><td class=\"column-2\">EDELVEIS ELVIRA FERREYRA DE MORINO<\/td><td class=\"column-3\">77<\/td><td class=\"column-4\">ENTRE R\u00cdOS 219, LA TORDILLA<\/td>\n<\/tr>\n<tr class=\"row-6\">\n\t<td class=\"column-1\">28 DE ENERO, 2021<\/td><td class=\"column-2\">AURELIA MAGDALENA ROSSI DE GASTALDI<\/td><td class=\"column-3\">94<\/td><td class=\"column-4\">RAFAEL N\u00da\u00d1EZ 214, ARROYITO<\/td>\n<\/tr>\n<tr class=\"row-7\">\n\t<td class=\"column-1\">27 DE ENERO, 2021<\/td><td class=\"column-2\">ELSA IBA\u00d1EZ DE GERED\u00cdN<\/td><td class=\"column-3\">80<\/td><td class=\"column-4\">AV. FULVIO S. PAGANI 412, ARROYITO<\/td>\n<\/tr>\n<tr class=\"row-8\">\n\t<td class=\"column-1\">26 DE ENERO, 2021<\/td><td class=\"column-2\">EZEQUIEL RAM\u00d3N DEL CARMEN SOSA<\/td><td class=\"column-3\">77<\/td><td class=\"column-4\">AV. MARCIAL VAUDAGNA 325, ARROYITO<\/td>\n<\/tr>\n<tr class=\"row-9\">\n\t<td class=\"column-1\">24 DE ENERO, 2021<\/td><td class=\"column-2\">DANIEL \u00c1NGEL BRITO<\/td><td class=\"column-3\">75<\/td><td class=\"column-4\">AV. MANUEL SERRA 1717, ARROYITO<\/td>\n<\/tr>\n<tr class=\"row-10\">\n\t<td class=\"column-1\">19 DE ENERO, 2021<\/td><td class=\"column-2\">RUB\u00c9N EDUARDO VILLAFA\u00d1A<\/td><td class=\"column-3\">65<\/td><td class=\"column-4\">AV. MARCIAL VAUDAGNA 544, ARROYITO<\/td>\n<\/tr>\n<tr class=\"row-11\">\n\t<td class=\"column-1\">16 DE ENERO, 2021<\/td><td class=\"column-2\">RAM\u00d3N ALBERTO LOYOLA<\/td><td class=\"column-3\">81<\/td><td class=\"column-4\">RIVADAVIA 627, ARROYITO<\/td>\n<\/tr>\n<tr class=\"row-12\">\n\t<td class=\"column-1\">15 DE ENERO, 2021<\/td><td class=\"column-2\">N\u00c9STOR FABI\u00c1N AMAYA<\/td><td class=\"column-3\">24<\/td><td class=\"column-4\">AV. LIBERTADOR 233, LA TORDILLA<\/td>\n<\/tr>\n<tr class=\"row-13\">\n\t<td class=\"column-1\">15 DE ENERO, 2021<\/td><td class=\"column-2\">JULIO C\u00c9SAR CERESOLE<\/td><td class=\"column-3\">61<\/td><td class=\"column-4\">JOS\u00c9 QUINTELA 980, ARROYITO<\/td>\n<\/tr>\n<tr class=\"row-14\">\n\t<td class=\"column-1\">10 DE ENERO, 2021<\/td><td class=\"column-2\">JONATAN DOMINGO VACHILLIERI<\/td><td class=\"column-3\">28<\/td><td class=\"column-4\">IGNACIO URQU\u00cdA 1126, ARROYITO<\/td>\n<\/tr>\n<tr class=\"row-15\">\n\t<td class=\"column-1\">9 DE ENERO, 2021<\/td><td class=\"column-2\">ANABEL BLANCA DEMARCHI DE BERTONE<\/td><td class=\"column-3\">67<\/td><td class=\"column-4\">V\u00c9LEZ SARSFIELD 1778, ARROYITO<\/td>\n<\/tr>\n<tr class=\"row-16\">\n\t<td class=\"column-1\">9 DE ENERO, 2021<\/td><td class=\"column-2\">ANGELITA FLORINDA FINO<\/td><td class=\"column-3\">90<\/td><td class=\"column-4\">CONSTANCIO FRANCISCA 1967, ARROYITO<\/td>\n<\/tr>\n<tr class=\"row-17\">\n\t<td class=\"column-1\">7 DE ENERO, 2021<\/td><td class=\"column-2\">ROBERTO \u00c1NGEL JU\u00c1REZ \"CHICOTE\"<\/td><td class=\"column-3\">65<\/td><td class=\"column-4\">JOS\u00c9 QUINTELA 1067, ARROYITO<\/td>\n<\/tr>\n<tr class=\"row-18\">\n\t<td class=\"column-1\">6 DE ENERO, 2021<\/td><td class=\"column-2\">LEANDRO LEONEL LUQUE<\/td><td class=\"column-3\">16<\/td><td class=\"column-4\">DOMINGO CIANCIA 325, ARROYITO<\/td>\n<\/tr>\n<tr class=\"row-19\">\n\t<td class=\"column-1\">4 DE ENERO, 2021<\/td><td class=\"column-2\">N\u00c9LIDA JOSEFA OCAMPO DE MACHADO<\/td><td class=\"column-3\">58<\/td><td class=\"column-4\">RAFAEL BIANCHI 1445, ARROYITO<\/td>\n<\/tr>\n<tr class=\"row-20\">\n\t<td class=\"column-1\">1 DE ENERO, 2021<\/td><td class=\"column-2\">FEDERICO OSCAR MELANO<\/td><td class=\"column-3\">29<\/td><td class=\"column-4\">AMOS QUIJADA 2019, ARROYITO<\/td>\n<\/tr>\n<tr class=\"row-21\">\n\t<td class=\"column-1\">1 DE ENERO, 2021<\/td><td class=\"column-2\">V\u00cdCTOR HUGO SOL\u00cdS<\/td><td class=\"column-3\">70<\/td><td class=\"column-4\">AV. MARCIAL VAUDAGNA 580, ARROYITO<\/td>\n<\/tr>\n<\/tbody>\n<\/table>\n<!-- #tablepress-29 from cache -->\r\n<h2>Avisos f\u00fanebres diciembre 2020<\/h2>\r\n\n<table id=\"tablepress-28\" class=\"tablepress tablepress-id-28\">\n<thead>\n<tr class=\"row-1\">\n\t<th class=\"column-1\">FECHA<\/th><th class=\"column-2\">NOMBRE Y APELLIDO<\/th><th class=\"column-3\">EDAD<\/th><th class=\"column-4\">CASA DE DUELO<\/th>\n<\/tr>\n<\/thead>\n<tbody class=\"row-striping row-hover\">\n<tr class=\"row-2\">\n\t<td class=\"column-1\">31 DE DICIEMBRE, 2020<\/td><td class=\"column-2\">JOS\u00c9 LUIS RIO<\/td><td class=\"column-3\">55<\/td><td class=\"column-4\">BAHALLAT HUBAIDE 407, ARROYITO<\/td>\n<\/tr>\n<tr class=\"row-3\">\n\t<td class=\"column-1\">26 DE DICIEMBRE, 2020<\/td><td class=\"column-2\">CARMEN ESTHER BERTI DE TRISTANY<\/td><td class=\"column-3\">94<\/td><td class=\"column-4\">BELGRANO 957, ARROYITO<\/td>\n<\/tr>\n<tr class=\"row-4\">\n\t<td class=\"column-1\">25 DE DICIEMBRE, 2020<\/td><td class=\"column-2\">GRACIELA DEL VALLE ARG\u00dcELLO DE LUQUE<\/td><td class=\"column-3\">74<\/td><td class=\"column-4\">JOS\u00c9 A. VOCOS 734, ARROYITO<\/td>\n<\/tr>\n<tr class=\"row-5\">\n\t<td class=\"column-1\">22 DE DICIEMBRE, 2020<\/td><td class=\"column-2\">SERGIO JAVIER V\u00c1ZQUEZ<\/td><td class=\"column-3\">54<\/td><td class=\"column-4\">VICENTE ORELLANO 1258, ARROYITO<\/td>\n<\/tr>\n<tr class=\"row-6\">\n\t<td class=\"column-1\">21 DE DICIEMBRE, 2020<\/td><td class=\"column-2\">MARTA ALEJA DEL CARMEN ROMERO<\/td><td class=\"column-3\">79<\/td><td class=\"column-4\">CASTRO BARROS 1394, ARROYITO<\/td>\n<\/tr>\n<tr class=\"row-7\">\n\t<td class=\"column-1\">17 DE DICIEMBRE, 2020<\/td><td class=\"column-2\">C\u00c1NDIDA CATALINA OLOCCO DE CARRERA <\/td><td class=\"column-3\">95<\/td><td class=\"column-4\">PRESIDENTE RA\u00daL RICARDO ALFONS\u00cdN 546, ARROYITO<\/td>\n<\/tr>\n<tr class=\"row-8\">\n\t<td class=\"column-1\">16 DE DICIEMBRE, 2020<\/td><td class=\"column-2\">VICTORIANA DEL R. ZERD\u00c1N DE BARRIONUEVO<\/td><td class=\"column-3\">60<\/td><td class=\"column-4\">AV. DALLE MURA 1110, ARROYITO<\/td>\n<\/tr>\n<tr class=\"row-9\">\n\t<td class=\"column-1\">11 DE DICIEMBRE, 2020<\/td><td class=\"column-2\">BRUNO MAURO AGUIRRE<\/td><td class=\"column-3\">60<\/td><td class=\"column-4\">RAM\u00d3N CABRERA 464, ARROYITO<\/td>\n<\/tr>\n<tr class=\"row-10\">\n\t<td class=\"column-1\">11 DE DICIEMBRE, 2020<\/td><td class=\"column-2\">MARTA ROMERO DE ARG\u00dcELLO<\/td><td class=\"column-3\">82<\/td><td class=\"column-4\">PUEYRRED\u00d3N 973, ARROYITO<\/td>\n<\/tr>\n<tr class=\"row-11\">\n\t<td class=\"column-1\">5 DE DICIEMBRE, 2020<\/td><td class=\"column-2\">CARLOS ALBERTO LUQUE<\/td><td class=\"column-3\">71<\/td><td class=\"column-4\">FALUCHO 564, ARROYITO<\/td>\n<\/tr>\n<tr class=\"row-12\">\n\t<td class=\"column-1\">2 DE DICIEMBRE, 2020<\/td><td class=\"column-2\">ALBERTO JOS\u00c9 LUPI<\/td><td class=\"column-3\">76<\/td><td class=\"column-4\">MARIO SEVESO 555, ARROYITO<\/td>\n<\/tr>\n<\/tbody>\n<\/table>\n<!-- #tablepress-28 from cache -->\r\n<h2>Avisos f\u00fanebres noviembre 2020<\/h2>\r\n\n<table id=\"tablepress-27\" class=\"tablepress tablepress-id-27\">\n<thead>\n<tr class=\"row-1\">\n\t<th class=\"column-1\">FECHA<\/th><th class=\"column-2\">NOMBRE Y APELLIDO<\/th><th class=\"column-3\">EDAD<\/th><th class=\"column-4\">CASA DE DUELO<\/th>\n<\/tr>\n<\/thead>\n<tbody class=\"row-striping row-hover\">\n<tr class=\"row-2\">\n\t<td class=\"column-1\">29 DE NOVIEMBRE, 2020<\/td><td class=\"column-2\">RAM\u00d3N RIGOBERTO PACHECO<\/td><td class=\"column-3\">75<\/td><td class=\"column-4\">PUEYRRED\u00d3N 916, ARROYITO<\/td>\n<\/tr>\n<tr class=\"row-3\">\n\t<td class=\"column-1\">29 DE NOVIEMBRE, 2020<\/td><td class=\"column-2\">EDEN PEDRO TORRE<\/td><td class=\"column-3\">76<\/td><td class=\"column-4\">SQUI\u00da 885, ARROYITO<\/td>\n<\/tr>\n<tr class=\"row-4\">\n\t<td class=\"column-1\">28 DE NOVIEMBRE, 2020<\/td><td class=\"column-2\">OVIDIO OMAR GIM\u00c9NEZ<\/td><td class=\"column-3\">71<\/td><td class=\"column-4\">ENTRE R\u00cdOS 239, LA TORDILLA<\/td>\n<\/tr>\n<tr class=\"row-5\">\n\t<td class=\"column-1\">27 DE NOVIEMBRE, 2020<\/td><td class=\"column-2\">RAMONA AMANDA ZAPATA<\/td><td class=\"column-3\">79<\/td><td class=\"column-4\">ALFONSINA STORNI 839, ARROYITO<\/td>\n<\/tr>\n<tr class=\"row-6\">\n\t<td class=\"column-1\">24 DE NOVIEMBRE, 2020<\/td><td class=\"column-2\">ADAN ERNESTO BAZ\u00c1N<\/td><td class=\"column-3\">59<\/td><td class=\"column-4\">V\u00c9LEZ S\u00c1RSFIELD 1284, ARROYITO<\/td>\n<\/tr>\n<tr class=\"row-7\">\n\t<td class=\"column-1\">24 DE NOVIEMBRE, 2020<\/td><td class=\"column-2\">DOMINGO DUBERLY BURGOS<\/td><td class=\"column-3\">89<\/td><td class=\"column-4\">HUMBERTO PRIMO 295, ARROYITO<\/td>\n<\/tr>\n<tr class=\"row-8\">\n\t<td class=\"column-1\">22 DE NOVIEMBRE, 2020<\/td><td class=\"column-2\">FRANCISCO CRUZ CALLEJAS<\/td><td class=\"column-3\">65<\/td><td class=\"column-4\">RAFAEL BIANCHI 1681, ARROYITO<\/td>\n<\/tr>\n<tr class=\"row-9\">\n\t<td class=\"column-1\">22 DE NOVIEMBRE, 2020<\/td><td class=\"column-2\">PETRONA PURA VILLARREAL<\/td><td class=\"column-3\">91<\/td><td class=\"column-4\">TOM\u00c1S JU\u00c1REZ 396, ARROYITO<\/td>\n<\/tr>\n<tr class=\"row-10\">\n\t<td class=\"column-1\">15 DE NOVIEMBRE, 2020<\/td><td class=\"column-2\">MANUEL ANTONIO ALMADA \"TETILLA\"<\/td><td class=\"column-3\">68<\/td><td class=\"column-4\">DORA B. RODR\u00cdGUEZ 1708, ARROYITO<\/td>\n<\/tr>\n<tr class=\"row-11\">\n\t<td class=\"column-1\">14 DE NOVIEMBRE, 2020<\/td><td class=\"column-2\">JUAN CARLOS CALAFELL<\/td><td class=\"column-3\">75<\/td><td class=\"column-4\">SARMIENTO 910, ARROYITO<\/td>\n<\/tr>\n<tr class=\"row-12\">\n\t<td class=\"column-1\">14 DE NOVIEMBRE, 2020<\/td><td class=\"column-2\">ESTELA MARYS SOSA DE YANEZ<\/td><td class=\"column-3\">64<\/td><td class=\"column-4\">RAM\u00d3N CABRERA 536, ARROYITO<\/td>\n<\/tr>\n<tr class=\"row-13\">\n\t<td class=\"column-1\">13 DE NOVIEMBRE, 2020<\/td><td class=\"column-2\">LUIS ALICIO AUDRITO<\/td><td class=\"column-3\">86<\/td><td class=\"column-4\">ROQUE S\u00c1ENZ PE\u00d1A 453, ARROYITO<\/td>\n<\/tr>\n<tr class=\"row-14\">\n\t<td class=\"column-1\">12 DE NOVIEMBRE, 2020<\/td><td class=\"column-2\">JORGE HUGO DEL PILAR GUDI\u00d1O<\/td><td class=\"column-3\">61<\/td><td class=\"column-4\">ALFONSINA STORNI 910, ARROYITO<\/td>\n<\/tr>\n<tr class=\"row-15\">\n\t<td class=\"column-1\">12 DE NOVIEMBRE, 2020<\/td><td class=\"column-2\">ANA MAR\u00cdA DE BARBERIS<\/td><td class=\"column-3\">67<\/td><td class=\"column-4\">25 DE MAYO 471, ARROYITO<\/td>\n<\/tr>\n<tr class=\"row-16\">\n\t<td class=\"column-1\">11 DE NOVIEMBRE, 2020<\/td><td class=\"column-2\">V\u00cdCTOR ANDR\u00c9S COMETTO<\/td><td class=\"column-3\">78<\/td><td class=\"column-4\">SARMIENTO 1254, ARROYITO<\/td>\n<\/tr>\n<tr class=\"row-17\">\n\t<td class=\"column-1\">11 DE NOVIEMBRE, 2020<\/td><td class=\"column-2\">NORMA RAQUEL DECIA DE VILLARREAL <\/td><td class=\"column-3\">73<\/td><td class=\"column-4\">BAHALLAT HUBAIDE 593, ARROYITO<\/td>\n<\/tr>\n<tr class=\"row-18\">\n\t<td class=\"column-1\">10 DE NOVIEMBRE, 2020<\/td><td class=\"column-2\">ELMA LEONOR AIMAR DE LERDA<\/td><td class=\"column-3\">90<\/td><td class=\"column-4\">PUERTO ARGENTINO 104, LA TORDILLA<\/td>\n<\/tr>\n<tr class=\"row-19\">\n\t<td class=\"column-1\">10 DE NOVIEMBRE, 2020<\/td><td class=\"column-2\">NELVA DOLORES LUDUE\u00d1A<\/td><td class=\"column-3\">79<\/td><td class=\"column-4\">RENATO CATURELLI 251, ARROYITO<\/td>\n<\/tr>\n<tr class=\"row-20\">\n\t<td class=\"column-1\">9 DE NOVIEMBRE, 2020<\/td><td class=\"column-2\">IDA AM\u00c9RICA SOLIER<\/td><td class=\"column-3\">75<\/td><td class=\"column-4\">JOS\u00c9 A. VOCOS 1104, ARROYITO<\/td>\n<\/tr>\n<tr class=\"row-21\">\n\t<td class=\"column-1\">7 DE NOVIEMBRE, 2020<\/td><td class=\"column-2\">MAR\u00cdA DEL CARMEN CERINO<\/td><td class=\"column-3\">71<\/td><td class=\"column-4\">ESPA\u00d1A 410, ARROYITO<\/td>\n<\/tr>\n<tr class=\"row-22\">\n\t<td class=\"column-1\">4 DE NOVIEMBRE, 2020<\/td><td class=\"column-2\">ALBERTO CAYETANO CANAVESIO<\/td><td class=\"column-3\">78<\/td><td class=\"column-4\">IGNACIO URQU\u00cdA 653, ARROYITO<\/td>\n<\/tr>\n<tr class=\"row-23\">\n\t<td class=\"column-1\">4 DE NOVIEMBRE, 2020<\/td><td class=\"column-2\">MAR\u00cdA LIDIA ROMERO<\/td><td class=\"column-3\">71<\/td><td class=\"column-4\">BARTOLOM\u00c9 MITRE 1239, ARROYITO<\/td>\n<\/tr>\n<tr class=\"row-24\">\n\t<td class=\"column-1\">2 DE NOVIEMBRE, 2020<\/td><td class=\"column-2\">EMA CLELIA ACASTELLO DE LESCANO<\/td><td class=\"column-3\">83<\/td><td class=\"column-4\">CASTRO BARROS 179, ARROYITO<\/td>\n<\/tr>\n<tr class=\"row-25\">\n\t<td class=\"column-1\">2 DE NOVIEMBRE, 2020<\/td><td class=\"column-2\">AMADO LUDUE\u00d1A<\/td><td class=\"column-3\">82<\/td><td class=\"column-4\">AV. DALLE MURA 578, ARROYITO<\/td>\n<\/tr>\n<tr class=\"row-26\">\n\t<td class=\"column-1\">1 DE NOVIEMBRE, 2020<\/td><td class=\"column-2\">JOS\u00c9 ALBERTO VEGA<\/td><td class=\"column-3\">56<\/td><td class=\"column-4\">MODESTO MARANZANA 454, ARROYITO<\/td>\n<\/tr>\n<\/tbody>\n<\/table>\n<!-- #tablepress-27 from cache -->\r\n<h2>Avisos f\u00fanebres octubre 2020<\/h2>\r\n\n<table id=\"tablepress-26\" class=\"tablepress tablepress-id-26\">\n<thead>\n<tr class=\"row-1\">\n\t<th class=\"column-1\">FECHA<\/th><th class=\"column-2\">NOMBRE Y APELLIDO<\/th><th class=\"column-3\">EDAD<\/th><th class=\"column-4\">CASA DE DUELO<\/th>\n<\/tr>\n<\/thead>\n<tbody class=\"row-striping row-hover\">\n<tr class=\"row-2\">\n\t<td class=\"column-1\">30 DE OCTUBRE, 2020<\/td><td class=\"column-2\">TERESA MAR\u00cdA DE LAS POMPEYAS BERTONE<\/td><td class=\"column-3\">73<\/td><td class=\"column-4\">HUMBERTO PRIMO 126, ARROYITO<\/td>\n<\/tr>\n<tr class=\"row-3\">\n\t<td class=\"column-1\">30 DE OCTUBRE, 2020<\/td><td class=\"column-2\">N\u00c9LIDA ESP\u00cdNDOLA<\/td><td class=\"column-3\">55<\/td><td class=\"column-4\">HUMBERTO PRIMO 126, ARROYITO<\/td>\n<\/tr>\n<tr class=\"row-4\">\n\t<td class=\"column-1\">29 DE OCTUBRE, 2020<\/td><td class=\"column-2\">CARLOS GUSTAVO ALBERIONE<\/td><td class=\"column-3\">63<\/td><td class=\"column-4\">AV. BERNARDO ERB 462, ARROYITO<\/td>\n<\/tr>\n<tr class=\"row-5\">\n\t<td class=\"column-1\">28 DE OCTUBRE, 2020<\/td><td class=\"column-2\">HILMA JUANA URQU\u00cdA<\/td><td class=\"column-3\">78<\/td><td class=\"column-4\">MARIO SEVESO 215, ARROYITO<\/td>\n<\/tr>\n<tr class=\"row-6\">\n\t<td class=\"column-1\">28 DE OCTUBRE, 2020<\/td><td class=\"column-2\">CLAUDIO LABRINDO FERN\u00c1NDEZ<\/td><td class=\"column-3\">84<\/td><td class=\"column-4\">CASTRO BARROS 1394, ARROYITO<\/td>\n<\/tr>\n<tr class=\"row-7\">\n\t<td class=\"column-1\">28 DE OCTUBRE, 2020<\/td><td class=\"column-2\">NOELIA MAGDALENA ENES SANTO DE GONELLA<\/td><td class=\"column-3\">85<\/td><td class=\"column-4\">SAN CARLOS 245, LA TORDILLA<\/td>\n<\/tr>\n<tr class=\"row-8\">\n\t<td class=\"column-1\">27 DE OCTUBRE, 2020<\/td><td class=\"column-2\">JUAN PABLO CASALIS \"MITO\"<\/td><td class=\"column-3\">67<\/td><td class=\"column-4\">AV. ARTURO ILLIA 486, ARROYITO<\/td>\n<\/tr>\n<tr class=\"row-9\">\n\t<td class=\"column-1\">27 DE OCTUBRE, 2020<\/td><td class=\"column-2\">MAR\u00cdA DEL CARMEN GUEVARA DE QUINTEROS<\/td><td class=\"column-3\">69<\/td><td class=\"column-4\">SAN MART\u00cdN 824, ARROYITO<\/td>\n<\/tr>\n<tr class=\"row-10\">\n\t<td class=\"column-1\">26 DE OCTUBRE, 2020<\/td><td class=\"column-2\">ROVERT DOMINGO BARAVALLE<\/td><td class=\"column-3\">61<\/td><td class=\"column-4\">ISMAEL BIANCHI 2045, ARROYITO<\/td>\n<\/tr>\n<tr class=\"row-11\">\n\t<td class=\"column-1\">26 DE OCTUBRE, 2020<\/td><td class=\"column-2\">H\u00c9CTOR BENITO ABREG\u00da<\/td><td class=\"column-3\">57<\/td><td class=\"column-4\">AV. MANUEL SERRA 1541, ARROYITO<\/td>\n<\/tr>\n<tr class=\"row-12\">\n\t<td class=\"column-1\">26 DE OCTUBRE, 2020<\/td><td class=\"column-2\">ROBERTO BLAS QUINTEROS<\/td><td class=\"column-3\">65<\/td><td class=\"column-4\">G\u00dcEMES 63, ARROYITO<\/td>\n<\/tr>\n<tr class=\"row-13\">\n\t<td class=\"column-1\">24 DE OCTUBRE, 2020<\/td><td class=\"column-2\">CORINA DEL VALLE RINALDI<\/td><td class=\"column-3\">76<\/td><td class=\"column-4\">HUMBERTO PRIMO 392, ARROYITO<\/td>\n<\/tr>\n<tr class=\"row-14\">\n\t<td class=\"column-1\">24 DE OCTUBRE, 2020<\/td><td class=\"column-2\">SARA ESTHER GATTI<\/td><td class=\"column-3\">85<\/td><td class=\"column-4\">GENERAL PAZ 1140, ARROYITO<\/td>\n<\/tr>\n<tr class=\"row-15\">\n\t<td class=\"column-1\">24 DE OCTUBRE, 2020<\/td><td class=\"column-2\">MAR\u00cdA DEL CARMEN TOLOSA DE SOSA<\/td><td class=\"column-3\">58<\/td><td class=\"column-4\">JOS\u00c9 DE BARBERIS 432, ARROYITO<\/td>\n<\/tr>\n<tr class=\"row-16\">\n\t<td class=\"column-1\">24 DE OCTUBRE, 2020<\/td><td class=\"column-2\">CARLOS LUDOVICO ZIMMEL<\/td><td class=\"column-3\">82<\/td><td class=\"column-4\">RAFAEL N\u00da\u00d1EZ 360, ARROYITO<\/td>\n<\/tr>\n<tr class=\"row-17\">\n\t<td class=\"column-1\">24 DE OCTUBRE, 2020<\/td><td class=\"column-2\">ETHEL GALETTO DE GONELLA<\/td><td class=\"column-3\">85<\/td><td class=\"column-4\">LIBERTADOR 348, LA TORDILLA<\/td>\n<\/tr>\n<tr class=\"row-18\">\n\t<td class=\"column-1\">24 DE OCTUBRE, 2020<\/td><td class=\"column-2\">ELVIO BENITO LESCANO<\/td><td class=\"column-3\">76<\/td><td class=\"column-4\">C\u00d3RDOBA 178, LA TORDILLA<\/td>\n<\/tr>\n<tr class=\"row-19\">\n\t<td class=\"column-1\">23 DE OCTUBRE, 2020<\/td><td class=\"column-2\">CARLOS ALBERTO ALMADA<\/td><td class=\"column-3\">60<\/td><td class=\"column-4\">JOS\u00c9 QUINTELA 860, ARROYITO<\/td>\n<\/tr>\n<tr class=\"row-20\">\n\t<td class=\"column-1\">22 DE OCTUBRE, 2020<\/td><td class=\"column-2\">MARIO ALBERTO COCCONI<\/td><td class=\"column-3\">72<\/td><td class=\"column-4\">AV. ARTURO ILLIA 1108, ARROYITO<\/td>\n<\/tr>\n<tr class=\"row-21\">\n\t<td class=\"column-1\">21 DE OCTUBRE, 2020<\/td><td class=\"column-2\">RA\u00daL FELIPE R\u00cdOS<\/td><td class=\"column-3\">62<\/td><td class=\"column-4\">CONRADO DIEZ 1383, ARROYITO<\/td>\n<\/tr>\n<tr class=\"row-22\">\n\t<td class=\"column-1\">21 DE OCTUBRE, 2020<\/td><td class=\"column-2\">NEREO OSCAR TUNINETTI<\/td><td class=\"column-3\">74<\/td><td class=\"column-4\">PE\u00d1ALOZA 1566, ARROYITO<\/td>\n<\/tr>\n<tr class=\"row-23\">\n\t<td class=\"column-1\">20 DE OCTUBRE, 2020<\/td><td class=\"column-2\">ANTONIO ELPIDIO S\u00c1NCHEZ<\/td><td class=\"column-3\">72<\/td><td class=\"column-4\">CARLOS FAVARI 736, ARROYITO<\/td>\n<\/tr>\n<tr class=\"row-24\">\n\t<td class=\"column-1\">19 DE OCTUBRE, 2020<\/td><td class=\"column-2\">NORMA NELLI ROVERE DE CARRERA<\/td><td class=\"column-3\">65<\/td><td class=\"column-4\">VICENTA R\u00cdOS DE VOCOS 1193, ARROYITO<\/td>\n<\/tr>\n<tr class=\"row-25\">\n\t<td class=\"column-1\">19 DE OCTUBRE, 2020<\/td><td class=\"column-2\">NORMA NELLI MAR\u00cdA ROVERE<\/td><td class=\"column-3\">65<\/td><td class=\"column-4\">VICENTA R\u00cdOS DE VOCOS 1193, ARROYITO<\/td>\n<\/tr>\n<tr class=\"row-26\">\n\t<td class=\"column-1\">19 DE OCTUBRE, 2020<\/td><td class=\"column-2\">ADRIANA ISABEL FERREYRA<\/td><td class=\"column-3\">55<\/td><td class=\"column-4\">SARMIENTO 1023, ARROYITO<\/td>\n<\/tr>\n<tr class=\"row-27\">\n\t<td class=\"column-1\">19 DE OCTUBRE, 2020<\/td><td class=\"column-2\">JUAN CARLOS ALGARBE \"PATA DE LE\u00d3N\"<\/td><td class=\"column-3\">65<\/td><td class=\"column-4\">CONRADO DIEZ 1540, ARROYITO<\/td>\n<\/tr>\n<tr class=\"row-28\">\n\t<td class=\"column-1\">19 DE OCTUBRE, 2020<\/td><td class=\"column-2\">ELZA ESTHER GAIDA<\/td><td class=\"column-3\">84<\/td><td class=\"column-4\">9 DE JULIO 75, ARROYITO<\/td>\n<\/tr>\n<tr class=\"row-29\">\n\t<td class=\"column-1\">19 DE OCTUBRE, 2020<\/td><td class=\"column-2\">JACOBO DAMI\u00c1N ALMADA \"POCHO\"<\/td><td class=\"column-3\">80<\/td><td class=\"column-4\">RA\u00daL ALFONS\u00cdN 290, ARROYITO<\/td>\n<\/tr>\n<tr class=\"row-30\">\n\t<td class=\"column-1\">18 DE OCTUBRE, 2020<\/td><td class=\"column-2\">JUAN CARLOS VALENTE<\/td><td class=\"column-3\">67<\/td><td class=\"column-4\">AV. ARTURO ILLIA 1227, ARROYITO<\/td>\n<\/tr>\n<tr class=\"row-31\">\n\t<td class=\"column-1\">17 DE OCTUBRE, 2020<\/td><td class=\"column-2\">JUAN MARINO BENEDETTI<\/td><td class=\"column-3\">86<\/td><td class=\"column-4\">CASTRO BARROS 563, ARROYITO<\/td>\n<\/tr>\n<tr class=\"row-32\">\n\t<td class=\"column-1\">16 DE OCTUBRE, 2020<\/td><td class=\"column-2\">RAM\u00d3N SILVIO GARC\u00cdA<\/td><td class=\"column-3\">88<\/td><td class=\"column-4\">CONRADO DIEZ 1483, ARROYITO<\/td>\n<\/tr>\n<tr class=\"row-33\">\n\t<td class=\"column-1\">16 DE OCTUBRE, 2020<\/td><td class=\"column-2\">ROBERTO DIONISIO MONTENEGRO<\/td><td class=\"column-3\">81<\/td><td class=\"column-4\">CRISTOBAL COL\u00d3N 601, ARROYITO<\/td>\n<\/tr>\n<tr class=\"row-34\">\n\t<td class=\"column-1\">15 DE OCTUBRE, 2020<\/td><td class=\"column-2\">CRISTINA DEL VALLE NORIEGA<\/td><td class=\"column-3\">49<\/td><td class=\"column-4\">OLGA SOL\u00cdS 1785, ARROYITO<\/td>\n<\/tr>\n<tr class=\"row-35\">\n\t<td class=\"column-1\">13 DE OCTUBRE, 2020<\/td><td class=\"column-2\">ROSA MATILDE GUTI\u00c9RREZ DE BRONDELLO<\/td><td class=\"column-3\">58<\/td><td class=\"column-4\">FALUCHO 924, ARROYITO<\/td>\n<\/tr>\n<tr class=\"row-36\">\n\t<td class=\"column-1\">12 DE OCTUBRE, 2020<\/td><td class=\"column-2\">\u00c1NGELA ROSARIO ALMADA DE FERREYRA<\/td><td class=\"column-3\">80<\/td><td class=\"column-4\">SARMIENTO 1023, ARROYITO<\/td>\n<\/tr>\n<tr class=\"row-37\">\n\t<td class=\"column-1\">12 DE OCTUBRE, 2020<\/td><td class=\"column-2\">JULIO MARIO AUDISIO<\/td><td class=\"column-3\">23<\/td><td class=\"column-4\">CASEROS 364, ARROYITO<\/td>\n<\/tr>\n<tr class=\"row-38\">\n\t<td class=\"column-1\">10 DE OCTUBRE, 2020<\/td><td class=\"column-2\">MARCIANA FLORENCIA MANCILLA \"ERCILIA\"<\/td><td class=\"column-3\">92<\/td><td class=\"column-4\">CRISTOBAL COL\u00d3N 663, ARROYITO<\/td>\n<\/tr>\n<tr class=\"row-39\">\n\t<td class=\"column-1\">6 DE OCTUBRE, 2020<\/td><td class=\"column-2\">CARLOS ROQUE GUDI\u00d1O<\/td><td class=\"column-3\">67<\/td><td class=\"column-4\">PUERTO ARGENTINO 234, LA TORDILLA<\/td>\n<\/tr>\n<tr class=\"row-40\">\n\t<td class=\"column-1\">6 DE OCTUBRE, 2020<\/td><td class=\"column-2\">MARTA CLEDY BUSTAMANTE DE P\u00c9REZ<\/td><td class=\"column-3\">80<\/td><td class=\"column-4\">OSVALDO NAVARRO 1130, ARROYITO<\/td>\n<\/tr>\n<tr class=\"row-41\">\n\t<td class=\"column-1\">2 DE OCTUBRE, 2020<\/td><td class=\"column-2\">SIRIA B. JUANA CALEGARIS DE FEMEN\u00cdA<\/td><td class=\"column-3\">83<\/td><td class=\"column-4\">SARMIENTO 1459, ARROYITO<\/td>\n<\/tr>\n<\/tbody>\n<\/table>\n<!-- #tablepress-26 from cache -->\r\n<h2>Avisos f\u00fanebres septiembre 2020<\/h2>\r\n\n<table id=\"tablepress-25\" class=\"tablepress tablepress-id-25\">\n<thead>\n<tr class=\"row-1\">\n\t<th class=\"column-1\">FECHA<\/th><th class=\"column-2\">NOMBRE Y APELLIDO<\/th><th class=\"column-3\">EDAD<\/th><th class=\"column-4\">CASA DE DUELO<\/th>\n<\/tr>\n<\/thead>\n<tbody class=\"row-striping row-hover\">\n<tr class=\"row-2\">\n\t<td class=\"column-1\">30 DE SEPTIEMBRE, 2020<\/td><td class=\"column-2\">SANTIAGO ULISES JU\u00c1REZ<\/td><td class=\"column-3\">5<\/td><td class=\"column-4\">SAN MART\u00cdN 540, LA TORDILLA<\/td>\n<\/tr>\n<tr class=\"row-3\">\n\t<td class=\"column-1\">30 DE SEPTIEMBRE, 2020<\/td><td class=\"column-2\">MAR\u00cdA SOLEDAD NAVARRO<\/td><td class=\"column-3\">81<\/td><td class=\"column-4\">G\u00dcEMES 274, ARROYITO<\/td>\n<\/tr>\n<tr class=\"row-4\">\n\t<td class=\"column-1\">28 DE SEPTIEMBRE, 2020<\/td><td class=\"column-2\">CARMEN ROSA VARAS DE PERCAZ<\/td><td class=\"column-3\">48<\/td><td class=\"column-4\">AV. MANUEL SERRA 2011, ARROYITO<\/td>\n<\/tr>\n<tr class=\"row-5\">\n\t<td class=\"column-1\">27 DE SEPTIEMBRE, 2020<\/td><td class=\"column-2\">TERESA MAR\u00cdA FRANCISCA<\/td><td class=\"column-3\">98<\/td><td class=\"column-4\">SARMIENTO 1045, ARROYITO<\/td>\n<\/tr>\n<tr class=\"row-6\">\n\t<td class=\"column-1\">25 DE SEPTIEMBRE, 2020<\/td><td class=\"column-2\">JOS\u00c9 EGIDIO QUINTEROS<\/td><td class=\"column-3\">74<\/td><td class=\"column-4\">RIVADAVIA 1021, ARROYITO<\/td>\n<\/tr>\n<tr class=\"row-7\">\n\t<td class=\"column-1\">25 DE SEPTIEMBRE, 2020<\/td><td class=\"column-2\">VANESA ALEJANDRA H\u00c9RNANZ<\/td><td class=\"column-3\">40<\/td><td class=\"column-4\">25 DE MAYO 1685, ARROYITO<\/td>\n<\/tr>\n<tr class=\"row-8\">\n\t<td class=\"column-1\">18 DE SEPTIEMBRE, 2020<\/td><td class=\"column-2\">MARIO ROBERTO ROMERO<\/td><td class=\"column-3\">52<\/td><td class=\"column-4\">ANTONIO BALLATORE 1168, ARROYITO<\/td>\n<\/tr>\n<tr class=\"row-9\">\n\t<td class=\"column-1\">11 DE SEPTIEMBRE, 2020<\/td><td class=\"column-2\">JUAN CARLOS VARAS<\/td><td class=\"column-3\">61<\/td><td class=\"column-4\">12 DE OCTUBRE 495, EL FUERTECITO<\/td>\n<\/tr>\n<tr class=\"row-10\">\n\t<td class=\"column-1\">10 DE SEPTIEMBRE, 2020<\/td><td class=\"column-2\">MARTA EDITH LEYVA<\/td><td class=\"column-3\">90<\/td><td class=\"column-4\">25 DE MAYO 1427, ARROYITO<\/td>\n<\/tr>\n<tr class=\"row-11\">\n\t<td class=\"column-1\">10 DE SEPTIEMBRE, 2020<\/td><td class=\"column-2\">ATILIO JUAN LUIS FRANCESSE<\/td><td class=\"column-3\">70<\/td><td class=\"column-4\">AV. FULVIO PAGANI 1652<\/td>\n<\/tr>\n<tr class=\"row-12\">\n\t<td class=\"column-1\">9 DE SEPTIEMBRE, 2020<\/td><td class=\"column-2\">CARMEN MAR\u00cdA MERCEDES LENCINAS<\/td><td class=\"column-3\">76<\/td><td class=\"column-4\">SAAVEDRA 55, EL T\u00cdO<\/td>\n<\/tr>\n<tr class=\"row-13\">\n\t<td class=\"column-1\">6 DE SEPTIEMBRE, 2020<\/td><td class=\"column-2\">JUANA SOF\u00cdA MANSILLA DE OKSDATH<\/td><td class=\"column-3\">70<\/td><td class=\"column-4\">BARTOLOM\u00c9 MITRE 955, ARROYITO<\/td>\n<\/tr>\n<tr class=\"row-14\">\n\t<td class=\"column-1\">4 DE SEPTIEMBRE, 2020<\/td><td class=\"column-2\">ATILIO CORPO<\/td><td class=\"column-3\">62<\/td><td class=\"column-4\">ORLANDO MARASINI 306, EL FUERTECITO<\/td>\n<\/tr>\n<tr class=\"row-15\">\n\t<td class=\"column-1\">1 DE SEPTIEMBRE, 2020<\/td><td class=\"column-2\">OSCAR ERNESTO MELANO<\/td><td class=\"column-3\">83<\/td><td class=\"column-4\">J. J. DE URQUIZA 228, ARROYITO<\/td>\n<\/tr>\n<tr class=\"row-16\">\n\t<td class=\"column-1\">1 DE SEPTIEMBRE, 2020<\/td><td class=\"column-2\">RA\u00daL RUPERTO FRONTERA<\/td><td class=\"column-3\">96<\/td><td class=\"column-4\">AV. MARCIAL VAUDAGNA 847, ARROYITO<\/td>\n<\/tr>\n<\/tbody>\n<\/table>\n<!-- #tablepress-25 from cache -->\r\n<h2><strong>Avisos f\u00fanebres agosto 2020<\/strong><\/h2>\r\n\n<table id=\"tablepress-24\" class=\"tablepress tablepress-id-24\">\n<thead>\n<tr class=\"row-1\">\n\t<th class=\"column-1\">FECHA<\/th><th class=\"column-2\">NOMBRE Y APELLIDO<\/th><th class=\"column-3\">EDAD<\/th><th class=\"column-4\">CASA DE DUELO<\/th>\n<\/tr>\n<\/thead>\n<tbody class=\"row-striping row-hover\">\n<tr class=\"row-2\">\n\t<td class=\"column-1\">31 DE AGOSTO, 2020<\/td><td class=\"column-2\">MIGUEL \u00c1NGEL HUDAK<\/td><td class=\"column-3\">65<\/td><td class=\"column-4\">HUMBERTO PRIMO 165, ARROYITO<\/td>\n<\/tr>\n<tr class=\"row-3\">\n\t<td class=\"column-1\">27 DE AGOSTO, 2020<\/td><td class=\"column-2\">BLANCA ESTER MATEO DE RIGONI<\/td><td class=\"column-3\">59<\/td><td class=\"column-4\">MODESTO MARANZANA 651, ARROYITO<\/td>\n<\/tr>\n<tr class=\"row-4\">\n\t<td class=\"column-1\">25 DE AGOSTO, 2020<\/td><td class=\"column-2\">JUAN DIEGO GUTIERREZ<\/td><td class=\"column-3\">22<\/td><td class=\"column-4\">9 DE JULIO 1228, ARROYITO<\/td>\n<\/tr>\n<tr class=\"row-5\">\n\t<td class=\"column-1\">21 DE AGOSTO, 2020<\/td><td class=\"column-2\">HUGO ALBERTO ARNALDI<\/td><td class=\"column-3\">73<\/td><td class=\"column-4\">JOS\u00c9 A. VOCOS 797, ARROYITO<\/td>\n<\/tr>\n<tr class=\"row-6\">\n\t<td class=\"column-1\">17 DE AGOSTO, 2020<\/td><td class=\"column-2\">RA\u00daL ALEJANDRO ALTINA<\/td><td class=\"column-3\">57<\/td><td class=\"column-4\">JUAN LAIZ 335, ARROYITO<\/td>\n<\/tr>\n<tr class=\"row-7\">\n\t<td class=\"column-1\">17 DE AGOSTO, 2020<\/td><td class=\"column-2\">ROSA MARGARITA CERETTI DE MARASINI<\/td><td class=\"column-3\">84<\/td><td class=\"column-4\">AV. MARCIAL VAUDAGNA 1305, ARROYITO<\/td>\n<\/tr>\n<tr class=\"row-8\">\n\t<td class=\"column-1\">16 DE AGOSTO, 2020<\/td><td class=\"column-2\">DOMINGA G\u00dcIZZO<\/td><td class=\"column-3\">78<\/td><td class=\"column-4\">AV. A. ILLIA 442, ARROYITO<\/td>\n<\/tr>\n<tr class=\"row-9\">\n\t<td class=\"column-1\">15 DE AGOSTO, 2020<\/td><td class=\"column-2\">CLADI RUMILDA ALBANO<\/td><td class=\"column-3\">76<\/td><td class=\"column-4\">JOS\u00c9 DE BARBERIS 557, ARROYITO <\/td>\n<\/tr>\n<tr class=\"row-10\">\n\t<td class=\"column-1\">14 DE AGOSTO, 2020<\/td><td class=\"column-2\">MARGARITA BELTRAMINO DE BIANCHIOTTI<\/td><td class=\"column-3\">83<\/td><td class=\"column-4\">TOM\u00c1S JU\u00c1REZ 423, ARROYITO<\/td>\n<\/tr>\n<tr class=\"row-11\">\n\t<td class=\"column-1\">13 DE AGOSTO, 2020<\/td><td class=\"column-2\">SOILO ACOSTA<\/td><td class=\"column-3\">89<\/td><td class=\"column-4\">RAFAEL N\u00da\u00d1EZ 751, ARROYITO<\/td>\n<\/tr>\n<tr class=\"row-12\">\n\t<td class=\"column-1\">5 DE AGOSTO, 2020<\/td><td class=\"column-2\">RUB\u00c9N ARIEL MASSELLO<\/td><td class=\"column-3\">53<\/td><td class=\"column-4\">IGNACIO RIPOLL 471, ARROYITO<\/td>\n<\/tr>\n<tr class=\"row-13\">\n\t<td class=\"column-1\">4 DE AGOSTO, 2020<\/td><td class=\"column-2\">ROBERTO DEL JES\u00daS QUINTEROS CORSO<\/td><td class=\"column-3\">74<\/td><td class=\"column-4\">RAFAEL BIANCHI 734, ARROYITO<\/td>\n<\/tr>\n<tr class=\"row-14\">\n\t<td class=\"column-1\">5 DE AGOSTO, 2020<\/td><td class=\"column-2\">VANINA AYL\u00c9N SIGNORILE<\/td><td class=\"column-3\">23<\/td><td class=\"column-4\">MIGUEL VAUDAGNA 349, ARROYITO<\/td>\n<\/tr>\n<tr class=\"row-15\">\n\t<td class=\"column-1\">4 DE AGOSTO, 2020<\/td><td class=\"column-2\">MAT\u00cdAS ALEJANDRO PERALTA<\/td><td class=\"column-3\">21<\/td><td class=\"column-4\">24 DE SEPTIEMBRE 886, ARROYITO<\/td>\n<\/tr>\n<tr class=\"row-16\">\n\t<td class=\"column-1\">3 DE AGOSTO, 2020<\/td><td class=\"column-2\">DANIEL ALBERTO RIGONI<\/td><td class=\"column-3\">54<\/td><td class=\"column-4\">P\u00cdNDARO LUDUE\u00d1A 565, ARROYITO<\/td>\n<\/tr>\n<tr class=\"row-17\">\n\t<td class=\"column-1\">2 DE AGOSTO, 2020<\/td><td class=\"column-2\">MAR\u00cdA FELICINDA ROMERO DE OITANA<\/td><td class=\"column-3\">87<\/td><td class=\"column-4\">SARMIENTO 721, ARROYITO<\/td>\n<\/tr>\n<tr class=\"row-18\">\n\t<td class=\"column-1\">1 DE AGOSTO, 2020<\/td><td class=\"column-2\">V\u00cdCTOR HUGO ZAMORA<\/td><td class=\"column-3\">59<\/td><td class=\"column-4\">ALFONSINA STORNI 926, ARROYITO<\/td>\n<\/tr>\n<tr class=\"row-19\">\n\t<td class=\"column-1\">1 DE AGOSTO, 2020<\/td><td class=\"column-2\">IN\u00c9S ALBERTINA G\u00d3MEZ DE FUNES<\/td><td class=\"column-3\">89<\/td><td class=\"column-4\">PJE. MARCELINO LOREDO 828, ARROYITO<\/td>\n<\/tr>\n<\/tbody>\n<\/table>\n<!-- #tablepress-24 from cache -->\r\n<h2><strong>Avisos f\u00fanebres julio 2020<\/strong><\/h2>\r\n\n<table id=\"tablepress-23\" class=\"tablepress tablepress-id-23\">\n<thead>\n<tr class=\"row-1\">\n\t<th class=\"column-1\">FECHA<\/th><th class=\"column-2\">NOMBRE Y APELLIDO<\/th><th class=\"column-3\">EDAD<\/th><th class=\"column-4\">CASA DE DUELO<\/th>\n<\/tr>\n<\/thead>\n<tbody class=\"row-striping row-hover\">\n<tr class=\"row-2\">\n\t<td class=\"column-1\">30 DE JULIO, 2020<\/td><td class=\"column-2\">RAM\u00d3N INGINIO GALLEGO \"EL NEGRO CANILLA\"<\/td><td class=\"column-3\">68<\/td><td class=\"column-4\">DORA B. RODR\u00cdGUEZ 1727, ARROYITO<\/td>\n<\/tr>\n<tr class=\"row-3\">\n\t<td class=\"column-1\">26 DE JULIO, 2020<\/td><td class=\"column-2\">DANIEL RITO ARAYA<\/td><td class=\"column-3\">53<\/td><td class=\"column-4\">RAFAEL N\u00da\u00d1EZ 1176, ARROYITO<\/td>\n<\/tr>\n<tr class=\"row-4\">\n\t<td class=\"column-1\">24 DE JULIO, 2020<\/td><td class=\"column-2\">TERESITA MALVINA G\u00d3MEZ DE ALBERIONE<\/td><td class=\"column-3\">80<\/td><td class=\"column-4\">25 DE MAYO 1444, ARROYITO<\/td>\n<\/tr>\n<tr class=\"row-5\">\n\t<td class=\"column-1\">21 DE JULIO, 2020<\/td><td class=\"column-2\">MERCED MANSILLA<\/td><td class=\"column-3\">78<\/td><td class=\"column-4\">RICARDO CECC\u00d3N 432, ARROYITO<\/td>\n<\/tr>\n<tr class=\"row-6\">\n\t<td class=\"column-1\">20 DE JULIO, 2020<\/td><td class=\"column-2\">MAR\u00cdA ESTHER CARETO<\/td><td class=\"column-3\">99<\/td><td class=\"column-4\">SAN MART\u00cdN 178, ARROYITO<\/td>\n<\/tr>\n<tr class=\"row-7\">\n\t<td class=\"column-1\">19 DE JULIO, 2020<\/td><td class=\"column-2\">JOS\u00c9 ANTONIO ARIAS<\/td><td class=\"column-3\">80<\/td><td class=\"column-4\">V. ORELLANO 1251, ARROYITO<\/td>\n<\/tr>\n<tr class=\"row-8\">\n\t<td class=\"column-1\">15 DE JULIO, 2020<\/td><td class=\"column-2\">HAYDE\u00c9 GUADALUPE ACU\u00d1A<\/td><td class=\"column-3\">88<\/td><td class=\"column-4\">RAFAEL BIANCHI 269, ARROYITO<\/td>\n<\/tr>\n<tr class=\"row-9\">\n\t<td class=\"column-1\">14 DE JULIO, 2020<\/td><td class=\"column-2\">DIOLINDA DEL VALLE MEDRANO DE MONTOYA<\/td><td class=\"column-3\">73<\/td><td class=\"column-4\">OBISPO TREJO 716, ARROYITO<\/td>\n<\/tr>\n<tr class=\"row-10\">\n\t<td class=\"column-1\">13 DE JULIO, 2020<\/td><td class=\"column-2\">PASTOR PEDRO BOGDAN<\/td><td class=\"column-3\">74<\/td><td class=\"column-4\">BARTOLOM\u00c9 MITRE 264, ARROYITO<\/td>\n<\/tr>\n<tr class=\"row-11\">\n\t<td class=\"column-1\">13 DE JULIO, 2020<\/td><td class=\"column-2\">PEDRO PABLO GALLARDO<\/td><td class=\"column-3\">67<\/td><td class=\"column-4\">PE\u00d1ALOZA 1070, ARROYITO<\/td>\n<\/tr>\n<tr class=\"row-12\">\n\t<td class=\"column-1\">12 DE JULIO, 2020<\/td><td class=\"column-2\">JOSEFA MAR\u00cdA BUSTOS<\/td><td class=\"column-3\">87<\/td><td class=\"column-4\">PREDIO ATAHUALPA S\/N, ARROYITO<\/td>\n<\/tr>\n<tr class=\"row-13\">\n\t<td class=\"column-1\">12 DE JULIO, 2020<\/td><td class=\"column-2\">LAURA TEREZITA ALMADA DE GUDI\u00d1O<\/td><td class=\"column-3\">87<\/td><td class=\"column-4\">MODESTO MARANZANA 962, ARROYITO<\/td>\n<\/tr>\n<tr class=\"row-14\">\n\t<td class=\"column-1\">10 DE JULIO, 2020<\/td><td class=\"column-2\">MAGDALENA RITA CARRE\u00d1O<\/td><td class=\"column-3\">66<\/td><td class=\"column-4\">AV. MANUEL SERRA 2043, ARROYITO<\/td>\n<\/tr>\n<tr class=\"row-15\">\n\t<td class=\"column-1\">9 DE JULIO, 2020<\/td><td class=\"column-2\">NELIO \u00c1NGEL RISSO<\/td><td class=\"column-3\">88<\/td><td class=\"column-4\">AV. LIBERTADOR 709, LA TORDILLA<\/td>\n<\/tr>\n<tr class=\"row-16\">\n\t<td class=\"column-1\">9 DE JULIO, 2020<\/td><td class=\"column-2\">DOMINGA FRANCISCA MORELLO DE RIVAROLA<\/td><td class=\"column-3\">76<\/td><td class=\"column-4\">12 DE OCTUBRE 253, EL FUERTECITO<\/td>\n<\/tr>\n<tr class=\"row-17\">\n\t<td class=\"column-1\">7 DE JULIO, 2020<\/td><td class=\"column-2\">N\u00c9STOR ABELARDO ALMADA<\/td><td class=\"column-3\">67<\/td><td class=\"column-4\">25 DE MAYO 2090, ARROYITO<\/td>\n<\/tr>\n<tr class=\"row-18\">\n\t<td class=\"column-1\">7 DE JULIO, 2020<\/td><td class=\"column-2\">GLADYS ROSA LUQUE<\/td><td class=\"column-3\">60<\/td><td class=\"column-4\">ANTONIO BALLATORE 1168, ARROYITO<\/td>\n<\/tr>\n<tr class=\"row-19\">\n\t<td class=\"column-1\">5 DE JULIO, 2020<\/td><td class=\"column-2\">VILMA ADRIANA GOROSITO DE VACA<\/td><td class=\"column-3\">50<\/td><td class=\"column-4\">CRISTOBAL COL\u00d3N 375, ARROYITO<\/td>\n<\/tr>\n<tr class=\"row-20\">\n\t<td class=\"column-1\">3 DE JULIO, 2020<\/td><td class=\"column-2\">BENITA ACOSTA ROSA DE FLORES<\/td><td class=\"column-3\">93<\/td><td class=\"column-4\">HUMBERTO PRIMO 972, LA TORDILLA<\/td>\n<\/tr>\n<\/tbody>\n<\/table>\n<!-- #tablepress-23 from cache -->\r\n<h2><strong>Avisos f\u00fanebres junio 2020<\/strong><\/h2>\r\n\n<table id=\"tablepress-22\" class=\"tablepress tablepress-id-22\">\n<thead>\n<tr class=\"row-1\">\n\t<th class=\"column-1\">FECHA<\/th><th class=\"column-2\">NOMBRE Y APELLIDO<\/th><th class=\"column-3\">EDAD<\/th><th class=\"column-4\">CASA DE DUELO<\/th>\n<\/tr>\n<\/thead>\n<tbody class=\"row-striping row-hover\">\n<tr class=\"row-2\">\n\t<td class=\"column-1\">29 DE JUNIO, 2020<\/td><td class=\"column-2\">JUAN JES\u00daS CARIGNANO<\/td><td class=\"column-3\">81<\/td><td class=\"column-4\">JOS\u00c9 A. VOCOS 851, ARROYITO<\/td>\n<\/tr>\n<tr class=\"row-3\">\n\t<td class=\"column-1\">27 DE JUNIO, 2020<\/td><td class=\"column-2\">WALTER HUGO CABRERA<\/td><td class=\"column-3\">58<\/td><td class=\"column-4\">OSVALDO NAVARRO 665, ARROYITO<\/td>\n<\/tr>\n<tr class=\"row-4\">\n\t<td class=\"column-1\">27 DE JUNIO, 2020<\/td><td class=\"column-2\">VER\u00d3NICA DELMI BRIZUELA DE BERARDO<\/td><td class=\"column-3\">44<\/td><td class=\"column-4\">SAN MART\u00cdN 1261, ARROYITO<\/td>\n<\/tr>\n<tr class=\"row-5\">\n\t<td class=\"column-1\">25 DE JUNIO, 2020<\/td><td class=\"column-2\">BLANCA VIDELA FUNES<\/td><td class=\"column-3\">86<\/td><td class=\"column-4\">AV. DALLE MURA 749, ARROYITO<\/td>\n<\/tr>\n<tr class=\"row-6\">\n\t<td class=\"column-1\">16 DE JUNIO, 2020<\/td><td class=\"column-2\">IRMA TRINIDAD REINOSO DE VARAS<\/td><td class=\"column-3\">80<\/td><td class=\"column-4\">CARLOS FAVARI1725, ARROYITO<\/td>\n<\/tr>\n<tr class=\"row-7\">\n\t<td class=\"column-1\">15 DE JUNIO, 2020<\/td><td class=\"column-2\">MARGARITA BLANCA COSTANTINO DE CARRERA<\/td><td class=\"column-3\">88<\/td><td class=\"column-4\">25 DE MAYO 1883, ARROYITO<\/td>\n<\/tr>\n<tr class=\"row-8\">\n\t<td class=\"column-1\">14 DE JUNIO, 2020<\/td><td class=\"column-2\">PETRONA ADALIA BROCHERO<\/td><td class=\"column-3\">76<\/td><td class=\"column-4\">JOS\u00c9 QUINTELA 1072, ARROYITO<\/td>\n<\/tr>\n<tr class=\"row-9\">\n\t<td class=\"column-1\">14 DE JUNIO, 2020<\/td><td class=\"column-2\">OLGA IN\u00c9S MAIDANA<\/td><td class=\"column-3\">93<\/td><td class=\"column-4\">CORONEL \u00c1LVAREZ 1257, ARROYITO<\/td>\n<\/tr>\n<tr class=\"row-10\">\n\t<td class=\"column-1\">12 DE JUNIO, 2020<\/td><td class=\"column-2\">ELSA SINECIA AMUCH\u00c1STEGUI<\/td><td class=\"column-3\">85<\/td><td class=\"column-4\">SARMIENTO 857, ARROYITO<\/td>\n<\/tr>\n<tr class=\"row-11\">\n\t<td class=\"column-1\">12 DE JUNIO, 2020<\/td><td class=\"column-2\">ESTHER MAR\u00cdA PICCO DE MANA<\/td><td class=\"column-3\">85<\/td><td class=\"column-4\">PUEYRRED\u00d3N 749, ARROYITO<\/td>\n<\/tr>\n<tr class=\"row-12\">\n\t<td class=\"column-1\">6 DE JUNIO, 2020<\/td><td class=\"column-2\">MARINA OLGA DEL VALLE AR\u00c9VALO DE FONTANA<\/td><td class=\"column-3\">87<\/td><td class=\"column-4\">AV. DALLE MURA 872, ARROYITO<\/td>\n<\/tr>\n<tr class=\"row-13\">\n\t<td class=\"column-1\">3 DE JUNIO, 2020<\/td><td class=\"column-2\">FRANCISCO DE JES\u00daS MERELES<\/td><td class=\"column-3\">76<\/td><td class=\"column-4\">AV. GREGORIO CARETO 327, ARROYITO<\/td>\n<\/tr>\n<\/tbody>\n<\/table>\n<!-- #tablepress-22 from cache -->\r\n<h2><strong>Avisos f\u00fanebres mayo 2020<\/strong><\/h2>\r\n\n<table id=\"tablepress-21\" class=\"tablepress tablepress-id-21\">\n<thead>\n<tr class=\"row-1\">\n\t<th class=\"column-1\">FECHA<\/th><th class=\"column-2\">NOMBRE Y APELLIDO<\/th><th class=\"column-3\">EDAD<\/th><th class=\"column-4\">CASA DE DUELO<\/th>\n<\/tr>\n<\/thead>\n<tbody class=\"row-striping row-hover\">\n<tr class=\"row-2\">\n\t<td class=\"column-1\">29 DE MAYO, 2020<\/td><td class=\"column-2\">FELIPA AMALIA ROLD\u00c1N DE MOYANO<\/td><td class=\"column-3\">92<\/td><td class=\"column-4\">CASTRO BARROS 845, ARROYITO<\/td>\n<\/tr>\n<tr class=\"row-3\">\n\t<td class=\"column-1\">25 DE MAYO, 2020<\/td><td class=\"column-2\">RAQUEL ESTHER FERACE DE GUTI\u00c9RREZ<\/td><td class=\"column-3\">81<\/td><td class=\"column-4\">SAN MART\u00cdN 1125, ARROYITO<\/td>\n<\/tr>\n<tr class=\"row-4\">\n\t<td class=\"column-1\">23 DE MAYO, 2020<\/td><td class=\"column-2\">MIRTA RAMONA GUEVARA<\/td><td class=\"column-3\">46<\/td><td class=\"column-4\">CASEROS 199, ARROYITO<\/td>\n<\/tr>\n<tr class=\"row-5\">\n\t<td class=\"column-1\">22 DE MAYO, 2020<\/td><td class=\"column-2\">RUB\u00c9N CARLOS TOLOSA<\/td><td class=\"column-3\">82<\/td><td class=\"column-4\">PJE. PELLEGRINI 1121, ARROYITO<\/td>\n<\/tr>\n<tr class=\"row-6\">\n\t<td class=\"column-1\">18 DE MAYO, 2020<\/td><td class=\"column-2\">TERESITA MARTHA AR\u00c9VALO DE MORENO<\/td><td class=\"column-3\">56<\/td><td class=\"column-4\">URQUIZA 1632, ARROYITO<\/td>\n<\/tr>\n<tr class=\"row-7\">\n\t<td class=\"column-1\">18 DE MAYO, 2020<\/td><td class=\"column-2\">SABINA BEATRIZ RONDALLI DE MARITANO<\/td><td class=\"column-3\">90<\/td><td class=\"column-4\">MARIO SEVESO 366, ARROYITO<\/td>\n<\/tr>\n<tr class=\"row-8\">\n\t<td class=\"column-1\">18 DE MAYO, 2020<\/td><td class=\"column-2\">MAR\u00cdA NATALIA BIANCHOTTI DE S\u00c1NCHEZ<\/td><td class=\"column-3\">91<\/td><td class=\"column-4\">25 DE MAYO 1596, ARROYITO<\/td>\n<\/tr>\n<tr class=\"row-9\">\n\t<td class=\"column-1\">12 DE MAYO, 2020<\/td><td class=\"column-2\">ROQUE ALBERTO RAMOS<\/td><td class=\"column-3\">69<\/td><td class=\"column-4\">ROQUE S\u00c1ENZ PE\u00d1A 1115, ARROYITO<\/td>\n<\/tr>\n<tr class=\"row-10\">\n\t<td class=\"column-1\">10 DE MAYO, 2020<\/td><td class=\"column-2\">RICARDO BONIFACIO ARG\u00dcELLO<\/td><td class=\"column-3\">58<\/td><td class=\"column-4\">25 DE MAYO 676, ARROYITO<\/td>\n<\/tr>\n<tr class=\"row-11\">\n\t<td class=\"column-1\">10 DE MAYO, 2020<\/td><td class=\"column-2\">MARTHA NORMA CABRERA DE BALBO<\/td><td class=\"column-3\">65<\/td><td class=\"column-4\">MANUEL TRILLO 642, ARROYITO<\/td>\n<\/tr>\n<\/tbody>\n<\/table>\n<!-- #tablepress-21 from cache -->\r\n<h2><strong>Avisos f\u00fanebres abril 2020<\/strong><\/h2>\r\n\n<table id=\"tablepress-20\" class=\"tablepress tablepress-id-20\">\n<thead>\n<tr class=\"row-1\">\n\t<th class=\"column-1\">FECHA<\/th><th class=\"column-2\">NOMBRE Y APELLIDO<\/th><th class=\"column-3\">EDAD<\/th><th class=\"column-4\">CASA DE DUELO<\/th>\n<\/tr>\n<\/thead>\n<tbody class=\"row-striping row-hover\">\n<tr class=\"row-2\">\n\t<td class=\"column-1\">29 DE ABRIL, 2020<\/td><td class=\"column-2\">DANILO EZEQUIEL ASTUDILLO<\/td><td class=\"column-3\">13<\/td><td class=\"column-4\">JOS\u00c9 QUINTELA 1527, ARROYITO<\/td>\n<\/tr>\n<tr class=\"row-3\">\n\t<td class=\"column-1\">28 DE ABRIL, 2020<\/td><td class=\"column-2\">DANIELA MARICEL \u00c1LVAREZ DE LENCINAS<\/td><td class=\"column-3\">47<\/td><td class=\"column-4\">CONRADO DIEZ 1504, ARROYITO<\/td>\n<\/tr>\n<tr class=\"row-4\">\n\t<td class=\"column-1\">22 DE ABRIL, 2020<\/td><td class=\"column-2\">ULISES LORENZI<\/td><td class=\"column-3\">25<\/td><td class=\"column-4\">RIVADAVIA 553, ARROYITO<\/td>\n<\/tr>\n<tr class=\"row-5\">\n\t<td class=\"column-1\">21 DE ABRIL, 2020<\/td><td class=\"column-2\">DORIS MAGDALENA ARMANDO DE LE\u00d3N<\/td><td class=\"column-3\">83<\/td><td class=\"column-4\">BARTOLOM\u00c9 MITRE 1173, ARROYITO<\/td>\n<\/tr>\n<tr class=\"row-6\">\n\t<td class=\"column-1\">20 DE ABRIL, 2020<\/td><td class=\"column-2\">N\u00c9LIDA VAYRA DE GIL<\/td><td class=\"column-3\">85<\/td><td class=\"column-4\">ISMAEL BIANCHI 2069, ARROYITO<\/td>\n<\/tr>\n<tr class=\"row-7\">\n\t<td class=\"column-1\">19 DE ABRIL, 2020<\/td><td class=\"column-2\">JUAN DOMINGO OCHOA<\/td><td class=\"column-3\">77<\/td><td class=\"column-4\">ROSALINO CUELLO 629, ARROYITO<\/td>\n<\/tr>\n<tr class=\"row-8\">\n\t<td class=\"column-1\">19 DE ABRIL, 2020<\/td><td class=\"column-2\">\u00c1NGELA ROSA ROLD\u00c1N DE ZIMMEL<\/td><td class=\"column-3\">86<\/td><td class=\"column-4\">PUEYRRED\u00d3N 741, ARROYITO<\/td>\n<\/tr>\n<tr class=\"row-9\">\n\t<td class=\"column-1\">17 DE ABRIL, 2020<\/td><td class=\"column-2\">LIBIO CARMEN LABASTO<\/td><td class=\"column-3\">80<\/td><td class=\"column-4\">AV. ARTURO ILLIA 757, ARROYITO<\/td>\n<\/tr>\n<tr class=\"row-10\">\n\t<td class=\"column-1\">16 DE ABRIL, 2020<\/td><td class=\"column-2\">\u00c9LIDA ROSA CASTELARI DE GALLAR\u00c1<\/td><td class=\"column-3\">68<\/td><td class=\"column-4\">ROQUE S\u00c1ENZ PE\u00d1A 477, ARROYITO<\/td>\n<\/tr>\n<tr class=\"row-11\">\n\t<td class=\"column-1\">16 DE ABRIL, 2020<\/td><td class=\"column-2\">OSCAR FRANCISCO CIANCIA<\/td><td class=\"column-3\">74<\/td><td class=\"column-4\">JOS\u00c9 A. VOCOS 505, ARROYITO<\/td>\n<\/tr>\n<tr class=\"row-12\">\n\t<td class=\"column-1\">9 DE ABRIL, 2020<\/td><td class=\"column-2\">RAM\u00d3N DEL VALLE SOSA<\/td><td class=\"column-3\">74<\/td><td class=\"column-4\">ZONA RURAL S\/N, ARROYITO<\/td>\n<\/tr>\n<tr class=\"row-13\">\n\t<td class=\"column-1\">7 DE ABRIL, 2020<\/td><td class=\"column-2\">PAULINA \u00c9LIDA C\u00d3RDOBA<\/td><td class=\"column-3\">76<\/td><td class=\"column-4\">CRISTOBAL COL\u00d3N 635, ARROYITO<\/td>\n<\/tr>\n<tr class=\"row-14\">\n\t<td class=\"column-1\">7 DE ABRIL, 2020<\/td><td class=\"column-2\">ELINA LUISA RAMUNDA<\/td><td class=\"column-3\">69<\/td><td class=\"column-4\">JORGE NEWBERY 2110, ARROYITO<\/td>\n<\/tr>\n<tr class=\"row-15\">\n\t<td class=\"column-1\">6 DE ABRIL, 2020<\/td><td class=\"column-2\">H\u00c9CTOR HUGO RINAUDO<\/td><td class=\"column-3\">84<\/td><td class=\"column-4\">25 DE MAYO 1480, ARROYITO<\/td>\n<\/tr>\n<tr class=\"row-16\">\n\t<td class=\"column-1\">4 DE ABRIL, 2020<\/td><td class=\"column-2\">IDELL BETY BORGOGNO<\/td><td class=\"column-3\">86<\/td><td class=\"column-4\">9 DE JULIO 368, ARROYITO<\/td>\n<\/tr>\n<tr class=\"row-17\">\n\t<td class=\"column-1\">2 DE ABRIL, 2020<\/td><td class=\"column-2\">LEDA TERESA SAVATERO DE RIBA<\/td><td class=\"column-3\">78<\/td><td class=\"column-4\">BELGRANO 1655, ARROYITO<\/td>\n<\/tr>\n<tr class=\"row-18\">\n\t<td class=\"column-1\">1 DE ABRIL, 2020<\/td><td class=\"column-2\">AMILCAR JUAN GALLAR\u00c1<\/td><td class=\"column-3\">69<\/td><td class=\"column-4\">ROQUE S\u00c1ENZ PE\u00d1A 405, ARROYITO<\/td>\n<\/tr>\n<\/tbody>\n<\/table>\n<!-- #tablepress-20 from cache -->\r\n<h2><strong>Avisos f\u00fanebres marzo 2020<\/strong><\/h2>\r\n\n<table id=\"tablepress-19\" class=\"tablepress tablepress-id-19\">\n<thead>\n<tr class=\"row-1\">\n\t<th class=\"column-1\">FECHA<\/th><th class=\"column-2\">NOMBRE Y APELLIDO<\/th><th class=\"column-3\">EDAD<\/th><th class=\"column-4\">CASA DE DUELO<\/th>\n<\/tr>\n<\/thead>\n<tbody class=\"row-striping row-hover\">\n<tr class=\"row-2\">\n\t<td class=\"column-1\">28 DE MARZO, 2020<\/td><td class=\"column-2\">CECILIA ERMELINDA FERREYRA<\/td><td class=\"column-3\">80<\/td><td class=\"column-4\">JOS\u00c9 G. LAGOS 1271, ARROYITO<\/td>\n<\/tr>\n<tr class=\"row-3\">\n\t<td class=\"column-1\">26 DE MARZO, 2020<\/td><td class=\"column-2\">SERGIO MIGUEL MARESCOTTI<\/td><td class=\"column-3\">63<\/td><td class=\"column-4\">PE\u00d1ALOZA 1501, ARROYITO<\/td>\n<\/tr>\n<tr class=\"row-4\">\n\t<td class=\"column-1\">24 DE MARZO, 2020<\/td><td class=\"column-2\">OLGA DEOLINDA DOM\u00cdNGUEZ DE GUDI\u00d1O<\/td><td class=\"column-3\">63<\/td><td class=\"column-4\">CONSTANCIO FRANCISCA 2059, ARROYITO<\/td>\n<\/tr>\n<tr class=\"row-5\">\n\t<td class=\"column-1\">24 DE MARZO, 2020<\/td><td class=\"column-2\">WENCESLAO CUELLO<\/td><td class=\"column-3\">77<\/td><td class=\"column-4\">JOS\u00c9 GIM\u00c9NEZ LAGOS 1095, ARROYITO<\/td>\n<\/tr>\n<tr class=\"row-6\">\n\t<td class=\"column-1\">24 DE MARZO, 2020<\/td><td class=\"column-2\">MANUEL GARC\u00cdA P\u00c9REZ<\/td><td class=\"column-3\">91<\/td><td class=\"column-4\">25 DE MAYO 395, ARROYITO<\/td>\n<\/tr>\n<tr class=\"row-7\">\n\t<td class=\"column-1\">23 DE MARZO, 2020<\/td><td class=\"column-2\">ESTELA MARI BRUNO DE ALEA<\/td><td class=\"column-3\">68<\/td><td class=\"column-4\">ESPA\u00d1A 125, ARROYITO<\/td>\n<\/tr>\n<tr class=\"row-8\">\n\t<td class=\"column-1\">21 DE MARZO, 2020<\/td><td class=\"column-2\">MAR\u00cdA CATALINA ROGGIA DE SCHARFF<\/td><td class=\"column-3\">96<\/td><td class=\"column-4\">JOS\u00c9 A. VOCOS 43, ARROYITO<\/td>\n<\/tr>\n<tr class=\"row-9\">\n\t<td class=\"column-1\">17 DE MARZO, 2020<\/td><td class=\"column-2\">RAM\u00d3N OSVALDO FERREYRA \"PELECHA\"<\/td><td class=\"column-3\">87<\/td><td class=\"column-4\">URQUIZA 1266, ARROYITO<\/td>\n<\/tr>\n<tr class=\"row-10\">\n\t<td class=\"column-1\">16 DE MARZO, 2020<\/td><td class=\"column-2\">ROBERTO CARLOS BALLATORE<\/td><td class=\"column-3\">44<\/td><td class=\"column-4\">DEAN FUNES 536, ARROYITO<\/td>\n<\/tr>\n<tr class=\"row-11\">\n\t<td class=\"column-1\">14 DE MARZO, 2020<\/td><td class=\"column-2\">VICENTE BITOCCHI<\/td><td class=\"column-3\">87<\/td><td class=\"column-4\">G\u00dcEMES 388, ARROYITO<\/td>\n<\/tr>\n<tr class=\"row-12\">\n\t<td class=\"column-1\">13 DE MARZO, 2020<\/td><td class=\"column-2\">ALBERTO DOMINGO VASSALLE<\/td><td class=\"column-3\">56<\/td><td class=\"column-4\">AV. DALLE MURA 1445, ARROYITO<\/td>\n<\/tr>\n<tr class=\"row-13\">\n\t<td class=\"column-1\">11 DE MARZO, 2020<\/td><td class=\"column-2\">CLARA ISABEL MOLEKER<\/td><td class=\"column-3\">83<\/td><td class=\"column-4\">SAN MART\u00cdN 1152, ARROYITO<\/td>\n<\/tr>\n<tr class=\"row-14\">\n\t<td class=\"column-1\">7 DE MARZO, 2020<\/td><td class=\"column-2\">NILDA EDIT SORIA DE PERALTA<\/td><td class=\"column-3\">68<\/td><td class=\"column-4\">TOM\u00c1S JU\u00c1REZ 1050, ARROYITO<\/td>\n<\/tr>\n<tr class=\"row-15\">\n\t<td class=\"column-1\">4 DE MARZO, 2020<\/td><td class=\"column-2\">JORGE JOS\u00c9 LOVERA<\/td><td class=\"column-3\">74<\/td><td class=\"column-4\">AV. FULVIO PAGANI 737, ARROYITO<\/td>\n<\/tr>\n<tr class=\"row-16\">\n\t<td class=\"column-1\">3 DE MARZO, 2020<\/td><td class=\"column-2\">LUCRECIA TR\u00c1NSITO DEL VALLE LUQUE DE JU\u00c1REZ \"TITA\"<\/td><td class=\"column-3\">81<\/td><td class=\"column-4\">CORONEL \u00c1LVAREZ 852, ARROYITO<\/td>\n<\/tr>\n<\/tbody>\n<\/table>\n<!-- #tablepress-19 from cache -->\r\n<h2><strong>Avisos f\u00fanebres febrero 2020<\/strong><\/h2>\r\n\n<table id=\"tablepress-18\" class=\"tablepress tablepress-id-18\">\n<thead>\n<tr class=\"row-1\">\n\t<th class=\"column-1\">FECHA<\/th><th class=\"column-2\">NOMBRE Y APELLIDO<\/th><th class=\"column-3\">EDAD<\/th><th class=\"column-4\">CASA DE DUELO<\/th>\n<\/tr>\n<\/thead>\n<tbody class=\"row-striping row-hover\">\n<tr class=\"row-2\">\n\t<td class=\"column-1\">17 DE FEBRERO, 2020<\/td><td class=\"column-2\">ROMILDO EMIDIO MAGGI<\/td><td class=\"column-3\">88<\/td><td class=\"column-4\">SAN MART\u00cdN 906, ARROYITO<\/td>\n<\/tr>\n<tr class=\"row-3\">\n\t<td class=\"column-1\">5 DE FEBRERO, 2020<\/td><td class=\"column-2\">N\u00c9STOR ALBERTO ORELLANO \"TOTI\"<\/td><td class=\"column-3\">80<\/td><td class=\"column-4\">CARLOS FAVARI 1142, ARROYITO<\/td>\n<\/tr>\n<tr class=\"row-4\">\n\t<td class=\"column-1\">5 DE FEBRERO, 2020<\/td><td class=\"column-2\">MARINO ACOSTA<\/td><td class=\"column-3\">74<\/td><td class=\"column-4\">MODESTO MARANZANA 623, ARROYITO<\/td>\n<\/tr>\n<tr class=\"row-5\">\n\t<td class=\"column-1\">4 DE FEBRERO, 2020<\/td><td class=\"column-2\">DIVICO WALTER MAURER \"PIRO\"<\/td><td class=\"column-3\">73<\/td><td class=\"column-4\">AV. FULVIO S. PAGANI 1400, ARROYITO<\/td>\n<\/tr>\n<tr class=\"row-6\">\n\t<td class=\"column-1\">4 DE FEBRERO, 2020<\/td><td class=\"column-2\">AZUCENA MAR\u00cdA RACCA<\/td><td class=\"column-3\">78<\/td><td class=\"column-4\">AV. ARTURO ILLIA 705, ARROYITO<\/td>\n<\/tr>\n<\/tbody>\n<\/table>\n<!-- #tablepress-18 from cache -->\r\n<h2><strong>Avisos f\u00fanebres enero 2020<\/strong><\/h2>\r\n\n<table id=\"tablepress-17\" class=\"tablepress tablepress-id-17\">\n<thead>\n<tr class=\"row-1\">\n\t<th class=\"column-1\">FECHA<\/th><th class=\"column-2\">NOMBRE Y APELLIDO<\/th><th class=\"column-3\">EDAD<\/th><th class=\"column-4\">CASA DE DUELO<\/th>\n<\/tr>\n<\/thead>\n<tbody class=\"row-striping row-hover\">\n<tr class=\"row-2\">\n\t<td class=\"column-1\">31 DE ENERO, 2020<\/td><td class=\"column-2\">EMILDA KETTY MAURER<\/td><td class=\"column-3\">84<\/td><td class=\"column-4\">RAFAEL BIANCHI 1090, ARROYITO<\/td>\n<\/tr>\n<tr class=\"row-3\">\n\t<td class=\"column-1\">29 DE ENERO, 2020<\/td><td class=\"column-2\">REN\u00c9 OSVALDO SUELDO<\/td><td class=\"column-3\">73<\/td><td class=\"column-4\">ROQUE S\u00c1ENZ PE\u00d1A 424, ARROYITO<\/td>\n<\/tr>\n<tr class=\"row-4\">\n\t<td class=\"column-1\">25 DE ENERO, 2020<\/td><td class=\"column-2\">FRANCISCO ATILIO LARIVEY<\/td><td class=\"column-3\">57<\/td><td class=\"column-4\">C\u00d3RDOBA 198, LA TORDILLA<\/td>\n<\/tr>\n<tr class=\"row-5\">\n\t<td class=\"column-1\">24 DE ENERO, 2020<\/td><td class=\"column-2\">CLAUDIO RICARDO MAGGI<\/td><td class=\"column-3\">52<\/td><td class=\"column-4\">TOM\u00c1S JU\u00c1REZ 1051, ARROYITO<\/td>\n<\/tr>\n<tr class=\"row-6\">\n\t<td class=\"column-1\">24 DE ENERO, 2020<\/td><td class=\"column-2\">MAR\u00cdA EMILIA MESTRINER DE BARRA<\/td><td class=\"column-3\">45<\/td><td class=\"column-4\">SARMIENTO 236, ARROYITO<\/td>\n<\/tr>\n<tr class=\"row-7\">\n\t<td class=\"column-1\">23 DE ENERO, 2020<\/td><td class=\"column-2\">EDGAR OSFALDO OLIVA \"CANQU\u00cdA\"<\/td><td class=\"column-3\">58<\/td><td class=\"column-4\">FALUCHO 419, ARROYITO<\/td>\n<\/tr>\n<tr class=\"row-8\">\n\t<td class=\"column-1\">18 DE ENERO, 2020<\/td><td class=\"column-2\">AMALIA DOLLY HUBAIDE<\/td><td class=\"column-3\">82<\/td><td class=\"column-4\">RIVADAVIA 332, ARROYITO<\/td>\n<\/tr>\n<tr class=\"row-9\">\n\t<td class=\"column-1\">16 DE ENERO, 2020<\/td><td class=\"column-2\">MIGUEL \u00c1NGEL FERREYRA \"TICO\"<\/td><td class=\"column-3\">61<\/td><td class=\"column-4\">AV. DALLE MURA 1453, ARROYITO<\/td>\n<\/tr>\n<tr class=\"row-10\">\n\t<td class=\"column-1\">15 DE ENERO, 2020<\/td><td class=\"column-2\">REN\u00b4'E ELVIRA AGUIRRE DE G\u00d3MEZ<\/td><td class=\"column-3\">84<\/td><td class=\"column-4\">J. J. DE URQUIZA 1464, ARROYITO<\/td>\n<\/tr>\n<tr class=\"row-11\">\n\t<td class=\"column-1\">13 DE ENERO, 2020<\/td><td class=\"column-2\">BALVINA HIP\u00d3LITA ROMERO DE ADAGLIA \"TERESA\"<\/td><td class=\"column-3\">83<\/td><td class=\"column-4\">AV. DALLE MURA 1519, ARROYITO<\/td>\n<\/tr>\n<tr class=\"row-12\">\n\t<td class=\"column-1\">9 DE ENERO, 2020<\/td><td class=\"column-2\">MAR\u00cdA TERESA BONARDO DE PINTA<\/td><td class=\"column-3\">89<\/td><td class=\"column-4\">BELGRANO 679, ARROYITO<\/td>\n<\/tr>\n<tr class=\"row-13\">\n\t<td class=\"column-1\">8 DE ENERO, 2020<\/td><td class=\"column-2\">FEDERICO RAM\u00d3N MARTINA<\/td><td class=\"column-3\">90<\/td><td class=\"column-4\">G\u00dcEMES 173, ARROYITO<\/td>\n<\/tr>\n<tr class=\"row-14\">\n\t<td class=\"column-1\">7 DE ENERO, 2020<\/td><td class=\"column-2\">ALEJANDRO BL\u00c1ZQUEZ GARC\u00cdA<\/td><td class=\"column-3\">84<\/td><td class=\"column-4\">SAN MART\u00cdN 232, ARROYITO<\/td>\n<\/tr>\n<tr class=\"row-15\">\n\t<td class=\"column-1\">4 DE ENERO, 2020<\/td><td class=\"column-2\">MATILDE TERESA \u00c1LVAREZ<\/td><td class=\"column-3\">86<\/td><td class=\"column-4\">CONRADO DIEZ 1329, ARROYITO<\/td>\n<\/tr>\n<tr class=\"row-16\">\n\t<td class=\"column-1\">3 DE ENERO, 2020<\/td><td class=\"column-2\">MARGARITA EUFEMIA MONTENEGRO DE RIBOTTA<\/td><td class=\"column-3\">83<\/td><td class=\"column-4\">ROQUE SAENZ PE\u00d1A 1265, ARROYITO<\/td>\n<\/tr>\n<tr class=\"row-17\">\n\t<td class=\"column-1\">2 DE ENERO, 2020<\/td><td class=\"column-2\">MANUEL ROSARIO GUTI\u00c9RREZ \"OMAR\"<\/td><td class=\"column-3\">79<\/td><td class=\"column-4\">CALLE P\u00daBLICA S\/N, PARAJE LA CURVA<\/td>\n<\/tr>\n<\/tbody>\n<\/table>\n<!-- #tablepress-17 from cache -->\r\n<h2><strong>Avisos f\u00fanebres diciembre 2019<\/strong><\/h2>\r\n\n<table id=\"tablepress-16\" class=\"tablepress tablepress-id-16\">\n<thead>\n<tr class=\"row-1\">\n\t<th class=\"column-1\">FECHA<\/th><th class=\"column-2\">NOMBRE Y APELLIDO<\/th><th class=\"column-3\">EDAD<\/th><th class=\"column-4\">CASA DE DUELO<\/th>\n<\/tr>\n<\/thead>\n<tbody class=\"row-striping row-hover\">\n<tr class=\"row-2\">\n\t<td class=\"column-1\">31 DE DICIEMBRE, 2019<\/td><td class=\"column-2\">VILMA LILIANA SORIA DE ORON\u00c1<\/td><td class=\"column-3\">53<\/td><td class=\"column-4\">ZONA RURAL EL T\u00cdO<\/td>\n<\/tr>\n<tr class=\"row-3\">\n\t<td class=\"column-1\">31 DE DICIEMBRE, 2019<\/td><td class=\"column-2\">JOS\u00c9 MAR\u00cdA ORON\u00c1<\/td><td class=\"column-3\">55<\/td><td class=\"column-4\">ZONA RURAL EL T\u00cdO<\/td>\n<\/tr>\n<tr class=\"row-4\">\n\t<td class=\"column-1\">30 DE DICIEMBRE, 2019<\/td><td class=\"column-2\">JUAN PEDRO BURZIO<\/td><td class=\"column-3\">82<\/td><td class=\"column-4\">AV. FULVIO S. PAGANI 2114, ARROYITO<\/td>\n<\/tr>\n<tr class=\"row-5\">\n\t<td class=\"column-1\">28 DE DICIEMBRE, 2019<\/td><td class=\"column-2\">ROSA JOSEFINA LUQUE DE RUBIL<\/td><td class=\"column-3\">71<\/td><td class=\"column-4\">RAFAEL BIANCHI 1444, ARROYITO<\/td>\n<\/tr>\n<tr class=\"row-6\">\n\t<td class=\"column-1\">28 DE DICIEMBRE, 2019<\/td><td class=\"column-2\">EMIR BALTAZAR REYES<\/td><td class=\"column-3\">16<\/td><td class=\"column-4\">CIRIACO JU\u00c1REZ 205, ARROYITO<\/td>\n<\/tr>\n<tr class=\"row-7\">\n\t<td class=\"column-1\">26 DE DICIEMBRE, 2019<\/td><td class=\"column-2\">JOS\u00c9 OHIRKO \"EL POLACO\"<\/td><td class=\"column-3\">75<\/td><td class=\"column-4\">RA\u00daL R. ALFONS\u00cdN 207, ARROYITO<\/td>\n<\/tr>\n<tr class=\"row-8\">\n\t<td class=\"column-1\">26 DE DICIEMBRE, 2019<\/td><td class=\"column-2\">MAGDALENA CLARA MART\u00cdN DEL VALLE<\/td><td class=\"column-3\">80<\/td><td class=\"column-4\">CASTRO BARROS 285, ARROYITO<\/td>\n<\/tr>\n<tr class=\"row-9\">\n\t<td class=\"column-1\">25 DE DICIEMBRE, 2019<\/td><td class=\"column-2\">MAR\u00cdA ESTHER GARC\u00cdA DE BOETTO \"PIBA\"<\/td><td class=\"column-3\">91<\/td><td class=\"column-4\">25 DE MAYO 1155, ARROYITO<\/td>\n<\/tr>\n<tr class=\"row-10\">\n\t<td class=\"column-1\">19 DE DICIEMBRE, 2019<\/td><td class=\"column-2\">ALDO ORLANDO MARASINI \"FIACA\"<\/td><td class=\"column-3\">82<\/td><td class=\"column-4\">AV. DALLE MURA 1694, ARROYITO<\/td>\n<\/tr>\n<tr class=\"row-11\">\n\t<td class=\"column-1\">19 DE DICIEMBRE, 2019<\/td><td class=\"column-2\">ISABEL DEL CARMEN FERN\u00c1NDEZ DE SOSA<\/td><td class=\"column-3\">63<\/td><td class=\"column-4\">AVELLANEDA 512, ARROYITO<\/td>\n<\/tr>\n<tr class=\"row-12\">\n\t<td class=\"column-1\">17 DE DICIEMBRE, 2019<\/td><td class=\"column-2\">NORMA TERESITA PARMIGIANI DE PRINO<\/td><td class=\"column-3\">84<\/td><td class=\"column-4\">25 DE MAYO 757, ARROYITO<\/td>\n<\/tr>\n<tr class=\"row-13\">\n\t<td class=\"column-1\">12 DE DICIEMBRE, 2019<\/td><td class=\"column-2\">PETRONA EMILIA JU\u00c1REZ<\/td><td class=\"column-3\">84<\/td><td class=\"column-4\">DOMINGO CIANCIA 346, ARROYITO<\/td>\n<\/tr>\n<tr class=\"row-14\">\n\t<td class=\"column-1\">11 DE DICIEMBRE, 2019<\/td><td class=\"column-2\">ARMANDO LUIS GONZ\u00c1LEZ \"KIKO\"<\/td><td class=\"column-3\">72<\/td><td class=\"column-4\">EVARISTO RIBA 1550, ARROYITO<\/td>\n<\/tr>\n<tr class=\"row-15\">\n\t<td class=\"column-1\">7 DE DICIEMBRE, 2019<\/td><td class=\"column-2\">HUGO SALVADOR TOLEDO<\/td><td class=\"column-3\">69<\/td><td class=\"column-4\">C\u00d3RDOBA 274, LA TORDILLA<\/td>\n<\/tr>\n<tr class=\"row-16\">\n\t<td class=\"column-1\">7 DE DICIEMBRE, 2019<\/td><td class=\"column-2\">RUB\u00c9N JUAN ALESSO<\/td><td class=\"column-3\">70<\/td><td class=\"column-4\">AV. MARIANO MORENO 970, ARROYITO<\/td>\n<\/tr>\n<tr class=\"row-17\">\n\t<td class=\"column-1\">4 DE DICIEMBRE, 2019<\/td><td class=\"column-2\">ANA \u00c1NGELA PANERO MAINARDI DE LOVERA<\/td><td class=\"column-3\">100<\/td><td class=\"column-4\">AV. MARIANO MORENO 672, ARROYITO<\/td>\n<\/tr>\n<tr class=\"row-18\">\n\t<td class=\"column-1\">3 DE DICIEMBRE, 2019<\/td><td class=\"column-2\">FLORENTINA HILDA YSAGUIRRE DE SACHETTO<\/td><td class=\"column-3\">74<\/td><td class=\"column-4\">SARMIENTO 257, ARROYITO<\/td>\n<\/tr>\n<tr class=\"row-19\">\n\t<td class=\"column-1\">3 DE DICIEMBRE, 2019<\/td><td class=\"column-2\">RAM\u00d3N ALEJO AMUCH\u00c1STEGUI<\/td><td class=\"column-3\">86<\/td><td class=\"column-4\">9 DE JULIO 1238, ARROYITO<\/td>\n<\/tr>\n<tr class=\"row-20\">\n\t<td class=\"column-1\">1 DE DICIEMBRE, 2019<\/td><td class=\"column-2\">DR, EMILIO ALBERTO PETRAGLIA<\/td><td class=\"column-3\">73<\/td><td class=\"column-4\">V\u00c9LEZ SARSFIELD 297, ARROYITO<\/td>\n<\/tr>\n<tr class=\"row-21\">\n\t<td class=\"column-1\">1 DE DICIEMBRE, 2019<\/td><td class=\"column-2\">OLGA MARTA VERA<\/td><td class=\"column-3\">82<\/td><td class=\"column-4\">AV. LEANDRO N. ALEM 272, ARROYITO<\/td>\n<\/tr>\n<\/tbody>\n<\/table>\n<!-- #tablepress-16 from cache -->\r\n<h2><strong>Avisos f\u00fanebres noviembre 2019<\/strong><\/h2>\r\n\n<table id=\"tablepress-15\" class=\"tablepress tablepress-id-15\">\n<thead>\n<tr class=\"row-1\">\n\t<th class=\"column-1\">FECHA<\/th><th class=\"column-2\">NOMBRE Y APELLIDO<\/th><th class=\"column-3\">EDAD<\/th><th class=\"column-4\">CASA DE DUELO<\/th>\n<\/tr>\n<\/thead>\n<tbody class=\"row-striping row-hover\">\n<tr class=\"row-2\">\n\t<td class=\"column-1\">30 DE NOVIEMBRE, 2019<\/td><td class=\"column-2\">SILVIA SUSANA DEL VALLE VACCARINO<\/td><td class=\"column-3\">65<\/td><td class=\"column-4\">MONSERRAT 2291, B\u00b0 CRISOL SUR, C\u00d3RDOBA<\/td>\n<\/tr>\n<tr class=\"row-3\">\n\t<td class=\"column-1\">26 DE NOVIEMBRE, 2019<\/td><td class=\"column-2\">RAMONA TERESA ACOSTA<\/td><td class=\"column-3\">63<\/td><td class=\"column-4\">RICARDO BOETTO 405, ARROYITO<\/td>\n<\/tr>\n<tr class=\"row-4\">\n\t<td class=\"column-1\">18 DE NOVIEMBRE, 2019<br \/>\n<br \/>\n<\/td><td class=\"column-2\">RAM\u00d3N GREGORIO URQU\u00cdA \"QUEREND\u00d3N\"<\/td><td class=\"column-3\">73<\/td><td class=\"column-4\">MANUEL TRILLO 681, ARROYITO<\/td>\n<\/tr>\n<tr class=\"row-5\">\n\t<td class=\"column-1\">18 DE NOVIEMBRE, 2019<\/td><td class=\"column-2\">DR. SIXTO ADOLFO DEL VALLE GALGANI<\/td><td class=\"column-3\">80<\/td><td class=\"column-4\">RAFAEL N\u00da\u00d1EZ 108, ARROYITO<\/td>\n<\/tr>\n<tr class=\"row-6\">\n\t<td class=\"column-1\">17 DE NOVIEMBRE, 2019<\/td><td class=\"column-2\">KEVIN EDGAR JU\u00c1REZ<\/td><td class=\"column-3\">16<\/td><td class=\"column-4\">EDITH CASALIS 1797, ARROYITO<\/td>\n<\/tr>\n<tr class=\"row-7\">\n\t<td class=\"column-1\">16 DE NOVIEMBRE, 2019<\/td><td class=\"column-2\">RAM\u00d3N ANTONIO CAPELLINA \"PINI\"<\/td><td class=\"column-3\">67<\/td><td class=\"column-4\">JUAN LAIZ 318, ARROYITO<\/td>\n<\/tr>\n<tr class=\"row-8\">\n\t<td class=\"column-1\">14 DE NOVIEMBRE, 2019<\/td><td class=\"column-2\">JUAN CASIMIRO CARBALLO<\/td><td class=\"column-3\">77<\/td><td class=\"column-4\">CASTRO BARROS 965, ARROYITO<\/td>\n<\/tr>\n<tr class=\"row-9\">\n\t<td class=\"column-1\">11 DE NOVIEMBRE, 2019<\/td><td class=\"column-2\">FRANCISCO ALBERTO GIGENA<\/td><td class=\"column-3\">69<\/td><td class=\"column-4\">PASAJE MALVINAS 301, ARROYITO<\/td>\n<\/tr>\n<tr class=\"row-10\">\n\t<td class=\"column-1\">10 DE NOVIEMBRE, 2019<\/td><td class=\"column-2\">ORESTE JOS\u00c9 MURATURE<\/td><td class=\"column-3\">78<\/td><td class=\"column-4\">AV. LOS PINARES S\/N, TORO PUJIO<\/td>\n<\/tr>\n<tr class=\"row-11\">\n\t<td class=\"column-1\">8 DE NOVIEMBRE, 2019<\/td><td class=\"column-2\">CLEMENTINA MAR\u00cdA ABRATTE DE MORRESI<\/td><td class=\"column-3\">93<\/td><td class=\"column-4\">MODESTO MARANZANA 933, ARROYITO<\/td>\n<\/tr>\n<tr class=\"row-12\">\n\t<td class=\"column-1\">5 DE NOVIEMBRE, 2019<\/td><td class=\"column-2\">NATALIO MAURO JU\u00c1REZ<\/td><td class=\"column-3\">86<\/td><td class=\"column-4\">ALFONSINA STORNI 1016, ARROYITO<\/td>\n<\/tr>\n<tr class=\"row-13\">\n\t<td class=\"column-1\">2 DE NOVIEMBRE, 2019<\/td><td class=\"column-2\">ESTELA ZORGNIOTTI<\/td><td class=\"column-3\">63<\/td><td class=\"column-4\">TOM\u00c1S JU\u00c1REZ 1295, ARROYITO<\/td>\n<\/tr>\n<tr class=\"row-14\">\n\t<td class=\"column-1\">2 DE NOVIEMBRE, 2019<\/td><td class=\"column-2\">JUAN GUTI\u00c9RREZ<\/td><td class=\"column-3\">78<\/td><td class=\"column-4\">ZONA RURAL, ARROYITO<\/td>\n<\/tr>\n<tr class=\"row-15\">\n\t<td class=\"column-1\">1 DE NOVIEMBRE, 2019<\/td><td class=\"column-2\">LUIS NICASIO OLIVA<\/td><td class=\"column-3\">64<\/td><td class=\"column-4\">NICASIO Y\u00c1NEZ 1328, ARROYITO<\/td>\n<\/tr>\n<\/tbody>\n<\/table>\n<!-- #tablepress-15 from cache -->\r\n<h2><strong>Avisos f\u00fanebres octubre 2019<\/strong><\/h2>\r\n\n<table id=\"tablepress-14\" class=\"tablepress tablepress-id-14\">\n<thead>\n<tr class=\"row-1\">\n\t<th class=\"column-1\">FECHA<\/th><th class=\"column-2\">NOMBRE Y APELLIDO<\/th><th class=\"column-3\">EDAD<\/th><th class=\"column-4\">CASA DE DUELO<\/th>\n<\/tr>\n<\/thead>\n<tbody class=\"row-striping row-hover\">\n<tr class=\"row-2\">\n\t<td class=\"column-1\">26 DE OCTUBRE, 2019<\/td><td class=\"column-2\">H\u00c9CTOR C\u00c9SAR MALDINI \"PRITTY\"<\/td><td class=\"column-3\">66<\/td><td class=\"column-4\">V\u00c9LEZ SARSFIELD 357, ARROYITO<\/td>\n<\/tr>\n<tr class=\"row-3\">\n\t<td class=\"column-1\">25 DE OCTUBRE, 2019<\/td><td class=\"column-2\">MIRTA DE LOS \u00c1NGELES HERRERA<\/td><td class=\"column-3\">63<\/td><td class=\"column-4\">ALEMANO BIANCHI 978, ARROYITO<\/td>\n<\/tr>\n<tr class=\"row-4\">\n\t<td class=\"column-1\">23 DE OCTUBRE, 2019<\/td><td class=\"column-2\">RAM\u00d3N ALBERTO FERREYRA<\/td><td class=\"column-3\">74<\/td><td class=\"column-4\">AV. MARCIAL VAUDAGNA 560, ARROYITO<\/td>\n<\/tr>\n<tr class=\"row-5\">\n\t<td class=\"column-1\">23 DE OCTUBRE, 2019<\/td><td class=\"column-2\">JUAN CARLOS VACHILLIERI<\/td><td class=\"column-3\">74<\/td><td class=\"column-4\">AV. ARTURO ILLIA 791, ARROYITO<\/td>\n<\/tr>\n<tr class=\"row-6\">\n\t<td class=\"column-1\">22 DE OCTUBRE, 2019<\/td><td class=\"column-2\">OCTAVIO JUSTINIANO QUINTEROS<\/td><td class=\"column-3\">71<\/td><td class=\"column-4\">PASAJE JUAN FONTI 1627, ARROYITO<\/td>\n<\/tr>\n<tr class=\"row-7\">\n\t<td class=\"column-1\">22 DE OCTUBRE, 2019<\/td><td class=\"column-2\">NELLY DEL CARMEN BOCCARDO DE CAMUSSO<\/td><td class=\"column-3\">72<\/td><td class=\"column-4\">ITUZAING\u00d3 1075, ARROYITO<\/td>\n<\/tr>\n<tr class=\"row-8\">\n\t<td class=\"column-1\">20 DE OCTUBRE, 2019<\/td><td class=\"column-2\">IMELDA NORMA TRUCCO DE SARTORIS<\/td><td class=\"column-3\">79<\/td><td class=\"column-4\">CRISTOBAL COL\u00d3N 1461, ARROYITO<\/td>\n<\/tr>\n<tr class=\"row-9\">\n\t<td class=\"column-1\">17 DE OCTUBRE, 2019<\/td><td class=\"column-2\">ODILIO BENITO VALIENGO<\/td><td class=\"column-3\">90<\/td><td class=\"column-4\">OBISPO TREJO 655, ARROYITO<\/td>\n<\/tr>\n<tr class=\"row-10\">\n\t<td class=\"column-1\">16 DE OCTUBRE, 2019<\/td><td class=\"column-2\">LILIANA NOEM\u00cd MARASINI<\/td><td class=\"column-3\">52<\/td><td class=\"column-4\">URQUIZA 1704, ARROYITO<\/td>\n<\/tr>\n<tr class=\"row-11\">\n\t<td class=\"column-1\">16 DE OCTUBRE, 2019<\/td><td class=\"column-2\">JULIO JORGE MONTES \"YURINA\"<\/td><td class=\"column-3\">87<\/td><td class=\"column-4\">ALMAFUERTE 364, ARROYITO<\/td>\n<\/tr>\n<tr class=\"row-12\">\n\t<td class=\"column-1\">15 DE OCTUBRE, 2019<\/td><td class=\"column-2\">MAR\u00cdA IN\u00c9S S\u00c1NCHEZ DE ALMADA<\/td><td class=\"column-3\">84<\/td><td class=\"column-4\">OBISPO TREJO 831, ARROYITO<\/td>\n<\/tr>\n<tr class=\"row-13\">\n\t<td class=\"column-1\">12 DE OCTUBRE, 2019<\/td><td class=\"column-2\">MARCELINA DOLORES JUNCOS DE AGUIRRE<\/td><td class=\"column-3\">85<\/td><td class=\"column-4\">RAFAEL BIANCHI 1415, ARROYITO<\/td>\n<\/tr>\n<tr class=\"row-14\">\n\t<td class=\"column-1\">12 DE OCTUBRE, 2019<\/td><td class=\"column-2\">ANCELMO BAUTISTA ORELLANO<\/td><td class=\"column-3\">91<\/td><td class=\"column-4\">AV. DALLE MURA 1.000, ARROYITO<\/td>\n<\/tr>\n<tr class=\"row-15\">\n\t<td class=\"column-1\">12 DE OCTUBRE, 2019<\/td><td class=\"column-2\">RONEL RAM\u00d3N GONZ\u00c1LEZ<\/td><td class=\"column-3\">78<\/td><td class=\"column-4\">ALICIA ROSSI DE COMBA 294, EL FUERTECITO<\/td>\n<\/tr>\n<tr class=\"row-16\">\n\t<td class=\"column-1\">11 DE OCTUBRE, 2019<\/td><td class=\"column-2\">BETTY ADELINA S\u00c1NCHEZ<\/td><td class=\"column-3\">61<\/td><td class=\"column-4\">FALUCHO 485, ARROYITO<\/td>\n<\/tr>\n<tr class=\"row-17\">\n\t<td class=\"column-1\">11 DE OCTUBRE, 2019<\/td><td class=\"column-2\">FRANCISCA CATALINA OLMOS DE CRAVERO<\/td><td class=\"column-3\">84<\/td><td class=\"column-4\">MARIO SEVESO 963, ARROYITO<\/td>\n<\/tr>\n<tr class=\"row-18\">\n\t<td class=\"column-1\">7 DE OCTUBRE, 2019<\/td><td class=\"column-2\">OSCAR AURELIO BIAVA<\/td><td class=\"column-3\">80<\/td><td class=\"column-4\">B. MITRE 768, ARROYITO<\/td>\n<\/tr>\n<tr class=\"row-19\">\n\t<td class=\"column-1\">7 DE OCTUBRE, 2019<\/td><td class=\"column-2\">ESTER ANG\u00c9LICA G\u00d3MEZ DE GHIONE<\/td><td class=\"column-3\">71<\/td><td class=\"column-4\">MARIO SEVESO 1056, ARROYITO<\/td>\n<\/tr>\n<tr class=\"row-20\">\n\t<td class=\"column-1\">7 DE OCTUBRE, 2019<\/td><td class=\"column-2\">OLINDA AMPARO ORELLANO<\/td><td class=\"column-3\">82<\/td><td class=\"column-4\">B. MITRE 635, ARROYITO<\/td>\n<\/tr>\n<tr class=\"row-21\">\n\t<td class=\"column-1\">6 DE OCTUBRE, 2019<\/td><td class=\"column-2\">AGUST\u00cdN MANUEL GUEVARA \"BACHICHA\"<\/td><td class=\"column-3\">66<\/td><td class=\"column-4\">AV. ILLIA 895, ARROYITO<\/td>\n<\/tr>\n<tr class=\"row-22\">\n\t<td class=\"column-1\">4 DE OCTUBRE, 2019<\/td><td class=\"column-2\">DELVEYS MARIANA BUFFA DE GUDI\u00d1O<\/td><td class=\"column-3\">85<\/td><td class=\"column-4\">OBISPO TREJO 850, ARROYITO<\/td>\n<\/tr>\n<tr class=\"row-23\">\n\t<td class=\"column-1\">3 DE OCTUBRE, 2019<\/td><td class=\"column-2\">MAR\u00cdA ANA DAPERNO DE BERNARDI<\/td><td class=\"column-3\">95<\/td><td class=\"column-4\">URQUIZA 850, ARROYITO<\/td>\n<\/tr>\n<\/tbody>\n<\/table>\n<!-- #tablepress-14 from cache -->\r\n<h2><strong>Avisos f\u00fanebres septiembre 2019<\/strong><\/h2>\r\n\n<table id=\"tablepress-13\" class=\"tablepress tablepress-id-13\">\n<thead>\n<tr class=\"row-1\">\n\t<th class=\"column-1\">FECHA<\/th><th class=\"column-2\">NOMBRE Y APELLIDO<\/th><th class=\"column-3\">EDAD<\/th><th class=\"column-4\">CASA DE DUELO<\/th>\n<\/tr>\n<\/thead>\n<tbody class=\"row-striping row-hover\">\n<tr class=\"row-2\">\n\t<td class=\"column-1\">30 DE SEPTIEMBRE, 2019<\/td><td class=\"column-2\">OSVALDO JOS\u00c9 ARCE<\/td><td class=\"column-3\">69<\/td><td class=\"column-4\">PE\u00d1ALOZA 1346, ARROYITO<\/td>\n<\/tr>\n<tr class=\"row-3\">\n\t<td class=\"column-1\">30 DE SEPTIEMBRE, 2019<\/td><td class=\"column-2\">LUIS GER\u00d3NIMO JU\u00c1REZ<\/td><td class=\"column-3\">51<\/td><td class=\"column-4\">AV. DALLE MURA 1520, ARROYITO<\/td>\n<\/tr>\n<tr class=\"row-4\">\n\t<td class=\"column-1\">29 DE SEPTIEMBRE, 2019<\/td><td class=\"column-2\">ELSA MAR\u00cdA FRARE DE ROGGIA<\/td><td class=\"column-3\">94<\/td><td class=\"column-4\">AV. FULVIO S. PAGANI 670, ARROYITO<\/td>\n<\/tr>\n<tr class=\"row-5\">\n\t<td class=\"column-1\">29 DE SEPTIEMBRE, 2019<\/td><td class=\"column-2\">PEDRO CLIMACO MOYA<\/td><td class=\"column-3\">85<\/td><td class=\"column-4\">RAFAEL BIANCHI 1595, ARROYITO<\/td>\n<\/tr>\n<tr class=\"row-6\">\n\t<td class=\"column-1\">29 DE SEPTIEMBRE, 2019<\/td><td class=\"column-2\">HUGO VICENTE FERACE<\/td><td class=\"column-3\">60<\/td><td class=\"column-4\">AV. MARIANO MORENO 1180, ARROYITO<\/td>\n<\/tr>\n<tr class=\"row-7\">\n\t<td class=\"column-1\">27 DE SEPTIEMBRE, 2019<\/td><td class=\"column-2\">PEDRO TOM\u00c1S POLANCO<\/td><td class=\"column-3\">71<\/td><td class=\"column-4\">TUCUM\u00c1N S\/N, LA TORDILLA<\/td>\n<\/tr>\n<tr class=\"row-8\">\n\t<td class=\"column-1\">26 DE SEPTIEMBRE, 2019<\/td><td class=\"column-2\">N\u00c9STOR FELIPE MORINO<\/td><td class=\"column-3\">83<\/td><td class=\"column-4\">AV. LIBERTADOR 365, LA TORDILLA<\/td>\n<\/tr>\n<tr class=\"row-9\">\n\t<td class=\"column-1\">24 DE SEPTIEMBRE, 2019<\/td><td class=\"column-2\">MIGUEL \u00c1NGEL FIORANO<\/td><td class=\"column-3\">46<\/td><td class=\"column-4\">AV. MANUEL SERRA 1665<\/td>\n<\/tr>\n<tr class=\"row-10\">\n\t<td class=\"column-1\">23 DE SEPTIEMBRE, 2019<\/td><td class=\"column-2\">MAR\u00cdA EDELWEIS BAT\u00c1N<\/td><td class=\"column-3\">80<\/td><td class=\"column-4\">LEANDRO N. ALEM 397, ARROYITO<\/td>\n<\/tr>\n<tr class=\"row-11\">\n\t<td class=\"column-1\">23 DE SEPTIEMBRE, 2019<\/td><td class=\"column-2\">NORMA EGLE GILIBERTI DE CALVELO<\/td><td class=\"column-3\">71<\/td><td class=\"column-4\">25 DE MAYO 1430, ARROYITO<\/td>\n<\/tr>\n<tr class=\"row-12\">\n\t<td class=\"column-1\">18 DE SEPTIEMBRE, 2019<\/td><td class=\"column-2\">VILMA TERESA BOIERO<\/td><td class=\"column-3\">74<\/td><td class=\"column-4\">ITUZAING\u00d3 780, ARROYITO<\/td>\n<\/tr>\n<tr class=\"row-13\">\n\t<td class=\"column-1\">15 DE SEPTIEMBRE, 2019<\/td><td class=\"column-2\">OSCAR JUAN GIRALDI<\/td><td class=\"column-3\">76<\/td><td class=\"column-4\">VICENTA R\u00cdOS DE VOCOS 1941, ARROYITO<\/td>\n<\/tr>\n<tr class=\"row-14\">\n\t<td class=\"column-1\">14 DE SEPTIEMBRE, 2019<\/td><td class=\"column-2\">NILDA AIDA VILLAFA\u00d1E DE ALMADA<\/td><td class=\"column-3\">63<\/td><td class=\"column-4\">LAVALLE 264, ARROYITO<\/td>\n<\/tr>\n<tr class=\"row-15\">\n\t<td class=\"column-1\">13 DE SEPTIEMBRE, 2019<\/td><td class=\"column-2\">ANTONIA NORMA GALLEGOS DE GONZ\u00c1LEZ<\/td><td class=\"column-3\">71<\/td><td class=\"column-4\">R. ROJAS 497, ARROYITO<\/td>\n<\/tr>\n<tr class=\"row-16\">\n\t<td class=\"column-1\">13 DE SEPTIEMBRE, 2019<\/td><td class=\"column-2\">EVELIA MAR\u00cdA DEPIANTE DE GUGLIELMONE<\/td><td class=\"column-3\">88<\/td><td class=\"column-4\">25 DE MAYO 766, ARROYITO<\/td>\n<\/tr>\n<tr class=\"row-17\">\n\t<td class=\"column-1\">11 DE SEPTIEMBRE, 2019<\/td><td class=\"column-2\">HUGO MARCELO LUQUE<\/td><td class=\"column-3\">16<\/td><td class=\"column-4\">AV. MARCIAL VAUDAGNA 1490, ARROYITO<\/td>\n<\/tr>\n<tr class=\"row-18\">\n\t<td class=\"column-1\">11 DE SEPTIEMBRE, 2019<\/td><td class=\"column-2\">SANTINA ANA PONSETTO DE R\u00cdOS<\/td><td class=\"column-3\">98<\/td><td class=\"column-4\">BARTOLOM\u00c9 MITRE 791, ARROYITO<\/td>\n<\/tr>\n<tr class=\"row-19\">\n\t<td class=\"column-1\">11 DE SEPTIEMBRE, 2019<\/td><td class=\"column-2\">GER\u00d3NIMO FRANCISCO TABORDA \"TAT\u00c1\"<\/td><td class=\"column-3\">75<\/td><td class=\"column-4\">VICENTA R\u00cdOS DE VOCOS 1328, ARROYITO<\/td>\n<\/tr>\n<tr class=\"row-20\">\n\t<td class=\"column-1\">6 DE SEPTIEMBRE, 2019<\/td><td class=\"column-2\">MANUEL JULIO MELERO<\/td><td class=\"column-3\">97<\/td><td class=\"column-4\">BELGRANO 1317, ARROYITO<\/td>\n<\/tr>\n<tr class=\"row-21\">\n\t<td class=\"column-1\">4 DE SEPTIEMBRE, 2019<\/td><td class=\"column-2\">MAR\u00cdA ESTHER CARRA \"POCHA\"<\/td><td class=\"column-3\">79<\/td><td class=\"column-4\">JOS\u00c9 A. VOCOS 1195, ARROYITO<\/td>\n<\/tr>\n<tr class=\"row-22\">\n\t<td class=\"column-1\">3 DE SEPTIEMBRE, 2019<\/td><td class=\"column-2\">JORGE ARNALDO ONTIVEROS<\/td><td class=\"column-3\">80<\/td><td class=\"column-4\">BELGRANO 780, ARROYITO<\/td>\n<\/tr>\n<\/tbody>\n<\/table>\n<!-- #tablepress-13 from cache -->\r\n<h2><strong>Avisos f\u00fanebres agosto 2019<\/strong><\/h2>\r\n\n<table id=\"tablepress-12\" class=\"tablepress tablepress-id-12\">\n<thead>\n<tr class=\"row-1\">\n\t<th class=\"column-1\">FECHA<\/th><th class=\"column-2\">NOMBRE Y APELLIDO<\/th><th class=\"column-3\">EDAD<\/th><th class=\"column-4\">CASA DE DUELO<\/th>\n<\/tr>\n<\/thead>\n<tbody class=\"row-striping row-hover\">\n<tr class=\"row-2\">\n\t<td class=\"column-1\">AGOSTO 31, 2019<\/td><td class=\"column-2\">JUAN CARLOS MACHADO<\/td><td class=\"column-3\">68<\/td><td class=\"column-4\">CONSTANTE VAUDAGNA 165, LA TORDILLA<\/td>\n<\/tr>\n<tr class=\"row-3\">\n\t<td class=\"column-1\">AGOSTO 30, 2019<\/td><td class=\"column-2\">BARTOLO ELIBERTO GUEVARA \"DON ELI, DE LA CANCHA VIEJA\"<\/td><td class=\"column-3\">89<\/td><td class=\"column-4\">CARLOS FAVARI 821, ARROYITO<\/td>\n<\/tr>\n<tr class=\"row-4\">\n\t<td class=\"column-1\">AGOSTO 30, 2019<\/td><td class=\"column-2\">MAR\u00cdA DEL VALLE SOSA<\/td><td class=\"column-3\">87<\/td><td class=\"column-4\">25 DE MAYO 1927, ARROYITO<\/td>\n<\/tr>\n<tr class=\"row-5\">\n\t<td class=\"column-1\">AGOSTO 21, 2019<\/td><td class=\"column-2\">JUAN CARLOS MARQUEZ<\/td><td class=\"column-3\">71<\/td><td class=\"column-4\">J. IGNACIO URQU\u00cdA 622, ARROYITO<\/td>\n<\/tr>\n<tr class=\"row-6\">\n\t<td class=\"column-1\">AGOSTO 21, 2019<\/td><td class=\"column-2\">ORLANDO PEDRO QUINTEROS<\/td><td class=\"column-3\">79<\/td><td class=\"column-4\">ISMAEL BIANCHI 2061, ARROYITO<\/td>\n<\/tr>\n<tr class=\"row-7\">\n\t<td class=\"column-1\">AGOSTO 17, 2019<\/td><td class=\"column-2\">RAM\u00d3N FRANCISCO ARNAUDO<\/td><td class=\"column-3\">75<\/td><td class=\"column-4\">9 DE JULIO 259, ARROYITO<\/td>\n<\/tr>\n<tr class=\"row-8\">\n\t<td class=\"column-1\">AGOSTO 17, 2019<\/td><td class=\"column-2\">TERESITA DEL VALLE BROCHERO DE BRIZZIO<\/td><td class=\"column-3\">44<\/td><td class=\"column-4\">CALLE P\u00daBLICA S\/N, TORO PUJIO<\/td>\n<\/tr>\n<tr class=\"row-9\">\n\t<td class=\"column-1\">AGOSTO 13, 2019<\/td><td class=\"column-2\">ALCIRA JES\u00daS UTRERA DE FUNES<\/td><td class=\"column-3\">85<\/td><td class=\"column-4\">SAN CARLOS 257, LA TORDILLA<\/td>\n<\/tr>\n<tr class=\"row-10\">\n\t<td class=\"column-1\">AGOSTO 12, 2019<\/td><td class=\"column-2\">CARLOS MOTTA<\/td><td class=\"column-3\">87<\/td><td class=\"column-4\">MIGUEL VAUDAGNA 218, LA TORDILLA<\/td>\n<\/tr>\n<tr class=\"row-11\">\n\t<td class=\"column-1\">AGOSTO 10, 2019<\/td><td class=\"column-2\">RAMONA RAQUEL BATALL\u00c1N DE HEREDIA<\/td><td class=\"column-3\">77<\/td><td class=\"column-4\">ESQUI\u00da 828, ARROYITO<\/td>\n<\/tr>\n<tr class=\"row-12\">\n\t<td class=\"column-1\">AGOSTO 10, 2019<\/td><td class=\"column-2\">CLELIA ROSA MONINA DE MONCADA<\/td><td class=\"column-3\">73<\/td><td class=\"column-4\">TOM\u00c1S JU\u00c1REZ 1474, ARROYITO<\/td>\n<\/tr>\n<tr class=\"row-13\">\n\t<td class=\"column-1\">AGOSTO 10, 2019<\/td><td class=\"column-2\">JOSEFA MARGARITA BARALE DE PINTOS<\/td><td class=\"column-3\">92<\/td><td class=\"column-4\">JES\u00daS AREA 448, ARROYITO<\/td>\n<\/tr>\n<tr class=\"row-14\">\n\t<td class=\"column-1\">AGOSTO 5, 2019<\/td><td class=\"column-2\">ISMAEL ALCIDES ESQUIVEL<\/td><td class=\"column-3\">52<\/td><td class=\"column-4\">PARAJE LA CURVA, ARROYITO<\/td>\n<\/tr>\n<tr class=\"row-15\">\n\t<td class=\"column-1\">AGOSTO 3, 2019<\/td><td class=\"column-2\">PIERINA SEBASTIANA CRAVERO DE GALLAR\u00c1<\/td><td class=\"column-3\">89<\/td><td class=\"column-4\">BARTOLOM\u00c9 MITRE 548, ARROYITO<\/td>\n<\/tr>\n<tr class=\"row-16\">\n\t<td class=\"column-1\">AGOSTO 3, 2019<\/td><td class=\"column-2\">WALTER GABRIEL PRADO<\/td><td class=\"column-3\">23<\/td><td class=\"column-4\">ZONA RURAL, LA TORDILLA<\/td>\n<\/tr>\n<\/tbody>\n<\/table>\n<!-- #tablepress-12 from cache -->\r\n<h2><strong>Avisos f\u00fanebres julio 2019<\/strong><\/h2>\r\n\n<table id=\"tablepress-11\" class=\"tablepress tablepress-id-11\">\n<thead>\n<tr class=\"row-1\">\n\t<th class=\"column-1\">FECHA<\/th><th class=\"column-2\">NOMBRE Y APELLIDO<\/th><th class=\"column-3\">EDAD<\/th><th class=\"column-4\">CASA DE DUELO<\/th>\n<\/tr>\n<\/thead>\n<tbody class=\"row-striping row-hover\">\n<tr class=\"row-2\">\n\t<td class=\"column-1\">JULIO 31, 2019<\/td><td class=\"column-2\">JUANITA EDITH GUEVARA DE MOYA<\/td><td class=\"column-3\">72<\/td><td class=\"column-4\">CANTAMALA 305, EL FUERTECITO, ARROYITO<\/td>\n<\/tr>\n<tr class=\"row-3\">\n\t<td class=\"column-1\">JULIO 30, 2019<\/td><td class=\"column-2\">MARIO JOS\u00c9 FERREYRA \"WHISKYTO\"<\/td><td class=\"column-3\">67<\/td><td class=\"column-4\">AV. MARCIAL VAUDAGNA 741, ARROYITO<\/td>\n<\/tr>\n<tr class=\"row-4\">\n\t<td class=\"column-1\">JULIO 28, 2019<\/td><td class=\"column-2\">MAR\u00cdA MAGDALENA QUINTERO DE FISSORE<\/td><td class=\"column-3\">84<\/td><td class=\"column-4\">RAFAEL BIANCHI 1132, ARROYITO<\/td>\n<\/tr>\n<tr class=\"row-5\">\n\t<td class=\"column-1\">JULIO 27, 2019<\/td><td class=\"column-2\">P\u00cdO ROGELIO VILLARREAL<\/td><td class=\"column-3\">89<\/td><td class=\"column-4\">ENTRE R\u00cdOS 242, LA TORDILLA<\/td>\n<\/tr>\n<tr class=\"row-6\">\n\t<td class=\"column-1\">JULIO 26, 2019<\/td><td class=\"column-2\">JES\u00daS ISABEL SOSA DE PALACIOS<\/td><td class=\"column-3\">85<\/td><td class=\"column-4\">ALICIA ROSSI DE COMBA 765, EL FUERTECITO (ARROYITO)<\/td>\n<\/tr>\n<tr class=\"row-7\">\n\t<td class=\"column-1\">JULIO 22, 2019<\/td><td class=\"column-2\">JOS\u00c9 ANTONIO CASTILLO \u00c1LVAREZ<\/td><td class=\"column-3\">68<\/td><td class=\"column-4\">AV. BERNARDO ERB 84, ARROYITO<\/td>\n<\/tr>\n<tr class=\"row-8\">\n\t<td class=\"column-1\">JULIO 18, 2019<\/td><td class=\"column-2\">JOS\u00c9 PEDRO HERRERA \"TOTO\"<\/td><td class=\"column-3\">79<\/td><td class=\"column-4\">RAFAEL N\u00da\u00d1EZ 329, ARROYITO<\/td>\n<\/tr>\n<tr class=\"row-9\">\n\t<td class=\"column-1\">JULIO 14, 2019<\/td><td class=\"column-2\">RODOLFO ALEJANDRO DOMINGO ABRATTE<\/td><td class=\"column-3\">70<\/td><td class=\"column-4\">JOS\u00c9 BOETTO 369, ARROYITO<\/td>\n<\/tr>\n<tr class=\"row-10\">\n\t<td class=\"column-1\">JULIO 13, 2019<\/td><td class=\"column-2\">NILDA MAR\u00cdA RAMONA LERDA DE ESP\u00d3SITO<\/td><td class=\"column-3\">94<\/td><td class=\"column-4\">BARTOLOM\u00c9 MITRE 317, ARROYITO<\/td>\n<\/tr>\n<tr class=\"row-11\">\n\t<td class=\"column-1\">JULIO 11, 2019<\/td><td class=\"column-2\">OLGA VULECOVICH DE CHIOCCHETTI<\/td><td class=\"column-3\">87<\/td><td class=\"column-4\">ANTONIO BALLATORE 2012, ARROYITO<\/td>\n<\/tr>\n<tr class=\"row-12\">\n\t<td class=\"column-1\">JULIO 9, 2019<\/td><td class=\"column-2\">SILVIA DELIA LUQUE DE BRAV\u00cdN<\/td><td class=\"column-3\">75<\/td><td class=\"column-4\">BELGRANO 2035, ARROYITO<\/td>\n<\/tr>\n<tr class=\"row-13\">\n\t<td class=\"column-1\">JULIO 6, 2019<\/td><td class=\"column-2\">JES\u00daS ALEJANDRINA S\u00c1NCHEZ DE BROCHERO<\/td><td class=\"column-3\">70<\/td><td class=\"column-4\">24 DE SEPTIEMBRE 1294, ARROYITO<\/td>\n<\/tr>\n<tr class=\"row-14\">\n\t<td class=\"column-1\">JULIO 5, 2019<\/td><td class=\"column-2\">N\u00c9STOR BENJAM\u00cdN LUDUE\u00d1A<\/td><td class=\"column-3\">69<\/td><td class=\"column-4\">AV. MARCIAL VAUDAGNA 730<\/td>\n<\/tr>\n<tr class=\"row-15\">\n\t<td class=\"column-1\">JULIO 1, 2019<\/td><td class=\"column-2\">MAR\u00cdA CONCEPCI\u00d3N ORD\u00d3\u00d1EZ DE ANCHAVAL<\/td><td class=\"column-3\">78<\/td><td class=\"column-4\">JES\u00daS AREA 342, ARROYITO<\/td>\n<\/tr>\n<tr class=\"row-16\">\n\t<td class=\"column-1\">JULIO 1, 2019<\/td><td class=\"column-2\">ANA MAR\u00cdA CABRERA DE AGUIRRE<\/td><td class=\"column-3\">73<\/td><td class=\"column-4\">NICASIO YANEZ 1159, ARROYITO<\/td>\n<\/tr>\n<tr class=\"row-17\">\n\t<td class=\"column-1\">JULIO 1, 2019<\/td><td class=\"column-2\">LUIS PABLO CALLEJO<\/td><td class=\"column-3\">68<\/td><td class=\"column-4\">JULIO TABORDA VOCOS 580, ARROYITO<\/td>\n<\/tr>\n<\/tbody>\n<\/table>\n<!-- #tablepress-11 from cache -->\r\n<h2><strong>Avisos f\u00fanebres junio 2019<\/strong><\/h2>\r\n\n<table id=\"tablepress-7\" class=\"tablepress tablepress-id-7\">\n<thead>\n<tr class=\"row-1\">\n\t<th class=\"column-1\">FECHA<\/th><th class=\"column-2\">NOMBRE Y APELLIDO<\/th><th class=\"column-3\">EDAD<\/th><th class=\"column-4\">CASA DE DUELO<\/th>\n<\/tr>\n<\/thead>\n<tbody class=\"row-striping row-hover\">\n<tr class=\"row-2\">\n\t<td class=\"column-1\">JUNIO 28, 2019<\/td><td class=\"column-2\">DANIEL JOS\u00c9 FARCHETTO<\/td><td class=\"column-3\">52<\/td><td class=\"column-4\">CASTRO BARROS 930, ARROYITO<\/td>\n<\/tr>\n<tr class=\"row-3\">\n\t<td class=\"column-1\">JUNIO 26, 2019<\/td><td class=\"column-2\">NELI LUC\u00cdA PERIOTTI DE AUDISIO<\/td><td class=\"column-3\">85<\/td><td class=\"column-4\">AV. MARIANO MORENO 878, ARROYITO<\/td>\n<\/tr>\n<tr class=\"row-4\">\n\t<td class=\"column-1\">JUNIO 25, 2019<\/td><td class=\"column-2\">ROSA GRACIELA MAIDANA DE ARG\u00dcELLO<\/td><td class=\"column-3\">74<\/td><td class=\"column-4\">OBISPO TREJO 657, ARROYITO<\/td>\n<\/tr>\n<tr class=\"row-5\">\n\t<td class=\"column-1\">JUNIO 24, 2019<\/td><td class=\"column-2\">LUIS GERVASIO ZAPPA<\/td><td class=\"column-3\">80<\/td><td class=\"column-4\">URQUIZA 1442, ARROYITO<\/td>\n<\/tr>\n<tr class=\"row-6\">\n\t<td class=\"column-1\">JUNIO 23, 2019<\/td><td class=\"column-2\">JORGE PAULINO MICAELLI<\/td><td class=\"column-3\">82<\/td><td class=\"column-4\">GENERAL PAZ 856, ARROYITO<\/td>\n<\/tr>\n<tr class=\"row-7\">\n\t<td class=\"column-1\">JUNIO 18, 2019<\/td><td class=\"column-2\">IRMA MARTINA VASSIA DE COMETTO<\/td><td class=\"column-3\">94<\/td><td class=\"column-4\">AV. MARIANO MORENO 838, ARROYITO<\/td>\n<\/tr>\n<tr class=\"row-8\">\n\t<td class=\"column-1\">JUNIO 14, 2019<\/td><td class=\"column-2\">MARQUESA ERCILIA AUDRITO<\/td><td class=\"column-3\">88<\/td><td class=\"column-4\">ESQUI\u00da 728, ARROYITO<\/td>\n<\/tr>\n<tr class=\"row-9\">\n\t<td class=\"column-1\">JUNIO 14, 2019<\/td><td class=\"column-2\">TERESA PAULA  FERREYRA DE GIM\u00c9NEZ<\/td><td class=\"column-3\">76<\/td><td class=\"column-4\">AMADEO SABATTINI 1298<\/td>\n<\/tr>\n<tr class=\"row-10\">\n\t<td class=\"column-1\">JUNIO 12, 2019<\/td><td class=\"column-2\">ONELIA LUC\u00cdA COSTAMAGNA DE ROMA<\/td><td class=\"column-3\">89<\/td><td class=\"column-4\">AV. FULVIO PAGANI 845, ARROYITO<\/td>\n<\/tr>\n<tr class=\"row-11\">\n\t<td class=\"column-1\">JUNIO 12, 2019<\/td><td class=\"column-2\">MAR\u00cdA OFELIA CARABAJAL DE PERALTA \"NEGRA\"<\/td><td class=\"column-3\">79<\/td><td class=\"column-4\">AV. PER\u00d3N 536, ARROYITO<\/td>\n<\/tr>\n<tr class=\"row-12\">\n\t<td class=\"column-1\">JUNIO 6, 2019<\/td><td class=\"column-2\">MAR\u00cdA ANG\u00c9LICA GALLARDO DE \u00c1LVAREZ<\/td><td class=\"column-3\">82<\/td><td class=\"column-4\">ZONA RURAL S\/N, EL T\u00cdO<\/td>\n<\/tr>\n<tr class=\"row-13\">\n\t<td class=\"column-1\">JUNIO 6, 2019<\/td><td class=\"column-2\">HAYDE\u00c9 MERCEDES \u00c1LVAREZ<\/td><td class=\"column-3\">75<\/td><td class=\"column-4\">DEAN FUNES 647, ARROYITO<\/td>\n<\/tr>\n<\/tbody>\n<\/table>\n<!-- #tablepress-7 from cache -->\r\n<h2><strong>Avisos f\u00fanebres mayo 2019<\/strong><\/h2>\r\n\n<table id=\"tablepress-6\" class=\"tablepress tablepress-id-6\">\n<thead>\n<tr class=\"row-1\">\n\t<th class=\"column-1\">FECHA<\/th><th class=\"column-2\">NOMBRE Y APELLIDO<\/th><th class=\"column-3\">EDAD<\/th><th class=\"column-4\">CASA DE DUELO<\/th>\n<\/tr>\n<\/thead>\n<tbody class=\"row-striping row-hover\">\n<tr class=\"row-2\">\n\t<td class=\"column-1\">MAYO 31, 2019<\/td><td class=\"column-2\">OSVALDO WALTER ABREG\u00da \"CABEZ\u00d3N\"<\/td><td class=\"column-3\">45<\/td><td class=\"column-4\">J. J. DE URQUIZA 1720, ARROYITO<\/td>\n<\/tr>\n<tr class=\"row-3\">\n\t<td class=\"column-1\">MAYO 31, 2019<\/td><td class=\"column-2\">JUAN BLAS JORDALES<\/td><td class=\"column-3\">96<\/td><td class=\"column-4\">8 DE SEPTIEMBRE 362, LA TORDILLA<\/td>\n<\/tr>\n<tr class=\"row-4\">\n\t<td class=\"column-1\">MAYO 27, 2019<\/td><td class=\"column-2\">ERCILIA FELISA ARRIETA DE DOM\u00cdNGUEZ<\/td><td class=\"column-3\">86<\/td><td class=\"column-4\">VICENTE ORELLANO 1218, ARROYITO<\/td>\n<\/tr>\n<tr class=\"row-5\">\n\t<td class=\"column-1\">MAYO 26, 2019<\/td><td class=\"column-2\">HUGO VICENTE ATENCIO \"COQUITO\"<\/td><td class=\"column-3\">62<\/td><td class=\"column-4\">MAIP\u00da S\/N, EL T\u00cdO<\/td>\n<\/tr>\n<tr class=\"row-6\">\n\t<td class=\"column-1\">MAYO 23, 2019<\/td><td class=\"column-2\">ELSA LINA ROMANO<\/td><td class=\"column-3\">76<\/td><td class=\"column-4\">RIVADAVIA 229, ARROYITO<\/td>\n<\/tr>\n<tr class=\"row-7\">\n\t<td class=\"column-1\">MAYO 22, 2019<\/td><td class=\"column-2\">JUAN JOS\u00c9 GONZ\u00c1LEZ<\/td><td class=\"column-3\">44<\/td><td class=\"column-4\">LAVALLE 214, ARROYITO<\/td>\n<\/tr>\n<tr class=\"row-8\">\n\t<td class=\"column-1\">MAYO 21, 2019<\/td><td class=\"column-2\">RA\u00daL EVILDE ZORD\u00c1N<\/td><td class=\"column-3\">69<\/td><td class=\"column-4\">AV. MARCELINO BERNARDI 923, ARROYITO<\/td>\n<\/tr>\n<tr class=\"row-9\">\n\t<td class=\"column-1\">MAYO 20, 2019<\/td><td class=\"column-2\">EUGENIA PAULINA NARETTO<\/td><td class=\"column-3\">12<\/td><td class=\"column-4\">JULIO TABORDA VOCOS 544, ARROYITO<\/td>\n<\/tr>\n<tr class=\"row-10\">\n\t<td class=\"column-1\">MAYO 19, 2019<\/td><td class=\"column-2\">ELISEO OTTERO<\/td><td class=\"column-3\">81<\/td><td class=\"column-4\">FALUCHO 974, ARROYITO<\/td>\n<\/tr>\n<tr class=\"row-11\">\n\t<td class=\"column-1\">MAYO 19, 2019<\/td><td class=\"column-2\">ATILIO ACEVEDO<\/td><td class=\"column-3\">67<\/td><td class=\"column-4\">BARTOLOM\u00c9 MITRE 1211, ARROYITO<\/td>\n<\/tr>\n<tr class=\"row-12\">\n\t<td class=\"column-1\">MAYO 17, 2019<\/td><td class=\"column-2\">CATALINA MAR\u00cdA RIZZO \"FLACA\"<\/td><td class=\"column-3\">72<\/td><td class=\"column-4\">RENATO CATURELLI 461, ARROYITO<\/td>\n<\/tr>\n<tr class=\"row-13\">\n\t<td class=\"column-1\">MAYO 17, 2019<\/td><td class=\"column-2\">JORGE OMAR CABRERA ROLD\u00c1N \"MATEO\"<\/td><td class=\"column-3\">56<\/td><td class=\"column-4\">HUMBERTO PRIMO 231, ARROYITO<\/td>\n<\/tr>\n<tr class=\"row-14\">\n\t<td class=\"column-1\">MAYO 14, 2019<\/td><td class=\"column-2\">ANA BETY NORIEGA<\/td><td class=\"column-3\">69<\/td><td class=\"column-4\">RAFAEL N\u00da\u00d1EZ 565, ARROYITO<\/td>\n<\/tr>\n<tr class=\"row-15\">\n\t<td class=\"column-1\">MAYO 12, 2019<\/td><td class=\"column-2\">BASILIA BONIFASIA SANDOVAL DE GUTI\u00c9RREZ \"NIN\"<\/td><td class=\"column-3\">80<\/td><td class=\"column-4\">PE\u00d1ALOZA 1546, ARROYITO<\/td>\n<\/tr>\n<tr class=\"row-16\">\n\t<td class=\"column-1\">MAYO 12, 2019<\/td><td class=\"column-2\">MAR\u00cdA ESTER GONZ\u00c1LEZ<\/td><td class=\"column-3\">68<\/td><td class=\"column-4\">AV. MARCIAL VAUDAGNA 858, ARROYITO<\/td>\n<\/tr>\n<tr class=\"row-17\">\n\t<td class=\"column-1\">MAYO 9, 2019<\/td><td class=\"column-2\">VICTORINO BONETTO<\/td><td class=\"column-3\">76<\/td><td class=\"column-4\">PE\u00d1ALOZA 1044, ARROYITO<\/td>\n<\/tr>\n<tr class=\"row-18\">\n\t<td class=\"column-1\">MAYO 9, 2019<\/td><td class=\"column-2\">BENITO \u00cdTALO BALBO<\/td><td class=\"column-3\">78<\/td><td class=\"column-4\">MANUEL TRILLO 634, ARROYITO<\/td>\n<\/tr>\n<tr class=\"row-19\">\n\t<td class=\"column-1\">MAYO 6, 2019<\/td><td class=\"column-2\">LIDIA ANGELINA S\u00c1NCHEZ DE GONZ\u00c1LEZ<\/td><td class=\"column-3\">69<\/td><td class=\"column-4\">JOS\u00c9 QUINTELA 1970, ARROYITO<\/td>\n<\/tr>\n<tr class=\"row-20\">\n\t<td class=\"column-1\">MAYO 5, 2019<\/td><td class=\"column-2\">ANA MAR\u00cdA ORTIZ<\/td><td class=\"column-3\">64<\/td><td class=\"column-4\">RAFAEL N\u00da\u00d1EZ 345, ARROYITO<\/td>\n<\/tr>\n<tr class=\"row-21\">\n\t<td class=\"column-1\">MAYO 5, 2019<\/td><td class=\"column-2\">RAMONA NELDA VARA<\/td><td class=\"column-3\">76<\/td><td class=\"column-4\">RA\u00d1UL ALFONS\u00cdN 290, ARROYITO<\/td>\n<\/tr>\n<tr class=\"row-22\">\n\t<td class=\"column-1\">MAYO 3, 2019<\/td><td class=\"column-2\">ANGELINA MAGDALENA BALBO DE FERN\u00c1NDEZ<\/td><td class=\"column-3\">77<\/td><td class=\"column-4\">OBISPO TREJO 748, ARROYITO<\/td>\n<\/tr>\n<\/tbody>\n<\/table>\n<!-- #tablepress-6 from cache -->\r\n<h2><strong>Avisos f\u00fanebres abril 2019<\/strong><\/h2>\r\n\n<table id=\"tablepress-5\" class=\"tablepress tablepress-id-5\">\n<thead>\n<tr class=\"row-1\">\n\t<th class=\"column-1\">FECHA<\/th><th class=\"column-2\">NOMBRE Y APELLIDO<\/th><th class=\"column-3\">EDAD<\/th><th class=\"column-4\">CASA DE DUELO<\/th>\n<\/tr>\n<\/thead>\n<tbody class=\"row-striping row-hover\">\n<tr class=\"row-2\">\n\t<td class=\"column-1\">Abril 27, 2019<\/td><td class=\"column-2\">RICARDO MART\u00cdN SANTUCHO<\/td><td class=\"column-3\">63<\/td><td class=\"column-4\">RICARDO BOETTO 425, ARROYITO<\/td>\n<\/tr>\n<tr class=\"row-3\">\n\t<td class=\"column-1\">Abril 27, 2019<\/td><td class=\"column-2\">GAST\u00d3N MAXIMILIANO ROMERO<\/td><td class=\"column-3\">35<\/td><td class=\"column-4\">GENERAL PAZ 884, ARROYITO<\/td>\n<\/tr>\n<tr class=\"row-4\">\n\t<td class=\"column-1\">Abril 25, 2019<\/td><td class=\"column-2\">NORBERTO JUAN GIORDANO<\/td><td class=\"column-3\">84<\/td><td class=\"column-4\">AV. M. MORENO 285, ARROYITO<\/td>\n<\/tr>\n<tr class=\"row-5\">\n\t<td class=\"column-1\">Abril 25, 2019<\/td><td class=\"column-2\">LUISA TERESA REY<\/td><td class=\"column-3\">93<\/td><td class=\"column-4\">ITALIA 287, ARROYITO<\/td>\n<\/tr>\n<tr class=\"row-6\">\n\t<td class=\"column-1\">Abril 25, 2019<\/td><td class=\"column-2\">ROMELIA FRANCO<\/td><td class=\"column-3\">82<\/td><td class=\"column-4\">V\u00c9LEZ SARSFIELD 656, ARROYITO<\/td>\n<\/tr>\n<tr class=\"row-7\">\n\t<td class=\"column-1\">Abril 22, 2019<\/td><td class=\"column-2\">OLGA GLADYS RAM\u00cdREZ DE CABRERA<\/td><td class=\"column-3\">77<\/td><td class=\"column-4\">25 DE MAYO 1967, ARROYITO<\/td>\n<\/tr>\n<tr class=\"row-8\">\n\t<td class=\"column-1\">Abril 19, 2019<\/td><td class=\"column-2\">JUAN CARLOS TABORDA \"KEKO\"<\/td><td class=\"column-3\">75<\/td><td class=\"column-4\">SARGENTO CABRAL 480, ARROYITO<\/td>\n<\/tr>\n<tr class=\"row-9\">\n\t<td class=\"column-1\">Abril 18, 2019<\/td><td class=\"column-2\">RA\u00daL AMBROSIO BURATTO<\/td><td class=\"column-3\">79<\/td><td class=\"column-4\">AV. LIBERTADOR 1139, LA TORDILLA<\/td>\n<\/tr>\n<tr class=\"row-10\">\n\t<td class=\"column-1\">Abril 18, 2019<\/td><td class=\"column-2\">RUB\u00c9N RAM\u00d3N PRIETTO<\/td><td class=\"column-3\">79<\/td><td class=\"column-4\">VICENTA R\u00cdOS DE VOCOS 1983<\/td>\n<\/tr>\n<tr class=\"row-11\">\n\t<td class=\"column-1\">Abril 16, 2019<\/td><td class=\"column-2\">JOS\u00c9 MOLLO<\/td><td class=\"column-3\">93<\/td><td class=\"column-4\">25 DE MAYO 650, ARROYITO<\/td>\n<\/tr>\n<tr class=\"row-12\">\n\t<td class=\"column-1\">Abril 15, 2019<\/td><td class=\"column-2\">MAFALDO MIGUEL DAMI\u00c1N ORD\u00d3\u00d1EZ<\/td><td class=\"column-3\">77<\/td><td class=\"column-4\">BARTOLOM\u00c9 MITRE 287, ARROYITO<\/td>\n<\/tr>\n<tr class=\"row-13\">\n\t<td class=\"column-1\">Abril 14, 2019<\/td><td class=\"column-2\">DANTE BAUTISTA BASSANO<\/td><td class=\"column-3\">81<\/td><td class=\"column-4\">ISMAEL BIANCHI 1967, ARROYITO<\/td>\n<\/tr>\n<tr class=\"row-14\">\n\t<td class=\"column-1\">Abril 13, 2019<\/td><td class=\"column-2\">JOS\u00c9 CARLOS D\u00cdAZ<\/td><td class=\"column-3\">68<\/td><td class=\"column-4\">AV. DALLE MURA 1450, ARROYITO<\/td>\n<\/tr>\n<tr class=\"row-15\">\n\t<td class=\"column-1\">Abril 2, 2019<\/td><td class=\"column-2\">ANA MAR\u00cdA LINARES DE CAPUANO<\/td><td class=\"column-3\">67<\/td><td class=\"column-4\">ROQUE S\u00c1ENZ PE\u00d1A 559, ARROYITO<\/td>\n<\/tr>\n<tr class=\"row-16\">\n\t<td class=\"column-1\">Abril 2, 2019<\/td><td class=\"column-2\">V\u00cdCTOR HUGO COMETTO<\/td><td class=\"column-3\">71<\/td><td class=\"column-4\">FALUCHO 737, ARROYITO<\/td>\n<\/tr>\n<\/tbody>\n<\/table>\n<!-- #tablepress-5 from cache -->\r\n<h2><strong>Avisos f\u00fanebres marzo 2019<\/strong><\/h2>\r\n\n<table id=\"tablepress-4\" class=\"tablepress tablepress-id-4\">\n<thead>\n<tr class=\"row-1\">\n\t<th class=\"column-1\">FECHA<\/th><th class=\"column-2\">NOMBRE Y APELLIDO<\/th><th class=\"column-3\">EDAD<\/th><th class=\"column-4\">CASA DE DUELO<\/th>\n<\/tr>\n<\/thead>\n<tbody class=\"row-striping row-hover\">\n<tr class=\"row-2\">\n\t<td class=\"column-1\">Marzo 31, 2019<\/td><td class=\"column-2\">JOS\u00c9 RIVADENEIRA<\/td><td class=\"column-3\">78<\/td><td class=\"column-4\">AV. MARIANO MORENO 1429, ARROYITO<\/td>\n<\/tr>\n<tr class=\"row-3\">\n\t<td class=\"column-1\">Marzo 29, 2019<\/td><td class=\"column-2\">ADRIANA MERCEDES CABRERA DE GONZ\u00c1LEZ<\/td><td class=\"column-3\">57<\/td><td class=\"column-4\">ALEMANNO BIANCHI 862, ARROYITO<\/td>\n<\/tr>\n<tr class=\"row-4\">\n\t<td class=\"column-1\">Marzo 28, 2019<\/td><td class=\"column-2\">LUIS BENIGNO MANSILLA<\/td><td class=\"column-3\">90<\/td><td class=\"column-4\">ALMAFUERTE 451, ARROYITO<\/td>\n<\/tr>\n<tr class=\"row-5\">\n\t<td class=\"column-1\">Marzo 27, 2019<\/td><td class=\"column-2\">RAMONA NORMA REYNOSO DE GAMBINO<\/td><td class=\"column-3\">84<\/td><td class=\"column-4\">CONRADO DIEZ 1325, ARTOYITO<\/td>\n<\/tr>\n<tr class=\"row-6\">\n\t<td class=\"column-1\">Marzo 21, 2019<\/td><td class=\"column-2\">MIGUEL \u00c1NGEL BOARINO<\/td><td class=\"column-3\">65<\/td><td class=\"column-4\">MODESTO MARANZANA 765, ARROYITO<\/td>\n<\/tr>\n<tr class=\"row-7\">\n\t<td class=\"column-1\">Marzo 18, 2019<\/td><td class=\"column-2\">JOS\u00c9 BARTOLOM\u00c9 MOLINERIS<\/td><td class=\"column-3\">78<\/td><td class=\"column-4\">SARMIENTO 1040, ARROYITO<\/td>\n<\/tr>\n<tr class=\"row-8\">\n\t<td class=\"column-1\">Marzo 17, 2019<\/td><td class=\"column-2\">ROQUE DANIEL IBARRA<\/td><td class=\"column-3\">46<\/td><td class=\"column-4\">S\u00c1NCHEZ DE BUSTAMANTE 458, ARROYITO<\/td>\n<\/tr>\n<tr class=\"row-9\">\n\t<td class=\"column-1\">Marzo 16, 2019<\/td><td class=\"column-2\">ROBERTO LUJ\u00c1N<\/td><td class=\"column-3\">82<\/td><td class=\"column-4\">MARIO SEVESO 1019, ARROYITO<\/td>\n<\/tr>\n<tr class=\"row-10\">\n\t<td class=\"column-1\">Marzo 15, 2019<\/td><td class=\"column-2\">EDA MARGARITA SANTO DE NOVARA<\/td><td class=\"column-3\">88<\/td><td class=\"column-4\">25 DE MAYO 871, ARROYITO<\/td>\n<\/tr>\n<tr class=\"row-11\">\n\t<td class=\"column-1\">Marzo 12, 2019<\/td><td class=\"column-2\">ELISEO NAHUEL AVELDA\u00d1O<\/td><td class=\"column-3\">22<\/td><td class=\"column-4\">RAFAEL BIANCHI 725, ARROYITO<\/td>\n<\/tr>\n<tr class=\"row-12\">\n\t<td class=\"column-1\">Marzo 12, 2019<\/td><td class=\"column-2\">ALEJANDRA ELIZABETH NAZZI<\/td><td class=\"column-3\">24<\/td><td class=\"column-4\">ZONA RURAL S\/N, ARROYITO<\/td>\n<\/tr>\n<tr class=\"row-13\">\n\t<td class=\"column-1\">Marzo 11, 2019<\/td><td class=\"column-2\">RAMONA DELVEIS LESCANO DE PERALTA<\/td><td class=\"column-3\">66<\/td><td class=\"column-4\">VICENTA R\u00cdOS DE VOCOS 1360, ARROYITO<\/td>\n<\/tr>\n<tr class=\"row-14\">\n\t<td class=\"column-1\">Marzo 9, 2019<\/td><td class=\"column-2\">MARGARITA GIORDANO DE VILLARREAL<\/td><td class=\"column-3\">80<\/td><td class=\"column-4\">AV. MARIANO MORENO 845, ARROYITO<\/td>\n<\/tr>\n<tr class=\"row-15\">\n\t<td class=\"column-1\">Marzo 8, 2019<\/td><td class=\"column-2\">ELSA N\u00c9LIDA GUARCH DE VIDAL<\/td><td class=\"column-3\">94<\/td><td class=\"column-4\">SAN MART\u00cdN 171, ARROYITO<\/td>\n<\/tr>\n<tr class=\"row-16\">\n\t<td class=\"column-1\">Marzo 8, 2019<\/td><td class=\"column-2\">RA\u00daL OSCAR CAMINOS<\/td><td class=\"column-3\">72<\/td><td class=\"column-4\">AV. DALLE MURA 532, ARROYITO<\/td>\n<\/tr>\n<tr class=\"row-17\">\n\t<td class=\"column-1\">Marzo 7, 2019<\/td><td class=\"column-2\">DANIEL ALBERTO MONJE<\/td><td class=\"column-3\">26<\/td><td class=\"column-4\">ENRIQUE CARRATAL\u00c1 424, ARROYITO<\/td>\n<\/tr>\n<tr class=\"row-18\">\n\t<td class=\"column-1\">Marzo 7, 2019<\/td><td class=\"column-2\">VALENT\u00cdN CHIOCCARELLO<\/td><td class=\"column-3\">19<\/td><td class=\"column-4\">ZONA RURAL S\/N\u00b0, ARROYITO<\/td>\n<\/tr>\n<tr class=\"row-19\">\n\t<td class=\"column-1\">Marzo 5, 2019<\/td><td class=\"column-2\">MAR\u00cdA SEGUNDA BAIGORRA DE PACHECO<\/td><td class=\"column-3\">78<\/td><td class=\"column-4\">JOS\u00c9 GIMENEZ LAGOS 1499, ARROYITO<\/td>\n<\/tr>\n<tr class=\"row-20\">\n\t<td class=\"column-1\">Marzo 5, 2019<\/td><td class=\"column-2\">MAR\u00cdA OLGA QUIROGA<\/td><td class=\"column-3\">86<\/td><td class=\"column-4\">PE\u00d1ALOZA 1228, ARROYITO<\/td>\n<\/tr>\n<tr class=\"row-21\">\n\t<td class=\"column-1\">Marzo 3, 2019<\/td><td class=\"column-2\">NORMA EDIT SALAS<\/td><td class=\"column-3\">71<\/td><td class=\"column-4\">AV. MARCIAL VAUDAGNA 576, ARROYITO<\/td>\n<\/tr>\n<tr class=\"row-22\">\n\t<td class=\"column-1\">Marzo 1, 2019<\/td><td class=\"column-2\">ROBERTO NICOL\u00c1S ROMERO<\/td><td class=\"column-3\">66<\/td><td class=\"column-4\">ISMAEL BIANCHI 1891, ARROYITO<\/td>\n<\/tr>\n<tr class=\"row-23\">\n\t<td class=\"column-1\">Marzo 1, 2019<\/td><td class=\"column-2\">ZULEMITA GAIT\u00c1N DE ROSMARI<\/td><td class=\"column-3\">65<\/td><td class=\"column-4\">ALMAFUERTE 545, ARROYITO<\/td>\n<\/tr>\n<tr class=\"row-24\">\n\t<td class=\"column-1\">Marzo 1, 2019<\/td><td class=\"column-2\">ROSA LASTENIA VALLEJO DE MAIDANA<\/td><td class=\"column-3\">77<\/td><td class=\"column-4\">TOM\u00c1S JU\u00c1REZ 355, ARROYITO<\/td>\n<\/tr>\n<\/tbody>\n<\/table>\n<!-- #tablepress-4 from cache -->\r\n<h2><strong>Avisos f\u00fanebres febrero 2019<\/strong><\/h2>\r\n\n<table id=\"tablepress-3\" class=\"tablepress tablepress-id-3\">\n<thead>\n<tr class=\"row-1\">\n\t<th class=\"column-1\">FECHA<\/th><th class=\"column-2\">NOMBRE Y APELLIDO<\/th><th class=\"column-3\">EDAD<\/th><th class=\"column-4\">CASA DE DUELO<\/th>\n<\/tr>\n<\/thead>\n<tbody class=\"row-striping row-hover\">\n<tr class=\"row-2\">\n\t<td class=\"column-1\">Febrero 28, 2019<\/td><td class=\"column-2\">IDA CRISTINA R\u00cdO DE MARETTO<\/td><td class=\"column-3\">69<\/td><td class=\"column-4\">CRISTOBAL COL\u00d3N 633, ARROYITO<\/td>\n<\/tr>\n<tr class=\"row-3\">\n\t<td class=\"column-1\">Febrero 27, 2019<\/td><td class=\"column-2\">JORGE LAVIE RAM\u00d3N MONCADA<\/td><td class=\"column-3\">57<\/td><td class=\"column-4\">CASTRO BARROS 437, ARROYITO<\/td>\n<\/tr>\n<tr class=\"row-4\">\n\t<td class=\"column-1\">Febrero 27, 2019<\/td><td class=\"column-2\">JOS\u00c9 OMAR ALMADA<\/td><td class=\"column-3\">63<\/td><td class=\"column-4\">AV. MARCIAL VAUDAGNA 796, ARROYITO<\/td>\n<\/tr>\n<tr class=\"row-5\">\n\t<td class=\"column-1\">Febrero 21, 2019<\/td><td class=\"column-2\">RAM\u00d3N LEOPOLDO MART\u00cdNEZ \"NEGRO\"<\/td><td class=\"column-3\">85 <\/td><td class=\"column-4\">THORNE 123, VALLE HERMOSO<\/td>\n<\/tr>\n<tr class=\"row-6\">\n\t<td class=\"column-1\">Febrero 21, 2019<\/td><td class=\"column-2\">JOS\u00c9 EVARISTO COTTURA<\/td><td class=\"column-3\">77<\/td><td class=\"column-4\">GENERAL PAZ 1453, ARROYITO<\/td>\n<\/tr>\n<tr class=\"row-7\">\n\t<td class=\"column-1\">Febrero 19, 2019<\/td><td class=\"column-2\">DANIEL ERNESTO ASTUDILLO<\/td><td class=\"column-3\">53<\/td><td class=\"column-4\">ROQUE S\u00c1ENZ PE\u00d1A 1265, ARROYITO<\/td>\n<\/tr>\n<tr class=\"row-8\">\n\t<td class=\"column-1\">Febrero 19, 2019<\/td><td class=\"column-2\">BLAS ATILIO GERBAUDO<\/td><td class=\"column-3\">73<\/td><td class=\"column-4\">ZONA RURAL LAS DELICIAS, C\u00d3RDOBA<\/td>\n<\/tr>\n<tr class=\"row-9\">\n\t<td class=\"column-1\">Febrero 18, 2019<\/td><td class=\"column-2\">MARTA DEL CARMEN GARAY<\/td><td class=\"column-3\">58<\/td><td class=\"column-4\">AV. MARCELINO BERNARDI 1323, ARROYITO<\/td>\n<\/tr>\n<tr class=\"row-10\">\n\t<td class=\"column-1\">Febrero 14, 2019<\/td><td class=\"column-2\">NERIO RAFAEL MORELLI<\/td><td class=\"column-3\">79<\/td><td class=\"column-4\">DEAN FUNES 1331, ARROYITO<\/td>\n<\/tr>\n<tr class=\"row-11\">\n\t<td class=\"column-1\">Febrero 14, 2019<\/td><td class=\"column-2\">TOM\u00c1S MIGUEL BORIS<\/td><td class=\"column-3\">63<\/td><td class=\"column-4\">CARLOS FAVARI 1474, ARROYITO<\/td>\n<\/tr>\n<tr class=\"row-12\">\n\t<td class=\"column-1\">Febrero 12, 2019<\/td><td class=\"column-2\">JORGE NICOL\u00c1S LUQUE<\/td><td class=\"column-3\">17<\/td><td class=\"column-4\">AV. MARCIAL VAUDAGNA 1114, ARROYITO<\/td>\n<\/tr>\n<tr class=\"row-13\">\n\t<td class=\"column-1\">Febrero 7, 2019<\/td><td class=\"column-2\">OSCAR ALBERTO RISSO<\/td><td class=\"column-3\">59<\/td><td class=\"column-4\">AV. DEL LIBERTADOR 719, LA TORDILLA<\/td>\n<\/tr>\n<tr class=\"row-14\">\n\t<td class=\"column-1\">Febrero 7, 2019<\/td><td class=\"column-2\">ANIVAL EUSEBIO GONZ\u00c1LEZ<\/td><td class=\"column-3\">77<\/td><td class=\"column-4\">PJE. FRENCH Y BERUTTI 431, ARROYITO<\/td>\n<\/tr>\n<tr class=\"row-15\">\n\t<td class=\"column-1\">Febrero 5, 2019<\/td><td class=\"column-2\">WALTER RA\u00daL DE JES\u00daS VALLEJOS<\/td><td class=\"column-3\">58<\/td><td class=\"column-4\">ALFONSO LOMBARDI 485, ARROYITO<\/td>\n<\/tr>\n<tr class=\"row-16\">\n\t<td class=\"column-1\">Febrero 2, 2019<\/td><td class=\"column-2\">DOMINGA BOGLIONE DE PORCEL DE PERALTA<\/td><td class=\"column-3\">79<\/td><td class=\"column-4\">RICARDO ALFONS\u00cdN 402, ARROYITO<\/td>\n<\/tr>\n<tr class=\"row-17\">\n\t<td class=\"column-1\">Febrero 2, 2019<\/td><td class=\"column-2\">ESTEBAN OMAR SMALDONI<\/td><td class=\"column-3\">26<\/td><td class=\"column-4\">AV. ALEM 402, ARROYITO<\/td>\n<\/tr>\n<\/tbody>\n<\/table>\n<!-- #tablepress-3 from cache -->\r\n<h2><strong>Avisos f\u00fanebres enero 2019<\/strong><\/h2>\r\n\n<table id=\"tablepress-1\" class=\"tablepress tablepress-id-1\">\n<thead>\n<tr class=\"row-1\">\n\t<th class=\"column-1\">FECHA<\/th><th class=\"column-2\">NOMBRE Y APELLIDO<\/th><th class=\"column-3\">EDAD<\/th><th class=\"column-4\">CASA DE DUELO<\/th>\n<\/tr>\n<\/thead>\n<tbody class=\"row-striping row-hover\">\n<tr class=\"row-2\">\n\t<td class=\"column-1\">Enero 29, 2019<\/td><td class=\"column-2\">NORMA DEL VALLE MAGLIANO DE DEVALLIS<\/td><td class=\"column-3\">78<\/td><td class=\"column-4\">AV. PONT\u00cdN 518, ARROYITO<\/td>\n<\/tr>\n<tr class=\"row-3\">\n\t<td class=\"column-1\">Enero 28, 2019<\/td><td class=\"column-2\">NELSO MATEO SIGNORILE<\/td><td class=\"column-3\">80<\/td><td class=\"column-4\">AV. DEL LIBERTADOR 407, LA TORDILLA<\/td>\n<\/tr>\n<tr class=\"row-4\">\n\t<td class=\"column-1\">Enero 27, 2019<\/td><td class=\"column-2\">DELIA BENITA PERALTA<\/td><td class=\"column-3\">77<\/td><td class=\"column-4\">MODESTO MARANZANA 835, ARROYITO<\/td>\n<\/tr>\n<tr class=\"row-5\">\n\t<td class=\"column-1\">Enero 22, 2019<\/td><td class=\"column-2\">PEDRO LUIS MORELLO \"PEDRITO\"<\/td><td class=\"column-3\">82<\/td><td class=\"column-4\">BARTOLOM\u00c9 MITRE 735, ARROYITO<\/td>\n<\/tr>\n<tr class=\"row-6\">\n\t<td class=\"column-1\">Enero 19, 2019<\/td><td class=\"column-2\">EMMA SUSANA VACA<\/td><td class=\"column-3\">67<\/td><td class=\"column-4\">OBISPO TREJO 706, ARROYITO<\/td>\n<\/tr>\n<tr class=\"row-7\">\n\t<td class=\"column-1\">Enero 17, 2019<\/td><td class=\"column-2\">ERNESTO \u00c1NGEL BONETTO<\/td><td class=\"column-3\">83<\/td><td class=\"column-4\">RAFAEL BIANCHI 1571, ARROYITO<\/td>\n<\/tr>\n<tr class=\"row-8\">\n\t<td class=\"column-1\">Enero 17, 2019<\/td><td class=\"column-2\">PEDRO ANTONIO MART\u00cdNEZ<\/td><td class=\"column-3\">54<\/td><td class=\"column-4\">HUMBERTO ILLIA S\/N, CAPILLA DEL CARMEN<\/td>\n<\/tr>\n<tr class=\"row-9\">\n\t<td class=\"column-1\">Enero 17, 2019<\/td><td class=\"column-2\">RAM\u00d3N CARLOS RAGNI<\/td><td class=\"column-3\">90<\/td><td class=\"column-4\">AV. ARTURO ILLIA 797, ARROYITO<\/td>\n<\/tr>\n<tr class=\"row-10\">\n\t<td class=\"column-1\">Enero 14, 2019<\/td><td class=\"column-2\">BERTA MABEL CORREA DE MORENO<\/td><td class=\"column-3\">40<\/td><td class=\"column-4\">SARMIENTO 1187, ARROYITO<\/td>\n<\/tr>\n<tr class=\"row-11\">\n\t<td class=\"column-1\">Enero 14, 2019<\/td><td class=\"column-2\">FERMIN JOS\u00c9 CRIADO<\/td><td class=\"column-3\">76<\/td><td class=\"column-4\">DOMINGO CIANCIA 815, ARROYITO<\/td>\n<\/tr>\n<tr class=\"row-12\">\n\t<td class=\"column-1\">Enero 8, 2019<\/td><td class=\"column-2\">HILDA GRACIELA CARBALLO DE \u00c1LVAREZ \"LA GORDA\"<\/td><td class=\"column-3\">66<\/td><td class=\"column-4\">ZONA RURAL S\/N, LA TORDILLA<\/td>\n<\/tr>\n<tr class=\"row-13\">\n\t<td class=\"column-1\">Enero 6, 2019<\/td><td class=\"column-2\">N\u00c9LIDA ROSA JUNCOS<\/td><td class=\"column-3\">91<\/td><td class=\"column-4\">RENATO CATURELLI 402, ARROYITO<\/td>\n<\/tr>\n<tr class=\"row-14\">\n\t<td class=\"column-1\">Enero 4, 2019<\/td><td class=\"column-2\">CLIDE MARITANO DE MARE<\/td><td class=\"column-3\">86<\/td><td class=\"column-4\">SARMIENTO 864, ARROYITO<\/td>\n<\/tr>\n<tr class=\"row-15\">\n\t<td class=\"column-1\">Enero 3, 2019<\/td><td class=\"column-2\">VALENT\u00cdN ROBERTO GIM\u00c9NEZ<\/td><td class=\"column-3\">78<\/td><td class=\"column-4\">AVELLANEDA 330, ARROYITO<\/td>\n<\/tr>\n<tr class=\"row-16\">\n\t<td class=\"column-1\">Enero 1, 2019<\/td><td class=\"column-2\">ANA ROSA GUEVARA DE CALLERI<\/td><td class=\"column-3\">71<\/td><td class=\"column-4\">AV. MARIANO MORENO 759, ARROYITO<\/td>\n<\/tr>\n<tr class=\"row-17\">\n\t<td class=\"column-1\">Enero 1, 2019<\/td><td class=\"column-2\">JACINTO ROQUE ZAPATA<\/td><td class=\"column-3\">78<\/td><td class=\"column-4\">SANTA ROSA 112, LA TORDILLA<\/td>\n<\/tr>\n<tr class=\"row-18\">\n\t<td class=\"column-1\">Enero 1, 2019<\/td><td class=\"column-2\">GER\u00d3NIMO SIM\u00d3N KEMERER<\/td><td class=\"column-3\">75<\/td><td class=\"column-4\">VICENTE ORELLANO 1248, ARROYITO<\/td>\n<\/tr>\n<\/tbody>\n<\/table>\n<!-- #tablepress-1 from cache -->\r\n<h6>\u00a0<\/h6>","protected":false},"excerpt":{"rendered":"<p>Avisos f\u00fanebres abril 2026 Avisos f\u00fanebres marzo 2026 Avisos f\u00fanebres febrero 2026 Avisos f\u00fanebres enero 2026 Avisos f\u00fanebres diciembre 2025&hellip;<\/p>\n","protected":false},"author":1,"featured_media":0,"parent":0,"menu_order":6,"comment_status":"closed","ping_status":"closed","template":"","meta":{"footnotes":""},"class_list":["post-845","page","type-page","status-publish","hentry"],"_links":{"self":[{"href":"https:\/\/arroyitoonline.com.ar\/index.php?rest_route=\/wp\/v2\/pages\/845","targetHints":{"allow":["GET"]}}],"collection":[{"href":"https:\/\/arroyitoonline.com.ar\/index.php?rest_route=\/wp\/v2\/pages"}],"about":[{"href":"https:\/\/arroyitoonline.com.ar\/index.php?rest_route=\/wp\/v2\/types\/page"}],"author":[{"embeddable":true,"href":"https:\/\/arroyitoonline.com.ar\/index.php?rest_route=\/wp\/v2\/users\/1"}],"replies":[{"embeddable":true,"href":"https:\/\/arroyitoonline.com.ar\/index.php?rest_route=%2Fwp%2Fv2%2Fcomments&post=845"}],"version-history":[{"count":126,"href":"https:\/\/arroyitoonline.com.ar\/index.php?rest_route=\/wp\/v2\/pages\/845\/revisions"}],"predecessor-version":[{"id":16741,"href":"https:\/\/arroyitoonline.com.ar\/index.php?rest_route=\/wp\/v2\/pages\/845\/revisions\/16741"}],"wp:attachment":[{"href":"https:\/\/arroyitoonline.com.ar\/index.php?rest_route=%2Fwp%2Fv2%2Fmedia&parent=845"}],"curies":[{"name":"wp","href":"https:\/\/api.w.org\/{rel}","templated":true}]}}